{"id":6258,"date":"2021-08-13T12:14:19","date_gmt":"2021-08-13T10:14:19","guid":{"rendered":"https:\/\/www.haarfreiheit.net\/ipl\/"},"modified":"2023-09-28T10:44:48","modified_gmt":"2023-09-28T08:44:48","slug":"ipl","status":"publish","type":"page","link":"https:\/\/www.haarfreiheit.net\/fr\/ipl\/","title":{"rendered":"IPL"},"content":{"rendered":"\n<div class=\"wp-block-cover is-light\" style=\"min-height:250px;aspect-ratio:unset;\"><span aria-hidden=\"true\" class=\"wp-block-cover__background has-background-dim-20 has-background-dim\" style=\"background-color:#a3737f\"><\/span><img loading=\"lazy\" decoding=\"async\" width=\"1980\" height=\"1185\" class=\"wp-block-cover__image-background wp-image-3563\" alt=\"Image d'arri\u00e8re-plan percutante pour la banni\u00e8re\" src=\"https:\/\/www.haarfreiheit.net\/wp-content\/uploads\/2021\/11\/BG-Dame-Weichzeichner.jpg\" data-object-fit=\"cover\" srcset=\"https:\/\/www.haarfreiheit.net\/wp-content\/uploads\/2021\/11\/BG-Dame-Weichzeichner.jpg 1980w, https:\/\/www.haarfreiheit.net\/wp-content\/uploads\/2021\/11\/BG-Dame-Weichzeichner-300x180.jpg 300w, https:\/\/www.haarfreiheit.net\/wp-content\/uploads\/2021\/11\/BG-Dame-Weichzeichner-1024x613.jpg 1024w, https:\/\/www.haarfreiheit.net\/wp-content\/uploads\/2021\/11\/BG-Dame-Weichzeichner-1536x919.jpg 1536w\" sizes=\"auto, (max-width: 1980px) 100vw, 1980px\" \/><div class=\"wp-block-cover__inner-container is-layout-flow wp-block-cover-is-layout-flow\">\n<div style=\"height:66px\" aria-hidden=\"true\" class=\"wp-block-spacer is-style-s20\"><\/div>\n\n\n\n<div class=\"wp-block-columns is-layout-flex wp-container-core-columns-is-layout-9d6595d7 wp-block-columns-is-layout-flex\">\n<div class=\"wp-block-column is-vertically-aligned-center is-layout-flow wp-block-column-is-layout-flow\" style=\"flex-basis:40%\"><div class=\"wp-block-image\">\n<figure class=\"aligncenter size-full is-resized\"><img loading=\"lazy\" decoding=\"async\" src=\"https:\/\/www.haarfreiheit.net\/wp-content\/uploads\/2021\/10\/IPL.png\" alt=\"IPL Illustration - Ger\u00e4t und Handst\u00fcck\" class=\"wp-image-2960\" style=\"object-fit:contain;width:411px;height:400px\" width=\"411\" height=\"400\" srcset=\"https:\/\/www.haarfreiheit.net\/wp-content\/uploads\/2021\/10\/IPL.png 500w, https:\/\/www.haarfreiheit.net\/wp-content\/uploads\/2021\/10\/IPL-300x292.png 300w\" sizes=\"auto, (max-width: 411px) 100vw, 411px\" \/><\/figure>\n<\/div><\/div>\n\n\n\n<div class=\"wp-block-column is-vertically-aligned-center is-layout-flow wp-block-column-is-layout-flow\" style=\"flex-basis:60%\">\n<h1 class=\"wp-block-heading has-text-align-center has-white-color has-text-color\">\u00c9pilation IPL <\/h1>\n\n\n\n<div style=\"height:50px\" aria-hidden=\"true\" class=\"wp-block-spacer\"><\/div>\n\n\n\n<p class=\"has-text-align-center quaternary-color has-large-font-size\">intense pulsed light<\/p>\n<\/div>\n<\/div>\n\n\n\n<div style=\"height:62px\" aria-hidden=\"true\" class=\"wp-block-spacer is-style-s20\"><\/div>\n<\/div><\/div>\n\n\n\n<div style=\"height:82px\" aria-hidden=\"true\" class=\"wp-block-spacer is-style-s50\"><\/div>\n\n\n\n<div class=\"wp-block-columns is-layout-flex wp-container-core-columns-is-layout-9d6595d7 wp-block-columns-is-layout-flex\">\n<div class=\"wp-block-column is-layout-flow wp-block-column-is-layout-flow\">\n<h2 class=\"wp-block-heading has-text-align-center quaternary-color\">\u00c9PILATION PERMANENTE* AVEC LA TECHNOLOGIE IPL<\/h2>\n\n\n\n<p class=\"has-text-align-center\">La proc\u00e9dure IPL est une m\u00e9thode efficace et respectueuse de la peau pour \u00e9liminer les poils ind\u00e9sirables. La lumi\u00e8re puls\u00e9e intense fonctionne avec une lumi\u00e8re pure et non focalis\u00e9e. Cette m\u00e9thode n&rsquo;utilise donc pas un laser classique, ce qui pr\u00e9sente l&rsquo;avantage de ne pas avoir de longueur d&rsquo;onde fixe. Cela signifie que les besoins individuels de chaque client peuvent \u00eatre pris en compte.<\/p>\n\n\n\n<div style=\"height:34px\" aria-hidden=\"true\" class=\"wp-block-spacer is-style-s20\"><\/div>\n\n\n\n<h3 class=\"wp-block-heading has-text-align-center quaternary-color\">\u00c9NERGIE DANS LA M\u00c9THODE IPL<\/h3>\n\n\n\n<p class=\"has-text-align-center\">Les appareils \u00e0 lampe flash bas\u00e9s sur la technologie IPL utilisent des impulsions courtes de 2 \u00e0 200 millisecondes. Cela produit une \u00e9nergie de 12 \u00e0 120 joules par centim\u00e8tre carr\u00e9.<\/p>\n\n\n\n<p class=\"has-text-align-center\">Contrairement \u00e0 l&rsquo;ancienne technologie laser, la proc\u00e9dure IPL scl\u00e9rose directement plusieurs racines de poil.<\/p>\n\n\n\n<div style=\"height:100px\" aria-hidden=\"true\" class=\"wp-block-spacer is-style-s20\"><\/div>\n\n\n\n<h3 class=\"wp-block-heading has-text-align-center quaternary-color\">APPAREILS IPL POUR LA MAISON<\/h3>\n\n\n\n<p class=\"has-text-align-center\">Avez-vous d\u00e9j\u00e0 envisag\u00e9 d&rsquo;acheter un appareil IPL et de l&rsquo;utiliser chez vous? Dans ce domaine, il existe de nombreux mod\u00e8les diff\u00e9rents. Cependant, l&rsquo;\u00e9nergie d\u00e9livr\u00e9e par ces appareils est g\u00e9n\u00e9ralement assez faible par mesure de s\u00e9curit\u00e9. Dans nos instituts, seuls des professionnels m\u00e9dicaux ou cosm\u00e9tiques sont employ\u00e9s, ce qui permet d&rsquo;utiliser des appareils avec une plus grande puissance pour le traitement chez Haarfreiheit. L&rsquo;application est donc plus efficace par rapport aux appareils pour la maison, tout en restant s\u00e9curitaire.<\/p>\n<\/div>\n<\/div>\n\n\n\n<div style=\"height:66px\" aria-hidden=\"true\" class=\"wp-block-spacer is-style-s50\"><\/div>\n\n\n\n<div class=\"wp-block-columns is-layout-flex wp-container-core-columns-is-layout-9d6595d7 wp-block-columns-is-layout-flex\">\n<div class=\"wp-block-column is-vertically-aligned-center is-layout-flow wp-block-column-is-layout-flow\"><div class=\"wp-block-image\">\n<figure class=\"aligncenter size-full is-resized\"><img loading=\"lazy\" decoding=\"async\" src=\"https:\/\/www.haarfreiheit.net\/wp-content\/uploads\/2021\/11\/IPL-Behandlungsbild.jpg\" alt=\"Photo de traitement IPL\" class=\"wp-image-6269\" style=\"object-fit:contain;width:675px;height:380px\" width=\"675\" height=\"380\" srcset=\"https:\/\/www.haarfreiheit.net\/wp-content\/uploads\/2021\/11\/IPL-Behandlungsbild.jpg 900w, https:\/\/www.haarfreiheit.net\/wp-content\/uploads\/2021\/11\/IPL-Behandlungsbild-300x169.jpg 300w\" sizes=\"auto, (max-width: 675px) 100vw, 675px\" \/><\/figure>\n<\/div><\/div>\n\n\n\n<div class=\"wp-block-column is-layout-flow wp-block-column-is-layout-flow\">\n<h2 class=\"wp-block-heading has-text-align-center quaternary-color\">COMMENT FONCTIONNE L&rsquo;\u00c9PILATION ?<\/h2>\n\n\n\n<p class=\"has-text-align-center\">L&rsquo;\u00e9pilation par luminoth\u00e9rapie repose sur la capacit\u00e9 de la m\u00e9lanine \u00e0 absorber les particules de lumi\u00e8re, \u00e9galement appel\u00e9es photons. La m\u00e9lanine est le pigment pr\u00e9sent dans les cheveux. La lumi\u00e8re absorb\u00e9e atteint le follicule pileux \u00e0 travers le pigment. L&rsquo;\u00e9nergie s&rsquo;y accumule et est transform\u00e9e en chaleur, d&rsquo;environ 65\u00b0 \u00e0 72\u00b0 Celsius, par le corps.<\/p>\n\n\n\n<div style=\"height:100px\" aria-hidden=\"true\" class=\"wp-block-spacer is-style-s20\"><\/div>\n\n\n\n<h3 class=\"wp-block-heading has-text-align-center quaternary-color\">D\u00c9VEPOPPEMENT DE CHALEUR<\/h3>\n\n\n\n<p class=\"has-text-align-center\"> Cette temp\u00e9rature \u00e9lev\u00e9e entra\u00eene la scl\u00e9rose des racines des cheveux. En cons\u00e9quence, les cheveux ne peuvent plus \u00eatre aliment\u00e9s en nutriments n\u00e9cessaires et, en fin de compte, la reproduction ne peut plus avoir lieu.<\/p>\n\n\n\n<div style=\"height:100px\" aria-hidden=\"true\" class=\"wp-block-spacer is-style-s20\"><\/div>\n\n\n\n<h3 class=\"wp-block-heading has-text-align-center quaternary-color\">FILTRES DIFF\u00c9RENTS<\/h3>\n\n\n\n<p class=\"has-text-align-center\">La technologie IPL utilise diff\u00e9rents filtres pour s&rsquo;adapter aux diff\u00e9rentes couleurs et textures de cheveux. Ces filtres \u00e9liminent les longueurs d&rsquo;onde superflues. Par cons\u00e9quent, seules les longueurs d&rsquo;onde les mieux adapt\u00e9es au type de poil et de peau atteignent la peau.<\/p>\n<\/div>\n<\/div>\n\n\n\n<div style=\"height:34px\" aria-hidden=\"true\" class=\"wp-block-spacer is-style-s50\"><\/div>\n\n\n\n<div class=\"wp-block-cover is-light\"><span aria-hidden=\"true\" class=\"wp-block-cover__background has-white-background-color has-background-dim\"><\/span><img loading=\"lazy\" decoding=\"async\" width=\"1980\" height=\"837\" class=\"wp-block-cover__image-background wp-image-17796\" alt=\"Haut Macroaufnahme Bannerbild\" src=\"https:\/\/www.haarfreiheit.net\/wp-content\/uploads\/2023\/04\/Banner-glatte-Haut-durch-Photoepilation.webp\" data-object-fit=\"cover\" srcset=\"https:\/\/www.haarfreiheit.net\/wp-content\/uploads\/2023\/04\/Banner-glatte-Haut-durch-Photoepilation.webp 1980w, https:\/\/www.haarfreiheit.net\/wp-content\/uploads\/2023\/04\/Banner-glatte-Haut-durch-Photoepilation-300x127.webp 300w, https:\/\/www.haarfreiheit.net\/wp-content\/uploads\/2023\/04\/Banner-glatte-Haut-durch-Photoepilation-1024x433.webp 1024w, https:\/\/www.haarfreiheit.net\/wp-content\/uploads\/2023\/04\/Banner-glatte-Haut-durch-Photoepilation-1536x649.webp 1536w\" sizes=\"auto, (max-width: 1980px) 100vw, 1980px\" \/><div class=\"wp-block-cover__inner-container is-layout-flow wp-block-cover-is-layout-flow\">\n<div style=\"height:100px\" aria-hidden=\"true\" class=\"wp-block-spacer is-style-s20\"><\/div>\n\n\n\n<div class=\"wp-block-columns is-layout-flex wp-container-core-columns-is-layout-9d6595d7 wp-block-columns-is-layout-flex\">\n<div class=\"wp-block-column is-layout-flow wp-block-column-is-layout-flow\">\n<h2 class=\"wp-block-heading has-text-align-center quaternary-color\">TRAITEMENT PERMANENT ET EFFICACE AVEC IPL<\/h2>\n\n\n\n<p class=\"has-text-align-center\">Le fait qu&rsquo;une grande zone puisse \u00eatre trait\u00e9e en une seule fois est un argument en faveur du traitement par la technologie IPL. Cela permet d&rsquo;\u00e9conomiser beaucoup d&rsquo;argent et de temps. Un autre avantage est que le traitement est non seulement respectueux de la peau, mais aussi peu douloureux. Ainsi, plusieurs parties du corps peuvent \u00eatre trait\u00e9es lors d&rsquo;une seule s\u00e9ance et peuvent \u00eatre facilement int\u00e9gr\u00e9es dans la vie quotidienne.<\/p>\n\n\n\n<div style=\"height:97px\" aria-hidden=\"true\" class=\"wp-block-spacer is-style-s20\"><\/div>\n\n\n\n<h3 class=\"wp-block-heading has-text-align-center quaternary-color\">LES CYCLES DE CROISSANCE DES CHEVEUX<\/h3>\n\n\n\n<p class=\"has-text-align-center\">Pour un traitement efficace, il faut tenir compte des cycles de croissance des cheveux. En effet, chaque poil pousse de mani\u00e8re diff\u00e9rente, et la destruction de la racine du poil n&rsquo;est possible que pendant la phase de croissance. Environ 20 % de tous les poils se trouvent dans la m\u00eame phase de croissance. C&rsquo;est aussi la raison pour laquelle plusieurs s\u00e9ances sont n\u00e9cessaires pour une \u00e9pilation r\u00e9ussie. L&rsquo;intervalle entre les s\u00e9ances doit toujours \u00eatre de 4 semaines.<\/p>\n<\/div>\n<\/div>\n\n\n\n<div style=\"height:100px\" aria-hidden=\"true\" class=\"wp-block-spacer is-style-s20\"><\/div>\n<\/div><\/div>\n\n\n\n<div style=\"height:18px\" aria-hidden=\"true\" class=\"wp-block-spacer is-style-s50\"><\/div>\n\n\n\n<div class=\"wp-block-columns is-layout-flex wp-container-core-columns-is-layout-9d6595d7 wp-block-columns-is-layout-flex\">\n<div class=\"wp-block-column is-layout-flow wp-block-column-is-layout-flow\">\n<h2 class=\"wp-block-heading has-text-align-center quaternary-color\">LE TRAITEMENT AVEC IPL<\/h2>\n\n\n\n<p class=\"has-text-align-center\">La pi\u00e8ce \u00e0 main de l&rsquo;appareil IPL est plac\u00e9e sur les diff\u00e9rentes zones de la peau et la lumi\u00e8re peut alors p\u00e9n\u00e9trer dans la peau. Le processus est souvent appel\u00e9 \u00ab\u00a0tamponnage\u00a0\u00bb car la pi\u00e8ce \u00e0 main doit \u00eatre plac\u00e9e sur la partie adjacente de la peau apr\u00e8s qu&rsquo;une impulsion lumineuse a \u00e9t\u00e9 lib\u00e9r\u00e9e. Les impulsions lumineuses atteignent la racine du poil directement via la m\u00e9lanine. La prot\u00e9ine qu&rsquo;ils contiennent est d\u00e9natur\u00e9e par l&rsquo;\u00e9nergie des impulsions lumineuses et provoque la chute des cheveux.<\/p>\n\n\n\n<div style=\"height:53px\" aria-hidden=\"true\" class=\"wp-block-spacer is-style-s20\"><\/div>\n\n\n\n<h3 class=\"wp-block-heading has-text-align-center quaternary-color\">DOMAINES D&rsquo;APPLICATION<\/h3>\n\n\n\n<p class=\"has-text-align-center\">Avec la m\u00e9thode IPL, les poils peuvent \u00eatre enlev\u00e9s presque partout. Les endroits populaires pour l&rsquo;\u00e9pilation sont les aisselles et les jambes. Lors d&rsquo;un traitement, il est possible de traiter plus d&rsquo;une zone du corps avec la technologie IPL.<\/p>\n<\/div>\n\n\n\n<div class=\"wp-block-column is-vertically-aligned-center is-layout-flow wp-block-column-is-layout-flow\"><div class=\"wp-block-image\">\n<figure class=\"aligncenter size-full is-resized\"><img loading=\"lazy\" decoding=\"async\" src=\"https:\/\/www.haarfreiheit.net\/wp-content\/uploads\/2021\/11\/Haut-Haar-QS-Haarfreiheit-web_IPL.png\" alt=\"Infographie Mode d\u2019action IPL\" class=\"wp-image-7006\" style=\"object-fit:contain;width:491px;height:431px\" width=\"491\" height=\"431\" srcset=\"https:\/\/www.haarfreiheit.net\/wp-content\/uploads\/2021\/11\/Haut-Haar-QS-Haarfreiheit-web_IPL.png 982w, https:\/\/www.haarfreiheit.net\/wp-content\/uploads\/2021\/11\/Haut-Haar-QS-Haarfreiheit-web_IPL-300x263.png 300w\" sizes=\"auto, (max-width: 491px) 100vw, 491px\" \/><\/figure>\n<\/div><\/div>\n<\/div>\n\n\n\n<div style=\"height:74px\" aria-hidden=\"true\" class=\"wp-block-spacer is-style-s50\"><\/div>\n\n\n\n<div class=\"wp-block-columns is-layout-flex wp-container-core-columns-is-layout-9d6595d7 wp-block-columns-is-layout-flex\">\n<div class=\"wp-block-column is-vertically-aligned-center is-layout-flow wp-block-column-is-layout-flow\"><div class=\"wp-block-image\">\n<figure class=\"aligncenter size-full is-resized\"><img loading=\"lazy\" decoding=\"async\" src=\"https:\/\/www.haarfreiheit.net\/wp-content\/uploads\/2021\/10\/HF-Logokuerzel-beige.png\" alt=\"Logo des initiales Haarfreiheit\" class=\"wp-image-6184\" style=\"object-fit:contain;width:274px;height:274px\" width=\"274\" height=\"274\" srcset=\"https:\/\/www.haarfreiheit.net\/wp-content\/uploads\/2021\/10\/HF-Logokuerzel-beige.png 548w, https:\/\/www.haarfreiheit.net\/wp-content\/uploads\/2021\/10\/HF-Logokuerzel-beige-300x300.png 300w, https:\/\/www.haarfreiheit.net\/wp-content\/uploads\/2021\/10\/HF-Logokuerzel-beige-150x150.png 150w\" sizes=\"auto, (max-width: 274px) 100vw, 274px\" \/><\/figure>\n<\/div><\/div>\n\n\n\n<div class=\"wp-block-column is-vertically-aligned-center is-layout-flow wp-block-column-is-layout-flow\">\n<h2 class=\"wp-block-heading has-text-align-center quaternary-color\">LA S\u00c9CURIT\u00c9 D&rsquo;ABORD<\/h2>\n\n\n\n<p class=\"has-text-align-center\">Nos appareils IPL sont soigneusement test\u00e9s directement par le fabricant afin d&rsquo;\u00e9viter tout dommage \u00e9ventuel d\u00fb \u00e0 une mauvaise technique. N\u00e9anmoins, un traitement ne doit \u00eatre effectu\u00e9 que par des professionnels qualifi\u00e9s. Des lunettes de protection sp\u00e9ciales pour prot\u00e9ger les yeux sont bien s\u00fbr obligatoires pendant le traitement.<\/p>\n<\/div>\n<\/div>\n\n\n\n<div style=\"height:74px\" aria-hidden=\"true\" class=\"wp-block-spacer is-style-s50\"><\/div>\n\n\n\n<div class=\"wp-block-columns is-layout-flex wp-container-core-columns-is-layout-9d6595d7 wp-block-columns-is-layout-flex\">\n<div class=\"wp-block-column is-layout-flow wp-block-column-is-layout-flow\">\n<h2 class=\"wp-block-heading has-text-align-center quaternary-color\">DIFF\u00c9RENTS TYPES DE CHEVEUX ET DE PEAU<\/h2>\n\n\n\n<p class=\"has-text-align-center\">En g\u00e9n\u00e9ral, le traitement IPL est possible pour tout le monde. Toutefois, cette technologie peut atteindre ses limites avec des cheveux particuli\u00e8rement clairs. Par exemple, les cheveux blancs ne contiennent pas de m\u00e9lanine. Les impulsions lumineuses ne peuvent donc pas atteindre la racine du poil, ce qui rend impossible un traitement r\u00e9ussi. Dans ce cas, cependant, nous vous proposons d&rsquo;autres techniques de photo-\u00e9pilation. La situation est similaire pour les cheveux roux, car ils contiennent le pigment phaemelanine. Ces derniers peuvent absorber la lumi\u00e8re plus faiblement que les cheveux fonc\u00e9s.<\/p>\n<\/div>\n<\/div>\n\n\n\n<div style=\"height:74px\" aria-hidden=\"true\" class=\"wp-block-spacer is-style-s50\"><\/div>\n\n\n<div class=\"wp-block-image\">\n<figure class=\"aligncenter size-full is-resized\"><img loading=\"lazy\" decoding=\"async\" src=\"https:\/\/www.haarfreiheit.net\/wp-content\/uploads\/2021\/11\/Trenner-Neutral.png\" alt=\"S\u00e9parateur Symbole graphique R\u00e9flexion de la lumi\u00e8re\" class=\"wp-image-7016\" style=\"object-fit:contain;width:570px;height:112px\" width=\"570\" height=\"112\" srcset=\"https:\/\/www.haarfreiheit.net\/wp-content\/uploads\/2021\/11\/Trenner-Neutral.png 1140w, https:\/\/www.haarfreiheit.net\/wp-content\/uploads\/2021\/11\/Trenner-Neutral-300x59.png 300w, https:\/\/www.haarfreiheit.net\/wp-content\/uploads\/2021\/11\/Trenner-Neutral-1024x201.png 1024w\" sizes=\"auto, (max-width: 570px) 100vw, 570px\" \/><\/figure>\n<\/div>\n\n\n<div style=\"height:21px\" aria-hidden=\"true\" class=\"wp-block-spacer is-style-s50\"><\/div>\n\n\n\n<div class=\"wp-block-columns is-layout-flex wp-container-core-columns-is-layout-9d6595d7 wp-block-columns-is-layout-flex\">\n<div class=\"wp-block-column is-layout-flow wp-block-column-is-layout-flow\">\n<h2 class=\"wp-block-heading has-text-align-center\" id=\"a-noter\">A NOTER CH\u00c9Z L&rsquo;\u00c9PILATION IPL<\/h2>\n\n\n\n<p class=\"has-text-align-center\">Les soins de la peau avant et apr\u00e8s l&rsquo;\u00e9pilation IPL sont d&rsquo;une importance cruciale, en particulier en ce qui concerne la protection contre une exposition intense au soleil. Il est recommand\u00e9 d&rsquo;\u00e9viter \u00e0 la fois l&rsquo;exposition normale au soleil et les s\u00e9ances de bronzage pour pr\u00e9venir d&rsquo;\u00e9ventuels effets ind\u00e9sirables. Une protection solaire inad\u00e9quate peut entra\u00eener une exposition excessive de la peau aux rayonnements, ce qui peut provoquer des probl\u00e8mes de pigmentation, y compris l&rsquo;hypopigmentation, o\u00f9 la peau peut appara\u00eetre plus claire \u00e0 certains endroits. Par cons\u00e9quent, il est conseill\u00e9 d&rsquo;\u00eatre particuli\u00e8rement prudent avant et apr\u00e8s l&rsquo;\u00e9pilation IPL, et de prot\u00e9ger la peau contre les rayons UV nocifs, afin d&rsquo;obtenir des r\u00e9sultats optimaux et de minimiser les risques potentiels.<\/p>\n<\/div>\n<\/div>\n\n\n\n<div style=\"height:66px\" aria-hidden=\"true\" class=\"wp-block-spacer is-style-s50\"><\/div>\n\n\n\n<div class=\"wp-block-cover is-light\" style=\"min-height:100px;aspect-ratio:unset;\"><span aria-hidden=\"true\" class=\"wp-block-cover__background has-background-dim-0 has-background-dim\"><\/span><img loading=\"lazy\" decoding=\"async\" width=\"1980\" height=\"960\" class=\"wp-block-cover__image-background wp-image-6502\" alt=\"Consultation Image d'arri\u00e8re-plan percutante pour la banni\u00e8re\" src=\"https:\/\/www.haarfreiheit.net\/wp-content\/uploads\/2021\/10\/Beratung.jpg\" data-object-fit=\"cover\" srcset=\"https:\/\/www.haarfreiheit.net\/wp-content\/uploads\/2021\/10\/Beratung.jpg 1980w, https:\/\/www.haarfreiheit.net\/wp-content\/uploads\/2021\/10\/Beratung-300x145.jpg 300w, https:\/\/www.haarfreiheit.net\/wp-content\/uploads\/2021\/10\/Beratung-1024x496.jpg 1024w, https:\/\/www.haarfreiheit.net\/wp-content\/uploads\/2021\/10\/Beratung-1536x745.jpg 1536w\" sizes=\"auto, (max-width: 1980px) 100vw, 1980px\" \/><div class=\"wp-block-cover__inner-container is-layout-flow wp-block-cover-is-layout-flow\">\n<div style=\"height:60px\" aria-hidden=\"true\" class=\"wp-block-spacer\"><\/div>\n\n\n\n<div class=\"wp-block-columns is-layout-flex wp-container-core-columns-is-layout-9d6595d7 wp-block-columns-is-layout-flex\">\n<div class=\"wp-block-column is-layout-flow wp-block-column-is-layout-flow\">\n<div class=\"wp-block-buttons is-horizontal is-content-justification-center is-layout-flex wp-container-core-buttons-is-layout-499968f5 wp-block-buttons-is-layout-flex\">\n<div class=\"wp-block-button quaternary-bg-color is-style-fill\"><a class=\"wp-block-button__link wp-element-button\" href=\"\/fr\/differences-photoepilation\/\">D\u00e9tour Aper\u00e7u<\/a><\/div>\n<\/div>\n<\/div>\n\n\n\n<div class=\"wp-block-column is-layout-flow wp-block-column-is-layout-flow\">\n<div class=\"wp-block-buttons is-horizontal is-content-justification-center is-layout-flex wp-container-core-buttons-is-layout-499968f5 wp-block-buttons-is-layout-flex\">\n<div class=\"wp-block-button\"><a class=\"wp-block-button__link has-black-color has-white-background-color has-text-color has-background wp-element-button\" href=\"\/fr\/organiser-consultation-epilation-permanente\/\">Consultation gratuite<\/a><\/div>\n<\/div>\n<\/div>\n<\/div>\n\n\n\n<div style=\"height:53px\" aria-hidden=\"true\" class=\"wp-block-spacer\"><\/div>\n<\/div><\/div>\n","protected":false},"excerpt":{"rendered":"<p>\u00c9PILATION PERMANENTE* AVEC LA TECHNOLOGIE IPL La proc\u00e9dure IPL est une m\u00e9thode efficace et respectueuse de la peau pour \u00e9liminer les poils ind\u00e9sirables. La lumi\u00e8re puls\u00e9e intense fonctionne avec une lumi\u00e8re pure et non focalis\u00e9e. Cette m\u00e9thode n&rsquo;utilise donc pas un laser classique, ce qui pr\u00e9sente l&rsquo;avantage de ne pas avoir de longueur d&rsquo;onde fixe. <a href=\"https:\/\/www.haarfreiheit.net\/fr\/ipl\/\" class=\"more-link\">&#8230;<\/a><\/p>\n","protected":false},"author":1,"featured_media":0,"parent":0,"menu_order":0,"comment_status":"closed","ping_status":"closed","template":"","meta":{"footnotes":""},"class_list":["post-6258","page","type-page","status-publish","hentry"],"yoast_head":"<!-- This site is optimized with the Yoast SEO plugin v27.1.1 - https:\/\/yoast.com\/product\/yoast-seo-wordpress\/ -->\n<title>\u00c9pilation permanente - IPL Laser \u00c9pilation<\/title>\n<meta name=\"description\" content=\"La proc\u00e9dure IPL est une m\u00e9thode efficace et respectueuse de la peau pour l\u2019\u00e9limination des poils g\u00eanants.\" \/>\n<meta name=\"robots\" content=\"index, follow, max-snippet:-1, max-image-preview:large, max-video-preview:-1\" \/>\n<link rel=\"canonical\" href=\"https:\/\/www.haarfreiheit.net\/fr\/ipl\/\" \/>\n<meta property=\"og:locale\" content=\"fr_FR\" \/>\n<meta property=\"og:type\" content=\"article\" \/>\n<meta property=\"og:title\" content=\"\u00c9pilation permanente - IPL Laser \u00c9pilation\" \/>\n<meta property=\"og:description\" content=\"La proc\u00e9dure IPL est une m\u00e9thode efficace et respectueuse de la peau pour l\u2019\u00e9limination des poils g\u00eanants.\" \/>\n<meta property=\"og:url\" content=\"https:\/\/www.haarfreiheit.net\/fr\/ipl\/\" \/>\n<meta property=\"og:site_name\" content=\"Haarfreiheit\" \/>\n<meta property=\"article:modified_time\" content=\"2023-09-28T08:44:48+00:00\" \/>\n<meta property=\"og:image\" content=\"https:\/\/www.haarfreiheit.net\/wp-content\/uploads\/2021\/11\/BG-Dame-Weichzeichner.jpg\" \/>\n<meta name=\"twitter:card\" content=\"summary_large_image\" \/>\n<meta name=\"twitter:label1\" content=\"Dur\u00e9e de lecture estim\u00e9e\" \/>\n\t<meta name=\"twitter:data1\" content=\"7 minutes\" \/>\n<script type=\"application\/ld+json\" class=\"yoast-schema-graph\">{\"@context\":\"https:\/\/schema.org\",\"@graph\":[{\"@type\":\"WebPage\",\"@id\":\"https:\/\/www.haarfreiheit.net\/fr\/ipl\/\",\"url\":\"https:\/\/www.haarfreiheit.net\/fr\/ipl\/\",\"name\":\"\u00c9pilation permanente - IPL Laser \u00c9pilation\",\"isPartOf\":{\"@id\":\"https:\/\/www.haarfreiheit.net\/fr\/#website\"},\"primaryImageOfPage\":{\"@id\":\"https:\/\/www.haarfreiheit.net\/fr\/ipl\/#primaryimage\"},\"image\":{\"@id\":\"https:\/\/www.haarfreiheit.net\/fr\/ipl\/#primaryimage\"},\"thumbnailUrl\":\"https:\/\/www.haarfreiheit.net\/wp-content\/uploads\/2021\/11\/BG-Dame-Weichzeichner.jpg\",\"datePublished\":\"2021-08-13T10:14:19+00:00\",\"dateModified\":\"2023-09-28T08:44:48+00:00\",\"description\":\"La proc\u00e9dure IPL est une m\u00e9thode efficace et respectueuse de la peau pour l\u2019\u00e9limination des poils g\u00eanants.\",\"breadcrumb\":{\"@id\":\"https:\/\/www.haarfreiheit.net\/fr\/ipl\/#breadcrumb\"},\"inLanguage\":\"fr-FR\",\"potentialAction\":[{\"@type\":\"ReadAction\",\"target\":[\"https:\/\/www.haarfreiheit.net\/fr\/ipl\/\"]}]},{\"@type\":\"ImageObject\",\"inLanguage\":\"fr-FR\",\"@id\":\"https:\/\/www.haarfreiheit.net\/fr\/ipl\/#primaryimage\",\"url\":\"https:\/\/www.haarfreiheit.net\/wp-content\/uploads\/2021\/11\/BG-Dame-Weichzeichner.jpg\",\"contentUrl\":\"https:\/\/www.haarfreiheit.net\/wp-content\/uploads\/2021\/11\/BG-Dame-Weichzeichner.jpg\"},{\"@type\":\"BreadcrumbList\",\"@id\":\"https:\/\/www.haarfreiheit.net\/fr\/ipl\/#breadcrumb\",\"itemListElement\":[{\"@type\":\"ListItem\",\"position\":1,\"name\":\"Startseite\",\"item\":\"https:\/\/www.haarfreiheit.net\/fr\/\"},{\"@type\":\"ListItem\",\"position\":2,\"name\":\"IPL\"}]},{\"@type\":\"WebSite\",\"@id\":\"https:\/\/www.haarfreiheit.net\/fr\/#website\",\"url\":\"https:\/\/www.haarfreiheit.net\/fr\/\",\"name\":\"Haarfreiheit\",\"description\":\"Dauerhafte Haarentfernung beim Experten\",\"potentialAction\":[{\"@type\":\"SearchAction\",\"target\":{\"@type\":\"EntryPoint\",\"urlTemplate\":\"https:\/\/www.haarfreiheit.net\/fr\/?s={search_term_string}\"},\"query-input\":{\"@type\":\"PropertyValueSpecification\",\"valueRequired\":true,\"valueName\":\"search_term_string\"}}],\"inLanguage\":\"fr-FR\"}]}<\/script>\n<!-- \/ Yoast SEO plugin. -->","yoast_head_json":{"title":"\u00c9pilation permanente - IPL Laser \u00c9pilation","description":"La proc\u00e9dure IPL est une m\u00e9thode efficace et respectueuse de la peau pour l\u2019\u00e9limination des poils g\u00eanants.","robots":{"index":"index","follow":"follow","max-snippet":"max-snippet:-1","max-image-preview":"max-image-preview:large","max-video-preview":"max-video-preview:-1"},"canonical":"https:\/\/www.haarfreiheit.net\/fr\/ipl\/","og_locale":"fr_FR","og_type":"article","og_title":"\u00c9pilation permanente - IPL Laser \u00c9pilation","og_description":"La proc\u00e9dure IPL est une m\u00e9thode efficace et respectueuse de la peau pour l\u2019\u00e9limination des poils g\u00eanants.","og_url":"https:\/\/www.haarfreiheit.net\/fr\/ipl\/","og_site_name":"Haarfreiheit","article_modified_time":"2023-09-28T08:44:48+00:00","og_image":[{"url":"https:\/\/www.haarfreiheit.net\/wp-content\/uploads\/2021\/11\/BG-Dame-Weichzeichner.jpg","type":"","width":"","height":""}],"twitter_card":"summary_large_image","twitter_misc":{"Dur\u00e9e de lecture estim\u00e9e":"7 minutes"},"schema":{"@context":"https:\/\/schema.org","@graph":[{"@type":"WebPage","@id":"https:\/\/www.haarfreiheit.net\/fr\/ipl\/","url":"https:\/\/www.haarfreiheit.net\/fr\/ipl\/","name":"\u00c9pilation permanente - IPL Laser \u00c9pilation","isPartOf":{"@id":"https:\/\/www.haarfreiheit.net\/fr\/#website"},"primaryImageOfPage":{"@id":"https:\/\/www.haarfreiheit.net\/fr\/ipl\/#primaryimage"},"image":{"@id":"https:\/\/www.haarfreiheit.net\/fr\/ipl\/#primaryimage"},"thumbnailUrl":"https:\/\/www.haarfreiheit.net\/wp-content\/uploads\/2021\/11\/BG-Dame-Weichzeichner.jpg","datePublished":"2021-08-13T10:14:19+00:00","dateModified":"2023-09-28T08:44:48+00:00","description":"La proc\u00e9dure IPL est une m\u00e9thode efficace et respectueuse de la peau pour l\u2019\u00e9limination des poils g\u00eanants.","breadcrumb":{"@id":"https:\/\/www.haarfreiheit.net\/fr\/ipl\/#breadcrumb"},"inLanguage":"fr-FR","potentialAction":[{"@type":"ReadAction","target":["https:\/\/www.haarfreiheit.net\/fr\/ipl\/"]}]},{"@type":"ImageObject","inLanguage":"fr-FR","@id":"https:\/\/www.haarfreiheit.net\/fr\/ipl\/#primaryimage","url":"https:\/\/www.haarfreiheit.net\/wp-content\/uploads\/2021\/11\/BG-Dame-Weichzeichner.jpg","contentUrl":"https:\/\/www.haarfreiheit.net\/wp-content\/uploads\/2021\/11\/BG-Dame-Weichzeichner.jpg"},{"@type":"BreadcrumbList","@id":"https:\/\/www.haarfreiheit.net\/fr\/ipl\/#breadcrumb","itemListElement":[{"@type":"ListItem","position":1,"name":"Startseite","item":"https:\/\/www.haarfreiheit.net\/fr\/"},{"@type":"ListItem","position":2,"name":"IPL"}]},{"@type":"WebSite","@id":"https:\/\/www.haarfreiheit.net\/fr\/#website","url":"https:\/\/www.haarfreiheit.net\/fr\/","name":"Haarfreiheit","description":"Dauerhafte Haarentfernung beim Experten","potentialAction":[{"@type":"SearchAction","target":{"@type":"EntryPoint","urlTemplate":"https:\/\/www.haarfreiheit.net\/fr\/?s={search_term_string}"},"query-input":{"@type":"PropertyValueSpecification","valueRequired":true,"valueName":"search_term_string"}}],"inLanguage":"fr-FR"}]}},"_links":{"self":[{"href":"https:\/\/www.haarfreiheit.net\/fr\/wp-json\/wp\/v2\/pages\/6258","targetHints":{"allow":["GET"]}}],"collection":[{"href":"https:\/\/www.haarfreiheit.net\/fr\/wp-json\/wp\/v2\/pages"}],"about":[{"href":"https:\/\/www.haarfreiheit.net\/fr\/wp-json\/wp\/v2\/types\/page"}],"author":[{"embeddable":true,"href":"https:\/\/www.haarfreiheit.net\/fr\/wp-json\/wp\/v2\/users\/1"}],"replies":[{"embeddable":true,"href":"https:\/\/www.haarfreiheit.net\/fr\/wp-json\/wp\/v2\/comments?post=6258"}],"version-history":[{"count":9,"href":"https:\/\/www.haarfreiheit.net\/fr\/wp-json\/wp\/v2\/pages\/6258\/revisions"}],"predecessor-version":[{"id":21269,"href":"https:\/\/www.haarfreiheit.net\/fr\/wp-json\/wp\/v2\/pages\/6258\/revisions\/21269"}],"wp:attachment":[{"href":"https:\/\/www.haarfreiheit.net\/fr\/wp-json\/wp\/v2\/media?parent=6258"}],"curies":[{"name":"wp","href":"https:\/\/api.w.org\/{rel}","templated":true}]}}