{"id":5604,"date":"2021-08-13T13:26:49","date_gmt":"2021-08-13T11:26:49","guid":{"rendered":"https:\/\/www.haarfreiheit.net\/alexandritlaser\/"},"modified":"2023-10-12T11:17:59","modified_gmt":"2023-10-12T09:17:59","slug":"alexandrite-lazer","status":"publish","type":"page","link":"https:\/\/www.haarfreiheit.net\/tr\/alexandrite-lazer\/","title":{"rendered":"Alexandrite lazer"},"content":{"rendered":"\n<div class=\"wp-block-cover is-light\" style=\"min-height:250px;aspect-ratio:unset;\"><span aria-hidden=\"true\" class=\"wp-block-cover__background has-background-dim-0 has-background-dim\"><\/span><img loading=\"lazy\" decoding=\"async\" width=\"1980\" height=\"1185\" class=\"wp-block-cover__image-background wp-image-7193\" alt=\"Arka plan g\u00f6r\u00fcnt\u00fcs\u00fc efekti\" src=\"https:\/\/www.haarfreiheit.net\/wp-content\/uploads\/2021\/11\/BG-Dame-Weichzeichner.jpg\" data-object-fit=\"cover\" srcset=\"https:\/\/www.haarfreiheit.net\/wp-content\/uploads\/2021\/11\/BG-Dame-Weichzeichner.jpg 1980w, https:\/\/www.haarfreiheit.net\/wp-content\/uploads\/2021\/11\/BG-Dame-Weichzeichner-300x180.jpg 300w, https:\/\/www.haarfreiheit.net\/wp-content\/uploads\/2021\/11\/BG-Dame-Weichzeichner-1024x613.jpg 1024w, https:\/\/www.haarfreiheit.net\/wp-content\/uploads\/2021\/11\/BG-Dame-Weichzeichner-1536x919.jpg 1536w\" sizes=\"auto, (max-width: 1980px) 100vw, 1980px\" \/><div class=\"wp-block-cover__inner-container is-layout-flow wp-block-cover-is-layout-flow\">\n<div style=\"height:66px\" aria-hidden=\"true\" class=\"wp-block-spacer is-style-s20\"><\/div>\n\n\n\n<div class=\"wp-block-columns is-layout-flex wp-container-core-columns-is-layout-9d6595d7 wp-block-columns-is-layout-flex\">\n<div class=\"wp-block-column is-vertically-aligned-center is-layout-flow wp-block-column-is-layout-flow\" style=\"flex-basis:40%\"><div class=\"wp-block-image\">\n<figure class=\"aligncenter size-full is-resized\"><img loading=\"lazy\" decoding=\"async\" src=\"https:\/\/www.haarfreiheit.net\/wp-content\/uploads\/2021\/10\/Alexandrit.png\" alt=\"\u0130ll\u00fcstrasyon Ayg\u0131t\u0131 Alexandrite Lazer\" class=\"wp-image-7926\" style=\"object-fit:contain;width:375px;height:365px\" width=\"375\" height=\"365\" srcset=\"https:\/\/www.haarfreiheit.net\/wp-content\/uploads\/2021\/10\/Alexandrit.png 500w, https:\/\/www.haarfreiheit.net\/wp-content\/uploads\/2021\/10\/Alexandrit-300x292.png 300w\" sizes=\"auto, (max-width: 375px) 100vw, 375px\" \/><\/figure>\n<\/div><\/div>\n\n\n\n<div class=\"wp-block-column is-vertically-aligned-center is-layout-flow wp-block-column-is-layout-flow\" style=\"flex-basis:60%\">\n<h1 class=\"wp-block-heading has-text-align-center has-text-color quaternary-color\" id=\"alexandrite-lazer\"><strong>ALEXANDRITE LAZER<\/strong><\/h1>\n\n\n\n<p class=\"has-text-align-center has-text-color quaternary-color has-medium-font-size\"><mark style=\"background-color:rgba(0, 0, 0, 0);color:#494139\" class=\"has-inline-color\">755nm&#8217;de kat\u0131 hal lazeri<\/mark><\/p>\n<\/div>\n<\/div>\n\n\n\n<div style=\"height:62px\" aria-hidden=\"true\" class=\"wp-block-spacer\"><\/div>\n<\/div><\/div>\n\n\n\n<div style=\"height:82px\" aria-hidden=\"true\" class=\"wp-block-spacer is-style-s50\"><\/div>\n\n\n\n<div class=\"wp-block-columns is-layout-flex wp-container-core-columns-is-layout-9d6595d7 wp-block-columns-is-layout-flex\">\n<div class=\"wp-block-column is-layout-flow wp-block-column-is-layout-flow\">\n<h2 class=\"wp-block-heading has-text-align-center has-text-color quaternary-color has-large-font-size\">KALICI VE HASSAS EP\u0130LASYON &#8211; ALEXANDRITE LAZER<\/h2>\n<\/div>\n<\/div>\n\n\n\n<div style=\"height:61px\" aria-hidden=\"true\" class=\"wp-block-spacer is-style-s50\"><\/div>\n\n\n\n<div class=\"wp-block-columns is-layout-flex wp-container-core-columns-is-layout-9d6595d7 wp-block-columns-is-layout-flex\">\n<div class=\"wp-block-column is-vertically-aligned-center is-layout-flow wp-block-column-is-layout-flow\"><div class=\"wp-block-image\">\n<figure class=\"aligncenter size-large is-resized\"><img loading=\"lazy\" decoding=\"async\" src=\"https:\/\/www.haarfreiheit.net\/wp-content\/uploads\/2021\/08\/Alexandrit-Laser-Behandlung-1024x769.jpg\" alt=\"Tedavi Foto\u011fraf\u0131\" class=\"wp-image-6850\" style=\"object-fit:contain;width:519px;height:390px\" width=\"519\" height=\"390\" srcset=\"https:\/\/www.haarfreiheit.net\/wp-content\/uploads\/2021\/08\/Alexandrit-Laser-Behandlung-1024x769.jpg 1024w, https:\/\/www.haarfreiheit.net\/wp-content\/uploads\/2021\/08\/Alexandrit-Laser-Behandlung-300x225.jpg 300w, https:\/\/www.haarfreiheit.net\/wp-content\/uploads\/2021\/08\/Alexandrit-Laser-Behandlung.jpg 1152w\" sizes=\"auto, (max-width: 519px) 100vw, 519px\" \/><\/figure>\n<\/div><\/div>\n\n\n\n<div class=\"wp-block-column is-vertically-aligned-center is-layout-flow wp-block-column-is-layout-flow\">\n<div style=\"height:34px\" aria-hidden=\"true\" class=\"wp-block-spacer is-style-s20\"><\/div>\n\n\n\n<h3 class=\"wp-block-heading has-text-align-center primary-color\">Alexandrite lazer nas\u0131l kullan\u0131l\u0131r?<\/h3>\n\n\n\n<p class=\"has-text-align-center\">Alexandrite lazerler genellikle d\u00f6vmeleri ve pigment bozukluklar\u0131n\u0131 gidermek i\u00e7in kullan\u0131l\u0131r. Ancak alexandrite lazerlerin ana uygulama alan\u0131 kal\u0131c\u0131 epilasyondur. Burada 755 nm&#8217;lik bir dalga boyu kullan\u0131l\u0131r. Sa\u00e7 k\u00f6klerindeki renk pigmentleri yay\u0131lan \u0131\u015f\u0131\u011f\u0131 emer. Bu s\u00fcre\u00e7te ortaya \u00e7\u0131kan y\u00fcksek enerji sa\u00e7 k\u00f6klerini yok eder ve yeni sa\u00e7lar\u0131n tekrar \u00e7\u0131kmas\u0131n\u0131 engeller. B\u00f6ylece kal\u0131c\u0131 bir sonu\u00e7 elde edilir. Yenilik\u00e7i so\u011futma sistemi sayesinde tedavi a\u011fr\u0131s\u0131zd\u0131r. Yan etkiler hakk\u0131nda daha fazla bilgiyi kons\u00fcltasyonda bulabilirsiniz.<\/p>\n\n\n\n<div aria-hidden=\"true\" class=\"wp-block-spacer is-style-s20\"><\/div>\n<\/div>\n<\/div>\n\n\n\n<div class=\"wp-block-columns is-layout-flex wp-container-core-columns-is-layout-9d6595d7 wp-block-columns-is-layout-flex\">\n<div class=\"wp-block-column is-layout-flow wp-block-column-is-layout-flow\">\n<div style=\"height:18px\" aria-hidden=\"true\" class=\"wp-block-spacer is-style-s20\"><\/div>\n\n\n\n<h3 class=\"wp-block-heading has-text-align-center primary-color\">Tedavi \u00f6ncesi, s\u0131ras\u0131nda ve sonras\u0131<\/h3>\n\n\n\n<p class=\"has-text-align-center\">Her tedaviden \u00f6nce, tedavi tarihinden \u00fc\u00e7 ila d\u00f6rt hafta \u00f6nce cildin g\u00fc\u00e7l\u00fc UV \u0131\u015f\u0131nlar\u0131na maruz kalmad\u0131\u011f\u0131ndan emin olunmal\u0131d\u0131r. Bu nedenle solaryum ve yo\u011fun g\u00fcne\u015flenmelerden kesinlikle ka\u00e7\u0131n\u0131lmal\u0131d\u0131r. Bunu takip etmek \u00f6nemlidir, \u00e7\u00fcnk\u00fc alexandrite lazer yo\u011fun bronzla\u015fm\u0131\u015f ciltte k\u0131l k\u00f6klerine ula\u015fmaz, cildin \u00fcst katmanlar\u0131n\u0131 \u0131s\u0131t\u0131r. Sonu\u00e7 yan\u0131klar olacakt\u0131r.<\/p>\n\n\n\n<p class=\"has-text-align-center\">Her tedaviden \u00f6nce, tedavi tarihinden \u00fc\u00e7 ila d\u00f6rt hafta \u00f6nce cildin g\u00fc\u00e7l\u00fc UV \u0131\u015f\u0131nlar\u0131na maruz kalmad\u0131\u011f\u0131ndan emin olunmal\u0131d\u0131r. Bu nedenle solaryum ve yo\u011fun g\u00fcne\u015flenmelerden kesinlikle ka\u00e7\u0131n\u0131lmal\u0131d\u0131r. Bunu takip etmek \u00f6nemlidir, \u00e7\u00fcnk\u00fc alexandrite lazer yo\u011fun bronzla\u015fm\u0131\u015f ciltte k\u0131l k\u00f6klerine ula\u015fmaz, cildin \u00fcst katmanlar\u0131n\u0131 \u0131s\u0131t\u0131r. Sonu\u00e7 yan\u0131klar olacakt\u0131r.<\/p>\n\n\n\n<p class=\"has-text-align-center\">Epilasyon, a\u011fda ve t\u00fcylerin en az 12 g\u00fcn \u00f6nceden al\u0131nmas\u0131 \u00f6nerilmez. A\u011fart\u0131c\u0131 maddeler ve t\u00fcy d\u00f6k\u00fcc\u00fc kremlerden de ka\u00e7\u0131n\u0131lmal\u0131d\u0131r. Tedaviden hemen \u00f6nce v\u00fccut k\u0131sm\u0131 t\u0131ra\u015f edilir. Y\u00fcz bak\u0131m\u0131 durumunda, y\u00fcz derisi makyajdan iyice temizlenmelidir. Kal\u0131c\u0131 epilasyon * i\u00e7in v\u00fccut par\u00e7as\u0131n\u0131n anestezisi gerekli de\u011fildir, \u00e7\u00fcnk\u00fc alexandrite yenilik\u00e7i bir so\u011futma sistemine sahiptir. Bu, tedavi s\u0131ras\u0131nda cildi korur ve rahatlat\u0131r. Ancak lazer tedavisinden sonra ciltte k\u0131zar\u0131kl\u0131k meydana gelebilir ve bu k\u0131zar\u0131kl\u0131k 1-2 g\u00fcn sonra kendili\u011finden kaybolur.<\/p>\n\n\n\n<div style=\"height:54px\" aria-hidden=\"true\" class=\"wp-block-spacer is-style-s20\"><\/div>\n<\/div>\n\n\n\n<div class=\"wp-block-column is-vertically-aligned-center is-layout-flow wp-block-column-is-layout-flow\"><div class=\"wp-block-image\">\n<figure class=\"aligncenter size-full is-resized\"><img loading=\"lazy\" decoding=\"async\" src=\"https:\/\/www.haarfreiheit.net\/wp-content\/uploads\/2021\/11\/Haut-Haar-QS-Haarfreiheit-web_Alexadrithlaser.png\" alt=\"Tedavi \u00f6nerisine g\u00f6re infografik\" class=\"wp-image-7191\" style=\"object-fit:contain;width:503px;height:442px\" width=\"503\" height=\"442\" srcset=\"https:\/\/www.haarfreiheit.net\/wp-content\/uploads\/2021\/11\/Haut-Haar-QS-Haarfreiheit-web_Alexadrithlaser.png 982w, https:\/\/www.haarfreiheit.net\/wp-content\/uploads\/2021\/11\/Haut-Haar-QS-Haarfreiheit-web_Alexadrithlaser-300x263.png 300w\" sizes=\"auto, (max-width: 503px) 100vw, 503px\" \/><\/figure>\n<\/div><\/div>\n<\/div>\n\n\n\n<div class=\"wp-block-columns is-layout-flex wp-container-core-columns-is-layout-9d6595d7 wp-block-columns-is-layout-flex\">\n<div class=\"wp-block-column is-layout-flow wp-block-column-is-layout-flow\">\n<div style=\"height:100px\" aria-hidden=\"true\" class=\"wp-block-spacer is-style-s20\"><\/div>\n\n\n\n<h3 class=\"wp-block-heading has-text-align-center primary-color\">lazer tedavisinin s\u00fcresi<\/h3>\n\n\n\n<p class=\"has-text-align-center\">Tedavinin s\u00fcresi v\u00fccudun kendi b\u00f6l\u00fcm\u00fcne ba\u011fl\u0131d\u0131r. Daha b\u00fcy\u00fck cilt b\u00f6lgeleri daha fazla zaman gerektirir ve \u00fcst dudak b\u00f6lgesi gibi daha k\u00fc\u00e7\u00fck alanlar sadece yakla\u015f\u0131k 10 dakikaya ihtiya\u00e7 duyar. \u00d6rne\u011fin, bir bacak seans\u0131 yakla\u015f\u0131k bir saat s\u00fcrebilir.<\/p>\n\n\n\n<p class=\"has-text-align-center\">Kal\u0131c\u0131 epilasyon* durumunda, her zaman takip tedavileri yap\u0131lmal\u0131d\u0131r, \u00e7\u00fcnk\u00fc burada t\u00fcyler b\u00fcy\u00fcme a\u015famas\u0131nda olmal\u0131d\u0131r. Bir sa\u00e7\u0131n b\u00fcy\u00fcme d\u00f6ng\u00fcs\u00fc \u00fc\u00e7 a\u015famada ger\u00e7ekle\u015fir: b\u00fcy\u00fcme a\u015famas\u0131, ge\u00e7i\u015f a\u015famas\u0131 ve ard\u0131ndan dinlenme a\u015famas\u0131.<\/p>\n\n\n\n<p class=\"has-text-align-center\">Ba\u015far\u0131l\u0131 bir lazer tedavisi i\u00e7in k\u0131llar\u0131n, t\u00fcm k\u0131llar\u0131n yaln\u0131zca y\u00fczde 20 ila 30&#8217;unu etkileyen b\u00fcy\u00fcme a\u015famas\u0131nda olmas\u0131 gerekir. Bu arada sa\u00e7\u0131n geri kalan\u0131 di\u011fer evrelerden birindedir. Her alt\u0131 ila sekiz haftada bir sa\u00e7 bir a\u015famadan di\u011ferine de\u011fi\u015fir ve art\u0131k sa\u00e7\u0131n ba\u015fka bir k\u0131sm\u0131 tedavi edilebilir. Bu nedenle, t\u00fcm sa\u00e7 k\u00f6klerinin tedavisi i\u00e7in birka\u00e7 seans gereklidir.<\/p>\n\n\n\n<div style=\"height:66px\" aria-hidden=\"true\" class=\"wp-block-spacer is-style-s20\"><\/div>\n<\/div>\n<\/div>\n\n\n\n<div class=\"wp-block-cover is-light\"><span aria-hidden=\"true\" class=\"wp-block-cover__background has-background-dim-0 has-background-dim\"><\/span><img loading=\"lazy\" decoding=\"async\" width=\"1980\" height=\"1980\" class=\"wp-block-cover__image-background wp-image-6359\" alt=\"Arka plan g\u00f6r\u00fcnt\u00fcs\u00fc efekti\" src=\"https:\/\/www.haarfreiheit.net\/wp-content\/uploads\/2021\/10\/helles-Wabenmuster.jpg\" data-object-fit=\"cover\" srcset=\"https:\/\/www.haarfreiheit.net\/wp-content\/uploads\/2021\/10\/helles-Wabenmuster.jpg 1980w, https:\/\/www.haarfreiheit.net\/wp-content\/uploads\/2021\/10\/helles-Wabenmuster-300x300.jpg 300w, https:\/\/www.haarfreiheit.net\/wp-content\/uploads\/2021\/10\/helles-Wabenmuster-1024x1024.jpg 1024w, https:\/\/www.haarfreiheit.net\/wp-content\/uploads\/2021\/10\/helles-Wabenmuster-150x150.jpg 150w, https:\/\/www.haarfreiheit.net\/wp-content\/uploads\/2021\/10\/helles-Wabenmuster-1536x1536.jpg 1536w\" sizes=\"auto, (max-width: 1980px) 100vw, 1980px\" \/><div class=\"wp-block-cover__inner-container is-layout-flow wp-block-cover-is-layout-flow\">\n<div class=\"wp-block-columns is-layout-flex wp-container-core-columns-is-layout-9d6595d7 wp-block-columns-is-layout-flex\">\n<div class=\"wp-block-column is-layout-flow wp-block-column-is-layout-flow\">\n<div style=\"height:44px\" aria-hidden=\"true\" class=\"wp-block-spacer is-style-s20\"><\/div>\n\n\n\n<h2 class=\"wp-block-heading has-text-align-center has-text-color quaternary-color\">eylem s\u00fcresi ve uygunluk<\/h2>\n\n\n\n<p class=\"has-text-align-center\">Alexandrite lazer ile \u00e7ok a\u00e7\u0131k veya gri t\u00fcylerin tedavisi m\u00fcmk\u00fcn de\u011fildir, \u00e7\u00fcnk\u00fc sadece koyu renk pigmentler \u00fczerinde \u00e7al\u0131\u015f\u0131r. Alexandrite lazer ile tedavi de koyu tenli ki\u015filer i\u00e7in \u00f6nerilmez. Bununla birlikte, di\u011fer uygun lazer prosed\u00fcrlerini sunuyoruz.<\/p>\n\n\n\n<p class=\"has-text-align-center\">Birka\u00e7 uzun s\u00fcreli \u00e7al\u0131\u015fma, lazer prosed\u00fcr\u00fc ile epilasyonun kal\u0131c\u0131 etkisini * kan\u0131tlamaktad\u0131r. \u0130lk tedaviden itibaren t\u00fcy yo\u011funlu\u011funda azalma fark edilebilir. B\u00f6ylece bu her tedavide daha da azal\u0131r.<\/p>\n\n\n\n<p class=\"has-text-align-center\">Bir tedavinin nihai olarak ne kadar s\u00fcre gerekli oldu\u011fu, cilt tipinin yan\u0131 s\u0131ra sa\u00e7\u0131n yo\u011funlu\u011funa ve tipine ba\u011fl\u0131d\u0131r. Ortalama olarak, yakla\u015f\u0131k sekiz seans gereklidir.<\/p>\n\n\n\n<div style=\"height:53px\" aria-hidden=\"true\" class=\"wp-block-spacer is-style-s20\"><\/div>\n<\/div>\n<\/div>\n<\/div><\/div>\n\n\n\n<div style=\"height:38px\" aria-hidden=\"true\" class=\"wp-block-spacer is-style-s20\"><\/div>\n\n\n\n<div class=\"wp-block-cover is-light\" style=\"min-height:100px;aspect-ratio:unset;\"><span aria-hidden=\"true\" class=\"wp-block-cover__background has-background-dim-0 has-background-dim\"><\/span><img loading=\"lazy\" decoding=\"async\" width=\"1980\" height=\"960\" class=\"wp-block-cover__image-background wp-image-9035\" alt=\"Arka plan g\u00f6r\u00fcnt\u00fcs\u00fc efekti\" src=\"https:\/\/www.haarfreiheit.net\/wp-content\/uploads\/2021\/10\/Beratung.jpg\" data-object-fit=\"cover\" srcset=\"https:\/\/www.haarfreiheit.net\/wp-content\/uploads\/2021\/10\/Beratung.jpg 1980w, https:\/\/www.haarfreiheit.net\/wp-content\/uploads\/2021\/10\/Beratung-300x145.jpg 300w, https:\/\/www.haarfreiheit.net\/wp-content\/uploads\/2021\/10\/Beratung-1024x496.jpg 1024w, https:\/\/www.haarfreiheit.net\/wp-content\/uploads\/2021\/10\/Beratung-1536x745.jpg 1536w\" sizes=\"auto, (max-width: 1980px) 100vw, 1980px\" \/><div class=\"wp-block-cover__inner-container is-layout-flow wp-block-cover-is-layout-flow\">\n<div style=\"height:60px\" aria-hidden=\"true\" class=\"wp-block-spacer\"><\/div>\n\n\n\n<div class=\"wp-block-columns is-layout-flex wp-container-core-columns-is-layout-9d6595d7 wp-block-columns-is-layout-flex\">\n<div class=\"wp-block-column is-layout-flow wp-block-column-is-layout-flow\">\n<div class=\"wp-block-buttons is-horizontal is-content-justification-center is-layout-flex wp-container-core-buttons-is-layout-499968f5 wp-block-buttons-is-layout-flex\">\n<div class=\"wp-block-button\"><a class=\"wp-block-button__link has-background wp-element-button\" href=\"\/tr\/karsilastirilmasi\/\" style=\"background-color:#817d6a\">Genel bak\u0131\u015fa d\u00f6n<\/a><\/div>\n<\/div>\n<\/div>\n\n\n\n<div class=\"wp-block-column is-layout-flow wp-block-column-is-layout-flow\">\n<div class=\"wp-block-buttons is-horizontal is-content-justification-center is-layout-flex wp-container-core-buttons-is-layout-499968f5 wp-block-buttons-is-layout-flex\">\n<div class=\"wp-block-button\"><a class=\"wp-block-button__link has-black-color has-white-background-color has-text-color has-background wp-element-button\" href=\"\/tr\/randevu-al\/\">\u00dccretsiz bir dan\u0131\u015fma d\u00fczenleyin<\/a><\/div>\n<\/div>\n<\/div>\n<\/div>\n\n\n\n<div style=\"height:53px\" aria-hidden=\"true\" class=\"wp-block-spacer\"><\/div>\n<\/div><\/div>\n\n\n\n<p><\/p>\n","protected":false},"excerpt":{"rendered":"<p>KALICI VE HASSAS EP\u0130LASYON &#8211; ALEXANDRITE LAZER Alexandrite lazer nas\u0131l kullan\u0131l\u0131r? Alexandrite lazerler genellikle d\u00f6vmeleri ve pigment bozukluklar\u0131n\u0131 gidermek i\u00e7in kullan\u0131l\u0131r. Ancak alexandrite lazerlerin ana uygulama alan\u0131 kal\u0131c\u0131 epilasyondur. Burada 755 nm&#8217;lik bir dalga boyu kullan\u0131l\u0131r. Sa\u00e7 k\u00f6klerindeki renk pigmentleri yay\u0131lan \u0131\u015f\u0131\u011f\u0131 emer. Bu s\u00fcre\u00e7te ortaya \u00e7\u0131kan y\u00fcksek enerji sa\u00e7 k\u00f6klerini yok eder ve yeni <a href=\"https:\/\/www.haarfreiheit.net\/tr\/alexandrite-lazer\/\" class=\"more-link\">&#8230;<\/a><\/p>\n","protected":false},"author":1,"featured_media":0,"parent":0,"menu_order":0,"comment_status":"closed","ping_status":"closed","template":"","meta":{"footnotes":""},"class_list":["post-5604","page","type-page","status-publish","hentry"],"yoast_head":"<!-- This site is optimized with the Yoast SEO plugin v27.1.1 - https:\/\/yoast.com\/product\/yoast-seo-wordpress\/ -->\n<title>Alexandrite lazer - profesyonellerden kal\u0131c\u0131 epilasyon<\/title>\n<meta name=\"description\" content=\"Alexandrite lazer ile ilk tedaviden itibaren sa\u00e7 yo\u011funlu\u011funun azalmas\u0131. En iyi teknik sadece sa\u00e7 serbest oldu\u011funda!\" \/>\n<meta name=\"robots\" content=\"index, follow, max-snippet:-1, max-image-preview:large, max-video-preview:-1\" \/>\n<link rel=\"canonical\" href=\"https:\/\/www.haarfreiheit.net\/tr\/alexandrite-lazer\/\" \/>\n<meta property=\"og:locale\" content=\"tr_TR\" \/>\n<meta property=\"og:type\" content=\"article\" \/>\n<meta property=\"og:title\" content=\"Alexandrite lazer - profesyonellerden kal\u0131c\u0131 epilasyon\" \/>\n<meta property=\"og:description\" content=\"Alexandrite lazer ile ilk tedaviden itibaren sa\u00e7 yo\u011funlu\u011funun azalmas\u0131. En iyi teknik sadece sa\u00e7 serbest oldu\u011funda!\" \/>\n<meta property=\"og:url\" content=\"https:\/\/www.haarfreiheit.net\/tr\/alexandrite-lazer\/\" \/>\n<meta property=\"og:site_name\" content=\"Haarfreiheit\" \/>\n<meta property=\"article:modified_time\" content=\"2023-10-12T09:17:59+00:00\" \/>\n<meta property=\"og:image\" content=\"https:\/\/www.haarfreiheit.net\/wp-content\/uploads\/2021\/11\/BG-Dame-Weichzeichner.jpg\" \/>\n<meta name=\"twitter:card\" content=\"summary_large_image\" \/>\n<meta name=\"twitter:label1\" content=\"Tahmini okuma s\u00fcresi\" \/>\n\t<meta name=\"twitter:data1\" content=\"4 dakika\" \/>\n<script type=\"application\/ld+json\" class=\"yoast-schema-graph\">{\"@context\":\"https:\/\/schema.org\",\"@graph\":[{\"@type\":\"WebPage\",\"@id\":\"https:\/\/www.haarfreiheit.net\/tr\/alexandrite-lazer\/\",\"url\":\"https:\/\/www.haarfreiheit.net\/tr\/alexandrite-lazer\/\",\"name\":\"Alexandrite lazer - profesyonellerden kal\u0131c\u0131 epilasyon\",\"isPartOf\":{\"@id\":\"https:\/\/www.haarfreiheit.net\/tr\/#website\"},\"primaryImageOfPage\":{\"@id\":\"https:\/\/www.haarfreiheit.net\/tr\/alexandrite-lazer\/#primaryimage\"},\"image\":{\"@id\":\"https:\/\/www.haarfreiheit.net\/tr\/alexandrite-lazer\/#primaryimage\"},\"thumbnailUrl\":\"https:\/\/www.haarfreiheit.net\/wp-content\/uploads\/2021\/11\/BG-Dame-Weichzeichner.jpg\",\"datePublished\":\"2021-08-13T11:26:49+00:00\",\"dateModified\":\"2023-10-12T09:17:59+00:00\",\"description\":\"Alexandrite lazer ile ilk tedaviden itibaren sa\u00e7 yo\u011funlu\u011funun azalmas\u0131. En iyi teknik sadece sa\u00e7 serbest oldu\u011funda!\",\"breadcrumb\":{\"@id\":\"https:\/\/www.haarfreiheit.net\/tr\/alexandrite-lazer\/#breadcrumb\"},\"inLanguage\":\"tr\",\"potentialAction\":[{\"@type\":\"ReadAction\",\"target\":[\"https:\/\/www.haarfreiheit.net\/tr\/alexandrite-lazer\/\"]}]},{\"@type\":\"ImageObject\",\"inLanguage\":\"tr\",\"@id\":\"https:\/\/www.haarfreiheit.net\/tr\/alexandrite-lazer\/#primaryimage\",\"url\":\"https:\/\/www.haarfreiheit.net\/wp-content\/uploads\/2021\/11\/BG-Dame-Weichzeichner.jpg\",\"contentUrl\":\"https:\/\/www.haarfreiheit.net\/wp-content\/uploads\/2021\/11\/BG-Dame-Weichzeichner.jpg\"},{\"@type\":\"BreadcrumbList\",\"@id\":\"https:\/\/www.haarfreiheit.net\/tr\/alexandrite-lazer\/#breadcrumb\",\"itemListElement\":[{\"@type\":\"ListItem\",\"position\":1,\"name\":\"Startseite\",\"item\":\"https:\/\/www.haarfreiheit.net\/tr\/\"},{\"@type\":\"ListItem\",\"position\":2,\"name\":\"Alexandrite lazer\"}]},{\"@type\":\"WebSite\",\"@id\":\"https:\/\/www.haarfreiheit.net\/tr\/#website\",\"url\":\"https:\/\/www.haarfreiheit.net\/tr\/\",\"name\":\"Haarfreiheit\",\"description\":\"Dauerhafte Haarentfernung beim Experten\",\"potentialAction\":[{\"@type\":\"SearchAction\",\"target\":{\"@type\":\"EntryPoint\",\"urlTemplate\":\"https:\/\/www.haarfreiheit.net\/tr\/?s={search_term_string}\"},\"query-input\":{\"@type\":\"PropertyValueSpecification\",\"valueRequired\":true,\"valueName\":\"search_term_string\"}}],\"inLanguage\":\"tr\"}]}<\/script>\n<!-- \/ Yoast SEO plugin. -->","yoast_head_json":{"title":"Alexandrite lazer - profesyonellerden kal\u0131c\u0131 epilasyon","description":"Alexandrite lazer ile ilk tedaviden itibaren sa\u00e7 yo\u011funlu\u011funun azalmas\u0131. En iyi teknik sadece sa\u00e7 serbest oldu\u011funda!","robots":{"index":"index","follow":"follow","max-snippet":"max-snippet:-1","max-image-preview":"max-image-preview:large","max-video-preview":"max-video-preview:-1"},"canonical":"https:\/\/www.haarfreiheit.net\/tr\/alexandrite-lazer\/","og_locale":"tr_TR","og_type":"article","og_title":"Alexandrite lazer - profesyonellerden kal\u0131c\u0131 epilasyon","og_description":"Alexandrite lazer ile ilk tedaviden itibaren sa\u00e7 yo\u011funlu\u011funun azalmas\u0131. En iyi teknik sadece sa\u00e7 serbest oldu\u011funda!","og_url":"https:\/\/www.haarfreiheit.net\/tr\/alexandrite-lazer\/","og_site_name":"Haarfreiheit","article_modified_time":"2023-10-12T09:17:59+00:00","og_image":[{"url":"https:\/\/www.haarfreiheit.net\/wp-content\/uploads\/2021\/11\/BG-Dame-Weichzeichner.jpg","type":"","width":"","height":""}],"twitter_card":"summary_large_image","twitter_misc":{"Tahmini okuma s\u00fcresi":"4 dakika"},"schema":{"@context":"https:\/\/schema.org","@graph":[{"@type":"WebPage","@id":"https:\/\/www.haarfreiheit.net\/tr\/alexandrite-lazer\/","url":"https:\/\/www.haarfreiheit.net\/tr\/alexandrite-lazer\/","name":"Alexandrite lazer - profesyonellerden kal\u0131c\u0131 epilasyon","isPartOf":{"@id":"https:\/\/www.haarfreiheit.net\/tr\/#website"},"primaryImageOfPage":{"@id":"https:\/\/www.haarfreiheit.net\/tr\/alexandrite-lazer\/#primaryimage"},"image":{"@id":"https:\/\/www.haarfreiheit.net\/tr\/alexandrite-lazer\/#primaryimage"},"thumbnailUrl":"https:\/\/www.haarfreiheit.net\/wp-content\/uploads\/2021\/11\/BG-Dame-Weichzeichner.jpg","datePublished":"2021-08-13T11:26:49+00:00","dateModified":"2023-10-12T09:17:59+00:00","description":"Alexandrite lazer ile ilk tedaviden itibaren sa\u00e7 yo\u011funlu\u011funun azalmas\u0131. En iyi teknik sadece sa\u00e7 serbest oldu\u011funda!","breadcrumb":{"@id":"https:\/\/www.haarfreiheit.net\/tr\/alexandrite-lazer\/#breadcrumb"},"inLanguage":"tr","potentialAction":[{"@type":"ReadAction","target":["https:\/\/www.haarfreiheit.net\/tr\/alexandrite-lazer\/"]}]},{"@type":"ImageObject","inLanguage":"tr","@id":"https:\/\/www.haarfreiheit.net\/tr\/alexandrite-lazer\/#primaryimage","url":"https:\/\/www.haarfreiheit.net\/wp-content\/uploads\/2021\/11\/BG-Dame-Weichzeichner.jpg","contentUrl":"https:\/\/www.haarfreiheit.net\/wp-content\/uploads\/2021\/11\/BG-Dame-Weichzeichner.jpg"},{"@type":"BreadcrumbList","@id":"https:\/\/www.haarfreiheit.net\/tr\/alexandrite-lazer\/#breadcrumb","itemListElement":[{"@type":"ListItem","position":1,"name":"Startseite","item":"https:\/\/www.haarfreiheit.net\/tr\/"},{"@type":"ListItem","position":2,"name":"Alexandrite lazer"}]},{"@type":"WebSite","@id":"https:\/\/www.haarfreiheit.net\/tr\/#website","url":"https:\/\/www.haarfreiheit.net\/tr\/","name":"Haarfreiheit","description":"Dauerhafte Haarentfernung beim Experten","potentialAction":[{"@type":"SearchAction","target":{"@type":"EntryPoint","urlTemplate":"https:\/\/www.haarfreiheit.net\/tr\/?s={search_term_string}"},"query-input":{"@type":"PropertyValueSpecification","valueRequired":true,"valueName":"search_term_string"}}],"inLanguage":"tr"}]}},"_links":{"self":[{"href":"https:\/\/www.haarfreiheit.net\/tr\/wp-json\/wp\/v2\/pages\/5604","targetHints":{"allow":["GET"]}}],"collection":[{"href":"https:\/\/www.haarfreiheit.net\/tr\/wp-json\/wp\/v2\/pages"}],"about":[{"href":"https:\/\/www.haarfreiheit.net\/tr\/wp-json\/wp\/v2\/types\/page"}],"author":[{"embeddable":true,"href":"https:\/\/www.haarfreiheit.net\/tr\/wp-json\/wp\/v2\/users\/1"}],"replies":[{"embeddable":true,"href":"https:\/\/www.haarfreiheit.net\/tr\/wp-json\/wp\/v2\/comments?post=5604"}],"version-history":[{"count":10,"href":"https:\/\/www.haarfreiheit.net\/tr\/wp-json\/wp\/v2\/pages\/5604\/revisions"}],"predecessor-version":[{"id":21488,"href":"https:\/\/www.haarfreiheit.net\/tr\/wp-json\/wp\/v2\/pages\/5604\/revisions\/21488"}],"wp:attachment":[{"href":"https:\/\/www.haarfreiheit.net\/tr\/wp-json\/wp\/v2\/media?parent=5604"}],"curies":[{"name":"wp","href":"https:\/\/api.w.org\/{rel}","templated":true}]}}