{"id":5660,"date":"2021-08-05T09:28:03","date_gmt":"2021-08-05T07:28:03","guid":{"rendered":"https:\/\/www.haarfreiheit.net\/haarentfernung-frauen-beine\/"},"modified":"2024-01-18T14:50:58","modified_gmt":"2024-01-18T13:50:58","slug":"epilasyon-bacaklar-kadin","status":"publish","type":"page","link":"https:\/\/www.haarfreiheit.net\/tr\/epilasyon-bacaklar-kadin\/","title":{"rendered":"kalici epilasyon bayan | bacaklar"},"content":{"rendered":"\n<div class=\"wp-block-cover is-light\" style=\"min-height:250px;aspect-ratio:unset;\"><span aria-hidden=\"true\" class=\"wp-block-cover__background has-black-background-color has-background-dim-10 has-background-dim\"><\/span><img loading=\"lazy\" decoding=\"async\" width=\"1980\" height=\"1980\" class=\"wp-block-cover__image-background wp-image-2612\" alt=\"t\u00fcys\u00fcz bacaklar kad\u0131n foto\u011fraf\" src=\"https:\/\/www.haarfreiheit.net\/wp-content\/uploads\/2021\/10\/keyvisual-haarfreiheitnet.jpg\" style=\"object-position:53% 51%\" data-object-fit=\"cover\" data-object-position=\"53% 51%\" srcset=\"https:\/\/www.haarfreiheit.net\/wp-content\/uploads\/2021\/10\/keyvisual-haarfreiheitnet.jpg 1980w, https:\/\/www.haarfreiheit.net\/wp-content\/uploads\/2021\/10\/keyvisual-haarfreiheitnet-300x300.jpg 300w, https:\/\/www.haarfreiheit.net\/wp-content\/uploads\/2021\/10\/keyvisual-haarfreiheitnet-1024x1024.jpg 1024w, https:\/\/www.haarfreiheit.net\/wp-content\/uploads\/2021\/10\/keyvisual-haarfreiheitnet-150x150.jpg 150w, https:\/\/www.haarfreiheit.net\/wp-content\/uploads\/2021\/10\/keyvisual-haarfreiheitnet-1536x1536.jpg 1536w\" sizes=\"auto, (max-width: 1980px) 100vw, 1980px\" \/><div class=\"wp-block-cover__inner-container is-layout-flow wp-block-cover-is-layout-flow\">\n<div style=\"height:66px\" aria-hidden=\"true\" class=\"wp-block-spacer is-style-s40\"><\/div>\n\n\n\n<div class=\"wp-block-columns is-layout-flex wp-container-core-columns-is-layout-9d6595d7 wp-block-columns-is-layout-flex\">\n<div class=\"wp-block-column is-vertically-aligned-center is-layout-flow wp-block-column-is-layout-flow\" style=\"flex-basis:27%\"><div class=\"wp-block-image\">\n<figure class=\"aligncenter size-full is-resized\"><img loading=\"lazy\" decoding=\"async\" width=\"400\" height=\"374\" src=\"https:\/\/www.haarfreiheit.net\/wp-content\/uploads\/2021\/11\/Wabe-Beine-Frau.png\" alt=\"t\u00fcys\u00fcz bacaklar kad\u0131n foto\u011fraf\" class=\"wp-image-5609\" style=\"object-fit:contain;width:325px;height:304px\" srcset=\"https:\/\/www.haarfreiheit.net\/wp-content\/uploads\/2021\/11\/Wabe-Beine-Frau.png 400w, https:\/\/www.haarfreiheit.net\/wp-content\/uploads\/2021\/11\/Wabe-Beine-Frau-300x281.png 300w\" sizes=\"auto, (max-width: 400px) 100vw, 400px\" \/><\/figure>\n<\/div><\/div>\n\n\n\n<div class=\"wp-block-column is-vertically-aligned-center is-layout-flow wp-block-column-is-layout-flow\" style=\"flex-basis:55%\">\n<h1 class=\"wp-block-heading has-text-align-center has-white-color has-text-color has-x-large-font-size\" id=\"bacaklar\"><strong> BACAKLAR<\/strong><\/h1>\n\n\n\n<div style=\"height:25px\" aria-hidden=\"true\" class=\"wp-block-spacer\"><\/div>\n\n\n<div class=\"wp-block-image\">\n<figure class=\"aligncenter size-large is-resized\"><img loading=\"lazy\" decoding=\"async\" width=\"1024\" height=\"201\" src=\"https:\/\/www.haarfreiheit.net\/wp-content\/uploads\/2021\/11\/Trenner-Weiblichkeitszeichen-1024x201.png\" alt=\"Ay\u0131r\u0131c\u0131 \u00c7izgi Sembol\u00fc Kad\u0131nl\u0131\u011f\u0131\" class=\"wp-image-7201\" style=\"object-fit:contain;width:552px;height:108px\" srcset=\"https:\/\/www.haarfreiheit.net\/wp-content\/uploads\/2021\/11\/Trenner-Weiblichkeitszeichen-1024x201.png 1024w, https:\/\/www.haarfreiheit.net\/wp-content\/uploads\/2021\/11\/Trenner-Weiblichkeitszeichen-300x59.png 300w, https:\/\/www.haarfreiheit.net\/wp-content\/uploads\/2021\/11\/Trenner-Weiblichkeitszeichen.png 1140w\" sizes=\"auto, (max-width: 1024px) 100vw, 1024px\" \/><\/figure>\n<\/div>\n\n\n<div style=\"height:26px\" aria-hidden=\"true\" class=\"wp-block-spacer\"><\/div>\n\n\n\n<h2 class=\"wp-block-heading has-text-align-center primary-color\" id=\"kadinlar-icin-vucut-bolgeleri\">Kad\u0131nlar i\u00e7in v\u00fccut b\u00f6lgeleri<\/h2>\n\n\n\n<div style=\"height:66px\" aria-hidden=\"true\" class=\"wp-block-spacer\"><\/div>\n\n\n\n<div class=\"wp-block-buttons is-horizontal is-content-justification-center is-layout-flex wp-container-core-buttons-is-layout-499968f5 wp-block-buttons-is-layout-flex\">\n<div class=\"wp-block-button primary-bg-color is-style-fill\"><a class=\"wp-block-button__link has-white-color has-text-color wp-element-button\" href=\"\/tr\/randevu-al\/\">\u00dccretsiz bir dan\u0131\u015fma d\u00fczenleyin<\/a><\/div>\n<\/div>\n<\/div>\n<\/div>\n\n\n\n<div style=\"height:62px\" aria-hidden=\"true\" class=\"wp-block-spacer is-style-s40\"><\/div>\n<\/div><\/div>\n\n\n\n<div style=\"height:82px\" aria-hidden=\"true\" class=\"wp-block-spacer is-style-s50\"><\/div>\n\n\n\n<div class=\"wp-block-columns is-layout-flex wp-container-core-columns-is-layout-9d6595d7 wp-block-columns-is-layout-flex\">\n<div class=\"wp-block-column is-vertically-aligned-center is-layout-flow wp-block-column-is-layout-flow\">\n<h2 class=\"wp-block-heading has-text-align-center primary-color\" id=\"guzel-bacaklarcekici-bir-gorunum-icin-duz-ayaklar\">G\u00dcZEL BACAKLAR<\/h2>\n\n\n\n<div style=\"height:100px\" aria-hidden=\"true\" class=\"wp-block-spacer is-style-s20\"><\/div>\n\n\n\n<h3 class=\"wp-block-heading has-text-align-center primary-color\" id=\"guzel-bacaklarcekici-bir-gorunum-icin-duz-ayaklar\"><strong>\u00c7EK\u0130C\u0130 B\u0130R G\u00d6R\u00dcN\u00dcM \u0130\u00c7\u0130N D\u00dcZ AYAKLAR<\/strong><\/h3>\n\n\n\n<p class=\"has-text-align-center\">Hemen hemen her kad\u0131n bacaklar\u0131nda yumu\u015fak ve p\u00fcr\u00fczs\u00fcz bir cilt ister. \u0130ster yaz\u0131n ister k\u0131\u015f\u0131n olsun, bak\u0131ml\u0131 bacaklar bir\u00e7ok insan i\u00e7in olmazsa olmazlardand\u0131r. Ne yaz\u0131k ki, k\u0131llar v\u00fccudun bu k\u0131sm\u0131nda \u00f6zellikle h\u0131zl\u0131 bir \u015fekilde uzar ve \u015fehvetli bir g\u00f6r\u00fcn\u00fcm yerine art\u0131k rahats\u0131z edici an\u0131z ortaya \u00e7\u0131kar. Bunu \u00f6nlemek i\u00e7in \u00e7o\u011fu kad\u0131n bir ustura kullan\u0131r.<\/p>\n<\/div>\n\n\n\n<div class=\"wp-block-column is-vertically-aligned-center is-layout-flow wp-block-column-is-layout-flow\"><div class=\"wp-block-image\">\n<figure class=\"aligncenter size-large is-resized\"><img loading=\"lazy\" decoding=\"async\" width=\"1024\" height=\"769\" src=\"https:\/\/www.haarfreiheit.net\/wp-content\/uploads\/2021\/07\/IPL-Wabenmustereinpassung-1024x769.jpg\" alt=\"Tedavi Foto\u011fraf Baca\u011f\u0131\" class=\"wp-image-193\" style=\"object-fit:contain;width:535px;height:402px\" srcset=\"https:\/\/www.haarfreiheit.net\/wp-content\/uploads\/2021\/07\/IPL-Wabenmustereinpassung-1024x769.jpg 1024w, https:\/\/www.haarfreiheit.net\/wp-content\/uploads\/2021\/07\/IPL-Wabenmustereinpassung-300x225.jpg 300w, https:\/\/www.haarfreiheit.net\/wp-content\/uploads\/2021\/07\/IPL-Wabenmustereinpassung.jpg 1152w\" sizes=\"auto, (max-width: 1024px) 100vw, 1024px\" \/><\/figure>\n<\/div><\/div>\n<\/div>\n\n\n\n<div style=\"height:82px\" aria-hidden=\"true\" class=\"wp-block-spacer is-style-s20\"><\/div>\n\n\n\n<div class=\"wp-block-columns is-layout-flex wp-container-core-columns-is-layout-9d6595d7 wp-block-columns-is-layout-flex\">\n<div class=\"wp-block-column is-layout-flow wp-block-column-is-layout-flow\"><div class=\"wp-block-image\">\n<figure class=\"aligncenter size-full is-resized\"><img loading=\"lazy\" decoding=\"async\" width=\"1140\" height=\"224\" src=\"https:\/\/www.haarfreiheit.net\/wp-content\/uploads\/2021\/11\/Trenner-Weiblichkeitszeichen.png\" alt=\"\u00c7izgi Grafikleri B\u00f6lme\" class=\"wp-image-7201\" style=\"object-fit:contain;width:650px;height:128px\" srcset=\"https:\/\/www.haarfreiheit.net\/wp-content\/uploads\/2021\/11\/Trenner-Weiblichkeitszeichen.png 1140w, https:\/\/www.haarfreiheit.net\/wp-content\/uploads\/2021\/11\/Trenner-Weiblichkeitszeichen-300x59.png 300w, https:\/\/www.haarfreiheit.net\/wp-content\/uploads\/2021\/11\/Trenner-Weiblichkeitszeichen-1024x201.png 1024w\" sizes=\"auto, (max-width: 1140px) 100vw, 1140px\" \/><\/figure>\n<\/div><\/div>\n<\/div>\n\n\n\n<div style=\"height:45px\" aria-hidden=\"true\" class=\"wp-block-spacer is-style-s50\"><\/div>\n\n\n\n<div class=\"wp-block-columns is-layout-flex wp-container-core-columns-is-layout-9d6595d7 wp-block-columns-is-layout-flex\">\n<div class=\"wp-block-column is-layout-flow wp-block-column-is-layout-flow\">\n<h3 class=\"wp-block-heading has-text-align-center has-text-color primary-color\" id=\"zamaniniz-kiymetlidir-bizimle-kaydedeceksiniz\"><strong><strong>ZAMANINIZ KIYMETL\u0130D\u0130R- B\u0130Z\u0130MLE KAYDEDECEKS\u0130N\u0130Z<\/strong><\/strong><\/h3>\n\n\n\n<p class=\"has-text-align-center\">Ancak bir t\u0131ra\u015fla, ho\u015f olmayan sakallar\u0131n\u0131zdan yaln\u0131zca k\u0131sa bir s\u00fcreli\u011fine kurtulursunuz. T\u0131ra\u015f veya epilasyon veya a\u011fda gibi di\u011fer t\u00fcy alma y\u00f6ntemleri \u00e7ok zaman ald\u0131\u011f\u0131ndan, bu h\u0131zl\u0131 bir \u015fekilde strese neden olabilir. \u00d6nemli bir randevu durumunda, \u00f6nceden bacak k\u0131llar\u0131n\u0131z i\u00e7in endi\u015felenmeniz uygunsuz ve sinir bozucudur. Sabah erken kalkman\u0131z gerekse de ge\u00e7 kalma riskiniz olsun, p\u00fcr\u00fczs\u00fcz bacaklar i\u00e7in ideal \u00e7\u00f6z\u00fcm de de\u011fildir.<\/p>\n<\/div>\n<\/div>\n\n\n\n<div style=\"height:74px\" aria-hidden=\"true\" class=\"wp-block-spacer is-style-s50\"><\/div>\n\n\n\n<div class=\"wp-block-cover\"><span aria-hidden=\"true\" class=\"wp-block-cover__background has-white-background-color has-background-dim\"><\/span><img loading=\"lazy\" decoding=\"async\" width=\"1980\" height=\"858\" class=\"wp-block-cover__image-background wp-image-3202\" alt=\"Petek Desen Arka Plan G\u00f6r\u00fcnt\u00fcs\u00fc\" src=\"https:\/\/www.haarfreiheit.net\/wp-content\/uploads\/2021\/11\/Maroon-Banner.jpg\" style=\"object-position:0% 100%\" data-object-fit=\"cover\" data-object-position=\"0% 100%\" srcset=\"https:\/\/www.haarfreiheit.net\/wp-content\/uploads\/2021\/11\/Maroon-Banner.jpg 1980w, https:\/\/www.haarfreiheit.net\/wp-content\/uploads\/2021\/11\/Maroon-Banner-300x130.jpg 300w, https:\/\/www.haarfreiheit.net\/wp-content\/uploads\/2021\/11\/Maroon-Banner-1024x444.jpg 1024w, https:\/\/www.haarfreiheit.net\/wp-content\/uploads\/2021\/11\/Maroon-Banner-1536x666.jpg 1536w\" sizes=\"auto, (max-width: 1980px) 100vw, 1980px\" \/><div class=\"wp-block-cover__inner-container is-layout-flow wp-block-cover-is-layout-flow\">\n<div style=\"height:77px\" aria-hidden=\"true\" class=\"wp-block-spacer is-style-s50\"><\/div>\n\n\n\n<div class=\"wp-block-columns is-layout-flex wp-container-core-columns-is-layout-9d6595d7 wp-block-columns-is-layout-flex\">\n<div class=\"wp-block-column is-vertically-aligned-center is-layout-flow wp-block-column-is-layout-flow\"><div class=\"wp-block-image\">\n<figure class=\"aligncenter size-full is-resized\"><img loading=\"lazy\" decoding=\"async\" width=\"827\" height=\"215\" src=\"https:\/\/www.haarfreiheit.net\/wp-content\/uploads\/2021\/10\/XENOgel-Technology-Logo-weiss.png\" alt=\"XENOgel Technology Logo beyaz\" class=\"wp-image-6370\" style=\"object-fit:contain;width:503px;height:131px\" srcset=\"https:\/\/www.haarfreiheit.net\/wp-content\/uploads\/2021\/10\/XENOgel-Technology-Logo-weiss.png 827w, https:\/\/www.haarfreiheit.net\/wp-content\/uploads\/2021\/10\/XENOgel-Technology-Logo-weiss-300x78.png 300w\" sizes=\"auto, (max-width: 827px) 100vw, 827px\" \/><\/figure>\n<\/div><\/div>\n\n\n\n<div class=\"wp-block-column is-layout-flow wp-block-column-is-layout-flow\">\n<p class=\"has-text-align-center has-black-color has-text-color\">Ayn\u0131 \u015fekilde, tatildeyken t\u0131ra\u015f olma derdiniz de olmaz. Ancak p\u00fcr\u00fczs\u00fcz, hassas cilt sahilde bir \u00f6nceliktir. Plajda zaman\u0131n\u0131z\u0131n \u00e7o\u011funu en sevdi\u011finiz mayoyla ge\u00e7irdi\u011finiz i\u00e7in endi\u015fe duymadan denizin ve kumsal\u0131n tad\u0131n\u0131 \u00e7\u0131karabilmelisiniz.<\/p>\n\n\n\n<p class=\"has-text-align-center has-black-color has-text-color\">XENOgel y\u00f6ntemimizle tamamen rahatlayabilir ve can s\u0131k\u0131c\u0131 v\u00fccut k\u0131llar\u0131yla ilgili t\u00fcm endi\u015felerinizi ve endi\u015felerinizi unutabilirsiniz. Bir\u00e7ok geleneksel epilasyon y\u00f6nteminin aksine, yenilik\u00e7i lazer terapimiz sadece kal\u0131c\u0131* de\u011fil, ayn\u0131 zamanda a\u011fr\u0131s\u0131zd\u0131r.<\/p>\n\n\n\n<div style=\"height:53px\" aria-hidden=\"true\" class=\"wp-block-spacer is-style-s20\"><\/div>\n\n\n\n<div class=\"wp-block-buttons is-horizontal is-content-justification-center is-layout-flex wp-container-core-buttons-is-layout-499968f5 wp-block-buttons-is-layout-flex\">\n<div class=\"wp-block-button\"><a class=\"wp-block-button__link has-white-color has-text-color wp-element-button\" href=\"\/tr\/xenogel-technology-kalici-epilasyon\/\">detaylar<\/a><\/div>\n<\/div>\n<\/div>\n<\/div>\n\n\n\n<div style=\"height:61px\" aria-hidden=\"true\" class=\"wp-block-spacer\"><\/div>\n<\/div><\/div>\n\n\n\n<div style=\"height:45px\" aria-hidden=\"true\" class=\"wp-block-spacer\"><\/div>\n\n\n\n<div class=\"wp-block-cover is-light\" style=\"min-height:100px;aspect-ratio:unset;\"><span aria-hidden=\"true\" class=\"wp-block-cover__background has-background-dim-0 has-background-dim\"><\/span><img loading=\"lazy\" decoding=\"async\" width=\"1980\" height=\"1232\" class=\"wp-block-cover__image-background wp-image-7936\" alt=\"sar\u0131 sa\u00e7l\u0131 kahverengi filtreli g\u00f6r\u00fcnt\u00fc kad\u0131n\" src=\"https:\/\/www.haarfreiheit.net\/wp-content\/uploads\/2021\/10\/Haare-Template-Bild.jpg\" data-object-fit=\"cover\" srcset=\"https:\/\/www.haarfreiheit.net\/wp-content\/uploads\/2021\/10\/Haare-Template-Bild.jpg 1980w, https:\/\/www.haarfreiheit.net\/wp-content\/uploads\/2021\/10\/Haare-Template-Bild-300x187.jpg 300w, https:\/\/www.haarfreiheit.net\/wp-content\/uploads\/2021\/10\/Haare-Template-Bild-1024x637.jpg 1024w, https:\/\/www.haarfreiheit.net\/wp-content\/uploads\/2021\/10\/Haare-Template-Bild-1536x956.jpg 1536w\" sizes=\"auto, (max-width: 1980px) 100vw, 1980px\" \/><div class=\"wp-block-cover__inner-container is-layout-flow wp-block-cover-is-layout-flow\">\n<div style=\"height:60px\" aria-hidden=\"true\" class=\"wp-block-spacer\"><\/div>\n\n\n\n<div class=\"wp-block-columns is-layout-flex wp-container-core-columns-is-layout-9d6595d7 wp-block-columns-is-layout-flex\">\n<div class=\"wp-block-column is-layout-flow wp-block-column-is-layout-flow\">\n<div class=\"wp-block-buttons is-horizontal is-content-justification-center is-layout-flex wp-container-core-buttons-is-layout-499968f5 wp-block-buttons-is-layout-flex\">\n<div class=\"wp-block-button\"><a class=\"wp-block-button__link wp-element-button\" href=\"\/tr\/epilasyon-kadin\/\">Genel bak\u0131\u015fa d\u00f6n<\/a><\/div>\n<\/div>\n<\/div>\n\n\n\n<div class=\"wp-block-column is-layout-flow wp-block-column-is-layout-flow\">\n<div class=\"wp-block-buttons is-horizontal is-content-justification-center is-layout-flex wp-container-core-buttons-is-layout-499968f5 wp-block-buttons-is-layout-flex\">\n<div class=\"wp-block-button\"><a class=\"wp-block-button__link has-black-color has-white-background-color has-text-color has-background wp-element-button\" href=\"\/tr\/randevu-al\/\">\u00dccretsiz bir dan\u0131\u015fma d\u00fczenleyin<\/a><\/div>\n<\/div>\n<\/div>\n<\/div>\n\n\n\n<div style=\"height:53px\" aria-hidden=\"true\" class=\"wp-block-spacer\"><\/div>\n<\/div><\/div>\n","protected":false},"excerpt":{"rendered":"<p>G\u00dcZEL BACAKLAR \u00c7EK\u0130C\u0130 B\u0130R G\u00d6R\u00dcN\u00dcM \u0130\u00c7\u0130N D\u00dcZ AYAKLAR Hemen hemen her kad\u0131n bacaklar\u0131nda yumu\u015fak ve p\u00fcr\u00fczs\u00fcz bir cilt ister. \u0130ster yaz\u0131n ister k\u0131\u015f\u0131n olsun, bak\u0131ml\u0131 bacaklar bir\u00e7ok insan i\u00e7in olmazsa olmazlardand\u0131r. Ne yaz\u0131k ki, k\u0131llar v\u00fccudun bu k\u0131sm\u0131nda \u00f6zellikle h\u0131zl\u0131 bir \u015fekilde uzar ve \u015fehvetli bir g\u00f6r\u00fcn\u00fcm yerine art\u0131k rahats\u0131z edici an\u0131z ortaya \u00e7\u0131kar. Bunu <a href=\"https:\/\/www.haarfreiheit.net\/tr\/epilasyon-bacaklar-kadin\/\" class=\"more-link\">&#8230;<\/a><\/p>\n","protected":false},"author":1,"featured_media":0,"parent":0,"menu_order":0,"comment_status":"closed","ping_status":"closed","template":"","meta":{"footnotes":""},"class_list":["post-5660","page","type-page","status-publish","hentry"],"yoast_head":"<!-- This site is optimized with the Yoast SEO plugin v27.1.1 - https:\/\/yoast.com\/product\/yoast-seo-wordpress\/ -->\n<title>Kal\u0131c\u0131 epilasyon bacaklar\u0131 \u2013 Kad\u0131nlar<\/title>\n<meta name=\"description\" content=\"G\u00fczel bacaklar sizi \u00e7ekici ve arzu edilir k\u0131lar. Kal\u0131c\u0131 epilasyon* g\u00fcnl\u00fck ya\u015famda size \u00e7ok fazla zaman ve stres kazand\u0131r\u0131r.\" \/>\n<meta name=\"robots\" content=\"index, follow, max-snippet:-1, max-image-preview:large, max-video-preview:-1\" \/>\n<link rel=\"canonical\" href=\"https:\/\/www.haarfreiheit.net\/tr\/epilasyon-bacaklar-kadin\/\" \/>\n<meta property=\"og:locale\" content=\"tr_TR\" \/>\n<meta property=\"og:type\" content=\"article\" \/>\n<meta property=\"og:title\" content=\"Kal\u0131c\u0131 epilasyon bacaklar\u0131 \u2013 Kad\u0131nlar\" \/>\n<meta property=\"og:description\" content=\"G\u00fczel bacaklar sizi \u00e7ekici ve arzu edilir k\u0131lar. Kal\u0131c\u0131 epilasyon* g\u00fcnl\u00fck ya\u015famda size \u00e7ok fazla zaman ve stres kazand\u0131r\u0131r.\" \/>\n<meta property=\"og:url\" content=\"https:\/\/www.haarfreiheit.net\/tr\/epilasyon-bacaklar-kadin\/\" \/>\n<meta property=\"og:site_name\" content=\"Haarfreiheit\" \/>\n<meta property=\"article:modified_time\" content=\"2024-01-18T13:50:58+00:00\" \/>\n<meta property=\"og:image\" content=\"https:\/\/www.haarfreiheit.net\/wp-content\/uploads\/2021\/10\/keyvisual-haarfreiheitnet.jpg\" \/>\n<meta name=\"twitter:card\" content=\"summary_large_image\" \/>\n<meta name=\"twitter:label1\" content=\"Tahmini okuma s\u00fcresi\" \/>\n\t<meta name=\"twitter:data1\" content=\"3 dakika\" \/>\n<script type=\"application\/ld+json\" class=\"yoast-schema-graph\">{\"@context\":\"https:\/\/schema.org\",\"@graph\":[{\"@type\":\"WebPage\",\"@id\":\"https:\/\/www.haarfreiheit.net\/tr\/epilasyon-bacaklar-kadin\/\",\"url\":\"https:\/\/www.haarfreiheit.net\/tr\/epilasyon-bacaklar-kadin\/\",\"name\":\"Kal\u0131c\u0131 epilasyon bacaklar\u0131 \u2013 Kad\u0131nlar\",\"isPartOf\":{\"@id\":\"https:\/\/www.haarfreiheit.net\/tr\/#website\"},\"primaryImageOfPage\":{\"@id\":\"https:\/\/www.haarfreiheit.net\/tr\/epilasyon-bacaklar-kadin\/#primaryimage\"},\"image\":{\"@id\":\"https:\/\/www.haarfreiheit.net\/tr\/epilasyon-bacaklar-kadin\/#primaryimage\"},\"thumbnailUrl\":\"https:\/\/www.haarfreiheit.net\/wp-content\/uploads\/2021\/10\/keyvisual-haarfreiheitnet.jpg\",\"datePublished\":\"2021-08-05T07:28:03+00:00\",\"dateModified\":\"2024-01-18T13:50:58+00:00\",\"description\":\"G\u00fczel bacaklar sizi \u00e7ekici ve arzu edilir k\u0131lar. Kal\u0131c\u0131 epilasyon* g\u00fcnl\u00fck ya\u015famda size \u00e7ok fazla zaman ve stres kazand\u0131r\u0131r.\",\"breadcrumb\":{\"@id\":\"https:\/\/www.haarfreiheit.net\/tr\/epilasyon-bacaklar-kadin\/#breadcrumb\"},\"inLanguage\":\"tr\",\"potentialAction\":[{\"@type\":\"ReadAction\",\"target\":[\"https:\/\/www.haarfreiheit.net\/tr\/epilasyon-bacaklar-kadin\/\"]}]},{\"@type\":\"ImageObject\",\"inLanguage\":\"tr\",\"@id\":\"https:\/\/www.haarfreiheit.net\/tr\/epilasyon-bacaklar-kadin\/#primaryimage\",\"url\":\"https:\/\/www.haarfreiheit.net\/wp-content\/uploads\/2021\/10\/keyvisual-haarfreiheitnet.jpg\",\"contentUrl\":\"https:\/\/www.haarfreiheit.net\/wp-content\/uploads\/2021\/10\/keyvisual-haarfreiheitnet.jpg\"},{\"@type\":\"BreadcrumbList\",\"@id\":\"https:\/\/www.haarfreiheit.net\/tr\/epilasyon-bacaklar-kadin\/#breadcrumb\",\"itemListElement\":[{\"@type\":\"ListItem\",\"position\":1,\"name\":\"Startseite\",\"item\":\"https:\/\/www.haarfreiheit.net\/tr\/\"},{\"@type\":\"ListItem\",\"position\":2,\"name\":\"kalici epilasyon bayan | bacaklar\"}]},{\"@type\":\"WebSite\",\"@id\":\"https:\/\/www.haarfreiheit.net\/tr\/#website\",\"url\":\"https:\/\/www.haarfreiheit.net\/tr\/\",\"name\":\"Haarfreiheit\",\"description\":\"Dauerhafte Haarentfernung beim Experten\",\"potentialAction\":[{\"@type\":\"SearchAction\",\"target\":{\"@type\":\"EntryPoint\",\"urlTemplate\":\"https:\/\/www.haarfreiheit.net\/tr\/?s={search_term_string}\"},\"query-input\":{\"@type\":\"PropertyValueSpecification\",\"valueRequired\":true,\"valueName\":\"search_term_string\"}}],\"inLanguage\":\"tr\"}]}<\/script>\n<!-- \/ Yoast SEO plugin. -->","yoast_head_json":{"title":"Kal\u0131c\u0131 epilasyon bacaklar\u0131 \u2013 Kad\u0131nlar","description":"G\u00fczel bacaklar sizi \u00e7ekici ve arzu edilir k\u0131lar. Kal\u0131c\u0131 epilasyon* g\u00fcnl\u00fck ya\u015famda size \u00e7ok fazla zaman ve stres kazand\u0131r\u0131r.","robots":{"index":"index","follow":"follow","max-snippet":"max-snippet:-1","max-image-preview":"max-image-preview:large","max-video-preview":"max-video-preview:-1"},"canonical":"https:\/\/www.haarfreiheit.net\/tr\/epilasyon-bacaklar-kadin\/","og_locale":"tr_TR","og_type":"article","og_title":"Kal\u0131c\u0131 epilasyon bacaklar\u0131 \u2013 Kad\u0131nlar","og_description":"G\u00fczel bacaklar sizi \u00e7ekici ve arzu edilir k\u0131lar. Kal\u0131c\u0131 epilasyon* g\u00fcnl\u00fck ya\u015famda size \u00e7ok fazla zaman ve stres kazand\u0131r\u0131r.","og_url":"https:\/\/www.haarfreiheit.net\/tr\/epilasyon-bacaklar-kadin\/","og_site_name":"Haarfreiheit","article_modified_time":"2024-01-18T13:50:58+00:00","og_image":[{"url":"https:\/\/www.haarfreiheit.net\/wp-content\/uploads\/2021\/10\/keyvisual-haarfreiheitnet.jpg","type":"","width":"","height":""}],"twitter_card":"summary_large_image","twitter_misc":{"Tahmini okuma s\u00fcresi":"3 dakika"},"schema":{"@context":"https:\/\/schema.org","@graph":[{"@type":"WebPage","@id":"https:\/\/www.haarfreiheit.net\/tr\/epilasyon-bacaklar-kadin\/","url":"https:\/\/www.haarfreiheit.net\/tr\/epilasyon-bacaklar-kadin\/","name":"Kal\u0131c\u0131 epilasyon bacaklar\u0131 \u2013 Kad\u0131nlar","isPartOf":{"@id":"https:\/\/www.haarfreiheit.net\/tr\/#website"},"primaryImageOfPage":{"@id":"https:\/\/www.haarfreiheit.net\/tr\/epilasyon-bacaklar-kadin\/#primaryimage"},"image":{"@id":"https:\/\/www.haarfreiheit.net\/tr\/epilasyon-bacaklar-kadin\/#primaryimage"},"thumbnailUrl":"https:\/\/www.haarfreiheit.net\/wp-content\/uploads\/2021\/10\/keyvisual-haarfreiheitnet.jpg","datePublished":"2021-08-05T07:28:03+00:00","dateModified":"2024-01-18T13:50:58+00:00","description":"G\u00fczel bacaklar sizi \u00e7ekici ve arzu edilir k\u0131lar. Kal\u0131c\u0131 epilasyon* g\u00fcnl\u00fck ya\u015famda size \u00e7ok fazla zaman ve stres kazand\u0131r\u0131r.","breadcrumb":{"@id":"https:\/\/www.haarfreiheit.net\/tr\/epilasyon-bacaklar-kadin\/#breadcrumb"},"inLanguage":"tr","potentialAction":[{"@type":"ReadAction","target":["https:\/\/www.haarfreiheit.net\/tr\/epilasyon-bacaklar-kadin\/"]}]},{"@type":"ImageObject","inLanguage":"tr","@id":"https:\/\/www.haarfreiheit.net\/tr\/epilasyon-bacaklar-kadin\/#primaryimage","url":"https:\/\/www.haarfreiheit.net\/wp-content\/uploads\/2021\/10\/keyvisual-haarfreiheitnet.jpg","contentUrl":"https:\/\/www.haarfreiheit.net\/wp-content\/uploads\/2021\/10\/keyvisual-haarfreiheitnet.jpg"},{"@type":"BreadcrumbList","@id":"https:\/\/www.haarfreiheit.net\/tr\/epilasyon-bacaklar-kadin\/#breadcrumb","itemListElement":[{"@type":"ListItem","position":1,"name":"Startseite","item":"https:\/\/www.haarfreiheit.net\/tr\/"},{"@type":"ListItem","position":2,"name":"kalici epilasyon bayan | bacaklar"}]},{"@type":"WebSite","@id":"https:\/\/www.haarfreiheit.net\/tr\/#website","url":"https:\/\/www.haarfreiheit.net\/tr\/","name":"Haarfreiheit","description":"Dauerhafte Haarentfernung beim Experten","potentialAction":[{"@type":"SearchAction","target":{"@type":"EntryPoint","urlTemplate":"https:\/\/www.haarfreiheit.net\/tr\/?s={search_term_string}"},"query-input":{"@type":"PropertyValueSpecification","valueRequired":true,"valueName":"search_term_string"}}],"inLanguage":"tr"}]}},"_links":{"self":[{"href":"https:\/\/www.haarfreiheit.net\/tr\/wp-json\/wp\/v2\/pages\/5660","targetHints":{"allow":["GET"]}}],"collection":[{"href":"https:\/\/www.haarfreiheit.net\/tr\/wp-json\/wp\/v2\/pages"}],"about":[{"href":"https:\/\/www.haarfreiheit.net\/tr\/wp-json\/wp\/v2\/types\/page"}],"author":[{"embeddable":true,"href":"https:\/\/www.haarfreiheit.net\/tr\/wp-json\/wp\/v2\/users\/1"}],"replies":[{"embeddable":true,"href":"https:\/\/www.haarfreiheit.net\/tr\/wp-json\/wp\/v2\/comments?post=5660"}],"version-history":[{"count":10,"href":"https:\/\/www.haarfreiheit.net\/tr\/wp-json\/wp\/v2\/pages\/5660\/revisions"}],"predecessor-version":[{"id":22935,"href":"https:\/\/www.haarfreiheit.net\/tr\/wp-json\/wp\/v2\/pages\/5660\/revisions\/22935"}],"wp:attachment":[{"href":"https:\/\/www.haarfreiheit.net\/tr\/wp-json\/wp\/v2\/media?parent=5660"}],"curies":[{"name":"wp","href":"https:\/\/api.w.org\/{rel}","templated":true}]}}