{"id":6026,"date":"2021-08-06T13:08:14","date_gmt":"2021-08-06T11:08:14","guid":{"rendered":"https:\/\/www.haarfreiheit.net\/maenner-beine-fuesse\/"},"modified":"2023-09-26T15:38:09","modified_gmt":"2023-09-26T13:38:09","slug":"kalici-epilasyon-erkek-bacaklar-ve-ayaklar","status":"publish","type":"page","link":"https:\/\/www.haarfreiheit.net\/tr\/kalici-epilasyon-erkek-bacaklar-ve-ayaklar\/","title":{"rendered":"kalici epilasyon bayan | bacaklar ve ayaklar"},"content":{"rendered":"\n<div class=\"wp-block-cover is-light\" style=\"min-height:250px;aspect-ratio:unset;\"><span aria-hidden=\"true\" class=\"wp-block-cover__background has-background-dim-0 has-background-dim\" style=\"background-color:#814747\"><\/span><img loading=\"lazy\" decoding=\"async\" width=\"1980\" height=\"1034\" class=\"wp-block-cover__image-background wp-image-6027\" alt=\"Duvar Ka\u011f\u0131d\u0131 Bisikletli Foto\u011fraf Adam\" src=\"https:\/\/www.haarfreiheit.net\/wp-content\/uploads\/2021\/11\/Banner-Radsport.jpg\" style=\"object-position:83% 20%\" data-object-fit=\"cover\" data-object-position=\"83% 20%\" srcset=\"https:\/\/www.haarfreiheit.net\/wp-content\/uploads\/2021\/11\/Banner-Radsport.jpg 1980w, https:\/\/www.haarfreiheit.net\/wp-content\/uploads\/2021\/11\/Banner-Radsport-300x157.jpg 300w, https:\/\/www.haarfreiheit.net\/wp-content\/uploads\/2021\/11\/Banner-Radsport-1024x535.jpg 1024w, https:\/\/www.haarfreiheit.net\/wp-content\/uploads\/2021\/11\/Banner-Radsport-1536x802.jpg 1536w\" sizes=\"auto, (max-width: 1980px) 100vw, 1980px\" \/><div class=\"wp-block-cover__inner-container is-layout-flow wp-block-cover-is-layout-flow\">\n<div style=\"height:66px\" aria-hidden=\"true\" class=\"wp-block-spacer\"><\/div>\n\n\n\n<div class=\"wp-block-columns is-layout-flex wp-container-core-columns-is-layout-9d6595d7 wp-block-columns-is-layout-flex\">\n<div class=\"wp-block-column is-vertically-aligned-center is-layout-flow wp-block-column-is-layout-flow\" style=\"flex-basis:27%\"><div class=\"wp-block-image\">\n<figure class=\"aligncenter size-full is-resized\"><img loading=\"lazy\" decoding=\"async\" src=\"https:\/\/www.haarfreiheit.net\/wp-content\/uploads\/2021\/11\/Wabe-Beine-Mann.png\" alt=\"T\u00fcys\u00fcz bacaklar adam foto\u011fraf\" class=\"wp-image-5995\" style=\"object-fit:contain;width:321px;height:300px\" width=\"321\" height=\"300\" srcset=\"https:\/\/www.haarfreiheit.net\/wp-content\/uploads\/2021\/11\/Wabe-Beine-Mann.png 400w, https:\/\/www.haarfreiheit.net\/wp-content\/uploads\/2021\/11\/Wabe-Beine-Mann-300x281.png 300w\" sizes=\"auto, (max-width: 321px) 100vw, 321px\" \/><\/figure>\n<\/div><\/div>\n\n\n\n<div class=\"wp-block-column is-vertically-aligned-center is-layout-flow wp-block-column-is-layout-flow\" style=\"flex-basis:55%\">\n<h1 class=\"wp-block-heading has-text-align-center has-white-color has-text-color\" id=\"bacaklar-ve-ayaklar\"><strong>BACAKLAR VE AYAKLAR<\/strong><\/h1>\n\n\n\n<div style=\"height:25px\" aria-hidden=\"true\" class=\"wp-block-spacer\"><\/div>\n\n\n<div class=\"wp-block-image\">\n<figure class=\"aligncenter size-large is-resized\"><img loading=\"lazy\" decoding=\"async\" src=\"https:\/\/www.haarfreiheit.net\/wp-content\/uploads\/2021\/11\/Banner-Maennlichkeitszeichen-Trenner-1024x201.png\" alt=\"\u00c7izgi adam b\u00f6lme\" class=\"wp-image-7197\" style=\"object-fit:contain;width:582px;height:114px\" width=\"582\" height=\"114\" srcset=\"https:\/\/www.haarfreiheit.net\/wp-content\/uploads\/2021\/11\/Banner-Maennlichkeitszeichen-Trenner-1024x201.png 1024w, https:\/\/www.haarfreiheit.net\/wp-content\/uploads\/2021\/11\/Banner-Maennlichkeitszeichen-Trenner-300x59.png 300w, https:\/\/www.haarfreiheit.net\/wp-content\/uploads\/2021\/11\/Banner-Maennlichkeitszeichen-Trenner.png 1140w\" sizes=\"auto, (max-width: 582px) 100vw, 582px\" \/><\/figure>\n<\/div>\n\n\n<div style=\"height:26px\" aria-hidden=\"true\" class=\"wp-block-spacer\"><\/div>\n\n\n\n<p class=\"has-text-align-center has-text-color quaternary-color has-medium-font-size\"><strong>V\u00fccut b\u00f6lgeleri Bay<\/strong><\/p>\n\n\n\n<div style=\"height:47px\" aria-hidden=\"true\" class=\"wp-block-spacer\"><\/div>\n\n\n\n<div class=\"wp-block-buttons is-horizontal is-content-justification-center is-layout-flex wp-container-core-buttons-is-layout-499968f5 wp-block-buttons-is-layout-flex\">\n<div class=\"wp-block-button quaternary-bg-color is-style-fill\"><a class=\"wp-block-button__link has-white-color has-text-color wp-element-button\" href=\"\/tr\/randevu-al\/\">\u00dccretsiz bir dan\u0131\u015fma d\u00fczenleyin<\/a><\/div>\n<\/div>\n<\/div>\n<\/div>\n\n\n\n<div style=\"height:62px\" aria-hidden=\"true\" class=\"wp-block-spacer\"><\/div>\n<\/div><\/div>\n\n\n\n<div style=\"height:82px\" aria-hidden=\"true\" class=\"wp-block-spacer is-style-s50\"><\/div>\n\n\n\n<div class=\"wp-block-columns is-layout-flex wp-container-core-columns-is-layout-9d6595d7 wp-block-columns-is-layout-flex\">\n<div class=\"wp-block-column is-layout-flow wp-block-column-is-layout-flow\">\n<div style=\"height:34px\" aria-hidden=\"true\" class=\"wp-block-spacer\"><\/div>\n\n\n\n<h2 class=\"wp-block-heading has-text-align-center has-text-color quaternary-color\"><strong><strong>KOMPLEKS\u0130Z VE KALICI*<\/strong><\/strong>:<br><strong>SPOR FAYDALARI<\/strong><\/h2>\n\n\n\n<p class=\"has-text-align-center\">\u00d6zellikle sporcular aras\u0131nda epilasyon trendi art\u0131yor. \u0130ster sporcu, ister y\u00fcz\u00fcc\u00fc, ister bisiklet\u00e7i olun, siz de bacaklar ve ayaklar i\u00e7in kal\u0131c\u0131 epilasyonun* t\u00fcm avantajlar\u0131ndan yararlanabilirsiniz. Etkili fotoepilasyon sayesinde art\u0131k a\u011fr\u0131l\u0131 a\u011fda veya zahmetli t\u0131ra\u015f yok.<\/p>\n\n\n\n<div style=\"height:66px\" aria-hidden=\"true\" class=\"wp-block-spacer\"><\/div>\n<\/div>\n\n\n\n<div class=\"wp-block-column is-vertically-aligned-center is-layout-flow wp-block-column-is-layout-flow\">\n<figure class=\"wp-block-image size-full is-resized\"><img loading=\"lazy\" decoding=\"async\" src=\"https:\/\/www.haarfreiheit.net\/wp-content\/uploads\/2021\/07\/Banner-Mann-Beine.jpg\" alt=\"Foto\u011fraf Adam T\u00fcys\u00fcz Bacaklar Spor Fitness\" class=\"wp-image-75\" style=\"object-fit:contain;width:537px;height:405px\" width=\"537\" height=\"405\" srcset=\"https:\/\/www.haarfreiheit.net\/wp-content\/uploads\/2021\/07\/Banner-Mann-Beine.jpg 663w, https:\/\/www.haarfreiheit.net\/wp-content\/uploads\/2021\/07\/Banner-Mann-Beine-300x226.jpg 300w\" sizes=\"auto, (max-width: 537px) 100vw, 537px\" \/><\/figure>\n<\/div>\n<\/div>\n\n\n\n<div class=\"wp-block-columns is-layout-flex wp-container-core-columns-is-layout-9d6595d7 wp-block-columns-is-layout-flex\">\n<div class=\"wp-block-column is-layout-flow wp-block-column-is-layout-flow\"><div class=\"wp-block-image\">\n<figure class=\"aligncenter size-large is-resized\"><img loading=\"lazy\" decoding=\"async\" src=\"https:\/\/www.haarfreiheit.net\/wp-content\/uploads\/2021\/11\/Banner-Maennlichkeitszeichen-Trenner-1024x201.png\" alt=\"\u00c7izgi Grafikleri B\u00f6lme\" class=\"wp-image-7197\" style=\"object-fit:contain;width:694px;height:136px\" width=\"694\" height=\"136\" srcset=\"https:\/\/www.haarfreiheit.net\/wp-content\/uploads\/2021\/11\/Banner-Maennlichkeitszeichen-Trenner-1024x201.png 1024w, https:\/\/www.haarfreiheit.net\/wp-content\/uploads\/2021\/11\/Banner-Maennlichkeitszeichen-Trenner-300x59.png 300w, https:\/\/www.haarfreiheit.net\/wp-content\/uploads\/2021\/11\/Banner-Maennlichkeitszeichen-Trenner.png 1140w\" sizes=\"auto, (max-width: 694px) 100vw, 694px\" \/><\/figure>\n<\/div><\/div>\n<\/div>\n\n\n\n<div style=\"height:45px\" aria-hidden=\"true\" class=\"wp-block-spacer is-style-s50\"><\/div>\n\n\n\n<div class=\"wp-block-columns is-layout-flex wp-container-core-columns-is-layout-9d6595d7 wp-block-columns-is-layout-flex\">\n<div class=\"wp-block-column is-layout-flow wp-block-column-is-layout-flow\">\n<h3 class=\"wp-block-heading has-text-align-center has-text-color quaternary-color\"><strong><strong>\u00d6NCELIKLE&nbsp;G\u00dcVENL\u0130K<\/strong><\/strong><\/h3>\n\n\n\n<p class=\"has-text-align-center\">Keneler bir\u00e7ok tehlikeli enfeksiyonun nedenidir. K\u00fc\u00e7\u00fck araknidlerin, \u00f6zellikle de hala yo\u011fun k\u0131llarla kapl\u0131ysa, fark edilmesi genellikle zor olabilir. En k\u00f6t\u00fcs\u00fcn\u00fcn ge\u00e7mesine izin vermeyin ve so\u011fuk \u0131\u015f\u0131kla epilasyonumuzun avantajlar\u0131n\u0131 ke\u015ffedin. Yenilik\u00e7i kal\u0131c\u0131 epilasyon teknolojilerimiz sayesinde kayg\u0131s\u0131z olman\u0131n ve \u00f6zg\u00fcrl\u00fc\u011f\u00fcn tad\u0131n\u0131 \u00e7\u0131kar\u0131n*.<\/p>\n\n\n\n<div style=\"height:50px\" aria-hidden=\"true\" class=\"wp-block-spacer\"><\/div>\n<\/div>\n\n\n\n<div class=\"wp-block-column is-layout-flow wp-block-column-is-layout-flow\">\n<h3 class=\"wp-block-heading has-text-align-center has-text-color quaternary-color\"><strong><strong>OPT\u0130MAL \u0130LK YARA BAKIMI<\/strong><\/strong><\/h3>\n\n\n\n<p class=\"has-text-align-center\">Bacaklar ve ayaklar spor s\u0131ras\u0131nda s\u0131kl\u0131kla etkilenir ve yaralanmalar nadir de\u011fildir. Ancak bunlar her zaman m\u00fcmk\u00fcn olan en k\u0131sa s\u00fcrede halledilmelidir, aksi takdirde gelecekteki spor faaliyetleri tehlikeye girer. Bir mucizenin ilk yard\u0131m\u0131 can s\u0131k\u0131c\u0131 sa\u00e7lar taraf\u0131ndan engellenebilir. Ek olarak, sa\u00e7a yap\u0131\u015fan bakteriler iltihaplanmaya neden olabilir. G\u00fcvenli tarafta kal\u0131n ve kendinize m\u00fcmk\u00fcn olan en iyi iyile\u015fmeyi sa\u011flay\u0131n.<\/p>\n<\/div>\n<\/div>\n\n\n\n<div style=\"height:74px\" aria-hidden=\"true\" class=\"wp-block-spacer is-style-s50\"><\/div>\n\n\n\n<div class=\"wp-block-cover\"><span aria-hidden=\"true\" class=\"wp-block-cover__background has-black-background-color has-background-dim-40 has-background-dim\"><\/span><img loading=\"lazy\" decoding=\"async\" width=\"1980\" height=\"1417\" class=\"wp-block-cover__image-background wp-image-6004\" alt=\"Arka Plan Resmi\" src=\"https:\/\/www.haarfreiheit.net\/wp-content\/uploads\/2021\/11\/Petrol-BG.jpg\" style=\"object-position:0% 100%\" data-object-fit=\"cover\" data-object-position=\"0% 100%\" srcset=\"https:\/\/www.haarfreiheit.net\/wp-content\/uploads\/2021\/11\/Petrol-BG.jpg 1980w, https:\/\/www.haarfreiheit.net\/wp-content\/uploads\/2021\/11\/Petrol-BG-300x215.jpg 300w, https:\/\/www.haarfreiheit.net\/wp-content\/uploads\/2021\/11\/Petrol-BG-1024x733.jpg 1024w, https:\/\/www.haarfreiheit.net\/wp-content\/uploads\/2021\/11\/Petrol-BG-1536x1099.jpg 1536w\" sizes=\"auto, (max-width: 1980px) 100vw, 1980px\" \/><div class=\"wp-block-cover__inner-container is-layout-flow wp-block-cover-is-layout-flow\">\n<div style=\"height:25px\" aria-hidden=\"true\" class=\"wp-block-spacer is-style-s50\"><\/div>\n\n\n\n<div class=\"wp-block-columns is-layout-flex wp-container-core-columns-is-layout-9d6595d7 wp-block-columns-is-layout-flex\">\n<div class=\"wp-block-column is-vertically-aligned-center is-layout-flow wp-block-column-is-layout-flow\"><div class=\"wp-block-image\">\n<figure class=\"aligncenter size-full is-resized\"><img loading=\"lazy\" decoding=\"async\" src=\"https:\/\/www.haarfreiheit.net\/wp-content\/uploads\/2021\/07\/Schwimmen.png\" alt=\"Foto\u011fraf Y\u00fcz\u00fcc\u00fc Y\u00fczme Havuzu\" class=\"wp-image-239\" style=\"object-fit:contain;width:522px;height:392px\" width=\"522\" height=\"392\" srcset=\"https:\/\/www.haarfreiheit.net\/wp-content\/uploads\/2021\/07\/Schwimmen.png 500w, https:\/\/www.haarfreiheit.net\/wp-content\/uploads\/2021\/07\/Schwimmen-300x225.png 300w\" sizes=\"auto, (max-width: 522px) 100vw, 522px\" \/><\/figure>\n<\/div><\/div>\n\n\n\n<div class=\"wp-block-column is-vertically-aligned-center is-layout-flow wp-block-column-is-layout-flow\">\n<div style=\"height:12px\" aria-hidden=\"true\" class=\"wp-block-spacer\"><\/div>\n\n\n\n<h3 class=\"wp-block-heading has-text-align-center\" id=\"performansinizi-artirin\">PERFORMANSINIZI ARTIRIN<\/h3>\n\n\n\n<p class=\"has-text-align-center\">Esteti\u011fe ek olarak, erkekler genellikle atletik performanslar\u0131na da dikkat ederler. Kal\u0131c\u0131 epilasyon* bunun \u00fczerinde olumlu bir etkiye sahip olabilir, \u00e7\u00fcnk\u00fc p\u00fcr\u00fczs\u00fcz cilt nihayetinde hava direncini de azalt\u0131r. Bu nedenle bir\u00e7ok sporcu zaten yenilik\u00e7i teknolojilerimize g\u00fcveniyor.<\/p>\n<\/div>\n<\/div>\n\n\n\n<div style=\"height:61px\" aria-hidden=\"true\" class=\"wp-block-spacer is-style-s50\"><\/div>\n<\/div><\/div>\n\n\n\n<div class=\"wp-block-cover\" style=\"min-height:100px;aspect-ratio:unset;\"><span aria-hidden=\"true\" class=\"wp-block-cover__background has-background-dim-0 has-background-dim\"><\/span><img loading=\"lazy\" decoding=\"async\" width=\"1980\" height=\"1185\" class=\"wp-block-cover__image-background wp-image-6073\" alt=\"Foto\u011fraf \u00e7ekici adam arka plan g\u00f6r\u00fcnt\u00fcs\u00fc\" src=\"https:\/\/www.haarfreiheit.net\/wp-content\/uploads\/2021\/11\/BusinessMann-Banner.jpg\" data-object-fit=\"cover\" srcset=\"https:\/\/www.haarfreiheit.net\/wp-content\/uploads\/2021\/11\/BusinessMann-Banner.jpg 1980w, https:\/\/www.haarfreiheit.net\/wp-content\/uploads\/2021\/11\/BusinessMann-Banner-300x180.jpg 300w, https:\/\/www.haarfreiheit.net\/wp-content\/uploads\/2021\/11\/BusinessMann-Banner-1024x613.jpg 1024w, https:\/\/www.haarfreiheit.net\/wp-content\/uploads\/2021\/11\/BusinessMann-Banner-1536x919.jpg 1536w\" sizes=\"auto, (max-width: 1980px) 100vw, 1980px\" \/><div class=\"wp-block-cover__inner-container is-layout-flow wp-block-cover-is-layout-flow\">\n<div style=\"height:60px\" aria-hidden=\"true\" class=\"wp-block-spacer\"><\/div>\n\n\n\n<div class=\"wp-block-columns is-layout-flex wp-container-core-columns-is-layout-9d6595d7 wp-block-columns-is-layout-flex\">\n<div class=\"wp-block-column is-layout-flow wp-block-column-is-layout-flow\">\n<div class=\"wp-block-buttons is-horizontal is-content-justification-center is-layout-flex wp-container-core-buttons-is-layout-499968f5 wp-block-buttons-is-layout-flex\">\n<div class=\"wp-block-button\"><a class=\"wp-block-button__link wp-element-button\" href=\"\/tr\/kalici-epilasyon-erkek\/\">Genel bak\u0131\u015fa d\u00f6n<\/a><\/div>\n<\/div>\n<\/div>\n\n\n\n<div class=\"wp-block-column is-layout-flow wp-block-column-is-layout-flow\">\n<div class=\"wp-block-buttons is-horizontal is-content-justification-center is-layout-flex wp-container-core-buttons-is-layout-499968f5 wp-block-buttons-is-layout-flex\">\n<div class=\"wp-block-button\"><a class=\"wp-block-button__link has-black-color has-white-background-color has-text-color has-background wp-element-button\" href=\"\/tr\/randevu-al\/\">\u00dccretsiz bir dan\u0131\u015fma d\u00fczenleyin<\/a><\/div>\n<\/div>\n<\/div>\n<\/div>\n\n\n\n<div style=\"height:53px\" aria-hidden=\"true\" class=\"wp-block-spacer\"><\/div>\n<\/div><\/div>\n","protected":false},"excerpt":{"rendered":"<p>KOMPLEKS\u0130Z VE KALICI*:SPOR FAYDALARI \u00d6zellikle sporcular aras\u0131nda epilasyon trendi art\u0131yor. \u0130ster sporcu, ister y\u00fcz\u00fcc\u00fc, ister bisiklet\u00e7i olun, siz de bacaklar ve ayaklar i\u00e7in kal\u0131c\u0131 epilasyonun* t\u00fcm avantajlar\u0131ndan yararlanabilirsiniz. Etkili fotoepilasyon sayesinde art\u0131k a\u011fr\u0131l\u0131 a\u011fda veya zahmetli t\u0131ra\u015f yok. \u00d6NCELIKLE&nbsp;G\u00dcVENL\u0130K Keneler bir\u00e7ok tehlikeli enfeksiyonun nedenidir. K\u00fc\u00e7\u00fck araknidlerin, \u00f6zellikle de hala yo\u011fun k\u0131llarla kapl\u0131ysa, fark edilmesi genellikle <a href=\"https:\/\/www.haarfreiheit.net\/tr\/kalici-epilasyon-erkek-bacaklar-ve-ayaklar\/\" class=\"more-link\">&#8230;<\/a><\/p>\n","protected":false},"author":1,"featured_media":0,"parent":0,"menu_order":0,"comment_status":"closed","ping_status":"closed","template":"","meta":{"footnotes":""},"class_list":["post-6026","page","type-page","status-publish","hentry"],"yoast_head":"<!-- This site is optimized with the Yoast SEO plugin v27.1.1 - https:\/\/yoast.com\/product\/yoast-seo-wordpress\/ -->\n<title>Kal\u0131c\u0131 Epilasyon Erkekler - Bacaklar ve Ayaklar<\/title>\n<meta name=\"description\" content=\"Bacaklarda ve ayaklarda kal\u0131c\u0131 epilasyon* - performans\u0131n\u0131z\u0131 art\u0131r\u0131n, riskleri ve bak\u0131m \u00e7abas\u0131n\u0131 en aza indirin.\" \/>\n<meta name=\"robots\" content=\"index, follow, max-snippet:-1, max-image-preview:large, max-video-preview:-1\" \/>\n<link rel=\"canonical\" href=\"https:\/\/www.haarfreiheit.net\/tr\/kalici-epilasyon-erkek-bacaklar-ve-ayaklar\/\" \/>\n<meta property=\"og:locale\" content=\"tr_TR\" \/>\n<meta property=\"og:type\" content=\"article\" \/>\n<meta property=\"og:title\" content=\"Kal\u0131c\u0131 Epilasyon Erkekler - Bacaklar ve Ayaklar\" \/>\n<meta property=\"og:description\" content=\"Bacaklarda ve ayaklarda kal\u0131c\u0131 epilasyon* - performans\u0131n\u0131z\u0131 art\u0131r\u0131n, riskleri ve bak\u0131m \u00e7abas\u0131n\u0131 en aza indirin.\" \/>\n<meta property=\"og:url\" content=\"https:\/\/www.haarfreiheit.net\/tr\/kalici-epilasyon-erkek-bacaklar-ve-ayaklar\/\" \/>\n<meta property=\"og:site_name\" content=\"Haarfreiheit\" \/>\n<meta property=\"article:modified_time\" content=\"2023-09-26T13:38:09+00:00\" \/>\n<meta property=\"og:image\" content=\"https:\/\/www.haarfreiheit.net\/wp-content\/uploads\/2021\/11\/Banner-Radsport.jpg\" \/>\n<meta name=\"twitter:card\" content=\"summary_large_image\" \/>\n<meta name=\"twitter:label1\" content=\"Tahmini okuma s\u00fcresi\" \/>\n\t<meta name=\"twitter:data1\" content=\"3 dakika\" \/>\n<script type=\"application\/ld+json\" class=\"yoast-schema-graph\">{\"@context\":\"https:\/\/schema.org\",\"@graph\":[{\"@type\":\"WebPage\",\"@id\":\"https:\/\/www.haarfreiheit.net\/tr\/kalici-epilasyon-erkek-bacaklar-ve-ayaklar\/\",\"url\":\"https:\/\/www.haarfreiheit.net\/tr\/kalici-epilasyon-erkek-bacaklar-ve-ayaklar\/\",\"name\":\"Kal\u0131c\u0131 Epilasyon Erkekler - Bacaklar ve Ayaklar\",\"isPartOf\":{\"@id\":\"https:\/\/www.haarfreiheit.net\/tr\/#website\"},\"primaryImageOfPage\":{\"@id\":\"https:\/\/www.haarfreiheit.net\/tr\/kalici-epilasyon-erkek-bacaklar-ve-ayaklar\/#primaryimage\"},\"image\":{\"@id\":\"https:\/\/www.haarfreiheit.net\/tr\/kalici-epilasyon-erkek-bacaklar-ve-ayaklar\/#primaryimage\"},\"thumbnailUrl\":\"https:\/\/www.haarfreiheit.net\/wp-content\/uploads\/2021\/11\/Banner-Radsport.jpg\",\"datePublished\":\"2021-08-06T11:08:14+00:00\",\"dateModified\":\"2023-09-26T13:38:09+00:00\",\"description\":\"Bacaklarda ve ayaklarda kal\u0131c\u0131 epilasyon* - performans\u0131n\u0131z\u0131 art\u0131r\u0131n, riskleri ve bak\u0131m \u00e7abas\u0131n\u0131 en aza indirin.\",\"breadcrumb\":{\"@id\":\"https:\/\/www.haarfreiheit.net\/tr\/kalici-epilasyon-erkek-bacaklar-ve-ayaklar\/#breadcrumb\"},\"inLanguage\":\"tr\",\"potentialAction\":[{\"@type\":\"ReadAction\",\"target\":[\"https:\/\/www.haarfreiheit.net\/tr\/kalici-epilasyon-erkek-bacaklar-ve-ayaklar\/\"]}]},{\"@type\":\"ImageObject\",\"inLanguage\":\"tr\",\"@id\":\"https:\/\/www.haarfreiheit.net\/tr\/kalici-epilasyon-erkek-bacaklar-ve-ayaklar\/#primaryimage\",\"url\":\"https:\/\/www.haarfreiheit.net\/wp-content\/uploads\/2021\/11\/Banner-Radsport.jpg\",\"contentUrl\":\"https:\/\/www.haarfreiheit.net\/wp-content\/uploads\/2021\/11\/Banner-Radsport.jpg\"},{\"@type\":\"BreadcrumbList\",\"@id\":\"https:\/\/www.haarfreiheit.net\/tr\/kalici-epilasyon-erkek-bacaklar-ve-ayaklar\/#breadcrumb\",\"itemListElement\":[{\"@type\":\"ListItem\",\"position\":1,\"name\":\"Startseite\",\"item\":\"https:\/\/www.haarfreiheit.net\/tr\/\"},{\"@type\":\"ListItem\",\"position\":2,\"name\":\"kalici epilasyon bayan | bacaklar ve ayaklar\"}]},{\"@type\":\"WebSite\",\"@id\":\"https:\/\/www.haarfreiheit.net\/tr\/#website\",\"url\":\"https:\/\/www.haarfreiheit.net\/tr\/\",\"name\":\"Haarfreiheit\",\"description\":\"Dauerhafte Haarentfernung beim Experten\",\"potentialAction\":[{\"@type\":\"SearchAction\",\"target\":{\"@type\":\"EntryPoint\",\"urlTemplate\":\"https:\/\/www.haarfreiheit.net\/tr\/?s={search_term_string}\"},\"query-input\":{\"@type\":\"PropertyValueSpecification\",\"valueRequired\":true,\"valueName\":\"search_term_string\"}}],\"inLanguage\":\"tr\"}]}<\/script>\n<!-- \/ Yoast SEO plugin. -->","yoast_head_json":{"title":"Kal\u0131c\u0131 Epilasyon Erkekler - Bacaklar ve Ayaklar","description":"Bacaklarda ve ayaklarda kal\u0131c\u0131 epilasyon* - performans\u0131n\u0131z\u0131 art\u0131r\u0131n, riskleri ve bak\u0131m \u00e7abas\u0131n\u0131 en aza indirin.","robots":{"index":"index","follow":"follow","max-snippet":"max-snippet:-1","max-image-preview":"max-image-preview:large","max-video-preview":"max-video-preview:-1"},"canonical":"https:\/\/www.haarfreiheit.net\/tr\/kalici-epilasyon-erkek-bacaklar-ve-ayaklar\/","og_locale":"tr_TR","og_type":"article","og_title":"Kal\u0131c\u0131 Epilasyon Erkekler - Bacaklar ve Ayaklar","og_description":"Bacaklarda ve ayaklarda kal\u0131c\u0131 epilasyon* - performans\u0131n\u0131z\u0131 art\u0131r\u0131n, riskleri ve bak\u0131m \u00e7abas\u0131n\u0131 en aza indirin.","og_url":"https:\/\/www.haarfreiheit.net\/tr\/kalici-epilasyon-erkek-bacaklar-ve-ayaklar\/","og_site_name":"Haarfreiheit","article_modified_time":"2023-09-26T13:38:09+00:00","og_image":[{"url":"https:\/\/www.haarfreiheit.net\/wp-content\/uploads\/2021\/11\/Banner-Radsport.jpg","type":"","width":"","height":""}],"twitter_card":"summary_large_image","twitter_misc":{"Tahmini okuma s\u00fcresi":"3 dakika"},"schema":{"@context":"https:\/\/schema.org","@graph":[{"@type":"WebPage","@id":"https:\/\/www.haarfreiheit.net\/tr\/kalici-epilasyon-erkek-bacaklar-ve-ayaklar\/","url":"https:\/\/www.haarfreiheit.net\/tr\/kalici-epilasyon-erkek-bacaklar-ve-ayaklar\/","name":"Kal\u0131c\u0131 Epilasyon Erkekler - Bacaklar ve Ayaklar","isPartOf":{"@id":"https:\/\/www.haarfreiheit.net\/tr\/#website"},"primaryImageOfPage":{"@id":"https:\/\/www.haarfreiheit.net\/tr\/kalici-epilasyon-erkek-bacaklar-ve-ayaklar\/#primaryimage"},"image":{"@id":"https:\/\/www.haarfreiheit.net\/tr\/kalici-epilasyon-erkek-bacaklar-ve-ayaklar\/#primaryimage"},"thumbnailUrl":"https:\/\/www.haarfreiheit.net\/wp-content\/uploads\/2021\/11\/Banner-Radsport.jpg","datePublished":"2021-08-06T11:08:14+00:00","dateModified":"2023-09-26T13:38:09+00:00","description":"Bacaklarda ve ayaklarda kal\u0131c\u0131 epilasyon* - performans\u0131n\u0131z\u0131 art\u0131r\u0131n, riskleri ve bak\u0131m \u00e7abas\u0131n\u0131 en aza indirin.","breadcrumb":{"@id":"https:\/\/www.haarfreiheit.net\/tr\/kalici-epilasyon-erkek-bacaklar-ve-ayaklar\/#breadcrumb"},"inLanguage":"tr","potentialAction":[{"@type":"ReadAction","target":["https:\/\/www.haarfreiheit.net\/tr\/kalici-epilasyon-erkek-bacaklar-ve-ayaklar\/"]}]},{"@type":"ImageObject","inLanguage":"tr","@id":"https:\/\/www.haarfreiheit.net\/tr\/kalici-epilasyon-erkek-bacaklar-ve-ayaklar\/#primaryimage","url":"https:\/\/www.haarfreiheit.net\/wp-content\/uploads\/2021\/11\/Banner-Radsport.jpg","contentUrl":"https:\/\/www.haarfreiheit.net\/wp-content\/uploads\/2021\/11\/Banner-Radsport.jpg"},{"@type":"BreadcrumbList","@id":"https:\/\/www.haarfreiheit.net\/tr\/kalici-epilasyon-erkek-bacaklar-ve-ayaklar\/#breadcrumb","itemListElement":[{"@type":"ListItem","position":1,"name":"Startseite","item":"https:\/\/www.haarfreiheit.net\/tr\/"},{"@type":"ListItem","position":2,"name":"kalici epilasyon bayan | bacaklar ve ayaklar"}]},{"@type":"WebSite","@id":"https:\/\/www.haarfreiheit.net\/tr\/#website","url":"https:\/\/www.haarfreiheit.net\/tr\/","name":"Haarfreiheit","description":"Dauerhafte Haarentfernung beim Experten","potentialAction":[{"@type":"SearchAction","target":{"@type":"EntryPoint","urlTemplate":"https:\/\/www.haarfreiheit.net\/tr\/?s={search_term_string}"},"query-input":{"@type":"PropertyValueSpecification","valueRequired":true,"valueName":"search_term_string"}}],"inLanguage":"tr"}]}},"_links":{"self":[{"href":"https:\/\/www.haarfreiheit.net\/tr\/wp-json\/wp\/v2\/pages\/6026","targetHints":{"allow":["GET"]}}],"collection":[{"href":"https:\/\/www.haarfreiheit.net\/tr\/wp-json\/wp\/v2\/pages"}],"about":[{"href":"https:\/\/www.haarfreiheit.net\/tr\/wp-json\/wp\/v2\/types\/page"}],"author":[{"embeddable":true,"href":"https:\/\/www.haarfreiheit.net\/tr\/wp-json\/wp\/v2\/users\/1"}],"replies":[{"embeddable":true,"href":"https:\/\/www.haarfreiheit.net\/tr\/wp-json\/wp\/v2\/comments?post=6026"}],"version-history":[{"count":9,"href":"https:\/\/www.haarfreiheit.net\/tr\/wp-json\/wp\/v2\/pages\/6026\/revisions"}],"predecessor-version":[{"id":20901,"href":"https:\/\/www.haarfreiheit.net\/tr\/wp-json\/wp\/v2\/pages\/6026\/revisions\/20901"}],"wp:attachment":[{"href":"https:\/\/www.haarfreiheit.net\/tr\/wp-json\/wp\/v2\/media?parent=6026"}],"curies":[{"name":"wp","href":"https:\/\/api.w.org\/{rel}","templated":true}]}}