{"id":6079,"date":"2021-08-05T12:25:20","date_gmt":"2021-08-05T10:25:20","guid":{"rendered":"https:\/\/www.haarfreiheit.net\/haarentfernung-maenner-hals-nacken\/"},"modified":"2022-02-17T09:19:16","modified_gmt":"2022-02-17T08:19:16","slug":"kalici-epilasyon-erkek-boyun-ve-bogaz","status":"publish","type":"page","link":"https:\/\/www.haarfreiheit.net\/tr\/kalici-epilasyon-erkek-boyun-ve-bogaz\/","title":{"rendered":"kalici epilasyon bay | boyun"},"content":{"rendered":"\n<div class=\"wp-block-cover is-light\" style=\"min-height:250px;aspect-ratio:unset;\"><span aria-hidden=\"true\" class=\"has-background-dim-20 wp-block-cover__gradient-background has-background-dim\" style=\"background-color:#814747\"><\/span><img loading=\"lazy\" decoding=\"async\" width=\"1980\" height=\"1185\" class=\"wp-block-cover__image-background wp-image-6075\" alt=\"Efektli g\u00f6r\u00fcnt\u00fc arka plan\u0131\" src=\"https:\/\/www.haarfreiheit.net\/wp-content\/uploads\/2021\/11\/Banner-Mann-Variation.jpg\" style=\"object-position:49% 44%\" data-object-fit=\"cover\" data-object-position=\"49% 44%\" srcset=\"https:\/\/www.haarfreiheit.net\/wp-content\/uploads\/2021\/11\/Banner-Mann-Variation.jpg 1980w, https:\/\/www.haarfreiheit.net\/wp-content\/uploads\/2021\/11\/Banner-Mann-Variation-300x180.jpg 300w, https:\/\/www.haarfreiheit.net\/wp-content\/uploads\/2021\/11\/Banner-Mann-Variation-1024x613.jpg 1024w, https:\/\/www.haarfreiheit.net\/wp-content\/uploads\/2021\/11\/Banner-Mann-Variation-1536x919.jpg 1536w\" sizes=\"auto, (max-width: 1980px) 100vw, 1980px\" \/><div class=\"wp-block-cover__inner-container is-layout-flow wp-block-cover-is-layout-flow\">\n<div style=\"height:66px\" aria-hidden=\"true\" class=\"wp-block-spacer\"><\/div>\n\n\n\n<div class=\"wp-block-columns is-layout-flex wp-container-core-columns-is-layout-9d6595d7 wp-block-columns-is-layout-flex\">\n<div class=\"wp-block-column is-vertically-aligned-center is-layout-flow wp-block-column-is-layout-flow\" style=\"flex-basis:27%\">\n<div class=\"wp-block-image\"><figure class=\"aligncenter size-full\"><img loading=\"lazy\" decoding=\"async\" width=\"400\" height=\"374\" src=\"https:\/\/www.haarfreiheit.net\/wp-content\/uploads\/2021\/11\/Wabe-Mann-Nacken-Hals.png\" alt=\"Adam boyun t\u00fcys\u00fcz foto\u011fraf\" class=\"wp-image-5999\" srcset=\"https:\/\/www.haarfreiheit.net\/wp-content\/uploads\/2021\/11\/Wabe-Mann-Nacken-Hals.png 400w, https:\/\/www.haarfreiheit.net\/wp-content\/uploads\/2021\/11\/Wabe-Mann-Nacken-Hals-300x281.png 300w\" sizes=\"auto, (max-width: 400px) 100vw, 400px\" \/><\/figure><\/div>\n<\/div>\n\n\n\n<div class=\"wp-block-column is-vertically-aligned-center is-layout-flow wp-block-column-is-layout-flow\" style=\"flex-basis:55%\">\n<div style=\"height:100px\" aria-hidden=\"true\" class=\"wp-block-spacer is-style-s40\"><\/div>\n\n\n\n<h1 class=\"has-text-align-center has-white-color has-text-color wp-block-heading\" id=\"boyun\" style=\"font-size:77px\"><strong>BOYUN<\/strong><\/h1>\n\n\n\n<div style=\"height:25px\" aria-hidden=\"true\" class=\"wp-block-spacer\"><\/div>\n\n\n\n<div class=\"wp-block-image\"><figure class=\"aligncenter size-large\"><img loading=\"lazy\" decoding=\"async\" width=\"1024\" height=\"201\" src=\"https:\/\/www.haarfreiheit.net\/wp-content\/uploads\/2021\/11\/Banner-Maennlichkeitszeichen-Trenner-1024x201.png\" alt=\"Sat\u0131r Grafik Adam B\u00f6lme\" class=\"wp-image-7197\" srcset=\"https:\/\/www.haarfreiheit.net\/wp-content\/uploads\/2021\/11\/Banner-Maennlichkeitszeichen-Trenner-1024x201.png 1024w, https:\/\/www.haarfreiheit.net\/wp-content\/uploads\/2021\/11\/Banner-Maennlichkeitszeichen-Trenner-300x59.png 300w, https:\/\/www.haarfreiheit.net\/wp-content\/uploads\/2021\/11\/Banner-Maennlichkeitszeichen-Trenner.png 1140w\" sizes=\"auto, (max-width: 1024px) 100vw, 1024px\" \/><\/figure><\/div>\n\n\n\n<div style=\"height:26px\" aria-hidden=\"true\" class=\"wp-block-spacer\"><\/div>\n\n\n\n<h2 class=\"has-text-align-center has-text-color wp-block-heading\" id=\"vucut-bolgeleri-bay\" style=\"color:#534b46\">V\u00fccut b\u00f6lgeleri Bay<\/h2>\n\n\n\n<div style=\"height:66px\" aria-hidden=\"true\" class=\"wp-block-spacer\"><\/div>\n\n\n\n<div class=\"wp-block-buttons is-horizontal is-content-justification-center is-layout-flex wp-container-core-buttons-is-layout-499968f5 wp-block-buttons-is-layout-flex\">\n<div class=\"wp-block-button\"><a class=\"wp-block-button__link has-white-color has-text-color has-background\" href=\"\/tr\/randevu-al\/\" style=\"background-color:#99827a\">\u00dccretsiz bir dan\u0131\u015fma d\u00fczenleyin<\/a><\/div>\n<\/div>\n<\/div>\n<\/div>\n\n\n\n<div style=\"height:62px\" aria-hidden=\"true\" class=\"wp-block-spacer\"><\/div>\n<\/div><\/div>\n\n\n\n<div style=\"height:82px\" aria-hidden=\"true\" class=\"wp-block-spacer is-style-s50\"><\/div>\n\n\n\n<div class=\"wp-block-columns is-layout-flex wp-container-core-columns-is-layout-9d6595d7 wp-block-columns-is-layout-flex\">\n<div class=\"wp-block-column is-layout-flow wp-block-column-is-layout-flow\">\n<div style=\"height:34px\" aria-hidden=\"true\" class=\"wp-block-spacer\"><\/div>\n\n\n\n<h3 class=\"wp-block-heading\" id=\"karakterinizin-altini-cikarmak\"><strong>KARAKTER\u0130N\u0130Z\u0130N ALTINI \u00c7IKARMAK<\/strong><\/h3>\n\n\n\n<div style=\"height:26px\" aria-hidden=\"true\" class=\"wp-block-spacer\"><\/div>\n\n\n\n<p>Sakal g\u00fcn\u00fcm\u00fcz erkek g\u00f6r\u00fcn\u00fcm\u00fcn\u00fcn bir par\u00e7as\u0131 olsa da ensede k\u0131llanma olduk\u00e7a istenmeyen bir durumdur. Boyun b\u00f6lgesi erke\u011fin kendisi taraf\u0131ndan g\u00f6r\u00fclmesi zor veya sadece zor oldu\u011fu i\u00e7in m\u00fckemmel epilasyon neredeyse imkans\u0131z olabilir.<\/p>\n\n\n\n<p>Modern epilasyon y\u00f6ntemlerimiz g\u00fcnl\u00fck rutininizi kolayla\u015ft\u0131r\u0131r ve sizi boyun ve bo\u011faz b\u00f6lgesindeki istenmeyen t\u00fcylerden tamamen a\u011fr\u0131s\u0131z bir \u015fekilde kurtar\u0131r. S\u0131k\u0131c\u0131 t\u0131ra\u015f\u0131 unutun ve XENOgel i\u015flemimize g\u00fcvenin.<\/p>\n\n\n\n<div style=\"height:66px\" aria-hidden=\"true\" class=\"wp-block-spacer\"><\/div>\n<\/div>\n\n\n\n<div class=\"wp-block-column is-vertically-aligned-center is-layout-flow wp-block-column-is-layout-flow\">\n<figure class=\"wp-block-image size-full is-resized\"><img loading=\"lazy\" decoding=\"async\" src=\"https:\/\/www.haarfreiheit.net\/wp-content\/uploads\/2021\/11\/Mann-Hals-Anzug-Fashion.png\" alt=\"Tak\u0131m elbiseli t\u00fcys\u00fcz boyunlu \u00e7ekici adam\" class=\"wp-image-6089\" width=\"600\" height=\"506\" srcset=\"https:\/\/www.haarfreiheit.net\/wp-content\/uploads\/2021\/11\/Mann-Hals-Anzug-Fashion.png 600w, https:\/\/www.haarfreiheit.net\/wp-content\/uploads\/2021\/11\/Mann-Hals-Anzug-Fashion-300x253.png 300w\" sizes=\"auto, (max-width: 600px) 100vw, 600px\" \/><\/figure>\n<\/div>\n<\/div>\n\n\n\n<div class=\"wp-block-columns is-layout-flex wp-container-core-columns-is-layout-9d6595d7 wp-block-columns-is-layout-flex\">\n<div class=\"wp-block-column is-layout-flow wp-block-column-is-layout-flow\">\n<div class=\"wp-block-image\"><figure class=\"aligncenter size-large\"><img loading=\"lazy\" decoding=\"async\" width=\"1024\" height=\"201\" src=\"https:\/\/www.haarfreiheit.net\/wp-content\/uploads\/2021\/11\/Banner-Maennlichkeitszeichen-Trenner-1024x201.png\" alt=\"Sat\u0131r Grafik Adam B\u00f6lme\" class=\"wp-image-7197\" srcset=\"https:\/\/www.haarfreiheit.net\/wp-content\/uploads\/2021\/11\/Banner-Maennlichkeitszeichen-Trenner-1024x201.png 1024w, https:\/\/www.haarfreiheit.net\/wp-content\/uploads\/2021\/11\/Banner-Maennlichkeitszeichen-Trenner-300x59.png 300w, https:\/\/www.haarfreiheit.net\/wp-content\/uploads\/2021\/11\/Banner-Maennlichkeitszeichen-Trenner.png 1140w\" sizes=\"auto, (max-width: 1024px) 100vw, 1024px\" \/><\/figure><\/div>\n<\/div>\n<\/div>\n\n\n\n<div style=\"height:45px\" aria-hidden=\"true\" class=\"wp-block-spacer is-style-s50\"><\/div>\n\n\n\n<div class=\"wp-block-columns is-layout-flex wp-container-core-columns-is-layout-9d6595d7 wp-block-columns-is-layout-flex\">\n<div class=\"wp-block-column is-layout-flow wp-block-column-is-layout-flow\">\n<h3 class=\"has-text-align-center has-text-color wp-block-heading\" id=\"her-durumda-iyi-gorunmek\" style=\"color:#817d6a;font-size:30px\"><strong>HER DURUMDA \u0130Y\u0130 G\u00d6R\u00dcNMEK<\/strong><\/h3>\n\n\n\n<div style=\"height:34px\" aria-hidden=\"true\" class=\"wp-block-spacer\"><\/div>\n\n\n\n<p>Can s\u0131k\u0131c\u0131 t\u00fcylerin endi\u015fesini unutun, \u00e7\u00fcnk\u00fc modern fotoepilasyon s\u00fcre\u00e7lerimiz istenmeyen v\u00fccut t\u00fcylerini cilt dostu ve etkili bir \u015fekilde yok eder. Her g\u00fcn iyi g\u00f6r\u00fcnmek, sizin i\u00e7in ger\u00e7ekle\u015ftirebilece\u011fimiz bir dilektir. \u0130ster \u00f6nemli bir randevuda, ister s\u0131radan bir g\u00fcnde, kal\u0131c\u0131 epilasyon ile * sadece birka\u00e7 seansta m\u00fckemmel t\u00fcy \u00f6zg\u00fcrl\u00fc\u011f\u00fc hedefine ula\u015fabilirsiniz.<\/p>\n\n\n\n<div style=\"height:66px\" aria-hidden=\"true\" class=\"wp-block-spacer\"><\/div>\n<\/div>\n\n\n\n<div class=\"wp-block-column is-layout-flow wp-block-column-is-layout-flow\">\n<h3 class=\"has-text-align-center has-text-color wp-block-heading\" id=\"bakimli-ve-modern\" style=\"color:#817d6a;font-size:30px\"><strong>BAKIMLI VE MODERN<\/strong><\/h3>\n\n\n\n<div style=\"height:34px\" aria-hidden=\"true\" class=\"wp-block-spacer\"><\/div>\n\n\n\n<p>Bu g\u00fcn ve ya\u015fta, erkekler i\u00e7in kal\u0131c\u0131 epilasyon ola\u011fand\u0131\u015f\u0131 bir \u015fey de\u011fil. \u00c7\u00fcnk\u00fc bir erke\u011fin hemen hemen her sabah rutininin bir par\u00e7as\u0131 olan sakal ve boyun b\u00f6lgesinin g\u00fcnl\u00fck t\u0131ra\u015f edilmesi ciltte \u00e7abuk tahri\u015fe ve ka\u015f\u0131nt\u0131ya neden olabilir. Fotoepilasyon i\u015flemi sayesinde bu t\u00fcr yan etkilerden ka\u00e7\u0131n\u0131labilir. Modern teknolojiye g\u00fcvenin ve bak\u0131ml\u0131 cildin keyfini \u00e7\u0131kar\u0131n.<\/p>\n\n\n\n<div style=\"height:66px\" aria-hidden=\"true\" class=\"wp-block-spacer\"><\/div>\n<\/div>\n<\/div>\n\n\n\n<div style=\"height:74px\" aria-hidden=\"true\" class=\"wp-block-spacer is-style-s50\"><\/div>\n\n\n\n<div class=\"wp-block-cover\"><span aria-hidden=\"true\" class=\"has-black-background-color has-background-dim-40 wp-block-cover__gradient-background has-background-dim\"><\/span><img loading=\"lazy\" decoding=\"async\" width=\"1980\" height=\"1417\" class=\"wp-block-cover__image-background wp-image-6004\" alt=\"Efektli g\u00f6r\u00fcnt\u00fc arka plan\u0131\" src=\"https:\/\/www.haarfreiheit.net\/wp-content\/uploads\/2021\/11\/Petrol-BG.jpg\" style=\"object-position:0% 100%\" data-object-fit=\"cover\" data-object-position=\"0% 100%\" srcset=\"https:\/\/www.haarfreiheit.net\/wp-content\/uploads\/2021\/11\/Petrol-BG.jpg 1980w, https:\/\/www.haarfreiheit.net\/wp-content\/uploads\/2021\/11\/Petrol-BG-300x215.jpg 300w, https:\/\/www.haarfreiheit.net\/wp-content\/uploads\/2021\/11\/Petrol-BG-1024x733.jpg 1024w, https:\/\/www.haarfreiheit.net\/wp-content\/uploads\/2021\/11\/Petrol-BG-1536x1099.jpg 1536w\" sizes=\"auto, (max-width: 1980px) 100vw, 1980px\" \/><div class=\"wp-block-cover__inner-container is-layout-flow wp-block-cover-is-layout-flow\">\n<div style=\"height:25px\" aria-hidden=\"true\" class=\"wp-block-spacer is-style-s50\"><\/div>\n\n\n\n<div class=\"wp-block-columns is-layout-flex wp-container-core-columns-is-layout-9d6595d7 wp-block-columns-is-layout-flex\">\n<div class=\"wp-block-column is-vertically-aligned-center is-layout-flow wp-block-column-is-layout-flow\">\n<div class=\"wp-block-image\"><figure class=\"aligncenter size-full\"><img loading=\"lazy\" decoding=\"async\" width=\"580\" height=\"368\" src=\"https:\/\/www.haarfreiheit.net\/wp-content\/uploads\/2021\/11\/Foto-Hals-und-Nacken.png\" alt=\"\u00c7ay\u0131rda foto\u011fraf adam boynu\" class=\"wp-image-6087\" srcset=\"https:\/\/www.haarfreiheit.net\/wp-content\/uploads\/2021\/11\/Foto-Hals-und-Nacken.png 580w, https:\/\/www.haarfreiheit.net\/wp-content\/uploads\/2021\/11\/Foto-Hals-und-Nacken-300x190.png 300w\" sizes=\"auto, (max-width: 580px) 100vw, 580px\" \/><\/figure><\/div>\n<\/div>\n\n\n\n<div class=\"wp-block-column is-layout-flow wp-block-column-is-layout-flow\">\n<div style=\"height:12px\" aria-hidden=\"true\" class=\"wp-block-spacer\"><\/div>\n\n\n\n<h3 class=\"wp-block-heading\" id=\"profesyonellik-yoluyla-rahatlama\" style=\"font-size:30px\"><strong>PROFESYONELL\u0130K YOLUYLA RAHATLAMA<\/strong><\/h3>\n\n\n\n<div style=\"height:26px\" aria-hidden=\"true\" class=\"wp-block-spacer\"><\/div>\n\n\n\n<p>Tedaviniz s\u0131ras\u0131nda kendinizi g\u00fcvende ve rahat hissetmenizi istiyoruz. Bunu yapmak i\u00e7in, yaln\u0131zca enstit\u00fclerimizdeki sorular\u0131n\u0131z ve bireysel teknolojiniz hakk\u0131nda size tavsiyelerde bulunacak profesyonel personele g\u00fcveniyoruz. Sizi kalitemize ikna edelim.<\/p>\n\n\n\n<div style=\"height:53px\" aria-hidden=\"true\" class=\"wp-block-spacer\"><\/div>\n<\/div>\n<\/div>\n\n\n\n<div style=\"height:61px\" aria-hidden=\"true\" class=\"wp-block-spacer is-style-s50\"><\/div>\n<\/div><\/div>\n\n\n\n<div style=\"height:100px\" aria-hidden=\"true\" class=\"wp-block-spacer is-style-s50\"><\/div>\n\n\n\n<div class=\"wp-block-columns is-layout-flex wp-container-core-columns-is-layout-9d6595d7 wp-block-columns-is-layout-flex\">\n<div class=\"wp-block-column is-layout-flow wp-block-column-is-layout-flow\">\n<h3 class=\"has-text-align-center has-text-color wp-block-heading\" id=\"son-teknoloji\" style=\"color:#817d6a;font-size:30px\"><strong><strong>SON TEKNOLOJ\u0130<\/strong><\/strong><\/h3>\n\n\n\n<div style=\"height:34px\" aria-hidden=\"true\" class=\"wp-block-spacer\"><\/div>\n\n\n\n<p>Wir setzen in unseren Instituten nicht nur auf Professionalit\u00e4t der Enstit\u00fclerimizde sadece \u00e7al\u0131\u015fanlar\u0131m\u0131z\u0131n profesyonelli\u011fine de\u011fil, ayn\u0131 zamanda teknolojilerimizin y\u00fcksek kalitesine de g\u00fcveniyoruz. \u00c7\u00fcnk\u00fc ancak en iyi teknoloji ile a\u011fr\u0131s\u0131z ve etkili tedavi sa\u011flayabiliriz. Bu nedenle, XENOgel y\u00f6ntemimiz, g\u00f6mlek yakan\u0131z\u0131n alt\u0131nda bir daha asla tahri\u015fe katlanmak zorunda kalmaman\u0131z i\u00e7in geli\u015ftirilmi\u015ftir. Yenilik\u00e7i teknoloji ile kendinizi bir hayata ikna edin<\/p>\n\n\n\n<div style=\"height:30px\" aria-hidden=\"true\" class=\"wp-block-spacer\"><\/div>\n\n\n\n<div class=\"wp-block-image\"><figure class=\"aligncenter size-full\"><img loading=\"lazy\" decoding=\"async\" width=\"999\" height=\"260\" src=\"https:\/\/www.haarfreiheit.net\/wp-content\/uploads\/2021\/11\/XENOgel_Logo.png\" alt=\"Logo XENOgel Technology mur\" class=\"wp-image-7173\" srcset=\"https:\/\/www.haarfreiheit.net\/wp-content\/uploads\/2021\/11\/XENOgel_Logo.png 999w, https:\/\/www.haarfreiheit.net\/wp-content\/uploads\/2021\/11\/XENOgel_Logo-300x78.png 300w\" sizes=\"auto, (max-width: 999px) 100vw, 999px\" \/><\/figure><\/div>\n\n\n\n<div style=\"height:30px\" aria-hidden=\"true\" class=\"wp-block-spacer\"><\/div>\n<\/div>\n\n\n\n<div class=\"wp-block-column is-layout-flow wp-block-column-is-layout-flow\">\n<h3 class=\"has-text-align-center has-text-color wp-block-heading\" id=\"memnuniyetiniz-icin-verimlilik\" style=\"color:#817d6a;font-size:30px\"><strong><strong>MEMNUN\u0130YET\u0130N\u0130Z \u0130\u00c7\u0130N VER\u0130ML\u0130L\u0130K<\/strong><\/strong><\/h3>\n\n\n\n<div style=\"height:34px\" aria-hidden=\"true\" class=\"wp-block-spacer\"><\/div>\n\n\n\n<p>Hayat\u0131n\u0131z\u0131 kolayla\u015ft\u0131rmak ve sizi zaman alan epilasyon y\u00f6ntemlerinden kurtarmak istiyoruz. Bu nedenle etkili fotoepilasyon prosed\u00fcrlerimiz a\u011fr\u0131s\u0131z ve h\u0131zl\u0131 tedavi sunar. Genel olarak, bir seans yar\u0131m saatten fazla s\u00fcrmez, b\u00f6ylece epilasyondan daha \u00f6nemli \u015feylere daha fazla zaman ay\u0131rabilirsiniz.<\/p>\n\n\n\n<div style=\"height:66px\" aria-hidden=\"true\" class=\"wp-block-spacer\"><\/div>\n<\/div>\n<\/div>\n\n\n\n<div style=\"height:45px\" aria-hidden=\"true\" class=\"wp-block-spacer is-style-s50\"><\/div>\n\n\n\n<div class=\"wp-block-cover\" style=\"min-height:100px;aspect-ratio:unset;\"><span aria-hidden=\"true\" class=\"has-background-dim-0 wp-block-cover__gradient-background has-background-dim\"><\/span><img loading=\"lazy\" decoding=\"async\" width=\"1980\" height=\"1185\" class=\"wp-block-cover__image-background wp-image-6073\" alt=\"Efektli g\u00f6r\u00fcnt\u00fc arka plan\u0131\" src=\"https:\/\/www.haarfreiheit.net\/wp-content\/uploads\/2021\/11\/BusinessMann-Banner.jpg\" data-object-fit=\"cover\" srcset=\"https:\/\/www.haarfreiheit.net\/wp-content\/uploads\/2021\/11\/BusinessMann-Banner.jpg 1980w, https:\/\/www.haarfreiheit.net\/wp-content\/uploads\/2021\/11\/BusinessMann-Banner-300x180.jpg 300w, https:\/\/www.haarfreiheit.net\/wp-content\/uploads\/2021\/11\/BusinessMann-Banner-1024x613.jpg 1024w, https:\/\/www.haarfreiheit.net\/wp-content\/uploads\/2021\/11\/BusinessMann-Banner-1536x919.jpg 1536w\" sizes=\"auto, (max-width: 1980px) 100vw, 1980px\" \/><div class=\"wp-block-cover__inner-container is-layout-flow wp-block-cover-is-layout-flow\">\n<div style=\"height:60px\" aria-hidden=\"true\" class=\"wp-block-spacer\"><\/div>\n\n\n\n<div class=\"wp-block-columns is-layout-flex wp-container-core-columns-is-layout-9d6595d7 wp-block-columns-is-layout-flex\">\n<div class=\"wp-block-column is-layout-flow wp-block-column-is-layout-flow\">\n<div class=\"wp-block-buttons is-horizontal is-content-justification-center is-layout-flex wp-container-core-buttons-is-layout-499968f5 wp-block-buttons-is-layout-flex\">\n<div class=\"wp-block-button\"><a class=\"wp-block-button__link has-background\" href=\"\/tr\/kalici-epilasyon-erkek\/\" style=\"background-color:#a9a9a9\">Genel bak\u0131\u015fa d\u00f6n<\/a><\/div>\n<\/div>\n<\/div>\n\n\n\n<div class=\"wp-block-column is-layout-flow wp-block-column-is-layout-flow\">\n<div class=\"wp-block-buttons is-horizontal is-content-justification-center is-layout-flex wp-container-core-buttons-is-layout-499968f5 wp-block-buttons-is-layout-flex\">\n<div class=\"wp-block-button\"><a class=\"wp-block-button__link has-black-color has-white-background-color has-text-color has-background\" href=\"\/tr\/randevu-al\/\">\u00dccretsiz bir dan\u0131\u015fma d\u00fczenleyin<\/a><\/div>\n<\/div>\n<\/div>\n<\/div>\n\n\n\n<div style=\"height:53px\" aria-hidden=\"true\" class=\"wp-block-spacer\"><\/div>\n<\/div><\/div>\n","protected":false},"excerpt":{"rendered":"<p>KARAKTER\u0130N\u0130Z\u0130N ALTINI \u00c7IKARMAK Sakal g\u00fcn\u00fcm\u00fcz erkek g\u00f6r\u00fcn\u00fcm\u00fcn\u00fcn bir par\u00e7as\u0131 olsa da ensede k\u0131llanma olduk\u00e7a istenmeyen bir durumdur. Boyun b\u00f6lgesi erke\u011fin kendisi taraf\u0131ndan g\u00f6r\u00fclmesi zor veya sadece zor oldu\u011fu i\u00e7in m\u00fckemmel epilasyon neredeyse imkans\u0131z olabilir. Modern epilasyon y\u00f6ntemlerimiz g\u00fcnl\u00fck rutininizi kolayla\u015ft\u0131r\u0131r ve sizi boyun ve bo\u011faz b\u00f6lgesindeki istenmeyen t\u00fcylerden tamamen a\u011fr\u0131s\u0131z bir \u015fekilde kurtar\u0131r. S\u0131k\u0131c\u0131 t\u0131ra\u015f\u0131 <a href=\"https:\/\/www.haarfreiheit.net\/tr\/kalici-epilasyon-erkek-boyun-ve-bogaz\/\" class=\"more-link\">&#8230;<\/a><\/p>\n","protected":false},"author":1,"featured_media":0,"parent":0,"menu_order":0,"comment_status":"closed","ping_status":"closed","template":"","meta":{"footnotes":""},"class_list":["post-6079","page","type-page","status-publish","hentry"],"yoast_head":"<!-- This site is optimized with the Yoast SEO plugin v27.1.1 - https:\/\/yoast.com\/product\/yoast-seo-wordpress\/ -->\n<title>Erkeklerde kal\u0131c\u0131 epilasyon - Boyun ve Bo\u011faz<\/title>\n<meta name=\"description\" content=\"Bo\u011faz ve boyun b\u00f6lgesine ula\u015fmak zordur. Kal\u0131c\u0131 epilasyon* burada yard\u0131mc\u0131 olabilir ve zamandan ve emekten tasarruf etmenizi sa\u011flar.\" \/>\n<meta name=\"robots\" content=\"index, follow, max-snippet:-1, max-image-preview:large, max-video-preview:-1\" \/>\n<link rel=\"canonical\" href=\"https:\/\/www.haarfreiheit.net\/tr\/kalici-epilasyon-erkek-boyun-ve-bogaz\/\" \/>\n<meta property=\"og:locale\" content=\"tr_TR\" \/>\n<meta property=\"og:type\" content=\"article\" \/>\n<meta property=\"og:title\" content=\"Erkeklerde kal\u0131c\u0131 epilasyon - Boyun ve Bo\u011faz\" \/>\n<meta property=\"og:description\" content=\"Bo\u011faz ve boyun b\u00f6lgesine ula\u015fmak zordur. Kal\u0131c\u0131 epilasyon* burada yard\u0131mc\u0131 olabilir ve zamandan ve emekten tasarruf etmenizi sa\u011flar.\" \/>\n<meta property=\"og:url\" content=\"https:\/\/www.haarfreiheit.net\/tr\/kalici-epilasyon-erkek-boyun-ve-bogaz\/\" \/>\n<meta property=\"og:site_name\" content=\"Haarfreiheit\" \/>\n<meta property=\"article:modified_time\" content=\"2022-02-17T08:19:16+00:00\" \/>\n<meta property=\"og:image\" content=\"https:\/\/www.haarfreiheit.net\/wp-content\/uploads\/2021\/11\/Banner-Mann-Variation.jpg\" \/>\n<meta name=\"twitter:card\" content=\"summary_large_image\" \/>\n<meta name=\"twitter:label1\" content=\"Tahmini okuma s\u00fcresi\" \/>\n\t<meta name=\"twitter:data1\" content=\"4 dakika\" \/>\n<script type=\"application\/ld+json\" class=\"yoast-schema-graph\">{\"@context\":\"https:\/\/schema.org\",\"@graph\":[{\"@type\":\"WebPage\",\"@id\":\"https:\/\/www.haarfreiheit.net\/tr\/kalici-epilasyon-erkek-boyun-ve-bogaz\/\",\"url\":\"https:\/\/www.haarfreiheit.net\/tr\/kalici-epilasyon-erkek-boyun-ve-bogaz\/\",\"name\":\"Erkeklerde kal\u0131c\u0131 epilasyon - Boyun ve Bo\u011faz\",\"isPartOf\":{\"@id\":\"https:\/\/www.haarfreiheit.net\/tr\/#website\"},\"primaryImageOfPage\":{\"@id\":\"https:\/\/www.haarfreiheit.net\/tr\/kalici-epilasyon-erkek-boyun-ve-bogaz\/#primaryimage\"},\"image\":{\"@id\":\"https:\/\/www.haarfreiheit.net\/tr\/kalici-epilasyon-erkek-boyun-ve-bogaz\/#primaryimage\"},\"thumbnailUrl\":\"https:\/\/www.haarfreiheit.net\/wp-content\/uploads\/2021\/11\/Banner-Mann-Variation.jpg\",\"datePublished\":\"2021-08-05T10:25:20+00:00\",\"dateModified\":\"2022-02-17T08:19:16+00:00\",\"description\":\"Bo\u011faz ve boyun b\u00f6lgesine ula\u015fmak zordur. Kal\u0131c\u0131 epilasyon* burada yard\u0131mc\u0131 olabilir ve zamandan ve emekten tasarruf etmenizi sa\u011flar.\",\"breadcrumb\":{\"@id\":\"https:\/\/www.haarfreiheit.net\/tr\/kalici-epilasyon-erkek-boyun-ve-bogaz\/#breadcrumb\"},\"inLanguage\":\"tr\",\"potentialAction\":[{\"@type\":\"ReadAction\",\"target\":[\"https:\/\/www.haarfreiheit.net\/tr\/kalici-epilasyon-erkek-boyun-ve-bogaz\/\"]}]},{\"@type\":\"ImageObject\",\"inLanguage\":\"tr\",\"@id\":\"https:\/\/www.haarfreiheit.net\/tr\/kalici-epilasyon-erkek-boyun-ve-bogaz\/#primaryimage\",\"url\":\"https:\/\/www.haarfreiheit.net\/wp-content\/uploads\/2021\/11\/Banner-Mann-Variation.jpg\",\"contentUrl\":\"https:\/\/www.haarfreiheit.net\/wp-content\/uploads\/2021\/11\/Banner-Mann-Variation.jpg\"},{\"@type\":\"BreadcrumbList\",\"@id\":\"https:\/\/www.haarfreiheit.net\/tr\/kalici-epilasyon-erkek-boyun-ve-bogaz\/#breadcrumb\",\"itemListElement\":[{\"@type\":\"ListItem\",\"position\":1,\"name\":\"Startseite\",\"item\":\"https:\/\/www.haarfreiheit.net\/tr\/\"},{\"@type\":\"ListItem\",\"position\":2,\"name\":\"kalici epilasyon bay | boyun\"}]},{\"@type\":\"WebSite\",\"@id\":\"https:\/\/www.haarfreiheit.net\/tr\/#website\",\"url\":\"https:\/\/www.haarfreiheit.net\/tr\/\",\"name\":\"Haarfreiheit\",\"description\":\"Dauerhafte Haarentfernung beim Experten\",\"potentialAction\":[{\"@type\":\"SearchAction\",\"target\":{\"@type\":\"EntryPoint\",\"urlTemplate\":\"https:\/\/www.haarfreiheit.net\/tr\/?s={search_term_string}\"},\"query-input\":{\"@type\":\"PropertyValueSpecification\",\"valueRequired\":true,\"valueName\":\"search_term_string\"}}],\"inLanguage\":\"tr\"}]}<\/script>\n<!-- \/ Yoast SEO plugin. -->","yoast_head_json":{"title":"Erkeklerde kal\u0131c\u0131 epilasyon - Boyun ve Bo\u011faz","description":"Bo\u011faz ve boyun b\u00f6lgesine ula\u015fmak zordur. Kal\u0131c\u0131 epilasyon* burada yard\u0131mc\u0131 olabilir ve zamandan ve emekten tasarruf etmenizi sa\u011flar.","robots":{"index":"index","follow":"follow","max-snippet":"max-snippet:-1","max-image-preview":"max-image-preview:large","max-video-preview":"max-video-preview:-1"},"canonical":"https:\/\/www.haarfreiheit.net\/tr\/kalici-epilasyon-erkek-boyun-ve-bogaz\/","og_locale":"tr_TR","og_type":"article","og_title":"Erkeklerde kal\u0131c\u0131 epilasyon - Boyun ve Bo\u011faz","og_description":"Bo\u011faz ve boyun b\u00f6lgesine ula\u015fmak zordur. Kal\u0131c\u0131 epilasyon* burada yard\u0131mc\u0131 olabilir ve zamandan ve emekten tasarruf etmenizi sa\u011flar.","og_url":"https:\/\/www.haarfreiheit.net\/tr\/kalici-epilasyon-erkek-boyun-ve-bogaz\/","og_site_name":"Haarfreiheit","article_modified_time":"2022-02-17T08:19:16+00:00","og_image":[{"url":"https:\/\/www.haarfreiheit.net\/wp-content\/uploads\/2021\/11\/Banner-Mann-Variation.jpg","type":"","width":"","height":""}],"twitter_card":"summary_large_image","twitter_misc":{"Tahmini okuma s\u00fcresi":"4 dakika"},"schema":{"@context":"https:\/\/schema.org","@graph":[{"@type":"WebPage","@id":"https:\/\/www.haarfreiheit.net\/tr\/kalici-epilasyon-erkek-boyun-ve-bogaz\/","url":"https:\/\/www.haarfreiheit.net\/tr\/kalici-epilasyon-erkek-boyun-ve-bogaz\/","name":"Erkeklerde kal\u0131c\u0131 epilasyon - Boyun ve Bo\u011faz","isPartOf":{"@id":"https:\/\/www.haarfreiheit.net\/tr\/#website"},"primaryImageOfPage":{"@id":"https:\/\/www.haarfreiheit.net\/tr\/kalici-epilasyon-erkek-boyun-ve-bogaz\/#primaryimage"},"image":{"@id":"https:\/\/www.haarfreiheit.net\/tr\/kalici-epilasyon-erkek-boyun-ve-bogaz\/#primaryimage"},"thumbnailUrl":"https:\/\/www.haarfreiheit.net\/wp-content\/uploads\/2021\/11\/Banner-Mann-Variation.jpg","datePublished":"2021-08-05T10:25:20+00:00","dateModified":"2022-02-17T08:19:16+00:00","description":"Bo\u011faz ve boyun b\u00f6lgesine ula\u015fmak zordur. Kal\u0131c\u0131 epilasyon* burada yard\u0131mc\u0131 olabilir ve zamandan ve emekten tasarruf etmenizi sa\u011flar.","breadcrumb":{"@id":"https:\/\/www.haarfreiheit.net\/tr\/kalici-epilasyon-erkek-boyun-ve-bogaz\/#breadcrumb"},"inLanguage":"tr","potentialAction":[{"@type":"ReadAction","target":["https:\/\/www.haarfreiheit.net\/tr\/kalici-epilasyon-erkek-boyun-ve-bogaz\/"]}]},{"@type":"ImageObject","inLanguage":"tr","@id":"https:\/\/www.haarfreiheit.net\/tr\/kalici-epilasyon-erkek-boyun-ve-bogaz\/#primaryimage","url":"https:\/\/www.haarfreiheit.net\/wp-content\/uploads\/2021\/11\/Banner-Mann-Variation.jpg","contentUrl":"https:\/\/www.haarfreiheit.net\/wp-content\/uploads\/2021\/11\/Banner-Mann-Variation.jpg"},{"@type":"BreadcrumbList","@id":"https:\/\/www.haarfreiheit.net\/tr\/kalici-epilasyon-erkek-boyun-ve-bogaz\/#breadcrumb","itemListElement":[{"@type":"ListItem","position":1,"name":"Startseite","item":"https:\/\/www.haarfreiheit.net\/tr\/"},{"@type":"ListItem","position":2,"name":"kalici epilasyon bay | boyun"}]},{"@type":"WebSite","@id":"https:\/\/www.haarfreiheit.net\/tr\/#website","url":"https:\/\/www.haarfreiheit.net\/tr\/","name":"Haarfreiheit","description":"Dauerhafte Haarentfernung beim Experten","potentialAction":[{"@type":"SearchAction","target":{"@type":"EntryPoint","urlTemplate":"https:\/\/www.haarfreiheit.net\/tr\/?s={search_term_string}"},"query-input":{"@type":"PropertyValueSpecification","valueRequired":true,"valueName":"search_term_string"}}],"inLanguage":"tr"}]}},"_links":{"self":[{"href":"https:\/\/www.haarfreiheit.net\/tr\/wp-json\/wp\/v2\/pages\/6079","targetHints":{"allow":["GET"]}}],"collection":[{"href":"https:\/\/www.haarfreiheit.net\/tr\/wp-json\/wp\/v2\/pages"}],"about":[{"href":"https:\/\/www.haarfreiheit.net\/tr\/wp-json\/wp\/v2\/types\/page"}],"author":[{"embeddable":true,"href":"https:\/\/www.haarfreiheit.net\/tr\/wp-json\/wp\/v2\/users\/1"}],"replies":[{"embeddable":true,"href":"https:\/\/www.haarfreiheit.net\/tr\/wp-json\/wp\/v2\/comments?post=6079"}],"version-history":[{"count":10,"href":"https:\/\/www.haarfreiheit.net\/tr\/wp-json\/wp\/v2\/pages\/6079\/revisions"}],"predecessor-version":[{"id":10365,"href":"https:\/\/www.haarfreiheit.net\/tr\/wp-json\/wp\/v2\/pages\/6079\/revisions\/10365"}],"wp:attachment":[{"href":"https:\/\/www.haarfreiheit.net\/tr\/wp-json\/wp\/v2\/media?parent=6079"}],"curies":[{"name":"wp","href":"https:\/\/api.w.org\/{rel}","templated":true}]}}