{"id":6106,"date":"2021-11-03T09:01:35","date_gmt":"2021-11-03T08:01:35","guid":{"rendered":"https:\/\/www.haarfreiheit.net\/haarentfernung-allgemein\/"},"modified":"2023-09-27T11:30:02","modified_gmt":"2023-09-27T09:30:02","slug":"kalici-epilasyon-genel-bilgi","status":"publish","type":"page","link":"https:\/\/www.haarfreiheit.net\/tr\/kalici-epilasyon-genel-bilgi\/","title":{"rendered":"Genel olarak epilasyon"},"content":{"rendered":"\n<div class=\"wp-block-cover is-light\"><span aria-hidden=\"true\" class=\"wp-block-cover__background has-background-dim-0 has-background-dim\"><\/span><img loading=\"lazy\" decoding=\"async\" width=\"1980\" height=\"858\" class=\"wp-block-cover__image-background wp-image-6114\" alt=\"Arka plan g\u00f6r\u00fcnt\u00fcs\u00fc efekti\" src=\"https:\/\/www.haarfreiheit.net\/wp-content\/uploads\/2021\/11\/Bannerbild-blur-Rasur.jpg\" style=\"object-position:63% 48%\" data-object-fit=\"cover\" data-object-position=\"63% 48%\" srcset=\"https:\/\/www.haarfreiheit.net\/wp-content\/uploads\/2021\/11\/Bannerbild-blur-Rasur.jpg 1980w, https:\/\/www.haarfreiheit.net\/wp-content\/uploads\/2021\/11\/Bannerbild-blur-Rasur-300x130.jpg 300w, https:\/\/www.haarfreiheit.net\/wp-content\/uploads\/2021\/11\/Bannerbild-blur-Rasur-1024x444.jpg 1024w, https:\/\/www.haarfreiheit.net\/wp-content\/uploads\/2021\/11\/Bannerbild-blur-Rasur-1536x666.jpg 1536w\" sizes=\"auto, (max-width: 1980px) 100vw, 1980px\" \/><div class=\"wp-block-cover__inner-container is-layout-flow wp-block-cover-is-layout-flow\">\n<div class=\"wp-block-columns is-layout-flex wp-container-core-columns-is-layout-9d6595d7 wp-block-columns-is-layout-flex\">\n<div class=\"wp-block-column is-vertically-aligned-center is-layout-flow wp-block-column-is-layout-flow\" style=\"flex-basis:33.33%\">\n<figure class=\"wp-block-image size-full is-resized\"><img loading=\"lazy\" decoding=\"async\" src=\"https:\/\/www.haarfreiheit.net\/wp-content\/uploads\/2021\/11\/Haarfocus.png\" alt=\"Simge Odak Sa\u00e7\" class=\"wp-image-6113\" style=\"object-fit:contain;width:365px;height:329px\" width=\"365\" height=\"329\" srcset=\"https:\/\/www.haarfreiheit.net\/wp-content\/uploads\/2021\/11\/Haarfocus.png 400w, https:\/\/www.haarfreiheit.net\/wp-content\/uploads\/2021\/11\/Haarfocus-300x270.png 300w\" sizes=\"auto, (max-width: 365px) 100vw, 365px\" \/><\/figure>\n<\/div>\n\n\n\n<div class=\"wp-block-column is-layout-flow wp-block-column-is-layout-flow\" style=\"flex-basis:66%\">\n<div style=\"height:170px\" aria-hidden=\"true\" class=\"wp-block-spacer\"><\/div>\n\n\n\n<h1 class=\"wp-block-heading has-text-align-center has-white-color has-text-color has-x-large-font-size\">GENEL OLARAK EP\u0130LASYON<\/h1>\n\n\n\n<div style=\"height:37px\" aria-hidden=\"true\" class=\"wp-block-spacer\"><\/div>\n\n\n\n<h3 class=\"wp-block-heading has-text-align-center has-text-color has-large-font-size\" id=\"secenekler-nedir\" style=\"color:#f1ece0\">Se\u00e7enekler nedir?<\/h3>\n\n\n\n<div style=\"height:20px\" aria-hidden=\"true\" class=\"wp-block-spacer\"><\/div>\n\n\n\n<div style=\"height:30px\" aria-hidden=\"true\" class=\"wp-block-spacer\"><\/div>\n\n\n\n<div class=\"wp-block-buttons is-horizontal is-content-justification-center is-layout-flex wp-container-core-buttons-is-layout-499968f5 wp-block-buttons-is-layout-flex\">\n<div class=\"wp-block-button is-style-fill\"><a class=\"wp-block-button__link has-white-color has-text-color wp-element-button\" href=\"\/tr\/randevu-al\/\">\u00dccretsiz bir dan\u0131\u015fma d\u00fczenleyin<\/a><\/div>\n<\/div>\n\n\n\n<div style=\"height:86px\" aria-hidden=\"true\" class=\"wp-block-spacer\"><\/div>\n<\/div>\n<\/div>\n<\/div><\/div>\n\n\n\n<div class=\"wp-block-columns is-layout-flex wp-container-core-columns-is-layout-9d6595d7 wp-block-columns-is-layout-flex\">\n<div class=\"wp-block-column is-layout-flow wp-block-column-is-layout-flow\">\n<div style=\"height:100px\" aria-hidden=\"true\" class=\"wp-block-spacer is-style-s50\"><\/div>\n\n\n\n<div class=\"wp-block-columns is-layout-flex wp-container-core-columns-is-layout-9d6595d7 wp-block-columns-is-layout-flex\">\n<div class=\"wp-block-column is-layout-flow wp-block-column-is-layout-flow\">\n<h2 class=\"wp-block-heading has-text-align-center\">EP\u0130LASYON<\/h2>\n\n\n\n<p class=\"has-text-align-center has-black-color has-text-color\">\u0130peksi p\u00fcr\u00fczs\u00fcz bir cilt &#8211; \u00e7o\u011fu insan\u0131n hayali. Ancak sadece y\u00fcz buna kar\u015f\u0131l\u0131k gelmemeli, ayn\u0131 zamanda v\u00fccut k\u0131llar\u0131n\u0131n al\u0131nmas\u0131 da bir\u00e7oklar\u0131 i\u00e7in g\u00fcnl\u00fck hayatlar\u0131n\u0131n ayr\u0131lmaz bir par\u00e7as\u0131. Bunu ba\u015farmak i\u00e7in \u00e7ok \u00e7e\u015fitli y\u00f6ntemler vard\u0131r. Her y\u00f6ntem her cilt tipine uygun de\u011fildir. A\u015fa\u011f\u0131da, en iyi sonu\u00e7lar\u0131n elde edilebilece\u011fi teknoloji hakk\u0131nda bilgilendirici bir genel bak\u0131\u015f bulacaks\u0131n\u0131z.<\/p>\n<\/div>\n<\/div>\n\n\n\n<div style=\"height:100px\" aria-hidden=\"true\" class=\"wp-block-spacer is-style-s50\"><\/div>\n<\/div>\n<\/div>\n\n\n\n<div class=\"wp-block-cover is-light\"><span aria-hidden=\"true\" class=\"wp-block-cover__background has-background-dim-20 has-background-dim\"><\/span><img loading=\"lazy\" decoding=\"async\" width=\"1980\" height=\"858\" class=\"wp-block-cover__image-background wp-image-3236\" alt=\"Sahilde foto\u011fraf \u00e7ift\" src=\"https:\/\/www.haarfreiheit.net\/wp-content\/uploads\/2021\/11\/Bannerbild-Strand.jpg\" data-object-fit=\"cover\" srcset=\"https:\/\/www.haarfreiheit.net\/wp-content\/uploads\/2021\/11\/Bannerbild-Strand.jpg 1980w, https:\/\/www.haarfreiheit.net\/wp-content\/uploads\/2021\/11\/Bannerbild-Strand-300x130.jpg 300w, https:\/\/www.haarfreiheit.net\/wp-content\/uploads\/2021\/11\/Bannerbild-Strand-1024x444.jpg 1024w, https:\/\/www.haarfreiheit.net\/wp-content\/uploads\/2021\/11\/Bannerbild-Strand-1536x666.jpg 1536w\" sizes=\"auto, (max-width: 1980px) 100vw, 1980px\" \/><div class=\"wp-block-cover__inner-container is-layout-flow wp-block-cover-is-layout-flow\">\n<div style=\"height:38px\" aria-hidden=\"true\" class=\"wp-block-spacer is-style-s50\"><\/div>\n\n\n\n<div class=\"wp-block-columns is-layout-flex wp-container-core-columns-is-layout-9d6595d7 wp-block-columns-is-layout-flex\">\n<div class=\"wp-block-column is-layout-flow wp-block-column-is-layout-flow\"><\/div>\n\n\n\n<div class=\"wp-block-column is-layout-flow wp-block-column-is-layout-flow\">\n<div class=\"wp-block-cover alignfull is-light\"><span aria-hidden=\"true\" class=\"wp-block-cover__background has-background-dim-0 has-background-dim\"><\/span><img loading=\"lazy\" decoding=\"async\" width=\"400\" height=\"357\" class=\"wp-block-cover__image-background wp-image-2814\" alt=\"Petek Desen Arka Plan\" src=\"https:\/\/www.haarfreiheit.net\/wp-content\/uploads\/2021\/10\/Backdrop-Wabe-1.png\" style=\"object-position:51% 48%\" data-object-fit=\"cover\" data-object-position=\"51% 48%\" srcset=\"https:\/\/www.haarfreiheit.net\/wp-content\/uploads\/2021\/10\/Backdrop-Wabe-1.png 400w, https:\/\/www.haarfreiheit.net\/wp-content\/uploads\/2021\/10\/Backdrop-Wabe-1-300x268.png 300w\" sizes=\"auto, (max-width: 400px) 100vw, 400px\" \/><div class=\"wp-block-cover__inner-container is-layout-flow wp-block-cover-is-layout-flow\">\n<p class=\"has-text-align-center has-white-color has-text-color has-large-font-size\">Sahil bekliyor!<\/p>\n\n\n\n<p class=\"has-text-align-center\">T\u0131ra\u015f olmak?<br><strong>Art\u0131k gerekli de\u011fil.<\/strong><\/p>\n\n\n<div class=\"wp-block-image\">\n<figure class=\"aligncenter size-full is-resized\"><img loading=\"lazy\" decoding=\"async\" src=\"https:\/\/www.haarfreiheit.net\/wp-content\/uploads\/2021\/10\/Logo-HF-weiss.png\" alt=\"Haarfreiheit weiss Logo\" class=\"wp-image-6335\" style=\"width:238px;height:99px\" width=\"238\" height=\"99\" srcset=\"https:\/\/www.haarfreiheit.net\/wp-content\/uploads\/2021\/10\/Logo-HF-weiss.png 952w, https:\/\/www.haarfreiheit.net\/wp-content\/uploads\/2021\/10\/Logo-HF-weiss-300x125.png 300w\" sizes=\"auto, (max-width: 238px) 100vw, 238px\" \/><\/figure>\n<\/div><\/div><\/div>\n<\/div>\n<\/div>\n\n\n\n<div style=\"height:46px\" aria-hidden=\"true\" class=\"wp-block-spacer is-style-s50\"><\/div>\n<\/div><\/div>\n\n\n\n<div class=\"wp-block-cover is-light\"><span aria-hidden=\"true\" class=\"wp-block-cover__background has-background-dim-0 has-background-dim\"><\/span><img loading=\"lazy\" decoding=\"async\" width=\"1980\" height=\"1980\" class=\"wp-block-cover__image-background wp-image-6359\" alt=\"heller Hintergrund mit Waben\" src=\"https:\/\/www.haarfreiheit.net\/wp-content\/uploads\/2021\/10\/helles-Wabenmuster.jpg\" data-object-fit=\"cover\" srcset=\"https:\/\/www.haarfreiheit.net\/wp-content\/uploads\/2021\/10\/helles-Wabenmuster.jpg 1980w, https:\/\/www.haarfreiheit.net\/wp-content\/uploads\/2021\/10\/helles-Wabenmuster-300x300.jpg 300w, https:\/\/www.haarfreiheit.net\/wp-content\/uploads\/2021\/10\/helles-Wabenmuster-1024x1024.jpg 1024w, https:\/\/www.haarfreiheit.net\/wp-content\/uploads\/2021\/10\/helles-Wabenmuster-150x150.jpg 150w, https:\/\/www.haarfreiheit.net\/wp-content\/uploads\/2021\/10\/helles-Wabenmuster-1536x1536.jpg 1536w\" sizes=\"auto, (max-width: 1980px) 100vw, 1980px\" \/><div class=\"wp-block-cover__inner-container is-layout-flow wp-block-cover-is-layout-flow\">\n<div style=\"height:82px\" aria-hidden=\"true\" class=\"wp-block-spacer is-style-s50\"><\/div>\n\n\n\n<div class=\"wp-block-columns is-layout-flex wp-container-core-columns-is-layout-9d6595d7 wp-block-columns-is-layout-flex\">\n<div class=\"wp-block-column is-layout-flow wp-block-column-is-layout-flow\">\n<h3 class=\"wp-block-heading has-text-align-center has-large-font-size\">GE\u00c7\u0130C\u0130 KA\u00c7 ALMA &#8211; KISA S\u00dcREL\u0130 Y\u00d6NTEM<\/h3>\n\n\n\n<p class=\"has-text-align-center has-black-color has-text-color\">Epilasyon, tart\u0131\u015fmas\u0131z en yayg\u0131n ge\u00e7ici epilasyon t\u00fcr\u00fcd\u00fcr. Bu tip epilasyon ile t\u00fcyler sadece deri tabakas\u0131n\u0131n \u00fczerinde al\u0131n\u0131r, yani sa\u00e7 k\u00f6kleri de\u011fil. Bu da h\u0131zl\u0131 sa\u00e7 b\u00fcy\u00fcmesine yol a\u00e7ar.<\/p>\n\n\n\n<p class=\"has-text-align-center has-black-color has-text-color\">Sa\u00e7\u0131n\u0131z\u0131 ge\u00e7ici olarak \u00e7\u0131karman\u0131n birka\u00e7 yolu vard\u0131r. Etki s\u00fcresi hepsi i\u00e7in farkl\u0131l\u0131k g\u00f6sterse de, hepsi sadece k\u0131sa vadeli bir sonucu garanti edebilir. Muhtemelen en yayg\u0131n epilasyon t\u00fcr\u00fc, jel veya tek kullan\u0131ml\u0131k t\u0131ra\u015f b\u0131\u00e7a\u011f\u0131 olup olmad\u0131\u011f\u0131na bak\u0131lmaks\u0131z\u0131n bir t\u0131ra\u015f makinesidir. Sadece birka\u00e7 g\u00fcn sonra, ilk t\u00fcyler tekrar \u00e7\u0131kacakt\u0131r. Burada cilt tahri\u015fi riski de \u00e7ok y\u00fcksektir. Di\u011fer bir tip ise t\u00fcy d\u00f6k\u00fcc\u00fc krem \u200b\u200bkullanmakt\u0131r. Bu, t\u00fcyleri kimyasal olarak giderir. Epilasyonun etkisi burada t\u0131ra\u015ftan \u00e7ok daha uzun, maksimum 14 g\u00fcn s\u00fcrer.<\/p>\n<\/div>\n\n\n\n<div class=\"wp-block-column is-vertically-aligned-center is-layout-flow wp-block-column-is-layout-flow\"><div class=\"wp-block-image\">\n<figure class=\"aligncenter size-full is-resized\"><img loading=\"lazy\" decoding=\"async\" src=\"https:\/\/www.haarfreiheit.net\/wp-content\/uploads\/2021\/11\/Depilation-Foto.png\" alt=\"Depilasyon cihazlar\u0131 foto\u011fraf\u0131\" class=\"wp-image-6112\" style=\"object-fit:contain;width:500px;height:447px\" width=\"500\" height=\"447\" srcset=\"https:\/\/www.haarfreiheit.net\/wp-content\/uploads\/2021\/11\/Depilation-Foto.png 500w, https:\/\/www.haarfreiheit.net\/wp-content\/uploads\/2021\/11\/Depilation-Foto-300x268.png 300w\" sizes=\"auto, (max-width: 500px) 100vw, 500px\" \/><\/figure>\n<\/div><\/div>\n<\/div>\n\n\n\n<div class=\"wp-block-columns is-layout-flex wp-container-core-columns-is-layout-9d6595d7 wp-block-columns-is-layout-flex\">\n<div class=\"wp-block-column is-layout-flow wp-block-column-is-layout-flow\">\n<div style=\"height:9px\" aria-hidden=\"true\" class=\"wp-block-spacer\"><\/div>\n\n\n\n<p class=\"has-text-align-center has-black-color has-text-color\">Epilasyon ile \u00f6nemli \u00f6l\u00e7\u00fcde daha uzun sonu\u00e7lar elde edilebilir. \u00c7\u00fcnk\u00fc burada epilasyonun aksine sa\u00e7 k\u0131l k\u00f6k\u00fcnden al\u0131n\u0131r. Bu, 5 haftaya kadar sonu\u00e7lar\u0131n elde edilmesini sa\u011flar. Ancak bu tip epilasyonun en b\u00fcy\u00fck dezavantaj\u0131, hassas ciltlerde veya \u00e7ok k\u0131sa t\u00fcylerde epilasyonun a\u011fr\u0131l\u0131 cilt tahri\u015fine yol a\u00e7abilmesidir.<\/p>\n\n\n\n<p class=\"has-text-align-center has-black-color has-text-color\">A\u011fda s\u0131ras\u0131nda, so\u011fuk veya \u0131l\u0131k a\u011fda kullan\u0131larak istenmeyen t\u00fcyler sa\u00e7 k\u00f6k\u00fcnden kopar\u0131l\u0131r. Direkt k\u00f6kten al\u0131nd\u0131\u011f\u0131 i\u00e7in k\u0131llar\u0131n h\u0131zl\u0131 \u00e7\u0131kmas\u0131 engellenir. Ancak bu sars\u0131nt\u0131l\u0131 hareketler cildin k\u0131zarmas\u0131n\u0131 te\u015fvik eder. Aksine, \u015fekerleme \u00e7ok daha naziktir. Cilt b\u00f6lgesi temizlendikten sonra su, \u015feker ve limondan olu\u015fan macun s\u00fcr\u00fcl\u00fcr. K\u0131sa bir s\u00fcre sonra, bu, do\u011fal mum y\u00f6n\u00fcn\u00fcn tersi y\u00f6n\u00fcnde tekrar \u00e7ekilir. \u0130\u015flem a\u011fdadan pek ay\u0131rt edilemez, ancak \u00e7ok daha cilt dostudur. Cildin k\u0131zarma riski \u00e7ok daha d\u00fc\u015f\u00fckt\u00fcr, ancak ayn\u0131 derecede kapsaml\u0131d\u0131r.<\/p>\n<\/div>\n<\/div>\n\n\n\n<div class=\"wp-block-columns is-layout-flex wp-container-core-columns-is-layout-9d6595d7 wp-block-columns-is-layout-flex\">\n<div class=\"wp-block-column is-layout-flow wp-block-column-is-layout-flow\">\n<div style=\"height:109px\" aria-hidden=\"true\" class=\"wp-block-spacer is-style-s50\"><\/div>\n\n\n\n<h2 class=\"wp-block-heading has-text-align-center\">KALICI EP\u0130LASYON Y\u00d6NTEMLER\u0130<\/h2>\n\n\n\n<p class=\"has-text-align-center has-black-color has-text-color\">Ge\u00e7ici y\u00f6ntemlerden baz\u0131lar\u0131 g\u00fczel sonu\u00e7lar verse de hi\u00e7biri kal\u0131c\u0131 sonucu garanti edemez. Size g\u00fcvenilir bir alternatif sunuyoruz: yenilik\u00e7i lazer ve \u0131\u015f\u0131k s\u00fcre\u00e7leri.<\/p>\n\n\n\n<div style=\"height:92px\" aria-hidden=\"true\" class=\"wp-block-spacer\"><\/div>\n\n\n\n<div class=\"wp-block-buttons button-bar is-horizontal is-content-justification-center is-layout-flex wp-container-core-buttons-is-layout-499968f5 wp-block-buttons-is-layout-flex\">\n<div class=\"wp-block-button is-style-fill\"><a class=\"wp-block-button__link has-background wp-element-button\" href=\"\/xenogel-dauerhafte-haarentfernung\/\" style=\"border-radius:3px;background-color:#7b5770\">XENOgel\u00ae<\/a><\/div>\n\n\n\n<div class=\"wp-block-button\"><a class=\"wp-block-button__link has-background wp-element-button\" href=\"\/ipl\/\" style=\"border-radius:3px;background-color:#997575\">IPL<\/a><\/div>\n\n\n\n<div class=\"wp-block-button\"><a class=\"wp-block-button__link has-background wp-element-button\" href=\"\/tr\/karsilastirilmasi\/shr\/\" style=\"border-radius:3px;background-color:#b58889\">SHR<\/a><\/div>\n\n\n\n<div class=\"wp-block-button\"><a class=\"wp-block-button__link has-background wp-element-button\" href=\"\/diodenlaser\/\" style=\"border-radius:3px;background-color:#bb8d7c\">Diodenlaser<\/a><\/div>\n\n\n\n<div class=\"wp-block-button\"><a class=\"wp-block-button__link has-background wp-element-button\" href=\"\/alexandritlaser\/\" style=\"border-radius:3px;background-color:#c9aea6\">Alexandritlaser<\/a><\/div>\n\n\n\n<div class=\"wp-block-button\"><a class=\"wp-block-button__link has-background no-border-radius wp-element-button\" href=\"\/neodym-yag-laser\/\" style=\"background-color:#bba79b\">ND:YAG-Laser<\/a><\/div>\n\n\n\n<div class=\"wp-block-button is-style-fill\"><a class=\"wp-block-button__link has-background no-border-radius wp-element-button\" href=\"\/tr\/igneli-epilasyon\/\" style=\"background-color:#ab9c7f\">\u0130\u011fneli epilasyon<\/a><\/div>\n\n\n\n<div class=\"wp-block-button is-style-fill\"><a class=\"wp-block-button__link has-background no-border-radius wp-element-button\" href=\"\/nadelepilation\/\" style=\"background-color:#ab9c7f\">Nadelepilation<\/a><\/div>\n<\/div>\n<\/div>\n<\/div>\n\n\n\n<div class=\"wp-block-columns is-layout-flex wp-container-core-columns-is-layout-9d6595d7 wp-block-columns-is-layout-flex\">\n<div class=\"wp-block-column is-layout-flow wp-block-column-is-layout-flow\">\n<div style=\"height:41px\" aria-hidden=\"true\" class=\"wp-block-spacer\"><\/div>\n\n\n\n<h3 class=\"wp-block-heading has-text-align-center has-large-font-size\">IPL (Intense Pulsed Light)<\/h3>\n\n\n\n<p class=\"has-text-align-center has-black-color has-text-color\">IPL y\u00f6ntemi ile kal\u0131c\u0131 * bir sonu\u00e7 elde edilebilir. Y\u00fcksek enerjili \u0131\u015f\u0131k ak\u0131mlar\u0131 ile cilt b\u00f6lgesini \u0131\u015f\u0131nlayarak sa\u00e7taki melanin \u0131\u015f\u0131\u011f\u0131 emer ve \u0131s\u0131ya d\u00f6n\u00fc\u015ft\u00fcr\u00fcr. Bu \u0131s\u0131 dalgalar\u0131 do\u011frudan yakla\u015f\u0131mdan k\u00f6ke do\u011fru iletilir, bu sayede termal reaksiyon k\u00f6k\u00fcn besin h\u00fccrelerini denat\u00fcre eder. Bu, t\u00fcylerin yeniden \u00fcretilmesi art\u0131k engellendi\u011fi i\u00e7in kal\u0131c\u0131 epilasyon * sonucunun elde edilmesini sa\u011flar.<\/p>\n\n\n\n<div style=\"height:41px\" aria-hidden=\"true\" class=\"wp-block-spacer\"><\/div>\n<\/div>\n\n\n\n<div class=\"wp-block-column is-vertically-aligned-center is-layout-flow wp-block-column-is-layout-flow\"><div class=\"wp-block-image\">\n<figure class=\"aligncenter size-full is-resized\"><img loading=\"lazy\" decoding=\"async\" src=\"https:\/\/www.haarfreiheit.net\/wp-content\/uploads\/2021\/11\/IPL-Behandlungsbild.png\" alt=\"Tedavi foto\u011fraf\u0131 Yo\u011fun darbeli lazer\" class=\"wp-image-6115\" style=\"object-fit:contain;width:491px;height:423px\" width=\"491\" height=\"423\" srcset=\"https:\/\/www.haarfreiheit.net\/wp-content\/uploads\/2021\/11\/IPL-Behandlungsbild.png 655w, https:\/\/www.haarfreiheit.net\/wp-content\/uploads\/2021\/11\/IPL-Behandlungsbild-300x258.png 300w\" sizes=\"auto, (max-width: 491px) 100vw, 491px\" \/><\/figure>\n<\/div><\/div>\n<\/div>\n\n\n\n<div class=\"wp-block-columns is-layout-flex wp-container-core-columns-is-layout-9d6595d7 wp-block-columns-is-layout-flex\">\n<div class=\"wp-block-column is-layout-flow wp-block-column-is-layout-flow\">\n<div style=\"height:41px\" aria-hidden=\"true\" class=\"wp-block-spacer\"><\/div>\n\n\n\n<h3 class=\"wp-block-heading has-text-align-center primary-color has-large-font-size\">XENOgel<sup>\u00ae<\/sup> Technology<\/h3>\n\n\n\n<p class=\"has-text-align-center has-black-color has-text-color\">XENOgel prosed\u00fcr\u00fc size en etkili cilt korumas\u0131n\u0131 sunar. Bu, cilt dostu bir kristal jel ile ba\u011flant\u0131l\u0131 en modern fotoepilasyon teknolojisi ile m\u00fcmk\u00fcn olmaktad\u0131r. Canland\u0131r\u0131c\u0131 kristal jel, cildinizi her zaman ho\u015f bir \u015fekilde so\u011futur. Bu, cilt tahri\u015fi riskini azaltabilir. Y\u00f6ntem cilt \u00fczerinde \u00e7ok nazik olmas\u0131na ra\u011fmen, sonu\u00e7 optimal kal\u0131r. \u00c7\u00fcnk\u00fc IPL prosed\u00fcr\u00fcnden farkl\u0131 olarak sadece k\u00f6klere verilen \u0131\u015f\u0131k darbeleri de\u011fil, k\u00f6k h\u00fccreler de tedavi edilir. Bunlar sa\u00e7 k\u00f6klerine besin sa\u011flamaktan ve sa\u00e7\u0131n yeniden \u00fcretilmesinden sorumludur. Bu \u00e7ift etki nedeniyle sa\u00e7 k\u00f6kleri kal\u0131c\u0131 olarak kapat\u0131l\u0131r ve bu da yenilenmeyi engeller.<\/p>\n\n\n\n<p class=\"has-text-align-center has-black-color has-text-color\">XENOgel i\u015flemi ba\u015fka bir avantaj sunar: Cilt dostu y\u00f6ntem, hafif sa\u00e7 tiplerinin tedavisini sa\u011flar. IPL gibi di\u011fer prosed\u00fcrlerle bu t\u00fcr sa\u00e7 tiplerinin tedavisi daha zordur. \u00c7\u00fcnk\u00fc sa\u00e7lar \u015fu an i\u00e7in al\u0131nabilir ancak bir s\u00fcre sonra tekrar geri \u00e7ekilebilir.<\/p>\n\n\n\n<div style=\"height:41px\" aria-hidden=\"true\" class=\"wp-block-spacer\"><\/div>\n<\/div>\n\n\n\n<div class=\"wp-block-column is-vertically-aligned-center is-layout-flow wp-block-column-is-layout-flow\"><div class=\"wp-block-image\">\n<figure class=\"aligncenter size-full is-resized\"><img loading=\"lazy\" decoding=\"async\" src=\"https:\/\/www.haarfreiheit.net\/wp-content\/uploads\/2022\/01\/Geraet-Photoepilation.png\" alt=\"Foto\u011fraf Fotoepilasyon Cihaz\u0131 mti Logosu\" class=\"wp-image-6379\" style=\"object-fit:contain;width:517px;height:527px\" width=\"517\" height=\"527\" srcset=\"https:\/\/www.haarfreiheit.net\/wp-content\/uploads\/2022\/01\/Geraet-Photoepilation.png 800w, https:\/\/www.haarfreiheit.net\/wp-content\/uploads\/2022\/01\/Geraet-Photoepilation-294x300.png 294w\" sizes=\"auto, (max-width: 517px) 100vw, 517px\" \/><\/figure>\n<\/div><\/div>\n<\/div>\n\n\n\n<div class=\"wp-block-columns is-layout-flex wp-container-core-columns-is-layout-9d6595d7 wp-block-columns-is-layout-flex\">\n<div class=\"wp-block-column is-layout-flow wp-block-column-is-layout-flow\">\n<div style=\"height:16px\" aria-hidden=\"true\" class=\"wp-block-spacer is-style-s50\"><\/div>\n\n\n\n<p class=\"has-text-align-center has-black-color has-text-color\">B\u00f6yle bir durum olu\u015fursa savunma mekanizmas\u0131 nedeniyle beyaz sa\u00e7 olu\u015fma riski \u00e7ok y\u00fcksektir. Bundan sonra, beyaz sa\u00e7 art\u0131k melanin i\u00e7ermedi\u011finden takip tedavisi m\u00fcmk\u00fcn de\u011fildir. SHR y\u00f6ntemi ile daha a\u00e7\u0131k renkli sa\u00e7 tipleri optimal olarak tedavi edilebilir. Kal\u0131c\u0131 * p\u00fcr\u00fczs\u00fcz cildin tad\u0131n\u0131 \u00e7\u0131kar\u0131n. XENOgel prosed\u00fcr\u00fc, hassas alanlar da dahil olmak \u00fczere v\u00fccudun t\u00fcm b\u00f6lgelerinde t\u00fcylerin al\u0131nmas\u0131n\u0131 m\u00fcmk\u00fcn k\u0131lar.<\/p>\n\n\n\n<p class=\"has-text-align-center has-black-color has-text-color\">Yenilik\u00e7i s\u00fcrecimizle ilgileniyor musunuz? Enstit\u00fclerimizden birinde ba\u011flay\u0131c\u0131 olmayan ve \u00fccretsiz bir \u00f6n g\u00f6r\u00fc\u015fme ayarlay\u0131n!<\/p>\n\n\n\n<p class=\"has-text-align-center\">XENOgel i\u015flemi ba\u015fka bir avantaj sunar: Cilt dostu y\u00f6ntem, hafif sa\u00e7 tiplerinin tedavisini sa\u011flar. IPL gibi di\u011fer prosed\u00fcrlerle bu t\u00fcr sa\u00e7 tiplerinin tedavisi daha zordur. \u00c7\u00fcnk\u00fc sa\u00e7lar \u015fu an i\u00e7in al\u0131nabilir ancak bir s\u00fcre sonra tekrar geri \u00e7ekilebilir.<\/p>\n<\/div>\n<\/div>\n<\/div><\/div>\n\n\n\n<div style=\"height:50px\" aria-hidden=\"true\" class=\"wp-block-spacer is-style-s50\"><\/div>\n\n\n\n<div class=\"wp-block-cover is-light\"><span aria-hidden=\"true\" class=\"wp-block-cover__background has-background-dim-40 has-background-dim\"><\/span><img loading=\"lazy\" decoding=\"async\" width=\"1980\" height=\"1232\" class=\"wp-block-cover__image-background wp-image-7936\" alt=\"Hintergrundbild Frau\" src=\"https:\/\/www.haarfreiheit.net\/wp-content\/uploads\/2021\/10\/Haare-Template-Bild.jpg\" data-object-fit=\"cover\" srcset=\"https:\/\/www.haarfreiheit.net\/wp-content\/uploads\/2021\/10\/Haare-Template-Bild.jpg 1980w, https:\/\/www.haarfreiheit.net\/wp-content\/uploads\/2021\/10\/Haare-Template-Bild-300x187.jpg 300w, https:\/\/www.haarfreiheit.net\/wp-content\/uploads\/2021\/10\/Haare-Template-Bild-1024x637.jpg 1024w, https:\/\/www.haarfreiheit.net\/wp-content\/uploads\/2021\/10\/Haare-Template-Bild-1536x956.jpg 1536w\" sizes=\"auto, (max-width: 1980px) 100vw, 1980px\" \/><div class=\"wp-block-cover__inner-container is-layout-flow wp-block-cover-is-layout-flow\">\n<div style=\"height:71px\" aria-hidden=\"true\" class=\"wp-block-spacer\"><\/div>\n\n\n<div class=\"wp-block-image\">\n<figure class=\"aligncenter size-large is-resized\"><img loading=\"lazy\" decoding=\"async\" src=\"https:\/\/www.haarfreiheit.net\/wp-content\/uploads\/2021\/11\/Logo-mit-swosh-1024x184.png\" alt=\"Logo ince \u00e7izgi\" class=\"wp-image-5618\" style=\"object-fit:contain;width:1024px;height:184px\" width=\"1024\" height=\"184\" srcset=\"https:\/\/www.haarfreiheit.net\/wp-content\/uploads\/2021\/11\/Logo-mit-swosh-1024x184.png 1024w, https:\/\/www.haarfreiheit.net\/wp-content\/uploads\/2021\/11\/Logo-mit-swosh-300x54.png 300w, https:\/\/www.haarfreiheit.net\/wp-content\/uploads\/2021\/11\/Logo-mit-swosh.png 1299w\" sizes=\"auto, (max-width: 1024px) 100vw, 1024px\" \/><\/figure>\n<\/div>\n\n\n<div style=\"height:31px\" aria-hidden=\"true\" class=\"wp-block-spacer\"><\/div>\n\n\n\n<div class=\"wp-block-columns is-layout-flex wp-container-core-columns-is-layout-9d6595d7 wp-block-columns-is-layout-flex\">\n<div class=\"wp-block-column is-layout-flow wp-block-column-is-layout-flow\">\n<div class=\"wp-block-buttons is-horizontal is-content-justification-center is-layout-flex wp-container-core-buttons-is-layout-499968f5 wp-block-buttons-is-layout-flex\">\n<div class=\"wp-block-button\"><a class=\"wp-block-button__link has-black-color has-white-background-color has-text-color has-background wp-element-button\" href=\"\/tr\/xenogel-technology-kalici-epilasyon\/\">XENOGEL\u00ae Technology: EN \u0130Y\u0130 TEKNOLOJ\u0130<\/a><\/div>\n<\/div>\n<\/div>\n\n\n\n<div class=\"wp-block-column is-layout-flow wp-block-column-is-layout-flow\">\n<div class=\"wp-block-buttons is-horizontal is-content-justification-center is-layout-flex wp-container-core-buttons-is-layout-499968f5 wp-block-buttons-is-layout-flex\">\n<div class=\"wp-block-button\"><a class=\"wp-block-button__link has-black-color has-text-color has-background wp-element-button\" href=\"\/tr\/randevu-al\/\" style=\"background-color:#e4e2d2\">\u00dccretsiz bir dan\u0131\u015fma d\u00fczenleyin<\/a><\/div>\n<\/div>\n<\/div>\n<\/div>\n\n\n\n<div style=\"height:71px\" aria-hidden=\"true\" class=\"wp-block-spacer\"><\/div>\n<\/div><\/div>\n","protected":false},"excerpt":{"rendered":"<p>EP\u0130LASYON \u0130peksi p\u00fcr\u00fczs\u00fcz bir cilt &#8211; \u00e7o\u011fu insan\u0131n hayali. Ancak sadece y\u00fcz buna kar\u015f\u0131l\u0131k gelmemeli, ayn\u0131 zamanda v\u00fccut k\u0131llar\u0131n\u0131n al\u0131nmas\u0131 da bir\u00e7oklar\u0131 i\u00e7in g\u00fcnl\u00fck hayatlar\u0131n\u0131n ayr\u0131lmaz bir par\u00e7as\u0131. Bunu ba\u015farmak i\u00e7in \u00e7ok \u00e7e\u015fitli y\u00f6ntemler vard\u0131r. Her y\u00f6ntem her cilt tipine uygun de\u011fildir. A\u015fa\u011f\u0131da, en iyi sonu\u00e7lar\u0131n elde edilebilece\u011fi teknoloji hakk\u0131nda bilgilendirici bir genel bak\u0131\u015f bulacaks\u0131n\u0131z.<\/p>\n","protected":false},"author":1,"featured_media":0,"parent":0,"menu_order":0,"comment_status":"closed","ping_status":"closed","template":"","meta":{"footnotes":""},"class_list":["post-6106","page","type-page","status-publish","hentry"],"yoast_head":"<!-- This site is optimized with the Yoast SEO plugin v27.1.1 - https:\/\/yoast.com\/product\/yoast-seo-wordpress\/ -->\n<title>Kal\u0131c\u0131 epilasyon - Y\u00f6ntemler hakk\u0131nda bilgi<\/title>\n<meta name=\"description\" content=\"Bir\u00e7ok epilasyon t\u00fcr\u00fc vard\u0131r, ancak hepsi t\u00fcm cilt tipleri i\u00e7in uygun de\u011fildir. Y\u00f6ntem ve teknikler hakk\u0131nda bilgi edinin.\" \/>\n<meta name=\"robots\" content=\"index, follow, max-snippet:-1, max-image-preview:large, max-video-preview:-1\" \/>\n<link rel=\"canonical\" href=\"https:\/\/www.haarfreiheit.net\/tr\/kalici-epilasyon-genel-bilgi\/\" \/>\n<meta property=\"og:locale\" content=\"tr_TR\" \/>\n<meta property=\"og:type\" content=\"article\" \/>\n<meta property=\"og:title\" content=\"Kal\u0131c\u0131 epilasyon - Y\u00f6ntemler hakk\u0131nda bilgi\" \/>\n<meta property=\"og:description\" content=\"Bir\u00e7ok epilasyon t\u00fcr\u00fc vard\u0131r, ancak hepsi t\u00fcm cilt tipleri i\u00e7in uygun de\u011fildir. Y\u00f6ntem ve teknikler hakk\u0131nda bilgi edinin.\" \/>\n<meta property=\"og:url\" content=\"https:\/\/www.haarfreiheit.net\/tr\/kalici-epilasyon-genel-bilgi\/\" \/>\n<meta property=\"og:site_name\" content=\"Haarfreiheit\" \/>\n<meta property=\"article:modified_time\" content=\"2023-09-27T09:30:02+00:00\" \/>\n<meta property=\"og:image\" content=\"https:\/\/www.haarfreiheit.net\/wp-content\/uploads\/2021\/11\/Bannerbild-blur-Rasur.jpg\" \/>\n<meta name=\"twitter:card\" content=\"summary_large_image\" \/>\n<meta name=\"twitter:label1\" content=\"Tahmini okuma s\u00fcresi\" \/>\n\t<meta name=\"twitter:data1\" content=\"6 dakika\" \/>\n<script type=\"application\/ld+json\" class=\"yoast-schema-graph\">{\"@context\":\"https:\/\/schema.org\",\"@graph\":[{\"@type\":\"WebPage\",\"@id\":\"https:\/\/www.haarfreiheit.net\/tr\/kalici-epilasyon-genel-bilgi\/\",\"url\":\"https:\/\/www.haarfreiheit.net\/tr\/kalici-epilasyon-genel-bilgi\/\",\"name\":\"Kal\u0131c\u0131 epilasyon - Y\u00f6ntemler hakk\u0131nda bilgi\",\"isPartOf\":{\"@id\":\"https:\/\/www.haarfreiheit.net\/tr\/#website\"},\"primaryImageOfPage\":{\"@id\":\"https:\/\/www.haarfreiheit.net\/tr\/kalici-epilasyon-genel-bilgi\/#primaryimage\"},\"image\":{\"@id\":\"https:\/\/www.haarfreiheit.net\/tr\/kalici-epilasyon-genel-bilgi\/#primaryimage\"},\"thumbnailUrl\":\"https:\/\/www.haarfreiheit.net\/wp-content\/uploads\/2021\/11\/Bannerbild-blur-Rasur.jpg\",\"datePublished\":\"2021-11-03T08:01:35+00:00\",\"dateModified\":\"2023-09-27T09:30:02+00:00\",\"description\":\"Bir\u00e7ok epilasyon t\u00fcr\u00fc vard\u0131r, ancak hepsi t\u00fcm cilt tipleri i\u00e7in uygun de\u011fildir. Y\u00f6ntem ve teknikler hakk\u0131nda bilgi edinin.\",\"breadcrumb\":{\"@id\":\"https:\/\/www.haarfreiheit.net\/tr\/kalici-epilasyon-genel-bilgi\/#breadcrumb\"},\"inLanguage\":\"tr\",\"potentialAction\":[{\"@type\":\"ReadAction\",\"target\":[\"https:\/\/www.haarfreiheit.net\/tr\/kalici-epilasyon-genel-bilgi\/\"]}]},{\"@type\":\"ImageObject\",\"inLanguage\":\"tr\",\"@id\":\"https:\/\/www.haarfreiheit.net\/tr\/kalici-epilasyon-genel-bilgi\/#primaryimage\",\"url\":\"https:\/\/www.haarfreiheit.net\/wp-content\/uploads\/2021\/11\/Bannerbild-blur-Rasur.jpg\",\"contentUrl\":\"https:\/\/www.haarfreiheit.net\/wp-content\/uploads\/2021\/11\/Bannerbild-blur-Rasur.jpg\"},{\"@type\":\"BreadcrumbList\",\"@id\":\"https:\/\/www.haarfreiheit.net\/tr\/kalici-epilasyon-genel-bilgi\/#breadcrumb\",\"itemListElement\":[{\"@type\":\"ListItem\",\"position\":1,\"name\":\"Startseite\",\"item\":\"https:\/\/www.haarfreiheit.net\/tr\/\"},{\"@type\":\"ListItem\",\"position\":2,\"name\":\"Genel olarak epilasyon\"}]},{\"@type\":\"WebSite\",\"@id\":\"https:\/\/www.haarfreiheit.net\/tr\/#website\",\"url\":\"https:\/\/www.haarfreiheit.net\/tr\/\",\"name\":\"Haarfreiheit\",\"description\":\"Dauerhafte Haarentfernung beim Experten\",\"potentialAction\":[{\"@type\":\"SearchAction\",\"target\":{\"@type\":\"EntryPoint\",\"urlTemplate\":\"https:\/\/www.haarfreiheit.net\/tr\/?s={search_term_string}\"},\"query-input\":{\"@type\":\"PropertyValueSpecification\",\"valueRequired\":true,\"valueName\":\"search_term_string\"}}],\"inLanguage\":\"tr\"}]}<\/script>\n<!-- \/ Yoast SEO plugin. -->","yoast_head_json":{"title":"Kal\u0131c\u0131 epilasyon - Y\u00f6ntemler hakk\u0131nda bilgi","description":"Bir\u00e7ok epilasyon t\u00fcr\u00fc vard\u0131r, ancak hepsi t\u00fcm cilt tipleri i\u00e7in uygun de\u011fildir. Y\u00f6ntem ve teknikler hakk\u0131nda bilgi edinin.","robots":{"index":"index","follow":"follow","max-snippet":"max-snippet:-1","max-image-preview":"max-image-preview:large","max-video-preview":"max-video-preview:-1"},"canonical":"https:\/\/www.haarfreiheit.net\/tr\/kalici-epilasyon-genel-bilgi\/","og_locale":"tr_TR","og_type":"article","og_title":"Kal\u0131c\u0131 epilasyon - Y\u00f6ntemler hakk\u0131nda bilgi","og_description":"Bir\u00e7ok epilasyon t\u00fcr\u00fc vard\u0131r, ancak hepsi t\u00fcm cilt tipleri i\u00e7in uygun de\u011fildir. Y\u00f6ntem ve teknikler hakk\u0131nda bilgi edinin.","og_url":"https:\/\/www.haarfreiheit.net\/tr\/kalici-epilasyon-genel-bilgi\/","og_site_name":"Haarfreiheit","article_modified_time":"2023-09-27T09:30:02+00:00","og_image":[{"url":"https:\/\/www.haarfreiheit.net\/wp-content\/uploads\/2021\/11\/Bannerbild-blur-Rasur.jpg","type":"","width":"","height":""}],"twitter_card":"summary_large_image","twitter_misc":{"Tahmini okuma s\u00fcresi":"6 dakika"},"schema":{"@context":"https:\/\/schema.org","@graph":[{"@type":"WebPage","@id":"https:\/\/www.haarfreiheit.net\/tr\/kalici-epilasyon-genel-bilgi\/","url":"https:\/\/www.haarfreiheit.net\/tr\/kalici-epilasyon-genel-bilgi\/","name":"Kal\u0131c\u0131 epilasyon - Y\u00f6ntemler hakk\u0131nda bilgi","isPartOf":{"@id":"https:\/\/www.haarfreiheit.net\/tr\/#website"},"primaryImageOfPage":{"@id":"https:\/\/www.haarfreiheit.net\/tr\/kalici-epilasyon-genel-bilgi\/#primaryimage"},"image":{"@id":"https:\/\/www.haarfreiheit.net\/tr\/kalici-epilasyon-genel-bilgi\/#primaryimage"},"thumbnailUrl":"https:\/\/www.haarfreiheit.net\/wp-content\/uploads\/2021\/11\/Bannerbild-blur-Rasur.jpg","datePublished":"2021-11-03T08:01:35+00:00","dateModified":"2023-09-27T09:30:02+00:00","description":"Bir\u00e7ok epilasyon t\u00fcr\u00fc vard\u0131r, ancak hepsi t\u00fcm cilt tipleri i\u00e7in uygun de\u011fildir. Y\u00f6ntem ve teknikler hakk\u0131nda bilgi edinin.","breadcrumb":{"@id":"https:\/\/www.haarfreiheit.net\/tr\/kalici-epilasyon-genel-bilgi\/#breadcrumb"},"inLanguage":"tr","potentialAction":[{"@type":"ReadAction","target":["https:\/\/www.haarfreiheit.net\/tr\/kalici-epilasyon-genel-bilgi\/"]}]},{"@type":"ImageObject","inLanguage":"tr","@id":"https:\/\/www.haarfreiheit.net\/tr\/kalici-epilasyon-genel-bilgi\/#primaryimage","url":"https:\/\/www.haarfreiheit.net\/wp-content\/uploads\/2021\/11\/Bannerbild-blur-Rasur.jpg","contentUrl":"https:\/\/www.haarfreiheit.net\/wp-content\/uploads\/2021\/11\/Bannerbild-blur-Rasur.jpg"},{"@type":"BreadcrumbList","@id":"https:\/\/www.haarfreiheit.net\/tr\/kalici-epilasyon-genel-bilgi\/#breadcrumb","itemListElement":[{"@type":"ListItem","position":1,"name":"Startseite","item":"https:\/\/www.haarfreiheit.net\/tr\/"},{"@type":"ListItem","position":2,"name":"Genel olarak epilasyon"}]},{"@type":"WebSite","@id":"https:\/\/www.haarfreiheit.net\/tr\/#website","url":"https:\/\/www.haarfreiheit.net\/tr\/","name":"Haarfreiheit","description":"Dauerhafte Haarentfernung beim Experten","potentialAction":[{"@type":"SearchAction","target":{"@type":"EntryPoint","urlTemplate":"https:\/\/www.haarfreiheit.net\/tr\/?s={search_term_string}"},"query-input":{"@type":"PropertyValueSpecification","valueRequired":true,"valueName":"search_term_string"}}],"inLanguage":"tr"}]}},"_links":{"self":[{"href":"https:\/\/www.haarfreiheit.net\/tr\/wp-json\/wp\/v2\/pages\/6106","targetHints":{"allow":["GET"]}}],"collection":[{"href":"https:\/\/www.haarfreiheit.net\/tr\/wp-json\/wp\/v2\/pages"}],"about":[{"href":"https:\/\/www.haarfreiheit.net\/tr\/wp-json\/wp\/v2\/types\/page"}],"author":[{"embeddable":true,"href":"https:\/\/www.haarfreiheit.net\/tr\/wp-json\/wp\/v2\/users\/1"}],"replies":[{"embeddable":true,"href":"https:\/\/www.haarfreiheit.net\/tr\/wp-json\/wp\/v2\/comments?post=6106"}],"version-history":[{"count":9,"href":"https:\/\/www.haarfreiheit.net\/tr\/wp-json\/wp\/v2\/pages\/6106\/revisions"}],"predecessor-version":[{"id":20968,"href":"https:\/\/www.haarfreiheit.net\/tr\/wp-json\/wp\/v2\/pages\/6106\/revisions\/20968"}],"wp:attachment":[{"href":"https:\/\/www.haarfreiheit.net\/tr\/wp-json\/wp\/v2\/media?parent=6106"}],"curies":[{"name":"wp","href":"https:\/\/api.w.org\/{rel}","templated":true}]}}