{"id":6265,"date":"2021-07-16T10:50:53","date_gmt":"2021-07-16T08:50:53","guid":{"rendered":"https:\/\/www.haarfreiheit.net\/sample-page\/"},"modified":"2025-11-19T11:17:45","modified_gmt":"2025-11-19T10:17:45","slug":"home","status":"publish","type":"page","link":"https:\/\/www.haarfreiheit.net\/tr\/","title":{"rendered":"Home"},"content":{"rendered":"\n<div class=\"wp-block-group alignfull\"><div class=\"wp-block-group__inner-container is-layout-flow wp-block-group-is-layout-flow\">\n<div class=\"wp-block-cover aligncenter is-light has-custom-content-position is-position-top-center\" style=\"min-height:100vh;aspect-ratio:unset;\"><img loading=\"lazy\" decoding=\"async\" width=\"1980\" height=\"1641\" class=\"wp-block-cover__image-background wp-image-4280\" alt=\"Duvar ka\u011f\u0131d\u0131 etkisi g\u00fczel kad\u0131n\" src=\"https:\/\/www.haarfreiheit.net\/wp-content\/uploads\/2021\/11\/Hintergrundbild-Hauptseite.jpg\" style=\"object-position:49% 0%\" data-object-fit=\"cover\" data-object-position=\"49% 0%\" srcset=\"https:\/\/www.haarfreiheit.net\/wp-content\/uploads\/2021\/11\/Hintergrundbild-Hauptseite.jpg 1980w, https:\/\/www.haarfreiheit.net\/wp-content\/uploads\/2021\/11\/Hintergrundbild-Hauptseite-300x249.jpg 300w, https:\/\/www.haarfreiheit.net\/wp-content\/uploads\/2021\/11\/Hintergrundbild-Hauptseite-1024x849.jpg 1024w, https:\/\/www.haarfreiheit.net\/wp-content\/uploads\/2021\/11\/Hintergrundbild-Hauptseite-1536x1273.jpg 1536w\" sizes=\"auto, (max-width: 1980px) 100vw, 1980px\" \/><span aria-hidden=\"true\" class=\"wp-block-cover__background has-white-background-color has-background-dim-30 has-background-dim\"><\/span><div class=\"wp-block-cover__inner-container is-layout-flow wp-block-cover-is-layout-flow\">\n<div style=\"height:40px\" aria-hidden=\"true\" class=\"wp-block-spacer\"><\/div>\n\n\n\n<div class=\"wp-block-columns is-layout-flex wp-container-core-columns-is-layout-9d6595d7 wp-block-columns-is-layout-flex\">\n<div class=\"wp-block-column is-layout-flow wp-block-column-is-layout-flow\"><div class=\"wp-block-image\">\n<figure class=\"aligncenter size-full is-resized\"><img loading=\"lazy\" decoding=\"async\" width=\"827\" height=\"215\" src=\"https:\/\/www.haarfreiheit.net\/wp-content\/uploads\/2021\/11\/XENOgel-Logo-in-Petrolgruen.png\" alt=\"XENOgel Technology Logo\" class=\"wp-image-6088\" style=\"aspect-ratio:3.8461538461538463;object-fit:contain;width:602px;height:auto\" srcset=\"https:\/\/www.haarfreiheit.net\/wp-content\/uploads\/2021\/11\/XENOgel-Logo-in-Petrolgruen.png 827w, https:\/\/www.haarfreiheit.net\/wp-content\/uploads\/2021\/11\/XENOgel-Logo-in-Petrolgruen-300x78.png 300w\" sizes=\"auto, (max-width: 827px) 100vw, 827px\" \/><\/figure>\n<\/div>\n\n\n<div style=\"height:18px\" aria-hidden=\"true\" class=\"wp-block-spacer is-style-s20\"><\/div>\n\n\n\n<h1 class=\"wp-block-heading has-text-align-center\"><strong><mark style=\"background-color:rgba(0, 0, 0, 0);color:#00504b\" class=\"has-inline-color\"><strong>Kal\u0131c\u0131<\/strong><\/mark><br><mark style=\"background-color:rgba(0, 0, 0, 0);color:#5b4f40\" class=\"has-inline-color\"><strong>Epilasyon<\/strong>*<\/mark><\/strong><\/h1>\n\n\n\n<div style=\"height:30px\" aria-hidden=\"true\" class=\"wp-block-spacer is-style-s20\"><\/div>\n\n\n\n<div class=\"wp-block-columns are-vertically-aligned-center is-layout-flex wp-container-core-columns-is-layout-9d6595d7 wp-block-columns-is-layout-flex\">\n<div class=\"wp-block-column is-vertically-aligned-center is-layout-flow wp-block-column-is-layout-flow\">\n<p class=\"has-text-align-center primary-color has-large-font-size\"> <sub><code><a href=\"tel:+498000007300\"><img loading=\"lazy\" decoding=\"async\" width=\"200\" height=\"189\" class=\"wp-image-6372\" style=\"width: 200px;\" src=\"https:\/\/www.haarfreiheit.net\/wp-content\/uploads\/2021\/10\/TelefoneIcon.png\" alt=\"Icon Symbol Telefon Kontakt\"><\/a><\/code><\/sub><br><strong><a href=\"tel:+498000007300\">0800 \/ 000 73 00<\/a><\/strong><\/p>\n<\/div>\n<\/div>\n\n\n\n<div class=\"wp-block-buttons is-horizontal is-content-justification-center is-layout-flex wp-container-core-buttons-is-layout-499968f5 wp-block-buttons-is-layout-flex\">\n<div class=\"wp-block-button has-custom-width wp-block-button__width-75 is-style-fill\"><a class=\"wp-block-button__link has-text-color has-background wp-element-button\" href=\"https:\/\/www.haarfreiheit.net\/tr\/randevu-al\/\" style=\"border-radius:25px;color:#84756d;background-color:#ffeaea\">\u00dccretsiz Dan\u0131\u015fmanl\u0131k<\/a><\/div>\n\n\n\n<div class=\"wp-block-button has-custom-width wp-block-button__width-75 is-style-fill quaternary-bg-color\"><a class=\"wp-block-button__link wp-element-button\" href=\"https:\/\/www.haarfreiheit.net\/tr\/randevu-al\/\" style=\"border-radius:42px\">\u00dccretsiz geri arama hizmeti<\/a><\/div>\n<\/div>\n<\/div>\n<\/div>\n\n\n\n<div style=\"height:30px\" aria-hidden=\"true\" class=\"wp-block-spacer is-style-s50\"><\/div>\n\n\n\n<div class=\"wp-block-columns is-layout-flex wp-container-core-columns-is-layout-9d6595d7 wp-block-columns-is-layout-flex\">\n<div class=\"wp-block-column is-layout-flow wp-block-column-is-layout-flow\"><div class=\"wp-block-image\">\n<figure class=\"aligncenter size-full is-resized\"><img loading=\"lazy\" decoding=\"async\" width=\"446\" height=\"446\" src=\"https:\/\/www.haarfreiheit.net\/wp-content\/uploads\/2022\/02\/Waben-Mitarbeiter-edited.png\" alt=\"Simge \u00c7al\u0131\u015fanlar\u0131\" class=\"wp-image-8909\" style=\"object-fit:contain;width:223px;height:223px\" srcset=\"https:\/\/www.haarfreiheit.net\/wp-content\/uploads\/2022\/02\/Waben-Mitarbeiter-edited.png 446w, https:\/\/www.haarfreiheit.net\/wp-content\/uploads\/2022\/02\/Waben-Mitarbeiter-edited-300x300.png 300w, https:\/\/www.haarfreiheit.net\/wp-content\/uploads\/2022\/02\/Waben-Mitarbeiter-edited-150x150.png 150w\" sizes=\"auto, (max-width: 446px) 100vw, 446px\" \/><\/figure>\n<\/div>\n\n\n<p class=\"has-text-align-center has-medium-font-size\"><strong>\u015eimdi bize ba\u015fvurun!<\/strong><\/p>\n\n\n\n<div class=\"wp-block-buttons is-horizontal is-content-justification-center is-layout-flex wp-container-core-buttons-is-layout-499968f5 wp-block-buttons-is-layout-flex\">\n<div class=\"wp-block-button\"><a class=\"wp-block-button__link wp-element-button\" href=\"https:\/\/www.haarfreiheit.net\/tr\/is-teklifler\/\">\u0130\u015f teklifleri<\/a><\/div>\n<\/div>\n<\/div>\n\n\n\n<div class=\"wp-block-column is-layout-flow wp-block-column-is-layout-flow\">\n<div style=\"height:100px\" aria-hidden=\"true\" class=\"wp-block-spacer is-style-s20\"><\/div>\n\n\n\n<div class=\"wp-block-cover alignfull\"><img loading=\"lazy\" decoding=\"async\" width=\"400\" height=\"357\" class=\"wp-block-cover__image-background wp-image-2814\" alt=\"Petek Desen Duvar Ka\u011f\u0131d\u0131\" src=\"https:\/\/www.haarfreiheit.net\/wp-content\/uploads\/2021\/10\/Backdrop-Wabe-1.png\" style=\"object-position:51% 48%\" data-object-fit=\"cover\" data-object-position=\"51% 48%\" srcset=\"https:\/\/www.haarfreiheit.net\/wp-content\/uploads\/2021\/10\/Backdrop-Wabe-1.png 400w, https:\/\/www.haarfreiheit.net\/wp-content\/uploads\/2021\/10\/Backdrop-Wabe-1-300x268.png 300w\" sizes=\"auto, (max-width: 400px) 100vw, 400px\" \/><span aria-hidden=\"true\" class=\"wp-block-cover__background has-background-dim-0 has-background-dim\"><\/span><div class=\"wp-block-cover__inner-container is-layout-flow wp-block-cover-is-layout-flow\">\n<p class=\"has-text-align-center has-white-color has-text-color\" style=\"font-size:30px\"><strong>Uzman\u0131n\u0131z<\/strong><\/p>\n\n\n\n<p class=\"has-text-align-center has-white-color has-text-color\">I\u015f\u0131kla epilasyon alan\u0131nda <br>y\u0131llar\u0131n deneyimi, bizi <br>profesyonel ve kal\u0131c\u0131* <br>epilasyon konusunda <br>uzman yap\u0131yor.<\/p>\n<\/div><\/div>\n\n\n\n<div style=\"height:100px\" aria-hidden=\"true\" class=\"wp-block-spacer is-style-s50\"><\/div>\n<\/div>\n<\/div>\n\n\n\n<div style=\"height:30px\" aria-hidden=\"true\" class=\"wp-block-spacer is-style-s50\"><\/div>\n\n\n\n<p class=\"has-text-align-center\" style=\"font-size:18px\"><mark style=\"background-color:rgba(0, 0, 0, 0)\" class=\"has-inline-color has-white-color\">\u2714<\/mark> Sa\u011fl\u0131k uzmanlar\u0131  <mark style=\"background-color:rgba(0, 0, 0, 0)\" class=\"has-inline-color has-white-color\">\u2714<\/mark> S\u00f6zle\u015fme yok  <mark style=\"background-color:rgba(0, 0, 0, 0)\" class=\"has-inline-color has-white-color\">\u2714<\/mark> Nerdeyse t\u00fcm cilt ve sac tipleri <mark style=\"background-color:rgba(0, 0, 0, 0)\" class=\"has-inline-color has-white-color\">\u2714<\/mark> En iyi teknoloji<br><mark style=\"background-color:rgba(0, 0, 0, 0)\" class=\"has-inline-color has-white-color\">\u2714<\/mark> Piyasadaki t\u00fcm teknolojiler  <mark style=\"background-color:rgba(0, 0, 0, 0)\" class=\"has-inline-color has-white-color\">\u2714<\/mark> T\u0131bbi i\u015f birli\u011fi <mark style=\"background-color:rgba(0, 0, 0, 0)\" class=\"has-inline-color has-white-color\">\u2714<\/mark> Agrisiz tedavi  <br><mark style=\"background-color:rgba(0, 0, 0, 0)\" class=\"has-inline-color has-white-color\">\u2714<\/mark> 100.000\u2019den fazla tedavi  <mark style=\"background-color:rgba(0, 0, 0, 0)\" class=\"has-inline-color has-white-color\">\u2714<\/mark> 15 yili askin deneyim<\/p>\n\n\n\n<div style=\"height:30px\" aria-hidden=\"true\" class=\"wp-block-spacer is-style-s50\"><\/div>\n<\/div><\/div>\n\n\n\n<div style=\"height:100px\" aria-hidden=\"true\" class=\"wp-block-spacer is-style-s20\"><\/div>\n\n\n\n<div class=\"wp-block-columns is-layout-flex wp-container-core-columns-is-layout-9d6595d7 wp-block-columns-is-layout-flex\">\n<div class=\"wp-block-column is-layout-flow wp-block-column-is-layout-flow\">\n<div class=\"wp-block-columns is-not-stacked-on-mobile is-layout-flex wp-container-core-columns-is-layout-9d6595d7 wp-block-columns-is-layout-flex\">\n<div class=\"wp-block-column is-layout-flow wp-block-column-is-layout-flow\"><div class=\"wp-block-image\">\n<figure class=\"aligncenter size-full is-resized\"><img loading=\"lazy\" decoding=\"async\" width=\"300\" height=\"259\" src=\"https:\/\/www.haarfreiheit.net\/wp-content\/uploads\/2023\/03\/icon_arten_der_haarentfernung.png\" alt=\"Simge Tipleri Epilasyon Grafi\u011fi\" class=\"wp-image-16971\" style=\"object-fit:contain;width:150px;height:130px\"\/><\/figure>\n<\/div>\n\n\n<p class=\"has-text-align-center primary-link-color\"><a href=\"https:\/\/www.haarfreiheit.net\/tr\/karsilastirilmasi\/\">EP\u0130LASYON T\u00dcRLER\u0130<\/a><\/p>\n<\/div>\n\n\n\n<div class=\"wp-block-column is-layout-flow wp-block-column-is-layout-flow\"><div class=\"wp-block-image\">\n<figure class=\"aligncenter size-full is-resized\"><img loading=\"lazy\" decoding=\"async\" width=\"300\" height=\"259\" src=\"https:\/\/www.haarfreiheit.net\/wp-content\/uploads\/2023\/03\/Icon-dauerhafte-Haarentfernung.png\" alt=\"Icon Kal\u0131c\u0131 Epilasyon Grafi\u011fi\" class=\"wp-image-16983\" style=\"object-fit:contain;width:150px;height:130px\"\/><\/figure>\n<\/div>\n\n\n<p class=\"has-text-align-center primary-link-color\"><a href=\"https:\/\/www.haarfreiheit.net\/tr\/xenogel-technology-kalici-epilasyon\/\">KALICI EP\u0130LASYONUMUZ*<\/a><\/p>\n<\/div>\n<\/div>\n<\/div>\n\n\n\n<div class=\"wp-block-column is-layout-flow wp-block-column-is-layout-flow\">\n<div class=\"wp-block-columns is-not-stacked-on-mobile is-layout-flex wp-container-core-columns-is-layout-9d6595d7 wp-block-columns-is-layout-flex\">\n<div class=\"wp-block-column is-layout-flow wp-block-column-is-layout-flow\"><div class=\"wp-block-image\">\n<figure class=\"aligncenter size-full is-resized\"><img loading=\"lazy\" decoding=\"async\" width=\"300\" height=\"259\" src=\"https:\/\/www.haarfreiheit.net\/wp-content\/uploads\/2023\/03\/icon_preise.png\" alt=\"Simge Fiyatlar\u0131 Grafik Euro i\u015faretleri ve c\u00fczdanlar\u0131\" class=\"wp-image-16979\" style=\"object-fit:contain;width:150px;height:130px\"\/><\/figure>\n<\/div>\n\n\n<p class=\"has-text-align-center primary-link-color\"><a href=\"https:\/\/www.haarfreiheit.net\/tr\/fiyatlar-kalici-epilyason\/\">FIYATLAR<\/a><\/p>\n<\/div>\n\n\n\n<div class=\"wp-block-column is-layout-flow wp-block-column-is-layout-flow\"><div class=\"wp-block-image\">\n<figure class=\"aligncenter size-full is-resized\"><img loading=\"lazy\" decoding=\"async\" width=\"300\" height=\"259\" src=\"https:\/\/www.haarfreiheit.net\/wp-content\/uploads\/2023\/03\/icon_location_kontakt.png\" alt=\"Simge \u0130leti\u015fim Konumu Posta ve Telefon\" class=\"wp-image-16975\" style=\"object-fit:contain;width:150px;height:130px\"\/><\/figure>\n<\/div>\n\n\n<p class=\"has-text-align-center primary-link-color\"><a href=\"https:\/\/www.haarfreiheit.net\/tr\/randevu-al\/\">TEMAS<\/a><\/p>\n<\/div>\n<\/div>\n<\/div>\n<\/div>\n\n\n\n<div style=\"height:18px\" aria-hidden=\"true\" class=\"wp-block-spacer\"><\/div>\n\n\n\n<div class=\"wp-block-cover is-light\"><img loading=\"lazy\" decoding=\"async\" width=\"1980\" height=\"1417\" class=\"wp-block-cover__image-background wp-image-6334\" alt=\"Arka plan efekti g\u00f6r\u00fcnt\u00fcs\u00fc\" src=\"https:\/\/www.haarfreiheit.net\/wp-content\/uploads\/2021\/10\/dunkler-Hintergrund.jpg\" data-object-fit=\"cover\" srcset=\"https:\/\/www.haarfreiheit.net\/wp-content\/uploads\/2021\/10\/dunkler-Hintergrund.jpg 1980w, https:\/\/www.haarfreiheit.net\/wp-content\/uploads\/2021\/10\/dunkler-Hintergrund-300x215.jpg 300w, https:\/\/www.haarfreiheit.net\/wp-content\/uploads\/2021\/10\/dunkler-Hintergrund-1024x733.jpg 1024w, https:\/\/www.haarfreiheit.net\/wp-content\/uploads\/2021\/10\/dunkler-Hintergrund-1536x1099.jpg 1536w\" sizes=\"auto, (max-width: 1980px) 100vw, 1980px\" \/><span aria-hidden=\"true\" class=\"wp-block-cover__background has-background-dim-30 has-background-dim\" style=\"background-color:#fffbd6\"><\/span><div class=\"wp-block-cover__inner-container is-layout-flow wp-block-cover-is-layout-flow\">\n<div style=\"height:100px\" aria-hidden=\"true\" class=\"wp-block-spacer is-style-s20\"><\/div>\n\n\n<div class=\"wp-block-image\">\n<figure class=\"aligncenter size-large is-resized\"><img loading=\"lazy\" decoding=\"async\" width=\"1024\" height=\"434\" src=\"https:\/\/www.haarfreiheit.net\/wp-content\/uploads\/2025\/04\/Mannheim-Kolalge-1024x434.webp\" alt=\"Kolalge Mannheim Impressionen\" class=\"wp-image-27142\" style=\"width:772px;height:auto\" srcset=\"https:\/\/www.haarfreiheit.net\/wp-content\/uploads\/2025\/04\/Mannheim-Kolalge-1024x434.webp 1024w, https:\/\/www.haarfreiheit.net\/wp-content\/uploads\/2025\/04\/Mannheim-Kolalge-300x127.webp 300w, https:\/\/www.haarfreiheit.net\/wp-content\/uploads\/2025\/04\/Mannheim-Kolalge.webp 1027w\" sizes=\"auto, (max-width: 1024px) 100vw, 1024px\" \/><\/figure>\n<\/div>\n\n\n<div style=\"height:100px\" aria-hidden=\"true\" class=\"wp-block-spacer is-style-s20\"><\/div>\n\n\n\n<div class=\"wp-block-columns is-layout-flex wp-container-core-columns-is-layout-9d6595d7 wp-block-columns-is-layout-flex\">\n<div class=\"wp-block-column is-layout-flow wp-block-column-is-layout-flow\">\n<p class=\"has-text-align-center has-black-color has-text-color has-medium-font-size\">Haarfreiheit bir\u00e7ok yerde mevcuttur. Profesyonel ve en son teknolojinin keyfini \u00e7\u0131kar\u0131n. Haarfreiheit&#8217;in b\u00f6lgenizde de mevcut olup olmad\u0131\u011f\u0131n\u0131 hemen \u00f6\u011frenin.<\/p>\n\n\n\n<div style=\"height:100px\" aria-hidden=\"true\" class=\"wp-block-spacer is-style-s20\"><\/div>\n\n\n\n<div class=\"wp-block-buttons is-horizontal is-content-justification-center is-layout-flex wp-container-core-buttons-is-layout-499968f5 wp-block-buttons-is-layout-flex\">\n<div class=\"wp-block-button tertiary-bg-color is-style-fill\"><a class=\"wp-block-button__link wp-element-button\" href=\"#Standorte\">Konum genel bak\u0131\u015f<\/a><\/div>\n<\/div>\n<\/div>\n<\/div>\n\n\n\n<div style=\"height:100px\" aria-hidden=\"true\" class=\"wp-block-spacer is-style-s20\"><\/div>\n<\/div><\/div>\n<\/div><\/div>\n\n\n\n<div style=\"height:100px\" aria-hidden=\"true\" class=\"wp-block-spacer is-style-s50\"><\/div>\n\n\n\n<div class=\"wp-block-columns is-layout-flex wp-container-core-columns-is-layout-9d6595d7 wp-block-columns-is-layout-flex\">\n<div class=\"wp-block-column is-vertically-aligned-center is-layout-flow wp-block-column-is-layout-flow\"><div class=\"wp-block-image\">\n<figure class=\"aligncenter size-full is-resized\"><img loading=\"lazy\" decoding=\"async\" width=\"999\" height=\"260\" src=\"https:\/\/www.haarfreiheit.net\/wp-content\/uploads\/2021\/12\/XENOgel_Logo.png\" alt=\"XENOgel Technology Logo mur\" class=\"wp-image-6376\" style=\"object-fit:contain;width:464px;height:121px\" srcset=\"https:\/\/www.haarfreiheit.net\/wp-content\/uploads\/2021\/12\/XENOgel_Logo.png 999w, https:\/\/www.haarfreiheit.net\/wp-content\/uploads\/2021\/12\/XENOgel_Logo-300x78.png 300w\" sizes=\"auto, (max-width: 999px) 100vw, 999px\" \/><\/figure>\n<\/div><\/div>\n\n\n\n<div class=\"wp-block-column is-layout-flow wp-block-column-is-layout-flow\">\n<p class=\"has-text-align-center has-black-color has-text-color has-medium-font-size\">Bir\u00e7ok yerde en iyi teknoloji | Ac\u0131s\u0131z ve yenilik\u00e7i XENOgel Teknolojisi sayesinde her zaman p\u00fcr\u00fczs\u00fcz cilt hissinin tad\u0131n\u0131 \u00e7\u0131kar\u0131n<\/p>\n<\/div>\n<\/div>\n\n\n\n<div style=\"height:100px\" aria-hidden=\"true\" class=\"wp-block-spacer is-style-s50\"><\/div>\n\n\n\n<div class=\"wp-block-cover is-light\"><img loading=\"lazy\" decoding=\"async\" width=\"1980\" height=\"1185\" class=\"wp-block-cover__image-background wp-image-7195\" alt=\"rosafarbener Hintergrund\" src=\"https:\/\/www.haarfreiheit.net\/wp-content\/uploads\/2021\/11\/Template-Frau-Wabenhintergrundmuster.jpg\" style=\"object-position:88% 46%\" data-object-fit=\"cover\" data-object-position=\"88% 46%\" srcset=\"https:\/\/www.haarfreiheit.net\/wp-content\/uploads\/2021\/11\/Template-Frau-Wabenhintergrundmuster.jpg 1980w, https:\/\/www.haarfreiheit.net\/wp-content\/uploads\/2021\/11\/Template-Frau-Wabenhintergrundmuster-300x180.jpg 300w, https:\/\/www.haarfreiheit.net\/wp-content\/uploads\/2021\/11\/Template-Frau-Wabenhintergrundmuster-1024x613.jpg 1024w, https:\/\/www.haarfreiheit.net\/wp-content\/uploads\/2021\/11\/Template-Frau-Wabenhintergrundmuster-1536x919.jpg 1536w\" sizes=\"auto, (max-width: 1980px) 100vw, 1980px\" \/><span aria-hidden=\"true\" class=\"wp-block-cover__background has-white-background-color has-background-dim-30 has-background-dim\"><\/span><div class=\"wp-block-cover__inner-container is-layout-flow wp-block-cover-is-layout-flow\">\n<div style=\"height:75px\" aria-hidden=\"true\" class=\"wp-block-spacer is-style-s50\"><\/div>\n\n\n\n<div class=\"wp-block-columns is-layout-flex wp-container-core-columns-is-layout-9d6595d7 wp-block-columns-is-layout-flex\">\n<div class=\"wp-block-column is-layout-flow wp-block-column-is-layout-flow\"><div class=\"wp-block-image\">\n<figure class=\"aligncenter size-full is-resized\"><img loading=\"lazy\" decoding=\"async\" width=\"952\" height=\"396\" src=\"https:\/\/www.haarfreiheit.net\/wp-content\/uploads\/2021\/10\/Logo-HF-weiss.png\" alt=\"Haarfreiheit weiss Logo beyaz\" class=\"wp-image-6335\" style=\"object-fit:contain;width:444px;height:185px\" srcset=\"https:\/\/www.haarfreiheit.net\/wp-content\/uploads\/2021\/10\/Logo-HF-weiss.png 952w, https:\/\/www.haarfreiheit.net\/wp-content\/uploads\/2021\/10\/Logo-HF-weiss-300x125.png 300w\" sizes=\"auto, (max-width: 952px) 100vw, 952px\" \/><\/figure>\n<\/div>\n\n<div class=\"wp-block-image\">\n<figure class=\"aligncenter size-full is-resized\"><img decoding=\"async\" src=\"https:\/\/www.haarfreiheit.net\/wp-content\/uploads\/2021\/10\/Symbols-Male-female-icon.png\" alt=\"Cinsiyet Sembolleri simgesi\" class=\"wp-image-6373\" style=\"object-fit:contain;width:315px;height:252px\"\/><\/figure>\n<\/div><\/div>\n\n\n\n<div class=\"wp-block-column is-layout-flow wp-block-column-is-layout-flow\">\n<h2 class=\"wp-block-heading has-text-align-center has-text-color\" style=\"color:#6f5d4d\"><strong>KALICI EP\u0130LASYON*<\/strong><\/h2>\n\n\n\n<div class=\"wp-block-columns are-vertically-aligned-center is-style-default is-layout-flex wp-container-core-columns-is-layout-9d6595d7 wp-block-columns-is-layout-flex\">\n<div class=\"wp-block-column is-vertically-aligned-center primary-link-color is-layout-flow wp-block-column-is-layout-flow\">\n<h3 class=\"wp-block-heading has-text-align-left has-medium-font-size\">BAYAN<\/h3>\n\n\n\n<ul class=\"wp-block-list\">\n<li><a href=\"https:\/\/www.haarfreiheit.net\/tr\/epilasyon-kadinlar-yuez\/\">Y\u00fcz<\/a><\/li>\n\n\n\n<li><a href=\"https:\/\/www.haarfreiheit.net\/tr\/epilasyon-kadin-koltuk-alti\/\">Koltukalt\u0131<\/a><\/li>\n\n\n\n<li><a href=\"https:\/\/www.haarfreiheit.net\/tr\/epilasyon-kadin-kol-ve-eller\/\">Kol ve El<\/a><\/li>\n\n\n\n<li><a href=\"https:\/\/www.haarfreiheit.net\/tr\/epilasyon-kadin-goegues-ve-karin\/\">G\u00f6\u011f\u00fcs ve Karin<\/a><\/li>\n\n\n\n<li><a href=\"https:\/\/www.haarfreiheit.net\/tr\/epilayson-kadinlar-oezel-boelge\/\">Mahrem Alan<\/a><\/li>\n<\/ul>\n<\/div>\n\n\n\n<div class=\"wp-block-column is-vertically-aligned-center secondary-link-color is-layout-flow wp-block-column-is-layout-flow\">\n<h3 class=\"wp-block-heading has-text-align-left has-medium-font-size\">BAY<\/h3>\n\n\n\n<ul class=\"wp-block-list\">\n<li><mark style=\"background-color:rgba(0, 0, 0, 0);color:#9a7b6c\" class=\"has-inline-color\"><a href=\"https:\/\/www.haarfreiheit.net\/tr\/kalici-epilasyon-erkek-yuez\/\">Y\u00fcz<\/a><\/mark><\/li>\n\n\n\n<li><mark style=\"background-color:rgba(0, 0, 0, 0);color:#9a7b6c\" class=\"has-inline-color\"><a href=\"https:\/\/www.haarfreiheit.net\/tr\/kalici-epilasyon-erkek-boyun-ve-bogaz\/\">Boyun<\/a><\/mark><\/li>\n\n\n\n<li><mark style=\"background-color:rgba(0, 0, 0, 0);color:#9a7b6c\" class=\"has-inline-color\"><a href=\"https:\/\/www.haarfreiheit.net\/tr\/kalici-epilasyon-omuz-sirt\/\">Omuz ve s\u0131rt<\/a><\/mark><\/li>\n\n\n\n<li><mark style=\"background-color:rgba(0, 0, 0, 0);color:#9a7b6c\" class=\"has-inline-color\"><a href=\"https:\/\/www.haarfreiheit.net\/tr\/kalici-epilasyon-erkek-gogus-ve-karin\/\">G\u00f6\u011f\u00fcs ve Karin<\/a><\/mark><\/li>\n\n\n\n<li><mark style=\"background-color:rgba(0, 0, 0, 0);color:#9a7b6c\" class=\"has-inline-color\"><a href=\"https:\/\/www.haarfreiheit.net\/tr\/kalici-epilasyon-erkek-eller-ve-kollar\/\">Kol ve El<\/a><\/mark><\/li>\n<\/ul>\n<\/div>\n<\/div>\n\n\n\n<div style=\"height:33px\" aria-hidden=\"true\" class=\"wp-block-spacer\"><\/div>\n\n\n\n<p class=\"has-text-align-center has-text-color\" style=\"color:#5f4242;font-size:30px\">Sadece bizde: <br>P\u0130YASADA MEVCUT T\u00dcM TEKNOLOJ\u0130LER<\/p>\n<\/div>\n<\/div>\n\n\n\n<div style=\"height:75px\" aria-hidden=\"true\" class=\"wp-block-spacer is-style-s50\"><\/div>\n\n\n\n<div class=\"wp-block-buttons button-bar is-horizontal is-content-justification-center is-layout-flex wp-container-core-buttons-is-layout-499968f5 wp-block-buttons-is-layout-flex\">\n<div class=\"wp-block-button is-style-fill\"><a class=\"wp-block-button__link has-background wp-element-button\" href=\"https:\/\/www.haarfreiheit.net\/tr\/xenogel-technology-kalici-epilasyon\/\" style=\"border-radius:3px;background-color:#7b5770\">XENOgel\u00ae<\/a><\/div>\n\n\n\n<div class=\"wp-block-button\"><a class=\"wp-block-button__link has-background wp-element-button\" href=\"https:\/\/www.haarfreiheit.net\/tr\/ipl\/\" style=\"border-radius:3px;background-color:#997575\">IPL<\/a><\/div>\n\n\n\n<div class=\"wp-block-button\"><a class=\"wp-block-button__link has-background wp-element-button\" href=\"https:\/\/www.haarfreiheit.net\/tr\/karsilastirilmasi\/shr\/\" style=\"border-radius:3px;background-color:#b58889\">SHR<\/a><\/div>\n\n\n\n<div class=\"wp-block-button\"><a class=\"wp-block-button__link has-background wp-element-button\" href=\"https:\/\/www.haarfreiheit.net\/tr\/karsilastirilmasi\/diyot-lazer\/\" style=\"border-radius:3px;background-color:#bb8d7c\">D\u0131yot lazer<\/a><\/div>\n\n\n\n<div class=\"wp-block-button\"><a class=\"wp-block-button__link has-background wp-element-button\" href=\"https:\/\/www.haarfreiheit.net\/tr\/alexandrite-lazer\/\" style=\"border-radius:3px;background-color:#c9aea6\">aleksandrit lazer<\/a><\/div>\n\n\n\n<div class=\"wp-block-button\"><a class=\"wp-block-button__link has-background no-border-radius wp-element-button\" href=\"https:\/\/www.haarfreiheit.net\/tr\/neodym-yag-lazer\/\" style=\"background-color:#bba79b\">ND:yag-lazer<\/a><\/div>\n\n\n\n<div class=\"wp-block-button is-style-fill\"><a class=\"wp-block-button__link has-background no-border-radius wp-element-button\" href=\"https:\/\/www.haarfreiheit.net\/tr\/igneli-epilasyon\/\" style=\"background-color:#ab9c7f\">\u0130\u011fneli epilasyon<\/a><\/div>\n<\/div>\n\n\n\n<div style=\"height:75px\" aria-hidden=\"true\" class=\"wp-block-spacer is-style-s50\"><\/div>\n<\/div><\/div>\n\n\n\n<div style=\"height:30px\" aria-hidden=\"true\" class=\"wp-block-spacer is-style-s50\"><\/div>\n\n\n\n<div class=\"wp-block-columns is-style-hidden-xs is-layout-flex wp-container-core-columns-is-layout-9d6595d7 wp-block-columns-is-layout-flex\">\n<div class=\"wp-block-column is-vertically-aligned-center is-layout-flow wp-block-column-is-layout-flow\"><div class=\"wp-block-image\">\n<figure class=\"alignleft size-full is-resized\"><img loading=\"lazy\" decoding=\"async\" width=\"699\" height=\"704\" src=\"https:\/\/www.haarfreiheit.net\/wp-content\/uploads\/2025\/04\/Doktor-danismanligi-ve-cilt-analizi-fotograf.webp\" alt=\"Doktor dan\u0131\u015fmanl\u0131\u011f\u0131 ve cilt analizi \u2013 foto\u011fraf\" class=\"wp-image-27226\" style=\"object-fit:contain;width:530px;height:398px\" srcset=\"https:\/\/www.haarfreiheit.net\/wp-content\/uploads\/2025\/04\/Doktor-danismanligi-ve-cilt-analizi-fotograf.webp 699w, https:\/\/www.haarfreiheit.net\/wp-content\/uploads\/2025\/04\/Doktor-danismanligi-ve-cilt-analizi-fotograf-298x300.webp 298w, https:\/\/www.haarfreiheit.net\/wp-content\/uploads\/2025\/04\/Doktor-danismanligi-ve-cilt-analizi-fotograf-150x150.webp 150w\" sizes=\"auto, (max-width: 699px) 100vw, 699px\" \/><\/figure>\n<\/div><\/div>\n\n\n\n<div class=\"wp-block-column is-vertically-aligned-center is-layout-flow wp-block-column-is-layout-flow\">\n<h2 class=\"wp-block-heading has-text-align-center\">T\u0131bbi i\u015fbirli\u011fi<br><\/h2>\n\n\n\n<p class=\"has-text-align-center\">Haarfreiheit&#8217;de t\u0131bbi i\u015fbirliklerine odakland\u0131k. Bu \u015fekilde, uzmanlar t\u0131bbi sorular i\u00e7in muhatap olarak bize ula\u015fabilir. \u0130lgili doktorun uzun y\u0131llara dayanan deneyimi sayesinde, cilt ve sa\u00e7 tiplerinin ve bunlarla ili\u015fkili \u00f6zelliklerin de\u011ferlendirilmesinde m\u00fckemmel bir yard\u0131ma sahibiz.<\/p>\n<\/div>\n<\/div>\n\n\n\n<div style=\"height:30px\" aria-hidden=\"true\" class=\"wp-block-spacer\"><\/div>\n\n\n\n<div class=\"wp-block-cover is-light\"><img loading=\"lazy\" decoding=\"async\" width=\"1980\" height=\"858\" class=\"wp-block-cover__image-background wp-image-7547\" alt=\"Arka Plan Ekibi Resmi\" src=\"https:\/\/www.haarfreiheit.net\/wp-content\/uploads\/2021\/11\/Template-Teambild.jpg\" data-object-fit=\"cover\" srcset=\"https:\/\/www.haarfreiheit.net\/wp-content\/uploads\/2021\/11\/Template-Teambild.jpg 1980w, https:\/\/www.haarfreiheit.net\/wp-content\/uploads\/2021\/11\/Template-Teambild-300x130.jpg 300w, https:\/\/www.haarfreiheit.net\/wp-content\/uploads\/2021\/11\/Template-Teambild-1024x444.jpg 1024w, https:\/\/www.haarfreiheit.net\/wp-content\/uploads\/2021\/11\/Template-Teambild-1536x666.jpg 1536w\" sizes=\"auto, (max-width: 1980px) 100vw, 1980px\" \/><span aria-hidden=\"true\" class=\"wp-block-cover__background has-white-background-color has-background-dim\"><\/span><div class=\"wp-block-cover__inner-container is-layout-flow wp-block-cover-is-layout-flow\">\n<div class=\"wp-block-columns is-layout-flex wp-container-core-columns-is-layout-9d6595d7 wp-block-columns-is-layout-flex\">\n<div class=\"wp-block-column is-layout-flow wp-block-column-is-layout-flow\">\n<div style=\"height:49px\" aria-hidden=\"true\" class=\"wp-block-spacer is-style-s50\"><\/div>\n<\/div>\n<\/div>\n\n\n\n<div class=\"wp-block-columns has-cyan-bluish-gray-color has-white-background-color has-text-color has-background is-layout-flex wp-container-core-columns-is-layout-9d6595d7 wp-block-columns-is-layout-flex\">\n<div class=\"wp-block-column is-layout-flow wp-block-column-is-layout-flow\">\n<div style=\"height:37px\" aria-hidden=\"true\" class=\"wp-block-spacer is-style-s20\"><\/div>\n\n\n\n<p class=\"has-text-align-center has-text-color quaternary-color has-medium-font-size\">K\u0130\u015e\u0130SEL VE \u200b\u200bBA\u011eLAYICI OLMAYAN RANDEVUYU \u015e\u0130MD\u0130 G\u00dcVENCE ALTINA ALIN!<\/p>\n\n\n\n<div style=\"height:37px\" aria-hidden=\"true\" class=\"wp-block-spacer is-style-s20\"><\/div>\n\n\n\n<div class=\"wp-block-buttons alignfull is-horizontal is-content-justification-center is-layout-flex wp-container-core-buttons-is-layout-499968f5 wp-block-buttons-is-layout-flex\">\n<div class=\"wp-block-button\"><a class=\"wp-block-button__link has-background wp-element-button\" href=\"https:\/\/www.haarfreiheit.net\/tr\/randevu-al\/\" style=\"background-color:#9a7b6c\">Ilestisim<\/a><\/div>\n<\/div>\n\n\n\n<div style=\"height:37px\" aria-hidden=\"true\" class=\"wp-block-spacer is-style-s20\"><\/div>\n<\/div>\n<\/div>\n\n\n\n<div style=\"height:24px\" aria-hidden=\"true\" class=\"wp-block-spacer is-style-s50\"><\/div>\n\n\n\n<div class=\"wp-block-columns is-style-hidden-xs is-layout-flex wp-container-core-columns-is-layout-9d6595d7 wp-block-columns-is-layout-flex\">\n<div class=\"wp-block-column is-layout-flow wp-block-column-is-layout-flow\"><div class=\"wp-block-image\">\n<figure class=\"aligncenter size-full is-resized\"><a href=\"tel:+498000007300\"><img loading=\"lazy\" decoding=\"async\" width=\"269\" height=\"254\" src=\"https:\/\/www.haarfreiheit.net\/wp-content\/uploads\/2021\/10\/TelefoneIcon.png\" alt=\"Simge Telefon Ki\u015fisi\" class=\"wp-image-6372\" style=\"object-fit:contain;width:162px;height:153px\"\/><\/a><\/figure>\n<\/div>\n\n\n<p class=\"has-text-align-center has-text-color quaternary-link-color has-white-color has-medium-font-size\"><a href=\"tel:+498000007300\">0800 \/ 000 73 00<\/a><\/p>\n<\/div>\n\n\n\n<div class=\"wp-block-column is-layout-flow wp-block-column-is-layout-flow\"><div class=\"wp-block-image\">\n<figure class=\"aligncenter size-full is-resized\"><a href=\"mailto:info@haarfreiheit.net\"><img loading=\"lazy\" decoding=\"async\" width=\"269\" height=\"254\" src=\"https:\/\/www.haarfreiheit.net\/wp-content\/uploads\/2021\/10\/MailIcon.png\" alt=\"Simge Posta ki\u015fisi\" class=\"wp-image-6329\" style=\"object-fit:contain;width:163px;height:160px\"\/><\/a><\/figure>\n<\/div>\n\n\n<p class=\"has-text-align-center has-text-color quaternary-link-color has-white-color has-medium-font-size\"><a href=\"mailto:info@haarfreiheit.net\">info@haarfreiheit.net<\/a><\/p>\n<\/div>\n<\/div>\n\n\n\n<div class=\"wp-block-columns is-style-hidden-xl-keepcol is-layout-flex wp-container-core-columns-is-layout-9d6595d7 wp-block-columns-is-layout-flex\">\n<div class=\"wp-block-column is-layout-flow wp-block-column-is-layout-flow\"><div class=\"wp-block-image\">\n<figure class=\"aligncenter size-full is-resized\"><a href=\"tel:+498000007300\"><img loading=\"lazy\" decoding=\"async\" width=\"269\" height=\"254\" src=\"https:\/\/www.haarfreiheit.net\/wp-content\/uploads\/2021\/10\/TelefoneIcon.png\" alt=\"Simge Telefon Ki\u015fisi\" class=\"wp-image-6372\" style=\"object-fit:contain;width:162px;height:153px\"\/><\/a><\/figure>\n<\/div>\n\n\n<p class=\"has-text-align-center has-text-color quaternary-link-color has-white-color has-medium-font-size\"><a href=\"tel:+498000007300\">0800 \/ 000 73 00<\/a><\/p>\n<\/div>\n\n\n\n<div class=\"wp-block-column is-layout-flow wp-block-column-is-layout-flow\"><div class=\"wp-block-image\">\n<figure class=\"aligncenter size-full is-resized\"><a href=\"mailto:info@haarfreiheit.net\"><img loading=\"lazy\" decoding=\"async\" width=\"269\" height=\"254\" src=\"https:\/\/www.haarfreiheit.net\/wp-content\/uploads\/2021\/10\/MailIcon.png\" alt=\"Simge Posta ki\u015fisi\" class=\"wp-image-6329\" style=\"object-fit:contain;width:163px;height:160px\"\/><\/a><\/figure>\n<\/div>\n\n\n<p class=\"has-text-align-center has-text-color quaternary-link-color has-white-color has-medium-font-size\"><a href=\"mailto:info@haarfreiheit.net\">info@haarfreiheit.net<\/a><\/p>\n<\/div>\n<\/div>\n\n\n\n<div style=\"height:49px\" aria-hidden=\"true\" class=\"wp-block-spacer\"><\/div>\n<\/div><\/div>\n\n\n\n<div class=\"wp-block-columns is-layout-flex wp-container-core-columns-is-layout-9d6595d7 wp-block-columns-is-layout-flex\">\n<div class=\"wp-block-column is-layout-flow wp-block-column-is-layout-flow\">\n<div style=\"height:90px\" aria-hidden=\"true\" class=\"wp-block-spacer is-style-s50\"><\/div>\n\n\n\n<div class=\"wp-block-columns is-layout-flex wp-container-core-columns-is-layout-9d6595d7 wp-block-columns-is-layout-flex\">\n<div class=\"wp-block-column is-layout-flow wp-block-column-is-layout-flow\">\n<h2 class=\"wp-block-heading has-text-align-center has-text-color\" style=\"color:#8b836a\">B\u0130Z\u0130 \u00d6ZEL YAPAN NED\u0130R<\/h2>\n\n\n\n<p class=\"has-text-align-center has-medium-font-size\">Neden sizin i\u00e7in en iyi se\u00e7im biziz<\/p>\n<\/div>\n<\/div>\n\n\n\n<div style=\"height:50px\" aria-hidden=\"true\" class=\"wp-block-spacer is-style-s50\"><\/div>\n\n\n\n<div class=\"wp-block-columns is-layout-flex wp-container-core-columns-is-layout-9d6595d7 wp-block-columns-is-layout-flex\">\n<div class=\"wp-block-column is-layout-flow wp-block-column-is-layout-flow\">\n<p class=\"has-text-align-center\">Haarfreiheit t\u00fcys\u00fcz, kal\u0131c\u0131 epilasyon i\u00e7in en iyi adrestir. Heidelberg, Mannheim, Karlsruhe, Wiesbaden ve Frankenthal&#8217;daki enstit\u00fclerimize Wiesloch, Waldorf, Hockenheim, Schwetzingen, Schriesheim, Weinheim, Neckargem\u00fcnd ve Sinsheim \u015fehirlerinden de kolayca ula\u015f\u0131labilir.<\/p>\n\n\n\n<div class=\"wp-block-buttons is-horizontal is-content-justification-center is-layout-flex wp-container-core-buttons-is-layout-499968f5 wp-block-buttons-is-layout-flex\">\n<div class=\"wp-block-button\"><a class=\"wp-block-button__link has-white-color has-text-color wp-element-button\" href=\"https:\/\/www.haarfreiheit.net\/tr\/randevu-al\/\">\u00dccretsiz dan\u0131\u015fmanl\u0131k<\/a><\/div>\n<\/div>\n<\/div>\n\n\n\n<div class=\"wp-block-column is-vertically-aligned-top is-layout-flow wp-block-column-is-layout-flow\">\n<p>\u2713 Sa\u011fl\u0131k uzmanlar\u0131<\/p>\n\n\n\n<p>\u2713 S\u00f6zle\u015fme yok<\/p>\n\n\n\n<p>\u2713 Nerdeyse t\u00fcm cilt ve sac tipleri<\/p>\n\n\n\n<p>\u2713 En iyi teknoloji<\/p>\n\n\n\n<p>\u2713 Piyasadaki t\u00fcm teknolojiler<\/p>\n<\/div>\n\n\n\n<div class=\"wp-block-column is-layout-flow wp-block-column-is-layout-flow\">\n<p>\u2713 T\u0131bbi i\u015f birli\u011fi<\/p>\n\n\n\n<p>\u2713 Agrisiz tedavi<\/p>\n\n\n\n<p>\u2713 100.000\u2019den fazla tedavi<\/p>\n\n\n\n<p>\u2713 15 yili askin deneyim<\/p>\n<\/div>\n<\/div>\n\n\n\n<div style=\"height:46px\" aria-hidden=\"true\" class=\"wp-block-spacer is-style-s50\"><\/div>\n<\/div>\n<\/div>\n\n\n\n<div style=\"height:86px\" aria-hidden=\"true\" class=\"wp-block-spacer is-style-s50\"><\/div>\n\n\n\n<div class=\"wp-block-cover is-light\"><img loading=\"lazy\" decoding=\"async\" width=\"1980\" height=\"1417\" class=\"wp-block-cover__image-background wp-image-6334\" alt=\"Arka plan a\u00e7\u0131k kahverengi petek deseni\" src=\"https:\/\/www.haarfreiheit.net\/wp-content\/uploads\/2021\/10\/dunkler-Hintergrund.jpg\" data-object-fit=\"cover\" srcset=\"https:\/\/www.haarfreiheit.net\/wp-content\/uploads\/2021\/10\/dunkler-Hintergrund.jpg 1980w, https:\/\/www.haarfreiheit.net\/wp-content\/uploads\/2021\/10\/dunkler-Hintergrund-300x215.jpg 300w, https:\/\/www.haarfreiheit.net\/wp-content\/uploads\/2021\/10\/dunkler-Hintergrund-1024x733.jpg 1024w, https:\/\/www.haarfreiheit.net\/wp-content\/uploads\/2021\/10\/dunkler-Hintergrund-1536x1099.jpg 1536w\" sizes=\"auto, (max-width: 1980px) 100vw, 1980px\" \/><span aria-hidden=\"true\" class=\"wp-block-cover__background has-background-dim-20 has-background-dim\" style=\"background-color:#969c6a\"><\/span><div class=\"wp-block-cover__inner-container is-layout-flow wp-block-cover-is-layout-flow\">\n<div style=\"height:100px\" aria-hidden=\"true\" class=\"wp-block-spacer is-style-s50\"><\/div>\n\n\n\n<div class=\"wp-block-columns is-layout-flex wp-container-core-columns-is-layout-9d6595d7 wp-block-columns-is-layout-flex\">\n<div class=\"wp-block-column is-layout-flow wp-block-column-is-layout-flow\" style=\"flex-basis:44%\">\n<div class=\"wp-block-contact-form-7-contact-form-selector\">\n<div class=\"wpcf7 no-js\" id=\"wpcf7-f8545-o1\" lang=\"de-DE\" dir=\"ltr\" data-wpcf7-id=\"8545\">\n<div class=\"screen-reader-response\"><p role=\"status\" aria-live=\"polite\" aria-atomic=\"true\"><\/p> <ul><\/ul><\/div>\n<form action=\"\/tr\/wp-json\/wp\/v2\/pages\/6265#wpcf7-f8545-o1\" method=\"post\" class=\"wpcf7-form init\" aria-label=\"Kontaktformular\" novalidate=\"novalidate\" data-status=\"init\">\n<fieldset class=\"hidden-fields-container\"><input type=\"hidden\" name=\"_wpcf7\" value=\"8545\" \/><input type=\"hidden\" name=\"_wpcf7_version\" value=\"6.1.5\" \/><input type=\"hidden\" name=\"_wpcf7_locale\" value=\"de_DE\" \/><input type=\"hidden\" name=\"_wpcf7_unit_tag\" value=\"wpcf7-f8545-o1\" \/><input type=\"hidden\" name=\"_wpcf7_container_post\" value=\"0\" \/><input type=\"hidden\" name=\"_wpcf7_posted_data_hash\" value=\"\" \/>\n<\/fieldset>\n<div class=\"uacf7-form-wrapper-container uacf7-form-8545  \"><label>Isim\n<span class=\"wpcf7-form-control-wrap\" data-name=\"text-858\"><input size=\"40\" maxlength=\"400\" class=\"wpcf7-form-control wpcf7-text wpcf7-validates-as-required\" aria-required=\"true\" aria-invalid=\"false\" value=\"\" type=\"text\" name=\"text-858\" \/><\/span> <\/label>\n\n<label>Telefonnumara\n<span class=\"wpcf7-form-control-wrap\" data-name=\"tel-436\"><input size=\"40\" maxlength=\"400\" class=\"wpcf7-form-control wpcf7-tel wpcf7-validates-as-required wpcf7-text wpcf7-validates-as-tel\" aria-required=\"true\" aria-invalid=\"false\" value=\"\" type=\"tel\" name=\"tel-436\" \/><\/span> <\/label>\n\n<label>E-posta\n<span class=\"wpcf7-form-control-wrap\" data-name=\"email-396\"><input size=\"40\" maxlength=\"400\" class=\"wpcf7-form-control wpcf7-email wpcf7-validates-as-required wpcf7-text wpcf7-validates-as-email\" aria-required=\"true\" aria-invalid=\"false\" value=\"\" type=\"email\" name=\"email-396\" \/><\/span> <\/label>   \n\n<label>Tercih edilen tarih\n<span class=\"wpcf7-form-control-wrap\" data-name=\"date-709\"><input class=\"wpcf7-form-control wpcf7-date wpcf7-validates-as-date\" aria-invalid=\"false\" value=\"\" type=\"date\" name=\"date-709\" \/><\/span> <\/label>\n\n<label>Tercih edilen yer\n<span class=\"wpcf7-form-control-wrap\" data-name=\"menu-384\"><select class=\"wpcf7-form-control wpcf7-select wpcf7-validates-as-required\" aria-required=\"true\" aria-invalid=\"false\" name=\"menu-384\"><option value=\"\">&#8211; Bitte ausw\u00e4hlen &#8211;<\/option><option value=\"Heidelberg\">Heidelberg<\/option><option value=\"Mannheim\">Mannheim<\/option><option value=\"Karlsruhe\">Karlsruhe<\/option><option value=\"Pforzheim\">Pforzheim<\/option><option value=\"Heilbronn\">Heilbronn<\/option><option value=\"Stuttgart\">Stuttgart<\/option><option value=\"Weinheim\">Weinheim<\/option><option value=\"Frankfurt\">Frankfurt<\/option><option value=\"Wiesbaden\">Wiesbaden<\/option><option value=\"Darmstadt\">Darmstadt<\/option><option value=\"Offenbach\">Offenbach<\/option><option value=\"Bensheim\">Bensheim<\/option><option value=\"Saarbr\u00fccken\">Saarbr\u00fccken<\/option><option value=\"Kaiserslautern\">Kaiserslautern<\/option><option value=\"Mainz\">Mainz<\/option><option value=\"Ludwigshafen\">Ludwigshafen<\/option><option value=\"Speyer\">Speyer<\/option><option value=\"Neustadt\">Neustadt<\/option><option value=\"Landau\">Landau<\/option><option value=\"Worms\">Worms<\/option><option value=\"Frankenthal\">Frankenthal<\/option><\/select><\/span> <\/label>\n\n<label>Kupon kodu (varsa)\n<span class=\"wpcf7-form-control-wrap\" data-name=\"text-460\"><input size=\"40\" maxlength=\"400\" class=\"wpcf7-form-control wpcf7-text\" aria-invalid=\"false\" value=\"\" type=\"text\" name=\"text-460\" \/><\/span> <\/label>\n\n<label> Mesaj\u0131n\u0131z (iste\u011fe ba\u011fl\u0131)\n    <span class=\"wpcf7-form-control-wrap\" data-name=\"your-message\"><textarea cols=\"40\" rows=\"10\" maxlength=\"2000\" class=\"wpcf7-form-control wpcf7-textarea\" aria-invalid=\"false\" name=\"your-message\"><\/textarea><\/span> <\/label>\n<div class=\"form-group\">\n    <div class=\"asp-field asp-email\">\n        <label for=\"email-asp\">E-postan\u0131z<span class=\"req\">*<\/span><\/label><span class=\"wpcf7-form-control-wrap\" data-name=\"email-asp\"><input size=\"40\" maxlength=\"400\" class=\"wpcf7-form-control wpcf7-text\" id=\"email-asp\" aria-invalid=\"false\" value=\"\" type=\"text\" name=\"email-asp\" \/><\/span>\n    <\/div>\n    <div class=\"asp-field asp-name\">\n        <label for=\"name-asp\">Ad\u0131n\u0131z<span class=\"req\">*<\/span><\/label><span class=\"wpcf7-form-control-wrap\" data-name=\"name-asp\"><input size=\"40\" maxlength=\"400\" class=\"wpcf7-form-control wpcf7-text wpcf7-validates-as-required\" id=\"name-asp\" aria-required=\"true\" aria-invalid=\"false\" value=\"\" type=\"text\" name=\"name-asp\" \/><\/span>\n    <\/div>\n    <div class=\"asp-field asp-human\">\n        <label for=\"human-asp\">Evet, ben bir insan\u0131m<span class=\"req\">*<\/span><\/label><span class=\"wpcf7-form-control-wrap\" data-name=\"human-asp\"><input size=\"40\" maxlength=\"400\" class=\"wpcf7-form-control wpcf7-text wpcf7-validates-as-required\" id=\"human-asp\" aria-required=\"true\" aria-invalid=\"false\" value=\"\" type=\"text\" name=\"human-asp\" \/><\/span>\n    <\/div>\n<\/div>\n<input class=\"wpcf7-form-control wpcf7-submit has-spinner\" type=\"submit\" value=\"G\u00f6ndermek\" \/><\/div><div class=\"wpcf7-response-output\" aria-hidden=\"true\"><\/div>\n<\/form>\n<\/div>\n<\/div>\n<\/div>\n\n\n\n<div class=\"wp-block-column is-vertically-aligned-center is-layout-flow wp-block-column-is-layout-flow\" style=\"flex-basis:28%\">\n<div style=\"height:48px\" aria-hidden=\"true\" class=\"wp-block-spacer\"><\/div>\n\n\n\n<h2 class=\"wp-block-heading has-text-align-center has-white-color has-text-color\">BIZIMLE TANISIN<\/h2>\n\n\n\n<div style=\"height:14px\" aria-hidden=\"true\" class=\"wp-block-spacer\"><\/div>\n\n\n\n<p class=\"has-text-align-center primary-link-color has-medium-font-size\">\u00dccretsiz<br><a href=\"tel:+4908000007300\">0800 \/ 000 73 00<\/a><br>arayin veya bize formu g\u00f6nderin.<\/p>\n\n\n\n<div style=\"height:48px\" aria-hidden=\"true\" class=\"wp-block-spacer\"><\/div>\n<\/div>\n\n\n\n<div class=\"wp-block-column is-vertically-aligned-center is-layout-flow wp-block-column-is-layout-flow\">\n<figure class=\"wp-block-image size-full is-resized\"><img loading=\"lazy\" decoding=\"async\" width=\"490\" height=\"490\" src=\"https:\/\/www.haarfreiheit.net\/wp-content\/uploads\/2021\/10\/Unbenannt-1.png\" alt=\"Foto\u011frafl\u0131 Telefon Operat\u00f6r\u00fc\" class=\"wp-image-6328\" style=\"object-fit:contain;width:368px;height:368px\" srcset=\"https:\/\/www.haarfreiheit.net\/wp-content\/uploads\/2021\/10\/Unbenannt-1.png 490w, https:\/\/www.haarfreiheit.net\/wp-content\/uploads\/2021\/10\/Unbenannt-1-300x300.png 300w, https:\/\/www.haarfreiheit.net\/wp-content\/uploads\/2021\/10\/Unbenannt-1-150x150.png 150w\" sizes=\"auto, (max-width: 490px) 100vw, 490px\" \/><\/figure>\n<\/div>\n<\/div>\n\n\n\n<div style=\"height:100px\" aria-hidden=\"true\" class=\"wp-block-spacer is-style-s50\"><\/div>\n<\/div><\/div>\n\n\n\n<div class=\"wp-block-cover is-light\"><img loading=\"lazy\" decoding=\"async\" width=\"1980\" height=\"1169\" class=\"wp-block-cover__image-background wp-image-6369\" alt=\"Arka plan g\u00f6r\u00fcnt\u00fcs\u00fc efekti\" src=\"https:\/\/www.haarfreiheit.net\/wp-content\/uploads\/2021\/10\/hellgradient-BG.jpg\" style=\"object-position:51% 17%\" data-object-fit=\"cover\" data-object-position=\"51% 17%\" srcset=\"https:\/\/www.haarfreiheit.net\/wp-content\/uploads\/2021\/10\/hellgradient-BG.jpg 1980w, https:\/\/www.haarfreiheit.net\/wp-content\/uploads\/2021\/10\/hellgradient-BG-300x177.jpg 300w, https:\/\/www.haarfreiheit.net\/wp-content\/uploads\/2021\/10\/hellgradient-BG-1024x605.jpg 1024w, https:\/\/www.haarfreiheit.net\/wp-content\/uploads\/2021\/10\/hellgradient-BG-1536x907.jpg 1536w\" sizes=\"auto, (max-width: 1980px) 100vw, 1980px\" \/><span aria-hidden=\"true\" class=\"wp-block-cover__background has-background-dim-20 has-background-dim\" style=\"background-color:#a34b00\"><\/span><div class=\"wp-block-cover__inner-container is-layout-flow wp-block-cover-is-layout-flow\">\n<div style=\"height:100px\" aria-hidden=\"true\" class=\"wp-block-spacer is-style-s50\"><\/div>\n\n\n\n<div class=\"wp-block-columns is-style-default is-layout-flex wp-container-core-columns-is-layout-9d6595d7 wp-block-columns-is-layout-flex\">\n<div class=\"wp-block-column is-layout-flow wp-block-column-is-layout-flow\">\n<h3 class=\"wp-block-heading has-text-align-center has-black-color has-text-color has-large-font-size\">Xenogel\u00ae teknolojisi <br>ile kal\u0131c\u0131 epilasyon*<\/h3>\n\n\n\n<p class=\"has-text-align-center secondary-color has-black-color has-text-color\">XENOgel\u00ae Teknolojisi, fotoepilasyon ve kristal jelin bir kombinasyonudur. XENOgel\u00ae Teknolojisi sayesinde, \u0131\u015f\u0131k darbeleri, kal\u0131c\u0131 epilasyon etkilerini * geli\u015ftirebilecekleri cilde en uygun \u015fekilde y\u00f6nlendirilir.<\/p>\n\n\n\n<div class=\"wp-block-columns is-layout-flex wp-container-core-columns-is-layout-9d6595d7 wp-block-columns-is-layout-flex\">\n<div class=\"wp-block-column is-vertically-aligned-center is-layout-flow wp-block-column-is-layout-flow\" style=\"flex-basis:33.33%\"><div class=\"wp-block-image\">\n<figure class=\"aligncenter size-full is-resized\"><img loading=\"lazy\" decoding=\"async\" width=\"269\" height=\"254\" src=\"https:\/\/www.haarfreiheit.net\/wp-content\/uploads\/2021\/10\/TelefoneIcon.png\" alt=\"Simge Telefon Ki\u015fisi\" class=\"wp-image-6372\" style=\"object-fit:contain;width:180px;height:177px\"\/><\/figure>\n<\/div><\/div>\n\n\n\n<div class=\"wp-block-column is-vertically-aligned-center is-layout-flow wp-block-column-is-layout-flow\" style=\"flex-basis:66.66%\">\n<p class=\"has-text-align-center has-text-color has-large-font-size\" style=\"color:#56958a\"><a href=\"tel:+498000007300\"><mark style=\"background-color:rgba(0, 0, 0, 0);color:#003d4b\" class=\"has-inline-color\"><strong>(0800) 000 73 00<\/strong><\/mark><\/a><\/p>\n<\/div>\n<\/div>\n\n\n\n<div style=\"height:68px\" aria-hidden=\"true\" class=\"wp-block-spacer\"><\/div>\n<\/div>\n\n\n\n<div class=\"wp-block-column is-layout-flow wp-block-column-is-layout-flow\">\n<div style=\"height:48px\" aria-hidden=\"true\" class=\"wp-block-spacer\"><\/div>\n\n\n<div class=\"wp-block-image\">\n<figure class=\"aligncenter size-full is-resized\"><img loading=\"lazy\" decoding=\"async\" width=\"900\" height=\"309\" src=\"https:\/\/www.haarfreiheit.net\/wp-content\/uploads\/2021\/12\/XENOgel-Logo-weiss-grey-backdrob.png\" alt=\"Logo XENOgel Technology beyaz\" class=\"wp-image-4866\" style=\"object-fit:contain;width:497px;height:171px\" srcset=\"https:\/\/www.haarfreiheit.net\/wp-content\/uploads\/2021\/12\/XENOgel-Logo-weiss-grey-backdrob.png 900w, https:\/\/www.haarfreiheit.net\/wp-content\/uploads\/2021\/12\/XENOgel-Logo-weiss-grey-backdrob-300x103.png 300w\" sizes=\"auto, (max-width: 900px) 100vw, 900px\" \/><\/figure>\n<\/div>\n\n\n<div style=\"height:28px\" aria-hidden=\"true\" class=\"wp-block-spacer\"><\/div>\n\n\n\n<div class=\"wp-block-columns are-vertically-aligned-center is-layout-flex wp-container-core-columns-is-layout-9d6595d7 wp-block-columns-is-layout-flex\">\n<div class=\"wp-block-column is-vertically-aligned-center is-layout-flow wp-block-column-is-layout-flow\">\n<div class=\"wp-block-buttons is-horizontal is-content-justification-center is-layout-flex wp-container-core-buttons-is-layout-499968f5 wp-block-buttons-is-layout-flex\">\n<div class=\"wp-block-button\"><a class=\"wp-block-button__link has-black-color has-text-color has-background wp-element-button\" href=\"https:\/\/www.haarfreiheit.net\/tr\/randevu-al\/\" style=\"background-color:#ebded4\">\u00dccretsiz dan\u0131\u015fmanl\u0131k<\/a><\/div>\n<\/div>\n<\/div>\n\n\n\n<div class=\"wp-block-column is-vertically-aligned-center is-layout-flow wp-block-column-is-layout-flow\">\n<div class=\"wp-block-buttons is-horizontal is-content-justification-center is-layout-flex wp-container-core-buttons-is-layout-499968f5 wp-block-buttons-is-layout-flex\">\n<div class=\"wp-block-button\"><a class=\"wp-block-button__link has-black-color has-text-color has-background wp-element-button\" href=\"https:\/\/www.haarfreiheit.net\/tr\/xenogel-technology-kalici-epilasyon\/\" style=\"background-color:#ebded4\">Teknoloji hakk\u0131nda daha fazla bilgi<\/a><\/div>\n<\/div>\n<\/div>\n<\/div>\n<\/div>\n<\/div>\n\n\n\n<div style=\"height:100px\" aria-hidden=\"true\" class=\"wp-block-spacer is-style-s75\"><\/div>\n\n\n\n<div style=\"height:100px\" aria-hidden=\"true\" class=\"wp-block-spacer is-style-s50\"><\/div>\n<\/div><\/div>\n\n\n\n<div class=\"wp-block-cover is-light\" style=\"min-height:524px;aspect-ratio:unset;\"><span aria-hidden=\"true\" class=\"wp-block-cover__background has-background-dim-100 has-background-dim has-background-gradient\" style=\"background:linear-gradient(135deg,rgb(255,254,224) 0%,rgb(235,222,212) 50%,rgb(224,206,157) 100%)\"><\/span><div class=\"wp-block-cover__inner-container is-layout-flow wp-block-cover-is-layout-flow\">\n<div class=\"wp-block-columns is-layout-flex wp-container-core-columns-is-layout-9d6595d7 wp-block-columns-is-layout-flex\">\n<div class=\"wp-block-column is-layout-flow wp-block-column-is-layout-flow\">\n<div style=\"height:50px\" aria-hidden=\"true\" class=\"wp-block-spacer is-style-s50\"><\/div>\n\n\n\n<h2 class=\"wp-block-heading\"><mark style=\"background-color:rgba(0, 0, 0, 0);color:#951b81\" class=\"has-inline-color\">NEDEN HAARFREIHEIT?<\/mark><\/h2>\n\n\n\n<div style=\"height:50px\" aria-hidden=\"true\" class=\"wp-block-spacer is-style-s50\"><\/div>\n\n\n\n<div class=\"wp-block-pb-accordion-item c-accordion__item js-accordion-item no-js primary-color\" data-initially-open=\"false\" data-click-to-close=\"true\" data-auto-close=\"true\" data-scroll=\"false\" data-scroll-offset=\"0\"><button id=\"at-62650\" class=\"c-accordion__title js-accordion-controller c-accordion__title--button\" role=\"button\"><strong>En y\u00fcksek m\u00fc\u015fteri memnuniyeti<\/strong><\/button><div id=\"ac-62650\" class=\"c-accordion__content\">\n<p class=\"has-black-color has-text-color has-black-color has-text-color\">Kendinizi tamamen rahat hissetmeniz i\u00e7in her zaman size en iyi hizmeti sunmaya \u00e7al\u0131\u015f\u0131yoruz. Bu nedenle 1000&#8217;den fazla m\u00fc\u015fteri zaten bize g\u00fcvendi ve bizi s\u00fcrekli olarak ba\u015fkalar\u0131na tavsiye etti. Siz de kendinizi iyi hissettiren atmosferimizden ve iyi hizmetimizden yararlanabilirsiniz. Arkan\u0131za yaslan\u0131n ve nerede ve hangi teknikle olursa olsun can s\u0131k\u0131c\u0131 t\u00fcylerden kal\u0131c\u0131 olarak kurtulun.<\/p>\n<\/div><\/div>\n\n\n\n<div style=\"height:30px\" aria-hidden=\"true\" class=\"wp-block-spacer\"><\/div>\n\n\n\n<div class=\"wp-block-pb-accordion-item c-accordion__item js-accordion-item no-js primary-color\" data-initially-open=\"false\" data-click-to-close=\"true\" data-auto-close=\"true\" data-scroll=\"false\" data-scroll-offset=\"0\"><button id=\"at-62651\" class=\"c-accordion__title js-accordion-controller c-accordion__title--button\" role=\"button\"><strong>T\u0131bbi uzmanl\u0131k<\/strong><\/button><div id=\"ac-62651\" class=\"c-accordion__content\">\n<p class=\"has-black-color has-text-color has-black-color has-text-color\">Kal\u0131c\u0131 t\u00fcy alma hi\u00e7 bu kadar kolay olmam\u0131\u015ft\u0131. Kendinizi Profesyonel tavsiye ve tedavimiz\u2019den ikna edin. Bu nedenle hizmetimiz \u00fccretsiz \u00f6n muayene ve anamnez olu\u015fturulmas\u0131n\u0131 i\u00e7ermektedir. Ek olarak, hormon tespiti i\u00e7in bir kan numunesi de m\u00fcmk\u00fcnd\u00fcr. Tedavi masraflar\u0131n\u0131 sa\u011fl\u0131k sigortan\u0131z ile kar\u015f\u0131lamak i\u00e7in bir ba\u015fvuru s\u00fcreci gerekliyse, t\u0131bbi uzmanl\u0131\u011f\u0131m\u0131zla da yan\u0131n\u0131zday\u0131z.<\/p>\n<\/div><\/div>\n\n\n\n<div style=\"height:30px\" aria-hidden=\"true\" class=\"wp-block-spacer\"><\/div>\n\n\n\n<div class=\"wp-block-pb-accordion-item c-accordion__item js-accordion-item no-js primary-color\" data-initially-open=\"false\" data-click-to-close=\"true\" data-auto-close=\"true\" data-scroll=\"false\" data-scroll-offset=\"0\"><button id=\"at-62652\" class=\"c-accordion__title js-accordion-controller c-accordion__title--button\" role=\"button\"><strong>En geli\u015fmi\u015f foto\u011fraf epilasyon teknolojisi<\/strong><\/button><div id=\"ac-62652\" class=\"c-accordion__content\">\n<p><mark style=\"background-color:rgba(0, 0, 0, 0)\" class=\"has-inline-color has-black-color\">\u00c7o\u011funlukla geli\u015ftirdi\u011fimiz ve m\u00fckemmelle\u015ftirdi\u011fimiz XENOgel teknolojisi ile \u00e7al\u0131\u015f\u0131yoruz. IPL tekni\u011fini kullanarak tedavi se\u00e7ene\u011fi de vard\u0131r. Ancak enstit\u00fcm\u00fczde tedaviler, yeni ve \u00f6nc\u00fc XENOgel teknolojisi kullan\u0131larak neredeyse yaln\u0131zca verimli ve ac\u0131s\u0131z bir \u015fekilde ger\u00e7ekle\u015ftirilir. Ayd\u0131nlatma efektini optimize etmek i\u00e7in kullan\u0131lan kristal jel burada \u00f6zellikle \u00f6nemlidir. Sonu\u00e7ta, sonu\u00e7 p\u00fcr\u00fczs\u00fcz bir cilt.<\/mark><\/p>\n\n\n\n<div style=\"height:15px\" aria-hidden=\"true\" class=\"wp-block-spacer\"><\/div>\n<\/div><\/div>\n\n\n\n<div style=\"height:30px\" aria-hidden=\"true\" class=\"wp-block-spacer\"><\/div>\n\n\n\n<div class=\"wp-block-pb-accordion-item c-accordion__item js-accordion-item no-js primary-color\" data-initially-open=\"false\" data-click-to-close=\"true\" data-auto-close=\"true\" data-scroll=\"false\" data-scroll-offset=\"0\"><button id=\"at-62653\" class=\"c-accordion__title js-accordion-controller c-accordion__title--button\" role=\"button\"><strong>Yapilan cok sayida tedavi<\/strong><\/button><div id=\"ac-62653\" class=\"c-accordion__content\">\n<p><mark style=\"background-color:rgba(0, 0, 0, 0)\" class=\"has-inline-color has-black-color\">I\u015f\u0131k teknolojisini kullanarak profesyonel epilasyon alan\u0131ndaki uzun y\u0131llara dayanan deneyimimiz sayesinde, ba\u015far\u0131yla ger\u00e7ekle\u015ftirilen 15.000&#8217;den fazla tedaviye \u015fimdiden bakabiliyoruz. Kal\u0131c\u0131 epilasyonda yaln\u0131zca en iyilere g\u00fcvenin.<\/mark><\/p>\n\n\n\n<div style=\"height:15px\" aria-hidden=\"true\" class=\"wp-block-spacer\"><\/div>\n<\/div><\/div>\n\n\n\n<div style=\"height:30px\" aria-hidden=\"true\" class=\"wp-block-spacer\"><\/div>\n\n\n\n<div class=\"wp-block-pb-accordion-item c-accordion__item js-accordion-item no-js primary-color\" data-initially-open=\"false\" data-click-to-close=\"true\" data-auto-close=\"true\" data-scroll=\"false\" data-scroll-offset=\"0\"><button id=\"at-62654\" class=\"c-accordion__title js-accordion-controller c-accordion__title--button\" role=\"button\"><strong>S\u00f6zle\u015fme yok<\/strong><\/button><div id=\"ac-62654\" class=\"c-accordion__content\">\n<p><mark style=\"background-color:rgba(0, 0, 0, 0)\" class=\"has-inline-color has-black-color\">Sizi uyulmas\u0131 gereken herhangi bir s\u00f6zle\u015fmeye veya ayl\u0131k \u00f6demeye ba\u011flamak istemememiz bizim i\u00e7in \u00f6zellikle \u00f6nemlidir. Bu nedenle, tam \u00f6zg\u00fcrl\u00fc\u011f\u00fcn tad\u0131n\u0131 \u00e7\u0131kar\u0131rs\u0131n\u0131z.<\/mark><\/p>\n<\/div><\/div>\n\n\n\n<div style=\"height:30px\" aria-hidden=\"true\" class=\"wp-block-spacer\"><\/div>\n\n\n\n<div class=\"wp-block-pb-accordion-item c-accordion__item js-accordion-item no-js primary-color\" data-initially-open=\"false\" data-click-to-close=\"true\" data-auto-close=\"true\" data-scroll=\"false\" data-scroll-offset=\"0\"><button id=\"at-62655\" class=\"c-accordion__title js-accordion-controller c-accordion__title--button\" role=\"button\"><strong>Ayl\u0131k \u00f6deme yok<\/strong><\/button><div id=\"ac-62655\" class=\"c-accordion__content\">\n<p><mark style=\"background-color:rgba(0, 0, 0, 0)\" class=\"has-inline-color has-black-color\">Di\u011fer sa\u011flay\u0131c\u0131lar\u0131n aksine, yaln\u0131zca her bir tedaviden sonra \u00f6deme yapar\u0131z. EC veya kredi kart\u0131yla zahmetsizce nakit \u00f6deyin. Ayr\u0131ca 50 Euro&#8217;luk bir miktardan, tedavinin bedelini rahatl\u0131kla taksitle \u00f6deyebilir ve tutar\u0131n tamam\u0131n\u0131 hemen harcamak zorunda kalmazs\u0131n\u0131z.<\/mark><\/p>\n<\/div><\/div>\n\n\n\n<div style=\"height:30px\" aria-hidden=\"true\" class=\"wp-block-spacer\"><\/div>\n\n\n\n<div class=\"wp-block-pb-accordion-item c-accordion__item js-accordion-item no-js primary-color\" data-initially-open=\"false\" data-click-to-close=\"true\" data-auto-close=\"true\" data-scroll=\"false\" data-scroll-offset=\"0\"><button id=\"at-62656\" class=\"c-accordion__title js-accordion-controller c-accordion__title--button\" role=\"button\"><strong>Sa\u011fl\u0131k uzmanlari<\/strong><\/button><div id=\"ac-62656\" class=\"c-accordion__content\">\n<p><mark style=\"background-color:rgba(0, 0, 0, 0)\" class=\"has-inline-color has-black-color\">T\u00fcm hizmetler e\u011fitimli t\u0131p uzmanlar\u0131 taraf\u0131ndan y\u00fcr\u00fct\u00fclmektedir. Bu nedenle, \u00f6ncelikle sa\u011fl\u0131k mesleklerinde e\u011fitim alm\u0131\u015f uzmanlar taraf\u0131ndan bilgilendirilecek ve tedavi edilecektir. Size m\u00fcmk\u00fcn olan en y\u00fcksek yetkinlik ve kalitenin sunulmas\u0131 bizim i\u00e7in \u00f6zellikle \u00f6nemlidir.<\/mark><\/p>\n<\/div><\/div>\n\n\n\n<div style=\"height:30px\" aria-hidden=\"true\" class=\"wp-block-spacer\"><\/div>\n\n\n\n<div class=\"wp-block-pb-accordion-item c-accordion__item js-accordion-item no-js primary-color\" data-initially-open=\"false\" data-click-to-close=\"true\" data-auto-close=\"true\" data-scroll=\"false\" data-scroll-offset=\"0\"><button id=\"at-62657\" class=\"c-accordion__title js-accordion-controller c-accordion__title--button\" role=\"button\"><strong>Hemen hemen t\u00fcm cilt ve sa\u00e7 tipleri<\/strong><\/button><div id=\"ac-62657\" class=\"c-accordion__content\">\n<p><mark style=\"background-color:rgba(0, 0, 0, 0)\" class=\"has-inline-color has-black-color\">Di\u011fer kal\u0131c\u0131 t\u00fcy alma prosed\u00fcrleri yaln\u0131zca belirli t\u00fcy t\u00fcrlerini etkili bir \u015fekilde tedavi edebilirken, SHR teknolojisi yeni bir yakla\u015f\u0131m sunar. \u015eu andan itibaren, di\u011fer prosed\u00fcrlerin aksine, yenilik\u00e7i XENOgel y\u00f6ntemi farkl\u0131 sa\u00e7 ve cilt tiplerini tedavi etmemizi sa\u011fl\u0131yor. Bu nedenle g\u00fcne\u015fte bronzla\u015fm\u0131\u015f cilt \u00fczerinde bir tedavi de yap\u0131labilir.<\/mark><\/p>\n<\/div><\/div>\n\n\n\n<div style=\"height:30px\" aria-hidden=\"true\" class=\"wp-block-spacer\"><\/div>\n\n\n\n<div class=\"wp-block-pb-accordion-item c-accordion__item js-accordion-item no-js primary-color\" data-initially-open=\"false\" data-click-to-close=\"true\" data-auto-close=\"true\" data-scroll=\"false\" data-scroll-offset=\"0\"><button id=\"at-62658\" class=\"c-accordion__title js-accordion-controller c-accordion__title--button\" role=\"button\"><strong>\u00dccretsiz ve bireysel dan\u0131\u015fmanl\u0131k<\/strong><\/button><div id=\"ac-62658\" class=\"c-accordion__content\">\n<p><mark style=\"background-color:rgba(0, 0, 0, 0)\" class=\"has-inline-color has-black-color\">\u015eu andan itibaren, bir daha asla t\u0131ra\u015f zahmetiyle u\u011fra\u015fmak zorunda kalmayacaks\u0131n\u0131z. \u0130peksi p\u00fcr\u00fczs\u00fcz bir cilt hayalinizi nas\u0131l ger\u00e7ekle\u015ftirebilece\u011finizi, ki\u015fiye \u00f6zel haz\u0131rlanm\u0131\u015f bir kons\u00fcltasyonda \u00f6\u011frenin. Ki\u015fisel g\u00f6r\u00fc\u015fmenizi bug\u00fcn ayarlay\u0131n! Bizi ziyaret etmenizi bekliyoruz.<\/mark><\/p>\n<\/div><\/div>\n\n\n\n<div style=\"height:50px\" aria-hidden=\"true\" class=\"wp-block-spacer\"><\/div>\n<\/div>\n\n\n\n<div class=\"wp-block-column is-vertically-aligned-center is-layout-flow wp-block-column-is-layout-flow\"><div class=\"wp-block-image\">\n<figure class=\"aligncenter size-full is-resized\"><img loading=\"lazy\" decoding=\"async\" width=\"800\" height=\"816\" src=\"https:\/\/www.haarfreiheit.net\/wp-content\/uploads\/2022\/01\/Geraet-Photoepilation.png\" alt=\"Foto\u011fraf Fotoepilasyon Cihaz\u0131 mti Logosu\" class=\"wp-image-6379\" style=\"object-fit:contain;width:517px;height:527px\" srcset=\"https:\/\/www.haarfreiheit.net\/wp-content\/uploads\/2022\/01\/Geraet-Photoepilation.png 800w, https:\/\/www.haarfreiheit.net\/wp-content\/uploads\/2022\/01\/Geraet-Photoepilation-294x300.png 294w\" sizes=\"auto, (max-width: 800px) 100vw, 800px\" \/><\/figure>\n<\/div><\/div>\n<\/div>\n<\/div><\/div>\n\n\n\n<div class=\"wp-block-cover is-light is-style-hidden-xl is-style-hidden-xs\"><img loading=\"lazy\" decoding=\"async\" width=\"1980\" height=\"1980\" class=\"wp-block-cover__image-background wp-image-2688\" alt=\"Arka plan g\u00f6r\u00fcnt\u00fcs\u00fc efekti\" src=\"https:\/\/www.haarfreiheit.net\/wp-content\/uploads\/2021\/10\/helles-Wabenmuster.jpg\" data-object-fit=\"cover\" srcset=\"https:\/\/www.haarfreiheit.net\/wp-content\/uploads\/2021\/10\/helles-Wabenmuster.jpg 1980w, https:\/\/www.haarfreiheit.net\/wp-content\/uploads\/2021\/10\/helles-Wabenmuster-300x300.jpg 300w, https:\/\/www.haarfreiheit.net\/wp-content\/uploads\/2021\/10\/helles-Wabenmuster-1024x1024.jpg 1024w, https:\/\/www.haarfreiheit.net\/wp-content\/uploads\/2021\/10\/helles-Wabenmuster-150x150.jpg 150w, https:\/\/www.haarfreiheit.net\/wp-content\/uploads\/2021\/10\/helles-Wabenmuster-1536x1536.jpg 1536w\" sizes=\"auto, (max-width: 1980px) 100vw, 1980px\" \/><span aria-hidden=\"true\" class=\"wp-block-cover__background has-background-dim-0 has-background-dim\" style=\"background-color:#fffbd6\"><\/span><div class=\"wp-block-cover__inner-container is-layout-flow wp-block-cover-is-layout-flow\">\n<div style=\"height:30px\" aria-hidden=\"true\" class=\"wp-block-spacer\"><\/div>\n\n\n\n<h2 class=\"wp-block-heading has-text-align-center\" id=\"Standorte\"><strong>ENSTIT\u00dcTELERIMIZ<\/strong><\/h2>\n\n\n\n<div style=\"height:30px\" aria-hidden=\"true\" class=\"wp-block-spacer is-style-s50\"><\/div>\n\n\n\n<div class=\"wp-block-columns is-layout-flex wp-container-core-columns-is-layout-9d6595d7 wp-block-columns-is-layout-flex\">\n<div class=\"wp-block-column is-layout-flow wp-block-column-is-layout-flow\">\n<p class=\"has-text-align-center has-black-color has-text-color\">HEIDELBERG<\/p>\n\n\n\n<p class=\"has-text-align-center has-black-color has-text-color\">Friedrich-Ebert-Anlage 1<br>69117 Heidelberg<\/p>\n\n\n<div class=\"wp-block-image\">\n<figure class=\"aligncenter size-full is-resized\"><img loading=\"lazy\" decoding=\"async\" width=\"400\" height=\"91\" src=\"https:\/\/www.haarfreiheit.net\/wp-content\/uploads\/2021\/10\/Trennlinie-Standort.png\" alt=\"Sat\u0131r Grafi\u011fi Simgesini B\u00f6lme\" class=\"wp-image-6332\" style=\"object-fit:contain;width:200px;height:46px\" srcset=\"https:\/\/www.haarfreiheit.net\/wp-content\/uploads\/2021\/10\/Trennlinie-Standort.png 400w, https:\/\/www.haarfreiheit.net\/wp-content\/uploads\/2021\/10\/Trennlinie-Standort-300x68.png 300w\" sizes=\"auto, (max-width: 400px) 100vw, 400px\" \/><\/figure>\n<\/div>\n\n\n<p class=\"has-text-align-center has-black-color has-text-color\">(06221) 187-6767<\/p>\n\n\n\n<div style=\"height:100px\" aria-hidden=\"true\" class=\"wp-block-spacer is-style-s20\"><\/div>\n\n\n\n<p class=\"has-text-align-center has-black-color has-text-color\">S\u00fcrekli sac uzamas\u0131ndan muzdaripmisiniz? Isik terapimiz sizi ondan g\u00fcvenilir bir seklide kurtarir. Bir daha asla tiras olma veya agda yapma. Merkezi konumdaki enstit\u00fcm\u00fcz Heideberg.<\/p>\n\n\n\n<div style=\"height:100px\" aria-hidden=\"true\" class=\"wp-block-spacer is-style-s20\"><\/div>\n\n\n\n<div class=\"wp-block-buttons is-horizontal is-content-justification-center is-layout-flex wp-container-core-buttons-is-layout-499968f5 wp-block-buttons-is-layout-flex\">\n<div class=\"wp-block-button\"><a class=\"wp-block-button__link no-border-radius wp-element-button\" href=\"https:\/\/www.haarfreiheit.net\/tr\/kalici-lazer-epilasyon-heidelberg\/\">enstit\u00fcye<\/a><\/div>\n<\/div>\n<\/div>\n\n\n\n<div class=\"wp-block-column is-layout-flow wp-block-column-is-layout-flow\">\n<p class=\"has-text-align-center\">MANNHEIM<\/p>\n\n\n\n<p class=\"has-text-align-center has-black-color has-text-color\">M7 16-18<br>68161 Mannheim<\/p>\n\n\n<div class=\"wp-block-image\">\n<figure class=\"aligncenter size-full is-resized\"><img loading=\"lazy\" decoding=\"async\" width=\"400\" height=\"91\" src=\"https:\/\/www.haarfreiheit.net\/wp-content\/uploads\/2021\/10\/Trennlinie-Standort.png\" alt=\"Sat\u0131r Grafi\u011fi Simgesini B\u00f6lme\" class=\"wp-image-6332\" style=\"object-fit:contain;width:200px;height:46px\" srcset=\"https:\/\/www.haarfreiheit.net\/wp-content\/uploads\/2021\/10\/Trennlinie-Standort.png 400w, https:\/\/www.haarfreiheit.net\/wp-content\/uploads\/2021\/10\/Trennlinie-Standort-300x68.png 300w\" sizes=\"auto, (max-width: 400px) 100vw, 400px\" \/><\/figure>\n<\/div>\n\n\n<p class=\"has-text-align-center has-black-color has-text-color\">(0621) 586 7490<\/p>\n\n\n\n<div style=\"height:100px\" aria-hidden=\"true\" class=\"wp-block-spacer is-style-s20\"><\/div>\n\n\n\n<p class=\"has-text-align-center has-black-color has-text-color\">Su kulesi ile ana istasyon arasindaki enstit\u00fcm\u00fcz, b\u00f6lgeden bagimsiz sizi istenmeyen t\u00fcylerden g\u00fcvenilir bir sekilde kurtarabilir.<\/p>\n\n\n\n<div style=\"height:100px\" aria-hidden=\"true\" class=\"wp-block-spacer is-style-s20\"><\/div>\n\n\n\n<div class=\"wp-block-buttons is-horizontal is-content-justification-center is-layout-flex wp-container-core-buttons-is-layout-499968f5 wp-block-buttons-is-layout-flex\">\n<div class=\"wp-block-button\"><a class=\"wp-block-button__link no-border-radius wp-element-button\" href=\"https:\/\/www.haarfreiheit.net\/tr\/kalici-lazer-epilasyon-mannheim\/\">enstit\u00fcye<\/a><\/div>\n<\/div>\n<\/div>\n\n\n\n<div class=\"wp-block-column is-layout-flow wp-block-column-is-layout-flow\">\n<p class=\"has-text-align-center\">KARLSRUHE<\/p>\n\n\n\n<p class=\"has-text-align-center has-black-color has-text-color\">Kaiserstra\u00dfe 110<br>76133 Karlsruhe<\/p>\n\n\n<div class=\"wp-block-image\">\n<figure class=\"aligncenter size-full is-resized\"><img loading=\"lazy\" decoding=\"async\" width=\"400\" height=\"91\" src=\"https:\/\/www.haarfreiheit.net\/wp-content\/uploads\/2021\/10\/Trennlinie-Standort.png\" alt=\"Sat\u0131r Grafi\u011fi Simgesini B\u00f6lme\" class=\"wp-image-6332\" style=\"object-fit:contain;width:200px;height:46px\" srcset=\"https:\/\/www.haarfreiheit.net\/wp-content\/uploads\/2021\/10\/Trennlinie-Standort.png 400w, https:\/\/www.haarfreiheit.net\/wp-content\/uploads\/2021\/10\/Trennlinie-Standort-300x68.png 300w\" sizes=\"auto, (max-width: 400px) 100vw, 400px\" \/><\/figure>\n<\/div>\n\n\n<p class=\"has-text-align-center has-black-color has-text-color\">(0721) 61 934 200<\/p>\n\n\n\n<div style=\"height:100px\" aria-hidden=\"true\" class=\"wp-block-spacer is-style-s20\"><\/div>\n\n\n\n<p class=\"has-text-align-center has-black-color has-text-color\">Uzmandan lazer epilasyon. Bu, Pazar meydaninda yakin merkezi bir konumda bulunan enstit\u00fcm\u00fczde de m\u00fcmk\u00fcnd\u00fcr. Haarfreiheit Karlsruhe\u2019de kalici olarak p\u00fcr\u00fcs\u00fcz bir cilt hayalinizi ger\u00e7ekle\u015ftiriyor.<\/p>\n\n\n\n<div style=\"height:100px\" aria-hidden=\"true\" class=\"wp-block-spacer is-style-s20\"><\/div>\n\n\n\n<div class=\"wp-block-buttons is-horizontal is-content-justification-center is-layout-flex wp-container-core-buttons-is-layout-499968f5 wp-block-buttons-is-layout-flex\">\n<div class=\"wp-block-button\"><a class=\"wp-block-button__link no-border-radius wp-element-button\" href=\"https:\/\/www.haarfreiheit.net\/tr\/kalici-lazer-epilasyon-karlsruhe\/\">enstit\u00fcye<\/a><\/div>\n<\/div>\n<\/div>\n<\/div>\n\n\n\n<div style=\"height:57px\" aria-hidden=\"true\" class=\"wp-block-spacer is-style-s50\"><\/div>\n\n\n\n<div class=\"wp-block-columns is-layout-flex wp-container-core-columns-is-layout-9d6595d7 wp-block-columns-is-layout-flex\">\n<div class=\"wp-block-column is-layout-flow wp-block-column-is-layout-flow\">\n<p class=\"has-text-align-center\">WIESBADEN<\/p>\n\n\n\n<p class=\"has-text-align-center has-black-color has-text-color\">Wilhelmstrasse 18<br>65185 Wiesbaden<\/p>\n\n\n<div class=\"wp-block-image\">\n<figure class=\"aligncenter size-full is-resized\"><img loading=\"lazy\" decoding=\"async\" width=\"400\" height=\"91\" src=\"https:\/\/www.haarfreiheit.net\/wp-content\/uploads\/2021\/10\/Trennlinie-Standort.png\" alt=\"Sat\u0131r Grafi\u011fi Simgesini B\u00f6lme\" class=\"wp-image-6332\" style=\"object-fit:contain;width:200px;height:46px\" srcset=\"https:\/\/www.haarfreiheit.net\/wp-content\/uploads\/2021\/10\/Trennlinie-Standort.png 400w, https:\/\/www.haarfreiheit.net\/wp-content\/uploads\/2021\/10\/Trennlinie-Standort-300x68.png 300w\" sizes=\"auto, (max-width: 400px) 100vw, 400px\" \/><\/figure>\n<\/div>\n\n\n<p class=\"has-text-align-center has-black-color has-text-color\">(0611) 949 100 30<\/p>\n\n\n\n<div style=\"height:100px\" aria-hidden=\"true\" class=\"wp-block-spacer is-style-s20\"><\/div>\n\n\n\n<p class=\"has-text-align-center has-black-color has-text-color\">V\u00fccudun hemen hemen her b\u00f6lgesinde p\u00fcr\u00fczs\u00fcz bir cilt. Haarfreiheitin uzmanlari sizi Wiesbaden\u2019e davet ediyor. \u00dccretsiz danismanliginizi ayarlayin.<\/p>\n\n\n\n<div style=\"height:100px\" aria-hidden=\"true\" class=\"wp-block-spacer is-style-s20\"><\/div>\n\n\n\n<div class=\"wp-block-buttons is-horizontal is-content-justification-center is-layout-flex wp-container-core-buttons-is-layout-499968f5 wp-block-buttons-is-layout-flex\">\n<div class=\"wp-block-button\"><a class=\"wp-block-button__link no-border-radius wp-element-button\" href=\"https:\/\/www.haarfreiheit.net\/tr\/kalici-lazer-epilasyon-wiesbaden\/\">enstit\u00fcye<\/a><\/div>\n<\/div>\n<\/div>\n\n\n\n<div class=\"wp-block-column is-layout-flow wp-block-column-is-layout-flow\">\n<p class=\"has-text-align-center\">FRANKFURT<\/p>\n\n\n\n<p class=\"has-text-align-center has-black-color has-text-color\">Saalgasse 8<br>60311 Frankfurt<\/p>\n\n\n<div class=\"wp-block-image\">\n<figure class=\"aligncenter size-full is-resized\"><img loading=\"lazy\" decoding=\"async\" width=\"400\" height=\"91\" src=\"https:\/\/www.haarfreiheit.net\/wp-content\/uploads\/2021\/10\/Trennlinie-Standort.png\" alt=\"Sat\u0131r Grafi\u011fi Simgesini B\u00f6lme\" class=\"wp-image-6332\" style=\"object-fit:contain;width:200px;height:46px\" srcset=\"https:\/\/www.haarfreiheit.net\/wp-content\/uploads\/2021\/10\/Trennlinie-Standort.png 400w, https:\/\/www.haarfreiheit.net\/wp-content\/uploads\/2021\/10\/Trennlinie-Standort-300x68.png 300w\" sizes=\"auto, (max-width: 400px) 100vw, 400px\" \/><\/figure>\n<\/div>\n\n\n<p class=\"has-text-align-center has-black-color has-text-color\">(069) 8700 979 0<\/p>\n\n\n\n<div style=\"height:100px\" aria-hidden=\"true\" class=\"wp-block-spacer is-style-s20\"><\/div>\n\n\n\n<p class=\"has-text-align-center has-black-color has-text-color\">Tiras alternatifi \u2013 \u00fcnl\u00fc XENOgel teknolojisi kullan\u0131larak kalici t\u00fcy alma. Haarfreiheit Frankfurt. Haarfreiheit Frankfurt ayr\u0131ca piyasada bulunan t\u00fcm teknolojileri de sunmaktad\u0131r. \u00dccretsiz bir dan\u0131\u015fma ayarlay\u0131n.<\/p>\n\n\n\n<div style=\"height:100px\" aria-hidden=\"true\" class=\"wp-block-spacer is-style-s20\"><\/div>\n\n\n\n<div class=\"wp-block-buttons is-horizontal is-content-justification-center is-layout-flex wp-container-core-buttons-is-layout-499968f5 wp-block-buttons-is-layout-flex\">\n<div class=\"wp-block-button\"><a class=\"wp-block-button__link no-border-radius wp-element-button\" href=\"https:\/\/www.haarfreiheit.net\/tr\/kalici-lazer-epilasyon-frankfurt\/\">enstit\u00fcye<\/a><\/div>\n<\/div>\n<\/div>\n\n\n\n<div class=\"wp-block-column is-layout-flow wp-block-column-is-layout-flow\">\n<p class=\"has-text-align-center\">MAINZ<\/p>\n\n\n\n<p class=\"has-text-align-center has-black-color has-text-color\">Gro\u00dfe Bleiche 3<br>55116 Mainz<\/p>\n\n\n<div class=\"wp-block-image\">\n<figure class=\"aligncenter size-full is-resized\"><img loading=\"lazy\" decoding=\"async\" width=\"400\" height=\"91\" src=\"https:\/\/www.haarfreiheit.net\/wp-content\/uploads\/2021\/10\/Trennlinie-Standort.png\" alt=\"Sat\u0131r Grafi\u011fi Simgesini B\u00f6lme\" class=\"wp-image-6332\" style=\"object-fit:contain;width:200px;height:46px\" srcset=\"https:\/\/www.haarfreiheit.net\/wp-content\/uploads\/2021\/10\/Trennlinie-Standort.png 400w, https:\/\/www.haarfreiheit.net\/wp-content\/uploads\/2021\/10\/Trennlinie-Standort-300x68.png 300w\" sizes=\"auto, (max-width: 400px) 100vw, 400px\" \/><\/figure>\n<\/div>\n\n\n<p class=\"has-text-align-center has-black-color has-text-color\">(06131) 62457 70<\/p>\n\n\n\n<div style=\"height:100px\" aria-hidden=\"true\" class=\"wp-block-spacer is-style-s20\"><\/div>\n\n\n\n<p class=\"has-text-align-center has-black-color has-text-color\">Mainz&#8217;de piyasada bulunan her teknolojiyle kal\u0131c\u0131 t\u00fcy alma m\u00fcmk\u00fcnd\u00fcr. Saf \u0131\u015f\u0131k sizi gereksiz k\u0131llardan etkili ve ac\u0131s\u0131z bir \u015fekilde kurtar\u0131r.<\/p>\n\n\n\n<div style=\"height:100px\" aria-hidden=\"true\" class=\"wp-block-spacer is-style-s20\"><\/div>\n\n\n\n<div class=\"wp-block-buttons is-horizontal is-content-justification-center is-layout-flex wp-container-core-buttons-is-layout-499968f5 wp-block-buttons-is-layout-flex\">\n<div class=\"wp-block-button\"><a class=\"wp-block-button__link no-border-radius wp-element-button\" href=\"https:\/\/www.haarfreiheit.net\/tr\/kalici-lazer-epilasyon-mainz\/\">enstit\u00fcye<\/a><\/div>\n<\/div>\n<\/div>\n<\/div>\n\n\n\n<div style=\"height:54px\" aria-hidden=\"true\" class=\"wp-block-spacer is-style-s50\"><\/div>\n\n\n\n<div class=\"wp-block-columns is-layout-flex wp-container-core-columns-is-layout-9d6595d7 wp-block-columns-is-layout-flex\">\n<div class=\"wp-block-column is-layout-flow wp-block-column-is-layout-flow\">\n<p class=\"has-text-align-center has-text-color\" style=\"color:#998f83;font-size:27px\">STUTTGART<\/p>\n\n\n\n<p class=\"has-text-align-center\">Lerchenstra\u00dfe 43<br>70176 Stuttgart<\/p>\n\n\n<div class=\"wp-block-image\">\n<figure class=\"aligncenter size-full is-resized\"><img loading=\"lazy\" decoding=\"async\" width=\"400\" height=\"91\" src=\"https:\/\/www.haarfreiheit.net\/wp-content\/uploads\/2021\/10\/Trennlinie-Standort.png\" alt=\"Sat\u0131r Grafi\u011fi Simgesini B\u00f6lme\" class=\"wp-image-6332\" style=\"object-fit:contain;width:200px;height:46px\" srcset=\"https:\/\/www.haarfreiheit.net\/wp-content\/uploads\/2021\/10\/Trennlinie-Standort.png 400w, https:\/\/www.haarfreiheit.net\/wp-content\/uploads\/2021\/10\/Trennlinie-Standort-300x68.png 300w\" sizes=\"auto, (max-width: 400px) 100vw, 400px\" \/><\/figure>\n<\/div>\n\n\n<p class=\"has-text-align-center has-black-color has-text-color\">(0800) 000 73 00<\/p>\n\n\n\n<div style=\"height:100px\" aria-hidden=\"true\" class=\"wp-block-spacer is-style-s20\"><\/div>\n\n\n\n<p class=\"has-text-align-center has-black-color has-text-color\">Stuttgart enstit\u00fcs\u00fcnde profesyonel hizmet ve en iyi teknoloji. Sadece \u0131\u015f\u0131kla sa\u00e7dan kal\u0131c\u0131 olarak* kurtulun.<\/p>\n\n\n\n<div style=\"height:100px\" aria-hidden=\"true\" class=\"wp-block-spacer is-style-s20\"><\/div>\n\n\n\n<div class=\"wp-block-buttons is-horizontal is-content-justification-center is-layout-flex wp-container-core-buttons-is-layout-499968f5 wp-block-buttons-is-layout-flex\">\n<div class=\"wp-block-button\"><a class=\"wp-block-button__link no-border-radius wp-element-button\" href=\"https:\/\/www.haarfreiheit.net\/tr\/kalici-lazer-epilasyon-stuttgart\/\">enstit\u00fcye<\/a><\/div>\n<\/div>\n<\/div>\n\n\n\n<div class=\"wp-block-column is-layout-flow wp-block-column-is-layout-flow\">\n<p class=\"has-text-align-center has-text-color\" style=\"color:#998f83;font-size:27px\">KAISERSLAUTERN<\/p>\n\n\n\n<p class=\"has-text-align-center has-black-color has-text-color\">Lutrinastra\u00dfe 27<br>67655 Kaiserslautern<\/p>\n\n\n<div class=\"wp-block-image\">\n<figure class=\"aligncenter size-full is-resized\"><img loading=\"lazy\" decoding=\"async\" width=\"400\" height=\"91\" src=\"https:\/\/www.haarfreiheit.net\/wp-content\/uploads\/2021\/10\/Trennlinie-Standort.png\" alt=\"Sat\u0131r Grafi\u011fi Simgesini B\u00f6lme\" class=\"wp-image-6332\" style=\"object-fit:contain;width:200px;height:46px\" srcset=\"https:\/\/www.haarfreiheit.net\/wp-content\/uploads\/2021\/10\/Trennlinie-Standort.png 400w, https:\/\/www.haarfreiheit.net\/wp-content\/uploads\/2021\/10\/Trennlinie-Standort-300x68.png 300w\" sizes=\"auto, (max-width: 400px) 100vw, 400px\" \/><\/figure>\n<\/div>\n\n\n<p class=\"has-text-align-center has-black-color has-text-color\">(0631) 343 73 520<\/p>\n\n\n\n<div style=\"height:100px\" aria-hidden=\"true\" class=\"wp-block-spacer is-style-s20\"><\/div>\n\n\n\n<p class=\"has-text-align-center has-black-color has-text-color\">Kaiserslautern&#8217;de \u0131\u015f\u0131k ve lazerle epilasyon sunuyoruz. Ba\u011flay\u0131c\u0131 olmayan dan\u0131\u015fmanl\u0131\u011f\u0131n\u0131z\u0131 ayd\u0131nlatma teknolojilerinden biri hakk\u0131nda d\u00fczenleyin ve daha fazlas\u0131n\u0131 \u00f6\u011frenin.<\/p>\n\n\n\n<div style=\"height:100px\" aria-hidden=\"true\" class=\"wp-block-spacer is-style-s20\"><\/div>\n\n\n\n<div class=\"wp-block-buttons is-horizontal is-content-justification-center is-layout-flex wp-container-core-buttons-is-layout-499968f5 wp-block-buttons-is-layout-flex\">\n<div class=\"wp-block-button\"><a class=\"wp-block-button__link no-border-radius wp-element-button\" href=\"https:\/\/www.haarfreiheit.net\/tr\/kalici-lazer-epilasyon-kaiserslautern\/\">enstit\u00fcye<\/a><\/div>\n<\/div>\n<\/div>\n\n\n\n<div class=\"wp-block-column is-layout-flow wp-block-column-is-layout-flow\">\n<p class=\"has-text-align-center has-text-color\" style=\"color:#998f83;font-size:27px\">SAARBR\u00dcCKEN<\/p>\n\n\n\n<p class=\"has-text-align-center has-black-color has-text-color\">Bahnhofstra\u00dfe 61\/63<br>66111 Saarbr\u00fccken<\/p>\n\n\n<div class=\"wp-block-image\">\n<figure class=\"aligncenter size-full is-resized\"><img loading=\"lazy\" decoding=\"async\" width=\"400\" height=\"91\" src=\"https:\/\/www.haarfreiheit.net\/wp-content\/uploads\/2021\/10\/Trennlinie-Standort.png\" alt=\"Sat\u0131r Grafi\u011fi Simgesini B\u00f6lme\" class=\"wp-image-6332\" style=\"object-fit:contain;width:200px;height:46px\" srcset=\"https:\/\/www.haarfreiheit.net\/wp-content\/uploads\/2021\/10\/Trennlinie-Standort.png 400w, https:\/\/www.haarfreiheit.net\/wp-content\/uploads\/2021\/10\/Trennlinie-Standort-300x68.png 300w\" sizes=\"auto, (max-width: 400px) 100vw, 400px\" \/><\/figure>\n<\/div>\n\n\n<p class=\"has-text-align-center has-black-color has-text-color\">(0681) 387 50 40<\/p>\n\n\n\n<div style=\"height:100px\" aria-hidden=\"true\" class=\"wp-block-spacer is-style-s20\"><\/div>\n\n\n\n<p class=\"has-text-align-center has-black-color has-text-color\">Piyasada bulunan her teknoloji ile kal\u0131c\u0131 epilasyon, \u015fimdi de Saarbr\u00fccken&#8217;de. S\u00fcrekli t\u0131ra\u015fa veda edin ve v\u00fccudun hemen hemen her yerinde p\u00fcr\u00fczs\u00fcz bir cilde sahip olmay\u0131 d\u00f6rt g\u00f6zle bekleyin.<\/p>\n\n\n\n<div style=\"height:100px\" aria-hidden=\"true\" class=\"wp-block-spacer is-style-s20\"><\/div>\n\n\n\n<div class=\"wp-block-buttons is-horizontal is-content-justification-center is-layout-flex wp-container-core-buttons-is-layout-499968f5 wp-block-buttons-is-layout-flex\">\n<div class=\"wp-block-button\"><a class=\"wp-block-button__link no-border-radius wp-element-button\" href=\"https:\/\/www.haarfreiheit.net\/tr\/kalici-lazer-epilasyon-saarbruecken\/\">enstit\u00fcye<\/a><\/div>\n<\/div>\n<\/div>\n<\/div>\n\n\n\n<div style=\"height:58px\" aria-hidden=\"true\" class=\"wp-block-spacer is-style-s50\"><\/div>\n\n\n\n<div class=\"wp-block-columns is-layout-flex wp-container-core-columns-is-layout-9d6595d7 wp-block-columns-is-layout-flex\">\n<div class=\"wp-block-column is-layout-flow wp-block-column-is-layout-flow\">\n<p class=\"has-text-align-center has-text-color\" style=\"color:#998f83;font-size:27px\">WORMS<\/p>\n\n\n\n<p class=\"has-text-align-center\">Prinz Carl Anlage 22<br>67547 Worms&nbsp;<\/p>\n\n\n<div class=\"wp-block-image\">\n<figure class=\"aligncenter size-full is-resized\"><img loading=\"lazy\" decoding=\"async\" width=\"400\" height=\"91\" src=\"https:\/\/www.haarfreiheit.net\/wp-content\/uploads\/2021\/10\/Trennlinie-Standort.png\" alt=\"Sat\u0131r Grafi\u011fi Simgesini B\u00f6lme\" class=\"wp-image-6332\" style=\"object-fit:contain;width:200px;height:46px\" srcset=\"https:\/\/www.haarfreiheit.net\/wp-content\/uploads\/2021\/10\/Trennlinie-Standort.png 400w, https:\/\/www.haarfreiheit.net\/wp-content\/uploads\/2021\/10\/Trennlinie-Standort-300x68.png 300w\" sizes=\"auto, (max-width: 400px) 100vw, 400px\" \/><\/figure>\n<\/div>\n\n\n<p class=\"has-text-align-center has-black-color has-text-color\">(0711) 286 969 69<\/p>\n\n\n\n<div style=\"height:100px\" aria-hidden=\"true\" class=\"wp-block-spacer is-style-s20\"><\/div>\n\n\n\n<p class=\"has-text-align-center has-black-color has-text-color\">Haarfreiheit sizleri profesyonel hizmetimiz ve teknolojilerimizle Worms lokasyonunda da kar\u015f\u0131l\u0131yor. En iyi teknoloji ve en iyi hizmet sayesinde p\u00fcr\u00fczs\u00fcz bir cilt.<\/p>\n\n\n\n<div style=\"height:100px\" aria-hidden=\"true\" class=\"wp-block-spacer is-style-s20\"><\/div>\n\n\n\n<div class=\"wp-block-buttons is-horizontal is-content-justification-center is-layout-flex wp-container-core-buttons-is-layout-499968f5 wp-block-buttons-is-layout-flex\">\n<div class=\"wp-block-button\"><a class=\"wp-block-button__link no-border-radius wp-element-button\" href=\"https:\/\/www.haarfreiheit.net\/tr\/kalici-lazer-epilasyon-worms\/\">enstit\u00fcye<\/a><\/div>\n<\/div>\n<\/div>\n\n\n\n<div class=\"wp-block-column is-layout-flow wp-block-column-is-layout-flow\">\n<p class=\"has-text-align-center has-text-color\" style=\"color:#998f83;font-size:27px\">FRANKENTHAL<\/p>\n\n\n\n<p class=\"has-text-align-center has-black-color has-text-color\">Schlossergasse 1<br>67227 Frankenthal<\/p>\n\n\n<div class=\"wp-block-image\">\n<figure class=\"aligncenter size-full is-resized\"><img loading=\"lazy\" decoding=\"async\" width=\"400\" height=\"91\" src=\"https:\/\/www.haarfreiheit.net\/wp-content\/uploads\/2021\/10\/Trennlinie-Standort.png\" alt=\"Sat\u0131r Grafi\u011fi Simgesini B\u00f6lme\" class=\"wp-image-6332\" style=\"object-fit:contain;width:200px;height:46px\" srcset=\"https:\/\/www.haarfreiheit.net\/wp-content\/uploads\/2021\/10\/Trennlinie-Standort.png 400w, https:\/\/www.haarfreiheit.net\/wp-content\/uploads\/2021\/10\/Trennlinie-Standort-300x68.png 300w\" sizes=\"auto, (max-width: 400px) 100vw, 400px\" \/><\/figure>\n<\/div>\n\n\n<p class=\"has-text-align-center has-black-color has-text-color\">(06233) 30 417 30<\/p>\n\n\n\n<div style=\"height:100px\" aria-hidden=\"true\" class=\"wp-block-spacer is-style-s20\"><\/div>\n\n\n\n<p class=\"has-text-align-center has-black-color has-text-color\">Art\u0131k t\u0131ra\u015f olmak zorunda kalmamak art\u0131k sadece bir r\u00fcya de\u011fil. Sa\u00e7s\u0131zl\u0131k, sizi Frankenthal&#8217;da da gereksiz t\u00fcy\u2019den kurtar\u0131r.<\/p>\n\n\n\n<div style=\"height:100px\" aria-hidden=\"true\" class=\"wp-block-spacer is-style-s20\"><\/div>\n\n\n\n<div class=\"wp-block-buttons is-horizontal is-content-justification-center is-layout-flex wp-container-core-buttons-is-layout-499968f5 wp-block-buttons-is-layout-flex\">\n<div class=\"wp-block-button\"><a class=\"wp-block-button__link no-border-radius wp-element-button\" href=\"https:\/\/www.haarfreiheit.net\/tr\/kalici-lazer-epilasyon-frankenthal\/\">enstit\u00fcye<\/a><\/div>\n<\/div>\n<\/div>\n\n\n\n<div class=\"wp-block-column is-layout-flow wp-block-column-is-layout-flow\">\n<p class=\"has-text-align-center has-text-color\" style=\"color:#998f83;font-size:27px\">HEILBRONN <br><\/p>\n\n\n\n<p class=\"has-text-align-center has-black-color has-text-color\"> Heilbronn<\/p>\n\n\n<div class=\"wp-block-image\">\n<figure class=\"aligncenter size-full is-resized\"><img loading=\"lazy\" decoding=\"async\" width=\"400\" height=\"91\" src=\"https:\/\/www.haarfreiheit.net\/wp-content\/uploads\/2021\/10\/Trennlinie-Standort.png\" alt=\"Sat\u0131r Grafi\u011fi Simgesini B\u00f6lme\" class=\"wp-image-6332\" style=\"object-fit:contain;width:200px;height:46px\" srcset=\"https:\/\/www.haarfreiheit.net\/wp-content\/uploads\/2021\/10\/Trennlinie-Standort.png 400w, https:\/\/www.haarfreiheit.net\/wp-content\/uploads\/2021\/10\/Trennlinie-Standort-300x68.png 300w\" sizes=\"auto, (max-width: 400px) 100vw, 400px\" \/><\/figure>\n<\/div>\n\n\n<p class=\"has-text-align-center\">(0800) 000 73 00<\/p>\n\n\n\n<div style=\"height:100px\" aria-hidden=\"true\" class=\"wp-block-spacer is-style-s20\"><\/div>\n\n\n\n<p class=\"has-text-align-center has-black-color has-text-color\">An\u0131z ve bat\u0131k t\u00fcyler ge\u00e7mi\u015fte kald\u0131. \u0130stenmeyen v\u00fccut t\u00fcylerinizi Heilbronn&#8217;da ald\u0131r\u0131n.<\/p>\n\n\n\n<div style=\"height:100px\" aria-hidden=\"true\" class=\"wp-block-spacer is-style-s20\"><\/div>\n\n\n\n<div class=\"wp-block-buttons is-horizontal is-content-justification-center is-layout-flex wp-container-core-buttons-is-layout-499968f5 wp-block-buttons-is-layout-flex\">\n<div class=\"wp-block-button\"><a class=\"wp-block-button__link no-border-radius wp-element-button\" href=\"https:\/\/www.haarfreiheit.net\/tr\/enstituetler\/\">enstit\u00fcye<\/a><\/div>\n<\/div>\n<\/div>\n<\/div>\n\n\n\n<div style=\"height:58px\" aria-hidden=\"true\" class=\"wp-block-spacer is-style-s50\"><\/div>\n\n\n\n<div class=\"wp-block-columns is-layout-flex wp-container-core-columns-is-layout-9d6595d7 wp-block-columns-is-layout-flex\">\n<div class=\"wp-block-column is-layout-flow wp-block-column-is-layout-flow\">\n<p class=\"has-text-align-center\">DARMSTADT<br><\/p>\n\n\n\n<p class=\"has-text-align-center has-black-color has-text-color\">Darmstadt<\/p>\n\n\n<div class=\"wp-block-image\">\n<figure class=\"aligncenter size-full is-resized\"><img loading=\"lazy\" decoding=\"async\" width=\"400\" height=\"91\" src=\"https:\/\/www.haarfreiheit.net\/wp-content\/uploads\/2021\/10\/Trennlinie-Standort.png\" alt=\"Sat\u0131r Grafi\u011fi Simgesini B\u00f6lme\" class=\"wp-image-6332\" style=\"object-fit:contain;width:200px;height:46px\" srcset=\"https:\/\/www.haarfreiheit.net\/wp-content\/uploads\/2021\/10\/Trennlinie-Standort.png 400w, https:\/\/www.haarfreiheit.net\/wp-content\/uploads\/2021\/10\/Trennlinie-Standort-300x68.png 300w\" sizes=\"auto, (max-width: 400px) 100vw, 400px\" \/><\/figure>\n<\/div>\n\n\n<p class=\"has-text-align-center\">0800 &#8211; 000 73 00<\/p>\n\n\n\n<p class=\"has-text-align-center has-black-color has-text-color\">Haarfreiheit Darmstadt&#8217;taki uzmanlar\u0131m\u0131z, p\u00fcr\u00fczs\u00fcz ve g\u00fczel bir cilde giden yolda size yard\u0131mc\u0131 olacak. En iyi teknoloji ile profesyonel hizmet.<\/p>\n\n\n\n<div class=\"wp-block-buttons is-horizontal is-content-justification-center is-layout-flex wp-container-core-buttons-is-layout-499968f5 wp-block-buttons-is-layout-flex\">\n<div class=\"wp-block-button\"><a class=\"wp-block-button__link no-border-radius wp-element-button\" href=\"https:\/\/www.haarfreiheit.net\/tr\/kalici-lazer-epilasyon-darmstadt\/\">enstit\u00fcye<\/a><\/div>\n<\/div>\n<\/div>\n\n\n\n<div class=\"wp-block-column is-layout-flow wp-block-column-is-layout-flow\">\n<p class=\"has-text-align-center\">LUDWIGSHAFEN<br><\/p>\n\n\n\n<p class=\"has-text-align-center has-black-color has-text-color\">Bahnhofstra\u00dfe 13-15<br>67059 Ludwigshafen<\/p>\n\n\n<div class=\"wp-block-image\">\n<figure class=\"aligncenter size-full is-resized\"><img loading=\"lazy\" decoding=\"async\" width=\"400\" height=\"91\" src=\"https:\/\/www.haarfreiheit.net\/wp-content\/uploads\/2021\/10\/Trennlinie-Standort.png\" alt=\"Sat\u0131r Grafi\u011fi Simgesini B\u00f6lme\" class=\"wp-image-6332\" style=\"object-fit:contain;width:200px;height:46px\" srcset=\"https:\/\/www.haarfreiheit.net\/wp-content\/uploads\/2021\/10\/Trennlinie-Standort.png 400w, https:\/\/www.haarfreiheit.net\/wp-content\/uploads\/2021\/10\/Trennlinie-Standort-300x68.png 300w\" sizes=\"auto, (max-width: 400px) 100vw, 400px\" \/><\/figure>\n<\/div>\n\n\n<p class=\"has-text-align-center\">0621 &#8211; 702 92 333<\/p>\n\n\n\n<p class=\"has-text-align-center has-black-color has-text-color\">Jilet ve a\u011fdadan vazge\u00e7in. I\u015f\u0131k ve lazer ile konforlu ve a\u011fr\u0131s\u0131z epilasyon. Yak\u0131nda Ludwigshafen&#8217;de de.<\/p>\n\n\n\n<div class=\"wp-block-buttons is-horizontal is-content-justification-center is-layout-flex wp-container-core-buttons-is-layout-499968f5 wp-block-buttons-is-layout-flex\">\n<div class=\"wp-block-button\"><a class=\"wp-block-button__link no-border-radius wp-element-button\" href=\"https:\/\/www.haarfreiheit.net\/tr\/kalici-lazer-epilasyon-ludwigshafen\/\">enstit\u00fcye<\/a><\/div>\n<\/div>\n<\/div>\n\n\n\n<div class=\"wp-block-column is-layout-flow wp-block-column-is-layout-flow\"><div class=\"wp-block-image\">\n<figure class=\"aligncenter size-full is-resized\"><img loading=\"lazy\" decoding=\"async\" width=\"256\" height=\"247\" src=\"https:\/\/www.haarfreiheit.net\/wp-content\/uploads\/2022\/01\/Logo-Kuerzel-beige-klein.png\" alt=\"Logo Ba\u015f Harfleri\" class=\"wp-image-5124\" style=\"object-fit:contain;width:230px;height:222px\"\/><\/figure>\n<\/div>\n\n\n<p class=\"has-text-align-center has-black-color has-text-color has-medium-font-size\">D\u00fczenli olarak yeni enstit\u00fcler a\u00e7\u0131yoruz.<\/p>\n\n\n\n<p class=\"has-text-align-center has-medium-font-size\"><br>Yak\u0131nda sizin b\u00f6lgenizde de<\/p>\n<\/div>\n<\/div>\n\n\n\n<div style=\"height:30px\" aria-hidden=\"true\" class=\"wp-block-spacer is-style-s50\"><\/div>\n<\/div><\/div>\n","protected":false},"excerpt":{"rendered":"<p>EP\u0130LASYON T\u00dcRLER\u0130 KALICI EP\u0130LASYONUMUZ* FIYATLAR TEMAS Bir\u00e7ok yerde en iyi teknoloji | Ac\u0131s\u0131z ve yenilik\u00e7i XENOgel Teknolojisi sayesinde her zaman p\u00fcr\u00fczs\u00fcz cilt hissinin tad\u0131n\u0131 \u00e7\u0131kar\u0131n B\u0130Z\u0130 \u00d6ZEL YAPAN NED\u0130R Neden sizin i\u00e7in en iyi se\u00e7im biziz Haarfreiheit t\u00fcys\u00fcz, kal\u0131c\u0131 epilasyon i\u00e7in en iyi adrestir. Heidelberg, Mannheim, Karlsruhe, Wiesbaden ve Frankenthal&#8217;daki enstit\u00fclerimize Wiesloch, Waldorf, Hockenheim, Schwetzingen, <a href=\"https:\/\/www.haarfreiheit.net\/tr\/\" class=\"more-link\">&#8230;<\/a><\/p>\n","protected":false},"author":1,"featured_media":0,"parent":0,"menu_order":0,"comment_status":"closed","ping_status":"closed","template":"","meta":{"footnotes":""},"class_list":["post-6265","page","type-page","status-publish","hentry"],"yoast_head":"<!-- This site is optimized with the Yoast SEO plugin v27.1.1 - https:\/\/yoast.com\/product\/yoast-seo-wordpress\/ -->\n<title>Haarfreiheit - B\u00f6lgede kal\u0131c\u0131 epilasyon i\u00e7in 1 numara<\/title>\n<meta name=\"description\" content=\"Profesyonel epilasyon enstit\u00fcn\u00fcz* | \u2713 Uzun y\u0131llara dayanan deneyim \u2713 En son lazer teknolojisi \u2713 Uzmanlarla i\u015fbirli\u011fi\" \/>\n<meta name=\"robots\" content=\"index, follow, max-snippet:-1, max-image-preview:large, max-video-preview:-1\" \/>\n<link rel=\"canonical\" href=\"https:\/\/www.haarfreiheit.net\/tr\/\" \/>\n<meta property=\"og:locale\" content=\"tr_TR\" \/>\n<meta property=\"og:type\" content=\"article\" \/>\n<meta property=\"og:title\" content=\"Haarfreiheit - B\u00f6lgede kal\u0131c\u0131 epilasyon i\u00e7in 1 numara\" \/>\n<meta property=\"og:description\" content=\"Profesyonel epilasyon enstit\u00fcn\u00fcz* | \u2713 Uzun y\u0131llara dayanan deneyim \u2713 En son lazer teknolojisi \u2713 Uzmanlarla i\u015fbirli\u011fi\" \/>\n<meta property=\"og:url\" content=\"https:\/\/www.haarfreiheit.net\/tr\/\" \/>\n<meta property=\"og:site_name\" content=\"Haarfreiheit\" \/>\n<meta property=\"article:modified_time\" content=\"2025-11-19T10:17:45+00:00\" \/>\n<meta property=\"og:image\" content=\"https:\/\/www.haarfreiheit.net\/wp-content\/uploads\/2021\/11\/Hintergrundbild-Hauptseite.jpg\" \/>\n\t<meta property=\"og:image:width\" content=\"1980\" \/>\n\t<meta property=\"og:image:height\" content=\"1641\" \/>\n\t<meta property=\"og:image:type\" content=\"image\/jpeg\" \/>\n<meta name=\"twitter:card\" content=\"summary_large_image\" \/>\n<meta name=\"twitter:label1\" content=\"Tahmini okuma s\u00fcresi\" \/>\n\t<meta name=\"twitter:data1\" content=\"15 dakika\" \/>\n<script type=\"application\/ld+json\" class=\"yoast-schema-graph\">{\"@context\":\"https:\/\/schema.org\",\"@graph\":[{\"@type\":\"WebPage\",\"@id\":\"https:\/\/www.haarfreiheit.net\/tr\/\",\"url\":\"https:\/\/www.haarfreiheit.net\/tr\/\",\"name\":\"Haarfreiheit - B\u00f6lgede kal\u0131c\u0131 epilasyon i\u00e7in 1 numara\",\"isPartOf\":{\"@id\":\"https:\/\/www.haarfreiheit.net\/tr\/#website\"},\"primaryImageOfPage\":{\"@id\":\"https:\/\/www.haarfreiheit.net\/tr\/#primaryimage\"},\"image\":{\"@id\":\"https:\/\/www.haarfreiheit.net\/tr\/#primaryimage\"},\"thumbnailUrl\":\"https:\/\/www.haarfreiheit.net\/wp-content\/uploads\/2021\/11\/Hintergrundbild-Hauptseite.jpg\",\"datePublished\":\"2021-07-16T08:50:53+00:00\",\"dateModified\":\"2025-11-19T10:17:45+00:00\",\"description\":\"Profesyonel epilasyon enstit\u00fcn\u00fcz* | \u2713 Uzun y\u0131llara dayanan deneyim \u2713 En son lazer teknolojisi \u2713 Uzmanlarla i\u015fbirli\u011fi\",\"breadcrumb\":{\"@id\":\"https:\/\/www.haarfreiheit.net\/tr\/#breadcrumb\"},\"inLanguage\":\"tr\",\"potentialAction\":[{\"@type\":\"ReadAction\",\"target\":[\"https:\/\/www.haarfreiheit.net\/tr\/\"]}]},{\"@type\":\"ImageObject\",\"inLanguage\":\"tr\",\"@id\":\"https:\/\/www.haarfreiheit.net\/tr\/#primaryimage\",\"url\":\"https:\/\/www.haarfreiheit.net\/wp-content\/uploads\/2021\/11\/Hintergrundbild-Hauptseite.jpg\",\"contentUrl\":\"https:\/\/www.haarfreiheit.net\/wp-content\/uploads\/2021\/11\/Hintergrundbild-Hauptseite.jpg\"},{\"@type\":\"BreadcrumbList\",\"@id\":\"https:\/\/www.haarfreiheit.net\/tr\/#breadcrumb\",\"itemListElement\":[{\"@type\":\"ListItem\",\"position\":1,\"name\":\"Startseite\",\"item\":\"https:\/\/www.haarfreiheit.net\/tr\/\"},{\"@type\":\"ListItem\",\"position\":2,\"name\":\"Home\"}]},{\"@type\":\"WebSite\",\"@id\":\"https:\/\/www.haarfreiheit.net\/tr\/#website\",\"url\":\"https:\/\/www.haarfreiheit.net\/tr\/\",\"name\":\"Haarfreiheit\",\"description\":\"Dauerhafte Haarentfernung beim Experten\",\"potentialAction\":[{\"@type\":\"SearchAction\",\"target\":{\"@type\":\"EntryPoint\",\"urlTemplate\":\"https:\/\/www.haarfreiheit.net\/tr\/?s={search_term_string}\"},\"query-input\":{\"@type\":\"PropertyValueSpecification\",\"valueRequired\":true,\"valueName\":\"search_term_string\"}}],\"inLanguage\":\"tr\"}]}<\/script>\n<!-- \/ Yoast SEO plugin. -->","yoast_head_json":{"title":"Haarfreiheit - B\u00f6lgede kal\u0131c\u0131 epilasyon i\u00e7in 1 numara","description":"Profesyonel epilasyon enstit\u00fcn\u00fcz* | \u2713 Uzun y\u0131llara dayanan deneyim \u2713 En son lazer teknolojisi \u2713 Uzmanlarla i\u015fbirli\u011fi","robots":{"index":"index","follow":"follow","max-snippet":"max-snippet:-1","max-image-preview":"max-image-preview:large","max-video-preview":"max-video-preview:-1"},"canonical":"https:\/\/www.haarfreiheit.net\/tr\/","og_locale":"tr_TR","og_type":"article","og_title":"Haarfreiheit - B\u00f6lgede kal\u0131c\u0131 epilasyon i\u00e7in 1 numara","og_description":"Profesyonel epilasyon enstit\u00fcn\u00fcz* | \u2713 Uzun y\u0131llara dayanan deneyim \u2713 En son lazer teknolojisi \u2713 Uzmanlarla i\u015fbirli\u011fi","og_url":"https:\/\/www.haarfreiheit.net\/tr\/","og_site_name":"Haarfreiheit","article_modified_time":"2025-11-19T10:17:45+00:00","og_image":[{"width":1980,"height":1641,"url":"https:\/\/www.haarfreiheit.net\/wp-content\/uploads\/2021\/11\/Hintergrundbild-Hauptseite.jpg","type":"image\/jpeg"}],"twitter_card":"summary_large_image","twitter_misc":{"Tahmini okuma s\u00fcresi":"15 dakika"},"schema":{"@context":"https:\/\/schema.org","@graph":[{"@type":"WebPage","@id":"https:\/\/www.haarfreiheit.net\/tr\/","url":"https:\/\/www.haarfreiheit.net\/tr\/","name":"Haarfreiheit - B\u00f6lgede kal\u0131c\u0131 epilasyon i\u00e7in 1 numara","isPartOf":{"@id":"https:\/\/www.haarfreiheit.net\/tr\/#website"},"primaryImageOfPage":{"@id":"https:\/\/www.haarfreiheit.net\/tr\/#primaryimage"},"image":{"@id":"https:\/\/www.haarfreiheit.net\/tr\/#primaryimage"},"thumbnailUrl":"https:\/\/www.haarfreiheit.net\/wp-content\/uploads\/2021\/11\/Hintergrundbild-Hauptseite.jpg","datePublished":"2021-07-16T08:50:53+00:00","dateModified":"2025-11-19T10:17:45+00:00","description":"Profesyonel epilasyon enstit\u00fcn\u00fcz* | \u2713 Uzun y\u0131llara dayanan deneyim \u2713 En son lazer teknolojisi \u2713 Uzmanlarla i\u015fbirli\u011fi","breadcrumb":{"@id":"https:\/\/www.haarfreiheit.net\/tr\/#breadcrumb"},"inLanguage":"tr","potentialAction":[{"@type":"ReadAction","target":["https:\/\/www.haarfreiheit.net\/tr\/"]}]},{"@type":"ImageObject","inLanguage":"tr","@id":"https:\/\/www.haarfreiheit.net\/tr\/#primaryimage","url":"https:\/\/www.haarfreiheit.net\/wp-content\/uploads\/2021\/11\/Hintergrundbild-Hauptseite.jpg","contentUrl":"https:\/\/www.haarfreiheit.net\/wp-content\/uploads\/2021\/11\/Hintergrundbild-Hauptseite.jpg"},{"@type":"BreadcrumbList","@id":"https:\/\/www.haarfreiheit.net\/tr\/#breadcrumb","itemListElement":[{"@type":"ListItem","position":1,"name":"Startseite","item":"https:\/\/www.haarfreiheit.net\/tr\/"},{"@type":"ListItem","position":2,"name":"Home"}]},{"@type":"WebSite","@id":"https:\/\/www.haarfreiheit.net\/tr\/#website","url":"https:\/\/www.haarfreiheit.net\/tr\/","name":"Haarfreiheit","description":"Dauerhafte Haarentfernung beim Experten","potentialAction":[{"@type":"SearchAction","target":{"@type":"EntryPoint","urlTemplate":"https:\/\/www.haarfreiheit.net\/tr\/?s={search_term_string}"},"query-input":{"@type":"PropertyValueSpecification","valueRequired":true,"valueName":"search_term_string"}}],"inLanguage":"tr"}]}},"_links":{"self":[{"href":"https:\/\/www.haarfreiheit.net\/tr\/wp-json\/wp\/v2\/pages\/6265","targetHints":{"allow":["GET"]}}],"collection":[{"href":"https:\/\/www.haarfreiheit.net\/tr\/wp-json\/wp\/v2\/pages"}],"about":[{"href":"https:\/\/www.haarfreiheit.net\/tr\/wp-json\/wp\/v2\/types\/page"}],"author":[{"embeddable":true,"href":"https:\/\/www.haarfreiheit.net\/tr\/wp-json\/wp\/v2\/users\/1"}],"replies":[{"embeddable":true,"href":"https:\/\/www.haarfreiheit.net\/tr\/wp-json\/wp\/v2\/comments?post=6265"}],"version-history":[{"count":10,"href":"https:\/\/www.haarfreiheit.net\/tr\/wp-json\/wp\/v2\/pages\/6265\/revisions"}],"predecessor-version":[{"id":29422,"href":"https:\/\/www.haarfreiheit.net\/tr\/wp-json\/wp\/v2\/pages\/6265\/revisions\/29422"}],"wp:attachment":[{"href":"https:\/\/www.haarfreiheit.net\/tr\/wp-json\/wp\/v2\/media?parent=6265"}],"curies":[{"name":"wp","href":"https:\/\/api.w.org\/{rel}","templated":true}]}}