{"id":7505,"date":"2021-11-03T13:26:21","date_gmt":"2021-11-03T12:26:21","guid":{"rendered":"https:\/\/www.haarfreiheit.net\/stellenangebote\/"},"modified":"2023-10-12T10:55:24","modified_gmt":"2023-10-12T08:55:24","slug":"is-teklifler","status":"publish","type":"page","link":"https:\/\/www.haarfreiheit.net\/tr\/is-teklifler\/","title":{"rendered":"\u0130\u015f teklifleri"},"content":{"rendered":"\n<div class=\"wp-block-cover is-light has-parallax\"><span aria-hidden=\"true\" class=\"wp-block-cover__background has-white-background-color has-background-dim-0 has-background-dim\"><\/span><div role=\"img\" class=\"wp-block-cover__image-background wp-image-5856 has-parallax\" style=\"background-position:50% 50%;background-image:url(https:\/\/www.haarfreiheit.net\/wp-content\/uploads\/2022\/01\/Tresenbanner-Haarfreiheit-Team.jpg)\"><\/div><div class=\"wp-block-cover__inner-container is-layout-flow wp-block-cover-is-layout-flow\">\n<div class=\"wp-block-columns is-layout-flex wp-container-core-columns-is-layout-9d6595d7 wp-block-columns-is-layout-flex\">\n<div class=\"wp-block-column is-vertically-aligned-center is-layout-flow wp-block-column-is-layout-flow\" style=\"flex-basis:50%\"><div class=\"wp-block-image\">\n<figure class=\"aligncenter size-full is-resized\"><img loading=\"lazy\" decoding=\"async\" src=\"https:\/\/www.haarfreiheit.net\/wp-content\/uploads\/2022\/01\/Ekibimize.png\" alt=\"Resim Haarfreiheit'da ekibimize kat\u0131l\u0131n\" class=\"wp-image-8378\" style=\"object-fit:contain;width:408px;height:356px\" width=\"408\" height=\"356\" srcset=\"https:\/\/www.haarfreiheit.net\/wp-content\/uploads\/2022\/01\/Ekibimize.png 600w, https:\/\/www.haarfreiheit.net\/wp-content\/uploads\/2022\/01\/Ekibimize-300x262.png 300w\" sizes=\"auto, (max-width: 408px) 100vw, 408px\" \/><\/figure>\n<\/div><\/div>\n\n\n\n<div class=\"wp-block-column is-vertically-aligned-center is-layout-flow wp-block-column-is-layout-flow\" style=\"flex-basis:66%\">\n<div style=\"height:114px\" aria-hidden=\"true\" class=\"wp-block-spacer\"><\/div>\n\n\n\n<h1 class=\"wp-block-heading has-text-align-center has-text-color has-large-font-size\" id=\"is-teklifleri\" style=\"color:#941e81\"><strong>\u0130\u015e TEKL\u0130FLER\u0130<\/strong><\/h1>\n\n\n\n<div style=\"height:37px\" aria-hidden=\"true\" class=\"wp-block-spacer\"><\/div>\n\n\n\n<p class=\"has-text-align-center has-large-font-size\">Ekibimiz i\u00e7in sizi ar\u0131yoruz!<\/p>\n\n\n\n<div style=\"height:109px\" aria-hidden=\"true\" class=\"wp-block-spacer\"><\/div>\n<\/div>\n<\/div>\n<\/div><\/div>\n\n\n\n<div style=\"height:70px\" aria-hidden=\"true\" class=\"wp-block-spacer is-style-s50\"><\/div>\n\n\n<div class=\"wp-block-image\">\n<figure class=\"aligncenter size-large is-resized\"><img loading=\"lazy\" decoding=\"async\" src=\"https:\/\/www.haarfreiheit.net\/wp-content\/uploads\/2021\/11\/beige-HF-Trenner-1024x201.png\" alt=\"Ay\u0131r\u0131c\u0131 Efekti Simgesi\" class=\"wp-image-7198\" style=\"object-fit:contain;width:682px;height:134px\" width=\"682\" height=\"134\" srcset=\"https:\/\/www.haarfreiheit.net\/wp-content\/uploads\/2021\/11\/beige-HF-Trenner-1024x201.png 1024w, https:\/\/www.haarfreiheit.net\/wp-content\/uploads\/2021\/11\/beige-HF-Trenner-300x59.png 300w, https:\/\/www.haarfreiheit.net\/wp-content\/uploads\/2021\/11\/beige-HF-Trenner.png 1140w\" sizes=\"auto, (max-width: 682px) 100vw, 682px\" \/><\/figure>\n<\/div>\n\n\n<div class=\"wp-block-columns is-layout-flex wp-container-core-columns-is-layout-9d6595d7 wp-block-columns-is-layout-flex\">\n<div class=\"wp-block-column is-vertically-aligned-center is-layout-flow wp-block-column-is-layout-flow\">\n<div style=\"height:48px\" aria-hidden=\"true\" class=\"wp-block-spacer\"><\/div>\n\n\n\n<p class=\"has-medium-font-size\">Ekibimizi g\u00fc\u00e7lendirmek i\u00e7in, HEMEN sa\u011fl\u0131k ve g\u00fczellik alan\u0131nda becerilerini kullanabilecek bir MFA veya hem\u015fire ar\u0131yoruz.<\/p>\n\n\n\n<p class=\"has-medium-font-size\"><br>Ekibimizi g\u00fc\u00e7lendirmek i\u00e7in, HEMEN &#8216;den sa\u011fl\u0131k ve g\u00fczellik alan\u0131nda becerilerini kullanabilecek bir g\u00fczellik uzman\u0131 veya kariyer de\u011fi\u015ftirici ar\u0131yoruz.<\/p>\n\n\n\n<div style=\"height:14px\" aria-hidden=\"true\" class=\"wp-block-spacer\"><\/div>\n<\/div>\n\n\n\n<div class=\"wp-block-column is-layout-flow wp-block-column-is-layout-flow\"><div class=\"wp-block-image\">\n<figure class=\"aligncenter size-full is-resized\"><img loading=\"lazy\" decoding=\"async\" src=\"https:\/\/www.haarfreiheit.net\/wp-content\/uploads\/2023\/04\/behandlungsimpressionen-hf-logo.webp\" alt=\"Behandlungsimpressionen\" class=\"wp-image-17849\" style=\"object-fit:contain;width:499px;height:526px\" width=\"499\" height=\"526\" srcset=\"https:\/\/www.haarfreiheit.net\/wp-content\/uploads\/2023\/04\/behandlungsimpressionen-hf-logo.webp 900w, https:\/\/www.haarfreiheit.net\/wp-content\/uploads\/2023\/04\/behandlungsimpressionen-hf-logo-285x300.webp 285w\" sizes=\"auto, (max-width: 499px) 100vw, 499px\" \/><\/figure>\n<\/div><\/div>\n<\/div>\n\n\n\n<div class=\"wp-block-cover is-light\"><span aria-hidden=\"true\" class=\"wp-block-cover__background has-background-dim\"><\/span><img loading=\"lazy\" decoding=\"async\" width=\"1980\" height=\"800\" class=\"wp-block-cover__image-background wp-image-5863\" alt=\"Tezgahta foto\u011fraf arka plan ekibi\" src=\"https:\/\/www.haarfreiheit.net\/wp-content\/uploads\/2022\/01\/Teambannerbild2.jpg\" data-object-fit=\"cover\" srcset=\"https:\/\/www.haarfreiheit.net\/wp-content\/uploads\/2022\/01\/Teambannerbild2.jpg 1980w, https:\/\/www.haarfreiheit.net\/wp-content\/uploads\/2022\/01\/Teambannerbild2-300x121.jpg 300w, https:\/\/www.haarfreiheit.net\/wp-content\/uploads\/2022\/01\/Teambannerbild2-1024x414.jpg 1024w, https:\/\/www.haarfreiheit.net\/wp-content\/uploads\/2022\/01\/Teambannerbild2-1536x621.jpg 1536w\" sizes=\"auto, (max-width: 1980px) 100vw, 1980px\" \/><div class=\"wp-block-cover__inner-container is-layout-flow wp-block-cover-is-layout-flow\">\n<div style=\"height:38px\" aria-hidden=\"true\" class=\"wp-block-spacer\"><\/div>\n\n\n\n<div class=\"wp-block-columns is-layout-flex wp-container-core-columns-is-layout-9d6595d7 wp-block-columns-is-layout-flex\">\n<div class=\"wp-block-column is-layout-flow wp-block-column-is-layout-flow\">\n<p class=\"has-text-align-center has-white-color has-text-color\" style=\"font-size:30px\"><strong><strong>Profesyonelli\u011fin taleplerini ancak en iyi \u00e7al\u0131\u015fanlara sahipseniz kar\u015f\u0131layabilirsiniz<\/strong><\/strong><\/p>\n<\/div>\n<\/div>\n\n\n\n<div style=\"height:22px\" aria-hidden=\"true\" class=\"wp-block-spacer\"><\/div>\n<\/div><\/div>\n\n\n\n<div class=\"wp-block-cover is-light has-parallax\"><span aria-hidden=\"true\" class=\"wp-block-cover__background has-background-dim-0 has-background-dim\"><\/span><div role=\"img\" class=\"wp-block-cover__image-background wp-image-5874 has-parallax\" style=\"background-position:50% 50%;background-image:url(https:\/\/www.haarfreiheit.net\/wp-content\/uploads\/2022\/01\/Standortbilderbanner.jpg)\"><\/div><div class=\"wp-block-cover__inner-container is-layout-flow wp-block-cover-is-layout-flow\">\n<div class=\"wp-block-columns is-layout-flex wp-container-core-columns-is-layout-9d6595d7 wp-block-columns-is-layout-flex\">\n<div class=\"wp-block-column is-layout-flow wp-block-column-is-layout-flow\" style=\"flex-basis:25%\"><\/div>\n\n\n\n<div class=\"wp-block-column is-layout-flow wp-block-column-is-layout-flow\" style=\"flex-basis:50%\">\n<figure class=\"wp-block-embed aligncenter is-type-video is-provider-youtube wp-block-embed-youtube wp-embed-aspect-16-9 wp-has-aspect-ratio\"><div class=\"wp-block-embed__wrapper\">\n <div class=\"brlbs-cmpnt-container brlbs-cmpnt-content-blocker brlbs-cmpnt-with-individual-styles\" data-borlabs-cookie-content-blocker-id=\"youtube-content-blocker\" data-borlabs-cookie-content=\"PGlmcmFtZSB0aXRsZT0iV2lyIHN1Y2hlbiBESUNIIGbDvHIgdW5zZXIgSGFhcmZyZWloZWl0LVRlYW0iIHdpZHRoPSIxNzc4IiBoZWlnaHQ9IjEwMDAiIHNyYz0iaHR0cHM6Ly93d3cueW91dHViZS1ub2Nvb2tpZS5jb20vZW1iZWQvMXg0TjlCQms1cUE\/ZmVhdHVyZT1vZW1iZWQiIGZyYW1lYm9yZGVyPSIwIiBhbGxvdz0iYWNjZWxlcm9tZXRlcjsgYXV0b3BsYXk7IGNsaXBib2FyZC13cml0ZTsgZW5jcnlwdGVkLW1lZGlhOyBneXJvc2NvcGU7IHBpY3R1cmUtaW4tcGljdHVyZTsgd2ViLXNoYXJlIiBhbGxvd2Z1bGxzY3JlZW4+PC9pZnJhbWU+\"><div class=\"brlbs-cmpnt-cb-preset-c brlbs-cmpnt-cb-youtube\"> <div class=\"brlbs-cmpnt-cb-thumbnail\" style=\"background-image: url('https:\/\/www.haarfreiheit.net\/wp-content\/uploads\/borlabs-cookie\/1\/yt_1x4N9BBk5qA_hqdefault.jpg')\"><\/div> <div class=\"brlbs-cmpnt-cb-main\"> <div class=\"brlbs-cmpnt-cb-play-button\"><\/div> <div class=\"brlbs-cmpnt-cb-content\"> <p class=\"brlbs-cmpnt-cb-description\">You are currently viewing a placeholder content from <strong>YouTube<\/strong>. To access the actual content, click the button below. Please note that doing so will share data with third-party providers.<\/p> <a class=\"brlbs-cmpnt-cb-provider-toggle\" href=\"#\" data-borlabs-cookie-show-provider-information role=\"button\">More Information<\/a> <\/div> <div class=\"brlbs-cmpnt-cb-buttons\"> <a class=\"brlbs-cmpnt-cb-btn\" href=\"#\" data-borlabs-cookie-unblock role=\"button\">Unblock content<\/a> <a class=\"brlbs-cmpnt-cb-btn\" href=\"#\" data-borlabs-cookie-accept-service role=\"button\" style=\"display: inherit\">Accept required service and unblock content<\/a> <\/div> <\/div> <\/div><\/div>\n<\/div><\/figure>\n<\/div>\n\n\n\n<div class=\"wp-block-column is-layout-flow wp-block-column-is-layout-flow\" style=\"flex-basis:25%\"><\/div>\n<\/div>\n<\/div><\/div>\n\n\n\n<div style=\"height:100px\" aria-hidden=\"true\" class=\"wp-block-spacer\"><\/div>\n\n\n\n<div class=\"wp-block-columns is-layout-flex wp-container-core-columns-is-layout-9d6595d7 wp-block-columns-is-layout-flex\">\n<div class=\"wp-block-column is-layout-flow wp-block-column-is-layout-flow\">\n<p class=\"has-text-align-center has-text-color\" style=\"color:#941e81;font-size:28px\"><strong>Seni ne bekliyor<\/strong><\/p>\n\n\n\n<p class=\"has-text-align-center\">\u2013 Esnek \u00e7al\u0131\u015fma saatleri<br>\u2013 D\u00fcz hiyerar\u015fileri olan gen\u00e7 ve motive bir ekip<br>\u2013 Ortalaman\u0131n \u00fczerinde \u00fccret<br>\u2013 Adanm\u0131\u015f \u00e7al\u0131\u015fma ortam\u0131<br>\u2013 Ba\u011f\u0131ms\u0131z \u00e7al\u0131\u015fma \u015fekli ve sorumluluk<br>\u2013 \u0130stenildi\u011fi kadar ileri e\u011fitim olanaklar\u0131<br>\u2013 Kurumsal etkinlikler<\/p>\n<\/div>\n\n\n\n<div class=\"wp-block-column is-layout-flow wp-block-column-is-layout-flow\">\n<p class=\"has-text-align-center\" style=\"font-size:28px\"><strong>G\u00f6revleriniz<\/strong><\/p>\n\n\n\n<p class=\"has-text-align-center\">Ekibimizin tam bir \u00fcyesi olarak \u00e7al\u0131\u015f\u0131yorsunuz ve meslekta\u015flar\u0131m\u0131zla birlikte m\u00fc\u015fterilere \u0131\u015f\u0131k ve lazer kullanarak kal\u0131c\u0131 epilasyon yapt\u0131r\u0131yorsunuz.<\/p>\n\n\n\n<p class=\"has-text-align-center\">Randevular\u0131 ba\u011f\u0131ms\u0131z planlar ve m\u00fc\u015fterilerimizin memnuniyetini sa\u011flars\u0131n\u0131z.<\/p>\n\n\n\n<p class=\"has-text-align-center\">Hizmet kalitesini kontrol eder ve uygunlu\u011fu sa\u011flars\u0131n\u0131z.<\/p>\n\n\n\n<p class=\"has-text-align-center\">Ofisimiz ile koordineli olarak malzeme ve di\u011fer gere\u00e7lerin envanterini d\u00fczenlersiniz.<\/p>\n\n\n\n<div style=\"height:24px\" aria-hidden=\"true\" class=\"wp-block-spacer is-style-s50\"><\/div>\n\n\n\n<p class=\"has-text-align-center has-normal-font-size\">Ekibe kat\u0131lmadan \u00f6nce, t\u00fcm i\u015f s\u00fcre\u00e7lerinde kapsaml\u0131 e\u011fitim ve talimat alacaks\u0131n\u0131z.<\/p>\n<\/div>\n<\/div>\n\n\n<div class=\"wp-block-image\">\n<figure class=\"aligncenter size-large is-resized\"><img loading=\"lazy\" decoding=\"async\" src=\"https:\/\/www.haarfreiheit.net\/wp-content\/uploads\/2021\/11\/Trenner-Neutral-1024x201.png\" alt=\"Sat\u0131r\" class=\"wp-image-7199\" style=\"object-fit:contain;width:694px;height:136px\" width=\"694\" height=\"136\" srcset=\"https:\/\/www.haarfreiheit.net\/wp-content\/uploads\/2021\/11\/Trenner-Neutral-1024x201.png 1024w, https:\/\/www.haarfreiheit.net\/wp-content\/uploads\/2021\/11\/Trenner-Neutral-300x59.png 300w, https:\/\/www.haarfreiheit.net\/wp-content\/uploads\/2021\/11\/Trenner-Neutral.png 1140w\" sizes=\"auto, (max-width: 694px) 100vw, 694px\" \/><\/figure>\n<\/div>\n\n\n<div class=\"wp-block-columns is-layout-flex wp-container-core-columns-is-layout-9d6595d7 wp-block-columns-is-layout-flex\">\n<div class=\"wp-block-column is-vertically-aligned-center is-layout-flow wp-block-column-is-layout-flow\">\n<div class=\"wp-block-columns is-layout-flex wp-container-core-columns-is-layout-9d6595d7 wp-block-columns-is-layout-flex\">\n<div class=\"wp-block-column is-layout-flow wp-block-column-is-layout-flow\">\n<div style=\"height:24px\" aria-hidden=\"true\" class=\"wp-block-spacer is-style-s50\"><\/div>\n\n\n\n<p class=\"has-text-align-center has-medium-font-size\">Bizi aray\u0131n veya bize yaz\u0131n! <br>Mesaj\u0131n\u0131z\u0131 bekliyoruz!<\/p>\n\n\n\n<p class=\"has-text-align-center has-medium-font-size\"><strong>0800\/000 73 00<\/strong><\/p>\n\n\n\n<p class=\"has-text-align-center primary-color has-medium-font-size\">E-posta: <a href=\"mailto:info@haarfreiheit.net\">info@haarfreiheit.net<\/a><\/p>\n\n\n\n<div style=\"height:24px\" aria-hidden=\"true\" class=\"wp-block-spacer is-style-s50\"><\/div>\n<\/div>\n<\/div>\n<\/div>\n\n\n\n<div class=\"wp-block-column is-vertically-aligned-center is-layout-flow wp-block-column-is-layout-flow\"><div class=\"wp-block-image\">\n<figure class=\"aligncenter size-full is-resized\"><img loading=\"lazy\" decoding=\"async\" src=\"https:\/\/www.haarfreiheit.net\/wp-content\/uploads\/2022\/01\/Stoerer-Haarfreiheit-Technik-1.png\" alt=\"\u0130ll\u00fcstrasyon Teknolojisi ve Hizmeti\" class=\"wp-image-5869\" style=\"object-fit:contain;width:278px;height:278px\" width=\"278\" height=\"278\" srcset=\"https:\/\/www.haarfreiheit.net\/wp-content\/uploads\/2022\/01\/Stoerer-Haarfreiheit-Technik-1.png 607w, https:\/\/www.haarfreiheit.net\/wp-content\/uploads\/2022\/01\/Stoerer-Haarfreiheit-Technik-1-300x300.png 300w, https:\/\/www.haarfreiheit.net\/wp-content\/uploads\/2022\/01\/Stoerer-Haarfreiheit-Technik-1-150x150.png 150w\" sizes=\"auto, (max-width: 278px) 100vw, 278px\" \/><\/figure>\n<\/div><\/div>\n<\/div>\n\n\n\n<div style=\"height:66px\" aria-hidden=\"true\" class=\"wp-block-spacer\"><\/div>\n\n\n\n<div class=\"wp-block-cover is-light\"><span aria-hidden=\"true\" class=\"wp-block-cover__background has-background-dim-30 has-background-dim\"><\/span><img loading=\"lazy\" decoding=\"async\" width=\"1980\" height=\"858\" class=\"wp-block-cover__image-background wp-image-3407\" alt=\"Foto\u011fraf Arka Plan Ekibi\" src=\"https:\/\/www.haarfreiheit.net\/wp-content\/uploads\/2021\/11\/Template-Teambild.jpg\" data-object-fit=\"cover\" srcset=\"https:\/\/www.haarfreiheit.net\/wp-content\/uploads\/2021\/11\/Template-Teambild.jpg 1980w, https:\/\/www.haarfreiheit.net\/wp-content\/uploads\/2021\/11\/Template-Teambild-300x130.jpg 300w, https:\/\/www.haarfreiheit.net\/wp-content\/uploads\/2021\/11\/Template-Teambild-1024x444.jpg 1024w, https:\/\/www.haarfreiheit.net\/wp-content\/uploads\/2021\/11\/Template-Teambild-1536x666.jpg 1536w\" sizes=\"auto, (max-width: 1980px) 100vw, 1980px\" \/><div class=\"wp-block-cover__inner-container is-layout-flow wp-block-cover-is-layout-flow\">\n<div style=\"height:40px\" aria-hidden=\"true\" class=\"wp-block-spacer\"><\/div>\n\n\n<div class=\"wp-block-image\">\n<figure class=\"aligncenter size-full is-resized\"><img loading=\"lazy\" decoding=\"async\" src=\"https:\/\/www.haarfreiheit.net\/wp-content\/uploads\/2021\/12\/weisses-Logo-Haarfreiheit-grauer-schlag.png\" alt=\"Logo Haarfreiheit witnek\" class=\"wp-image-4859\" style=\"object-fit:contain;width:422px;height:180px\" width=\"422\" height=\"180\" srcset=\"https:\/\/www.haarfreiheit.net\/wp-content\/uploads\/2021\/12\/weisses-Logo-Haarfreiheit-grauer-schlag.png 800w, https:\/\/www.haarfreiheit.net\/wp-content\/uploads\/2021\/12\/weisses-Logo-Haarfreiheit-grauer-schlag-300x128.png 300w\" sizes=\"auto, (max-width: 422px) 100vw, 422px\" \/><\/figure>\n<\/div>\n\n\n<div style=\"height:22px\" aria-hidden=\"true\" class=\"wp-block-spacer\"><\/div>\n\n\n\n<div class=\"wp-block-columns is-layout-flex wp-container-core-columns-is-layout-9d6595d7 wp-block-columns-is-layout-flex\">\n<div class=\"wp-block-column is-layout-flow wp-block-column-is-layout-flow\" style=\"flex-basis:25%\"><\/div>\n\n\n\n<div class=\"wp-block-column is-layout-flow wp-block-column-is-layout-flow\" style=\"flex-basis:50%\">\n<p class=\"has-text-align-center has-white-color has-text-color\">Haarfreiheit k\u00f6kleri estetik-kozmetik sekt\u00f6r\u00fcndedir. \u0130stikrarl\u0131 bir \u015fekilde b\u00fcy\u00fcd\u00fck ve binlerce m\u00fc\u015fteriyi mutlu ettik. \u015eimdi Frankfurt&#8217;tan Saarbr\u00fccken&#8217;e kadar 10 noktada temsil ediliyoruz. S\u00fcrekli geli\u015fimimiz sayesinde can s\u0131k\u0131nt\u0131s\u0131 tan\u0131m\u0131yoruz. Bu y\u00fczden ba\u015far\u0131 hikayemizin bir par\u00e7as\u0131 olmak istiyorsan\u0131z k\u0131sa bir \u00f6n yaz\u0131 ile ba\u015fvurunuzu bize g\u00f6nderin.<\/p>\n\n\n\n<div style=\"height:60px\" aria-hidden=\"true\" class=\"wp-block-spacer is-style-s50\"><\/div>\n\n\n\n<p class=\"has-text-align-center has-white-color has-text-color\" style=\"font-size:25px\"><strong><strong>Ayr\u0131ca cazip \u00fccretlerden de yararlanabilirsiniz.<\/strong><\/strong><\/p>\n\n\n\n<div style=\"height:60px\" aria-hidden=\"true\" class=\"wp-block-spacer is-style-s50\"><\/div>\n\n\n<div class=\"wp-block-image\">\n<figure class=\"aligncenter size-full is-resized\"><img loading=\"lazy\" decoding=\"async\" src=\"https:\/\/www.haarfreiheit.net\/wp-content\/uploads\/2021\/11\/Waben-Mitarbeiter.png\" alt=\"Petek \u0130ll\u00fcstrasyon Personeli\" class=\"wp-image-7548\" style=\"object-fit:contain;width:226px;height:202px\" width=\"226\" height=\"202\" srcset=\"https:\/\/www.haarfreiheit.net\/wp-content\/uploads\/2021\/11\/Waben-Mitarbeiter.png 499w, https:\/\/www.haarfreiheit.net\/wp-content\/uploads\/2021\/11\/Waben-Mitarbeiter-300x268.png 300w\" sizes=\"auto, (max-width: 226px) 100vw, 226px\" \/><\/figure>\n<\/div>\n\n\n<div style=\"height:60px\" aria-hidden=\"true\" class=\"wp-block-spacer is-style-s50\"><\/div>\n<\/div>\n\n\n\n<div class=\"wp-block-column is-layout-flow wp-block-column-is-layout-flow\" style=\"flex-basis:25%\"><\/div>\n<\/div>\n<\/div><\/div>\n\n\n\n<div class=\"wp-block-cover is-light\"><span aria-hidden=\"true\" class=\"wp-block-cover__background has-background-dim-0 has-background-dim\"><\/span><img loading=\"lazy\" decoding=\"async\" width=\"1904\" height=\"767\" class=\"wp-block-cover__image-background wp-image-5885\" alt=\"Foto\u011fraf Arka Plan Ekibi ve Konumlar\u0131\" src=\"https:\/\/www.haarfreiheit.net\/wp-content\/uploads\/2022\/01\/Endbanner-Bewerbungen-Kontakt-Team-und-Standorte.jpg\" style=\"object-position:68% 47%\" data-object-fit=\"cover\" data-object-position=\"68% 47%\" srcset=\"https:\/\/www.haarfreiheit.net\/wp-content\/uploads\/2022\/01\/Endbanner-Bewerbungen-Kontakt-Team-und-Standorte.jpg 1904w, https:\/\/www.haarfreiheit.net\/wp-content\/uploads\/2022\/01\/Endbanner-Bewerbungen-Kontakt-Team-und-Standorte-300x121.jpg 300w, https:\/\/www.haarfreiheit.net\/wp-content\/uploads\/2022\/01\/Endbanner-Bewerbungen-Kontakt-Team-und-Standorte-1024x413.jpg 1024w, https:\/\/www.haarfreiheit.net\/wp-content\/uploads\/2022\/01\/Endbanner-Bewerbungen-Kontakt-Team-und-Standorte-1536x619.jpg 1536w\" sizes=\"auto, (max-width: 1904px) 100vw, 1904px\" \/><div class=\"wp-block-cover__inner-container is-layout-flow wp-block-cover-is-layout-flow\">\n<div style=\"height:71px\" aria-hidden=\"true\" class=\"wp-block-spacer is-style-s50\"><\/div>\n\n\n\n<div style=\"height:13px\" aria-hidden=\"true\" class=\"wp-block-spacer\"><\/div>\n\n\n\n<div class=\"wp-block-columns is-layout-flex wp-container-core-columns-is-layout-9d6595d7 wp-block-columns-is-layout-flex\">\n<div class=\"wp-block-column is-layout-flow wp-block-column-is-layout-flow\">\n<div class=\"wp-block-buttons is-horizontal is-content-justification-center is-layout-flex wp-container-core-buttons-is-layout-499968f5 wp-block-buttons-is-layout-flex\">\n<div class=\"wp-block-button\"><a class=\"wp-block-button__link has-black-color has-white-background-color has-text-color has-background wp-element-button\" href=\"https:\/\/www.haarfreiheit.net\/tr\/\">Home<\/a><\/div>\n<\/div>\n<\/div>\n\n\n\n<div class=\"wp-block-column is-layout-flow wp-block-column-is-layout-flow\">\n<div class=\"wp-block-buttons is-horizontal is-content-justification-center is-layout-flex wp-container-core-buttons-is-layout-499968f5 wp-block-buttons-is-layout-flex\">\n<div class=\"wp-block-button\"><a class=\"wp-block-button__link has-black-color has-text-color has-background wp-element-button\" href=\"\/tr\/ekip\/\" style=\"background-color:#e4e2d2\">ekip<\/a><\/div>\n<\/div>\n<\/div>\n<\/div>\n\n\n\n<div style=\"height:10px\" aria-hidden=\"true\" class=\"wp-block-spacer\"><\/div>\n<\/div><\/div>\n\n\n\n<p><\/p>\n","protected":false},"excerpt":{"rendered":"<p>Ekibimizi g\u00fc\u00e7lendirmek i\u00e7in, HEMEN sa\u011fl\u0131k ve g\u00fczellik alan\u0131nda becerilerini kullanabilecek bir MFA veya hem\u015fire ar\u0131yoruz. Ekibimizi g\u00fc\u00e7lendirmek i\u00e7in, HEMEN &#8216;den sa\u011fl\u0131k ve g\u00fczellik alan\u0131nda becerilerini kullanabilecek bir g\u00fczellik uzman\u0131 veya kariyer de\u011fi\u015ftirici ar\u0131yoruz. Seni ne bekliyor \u2013 Esnek \u00e7al\u0131\u015fma saatleri\u2013 D\u00fcz hiyerar\u015fileri olan gen\u00e7 ve motive bir ekip\u2013 Ortalaman\u0131n \u00fczerinde \u00fccret\u2013 Adanm\u0131\u015f \u00e7al\u0131\u015fma ortam\u0131\u2013 Ba\u011f\u0131ms\u0131z <a href=\"https:\/\/www.haarfreiheit.net\/tr\/is-teklifler\/\" class=\"more-link\">&#8230;<\/a><\/p>\n","protected":false},"author":1,"featured_media":0,"parent":0,"menu_order":0,"comment_status":"closed","ping_status":"closed","template":"","meta":{"footnotes":""},"class_list":["post-7505","page","type-page","status-publish","hentry"],"yoast_head":"<!-- This site is optimized with the Yoast SEO plugin v27.1.1 - https:\/\/yoast.com\/product\/yoast-seo-wordpress\/ -->\n<title>A\u00e7\u0131k pozisyonlar \u2013 Haarfreiheit<\/title>\n<meta name=\"description\" content=\"Ekibimizi g\u00fc\u00e7lendirmek i\u00e7in, HEMEN sa\u011fl\u0131k ve g\u00fczellik alan\u0131nda becerilerini kullanabilecek bir MFA veya hem\u015fire ar\u0131yoruz.\" \/>\n<meta name=\"robots\" content=\"index, follow, max-snippet:-1, max-image-preview:large, max-video-preview:-1\" \/>\n<link rel=\"canonical\" href=\"https:\/\/www.haarfreiheit.net\/tr\/is-teklifler\/\" \/>\n<meta property=\"og:locale\" content=\"tr_TR\" \/>\n<meta property=\"og:type\" content=\"article\" \/>\n<meta property=\"og:title\" content=\"A\u00e7\u0131k pozisyonlar \u2013 Haarfreiheit\" \/>\n<meta property=\"og:description\" content=\"Ekibimizi g\u00fc\u00e7lendirmek i\u00e7in, HEMEN sa\u011fl\u0131k ve g\u00fczellik alan\u0131nda becerilerini kullanabilecek bir MFA veya hem\u015fire ar\u0131yoruz.\" \/>\n<meta property=\"og:url\" content=\"https:\/\/www.haarfreiheit.net\/tr\/is-teklifler\/\" \/>\n<meta property=\"og:site_name\" content=\"Haarfreiheit\" \/>\n<meta property=\"article:modified_time\" content=\"2023-10-12T08:55:24+00:00\" \/>\n<meta property=\"og:image\" content=\"https:\/\/www.haarfreiheit.net\/wp-content\/uploads\/2022\/01\/Ekibimize.png\" \/>\n<meta name=\"twitter:card\" content=\"summary_large_image\" \/>\n<meta name=\"twitter:label1\" content=\"Tahmini okuma s\u00fcresi\" \/>\n\t<meta name=\"twitter:data1\" content=\"4 dakika\" \/>\n<script type=\"application\/ld+json\" class=\"yoast-schema-graph\">{\"@context\":\"https:\/\/schema.org\",\"@graph\":[{\"@type\":\"WebPage\",\"@id\":\"https:\/\/www.haarfreiheit.net\/tr\/is-teklifler\/\",\"url\":\"https:\/\/www.haarfreiheit.net\/tr\/is-teklifler\/\",\"name\":\"A\u00e7\u0131k pozisyonlar \u2013 Haarfreiheit\",\"isPartOf\":{\"@id\":\"https:\/\/www.haarfreiheit.net\/tr\/#website\"},\"primaryImageOfPage\":{\"@id\":\"https:\/\/www.haarfreiheit.net\/tr\/is-teklifler\/#primaryimage\"},\"image\":{\"@id\":\"https:\/\/www.haarfreiheit.net\/tr\/is-teklifler\/#primaryimage\"},\"thumbnailUrl\":\"https:\/\/www.haarfreiheit.net\/wp-content\/uploads\/2022\/01\/Ekibimize.png\",\"datePublished\":\"2021-11-03T12:26:21+00:00\",\"dateModified\":\"2023-10-12T08:55:24+00:00\",\"description\":\"Ekibimizi g\u00fc\u00e7lendirmek i\u00e7in, HEMEN sa\u011fl\u0131k ve g\u00fczellik alan\u0131nda becerilerini kullanabilecek bir MFA veya hem\u015fire ar\u0131yoruz.\",\"breadcrumb\":{\"@id\":\"https:\/\/www.haarfreiheit.net\/tr\/is-teklifler\/#breadcrumb\"},\"inLanguage\":\"tr\",\"potentialAction\":[{\"@type\":\"ReadAction\",\"target\":[\"https:\/\/www.haarfreiheit.net\/tr\/is-teklifler\/\"]}]},{\"@type\":\"ImageObject\",\"inLanguage\":\"tr\",\"@id\":\"https:\/\/www.haarfreiheit.net\/tr\/is-teklifler\/#primaryimage\",\"url\":\"https:\/\/www.haarfreiheit.net\/wp-content\/uploads\/2022\/01\/Ekibimize.png\",\"contentUrl\":\"https:\/\/www.haarfreiheit.net\/wp-content\/uploads\/2022\/01\/Ekibimize.png\"},{\"@type\":\"BreadcrumbList\",\"@id\":\"https:\/\/www.haarfreiheit.net\/tr\/is-teklifler\/#breadcrumb\",\"itemListElement\":[{\"@type\":\"ListItem\",\"position\":1,\"name\":\"Startseite\",\"item\":\"https:\/\/www.haarfreiheit.net\/tr\/\"},{\"@type\":\"ListItem\",\"position\":2,\"name\":\"\u0130\u015f teklifleri\"}]},{\"@type\":\"WebSite\",\"@id\":\"https:\/\/www.haarfreiheit.net\/tr\/#website\",\"url\":\"https:\/\/www.haarfreiheit.net\/tr\/\",\"name\":\"Haarfreiheit\",\"description\":\"Dauerhafte Haarentfernung beim Experten\",\"potentialAction\":[{\"@type\":\"SearchAction\",\"target\":{\"@type\":\"EntryPoint\",\"urlTemplate\":\"https:\/\/www.haarfreiheit.net\/tr\/?s={search_term_string}\"},\"query-input\":{\"@type\":\"PropertyValueSpecification\",\"valueRequired\":true,\"valueName\":\"search_term_string\"}}],\"inLanguage\":\"tr\"}]}<\/script>\n<!-- \/ Yoast SEO plugin. -->","yoast_head_json":{"title":"A\u00e7\u0131k pozisyonlar \u2013 Haarfreiheit","description":"Ekibimizi g\u00fc\u00e7lendirmek i\u00e7in, HEMEN sa\u011fl\u0131k ve g\u00fczellik alan\u0131nda becerilerini kullanabilecek bir MFA veya hem\u015fire ar\u0131yoruz.","robots":{"index":"index","follow":"follow","max-snippet":"max-snippet:-1","max-image-preview":"max-image-preview:large","max-video-preview":"max-video-preview:-1"},"canonical":"https:\/\/www.haarfreiheit.net\/tr\/is-teklifler\/","og_locale":"tr_TR","og_type":"article","og_title":"A\u00e7\u0131k pozisyonlar \u2013 Haarfreiheit","og_description":"Ekibimizi g\u00fc\u00e7lendirmek i\u00e7in, HEMEN sa\u011fl\u0131k ve g\u00fczellik alan\u0131nda becerilerini kullanabilecek bir MFA veya hem\u015fire ar\u0131yoruz.","og_url":"https:\/\/www.haarfreiheit.net\/tr\/is-teklifler\/","og_site_name":"Haarfreiheit","article_modified_time":"2023-10-12T08:55:24+00:00","og_image":[{"url":"https:\/\/www.haarfreiheit.net\/wp-content\/uploads\/2022\/01\/Ekibimize.png","type":"","width":"","height":""}],"twitter_card":"summary_large_image","twitter_misc":{"Tahmini okuma s\u00fcresi":"4 dakika"},"schema":{"@context":"https:\/\/schema.org","@graph":[{"@type":"WebPage","@id":"https:\/\/www.haarfreiheit.net\/tr\/is-teklifler\/","url":"https:\/\/www.haarfreiheit.net\/tr\/is-teklifler\/","name":"A\u00e7\u0131k pozisyonlar \u2013 Haarfreiheit","isPartOf":{"@id":"https:\/\/www.haarfreiheit.net\/tr\/#website"},"primaryImageOfPage":{"@id":"https:\/\/www.haarfreiheit.net\/tr\/is-teklifler\/#primaryimage"},"image":{"@id":"https:\/\/www.haarfreiheit.net\/tr\/is-teklifler\/#primaryimage"},"thumbnailUrl":"https:\/\/www.haarfreiheit.net\/wp-content\/uploads\/2022\/01\/Ekibimize.png","datePublished":"2021-11-03T12:26:21+00:00","dateModified":"2023-10-12T08:55:24+00:00","description":"Ekibimizi g\u00fc\u00e7lendirmek i\u00e7in, HEMEN sa\u011fl\u0131k ve g\u00fczellik alan\u0131nda becerilerini kullanabilecek bir MFA veya hem\u015fire ar\u0131yoruz.","breadcrumb":{"@id":"https:\/\/www.haarfreiheit.net\/tr\/is-teklifler\/#breadcrumb"},"inLanguage":"tr","potentialAction":[{"@type":"ReadAction","target":["https:\/\/www.haarfreiheit.net\/tr\/is-teklifler\/"]}]},{"@type":"ImageObject","inLanguage":"tr","@id":"https:\/\/www.haarfreiheit.net\/tr\/is-teklifler\/#primaryimage","url":"https:\/\/www.haarfreiheit.net\/wp-content\/uploads\/2022\/01\/Ekibimize.png","contentUrl":"https:\/\/www.haarfreiheit.net\/wp-content\/uploads\/2022\/01\/Ekibimize.png"},{"@type":"BreadcrumbList","@id":"https:\/\/www.haarfreiheit.net\/tr\/is-teklifler\/#breadcrumb","itemListElement":[{"@type":"ListItem","position":1,"name":"Startseite","item":"https:\/\/www.haarfreiheit.net\/tr\/"},{"@type":"ListItem","position":2,"name":"\u0130\u015f teklifleri"}]},{"@type":"WebSite","@id":"https:\/\/www.haarfreiheit.net\/tr\/#website","url":"https:\/\/www.haarfreiheit.net\/tr\/","name":"Haarfreiheit","description":"Dauerhafte Haarentfernung beim Experten","potentialAction":[{"@type":"SearchAction","target":{"@type":"EntryPoint","urlTemplate":"https:\/\/www.haarfreiheit.net\/tr\/?s={search_term_string}"},"query-input":{"@type":"PropertyValueSpecification","valueRequired":true,"valueName":"search_term_string"}}],"inLanguage":"tr"}]}},"_links":{"self":[{"href":"https:\/\/www.haarfreiheit.net\/tr\/wp-json\/wp\/v2\/pages\/7505","targetHints":{"allow":["GET"]}}],"collection":[{"href":"https:\/\/www.haarfreiheit.net\/tr\/wp-json\/wp\/v2\/pages"}],"about":[{"href":"https:\/\/www.haarfreiheit.net\/tr\/wp-json\/wp\/v2\/types\/page"}],"author":[{"embeddable":true,"href":"https:\/\/www.haarfreiheit.net\/tr\/wp-json\/wp\/v2\/users\/1"}],"replies":[{"embeddable":true,"href":"https:\/\/www.haarfreiheit.net\/tr\/wp-json\/wp\/v2\/comments?post=7505"}],"version-history":[{"count":10,"href":"https:\/\/www.haarfreiheit.net\/tr\/wp-json\/wp\/v2\/pages\/7505\/revisions"}],"predecessor-version":[{"id":21445,"href":"https:\/\/www.haarfreiheit.net\/tr\/wp-json\/wp\/v2\/pages\/7505\/revisions\/21445"}],"wp:attachment":[{"href":"https:\/\/www.haarfreiheit.net\/tr\/wp-json\/wp\/v2\/media?parent=7505"}],"curies":[{"name":"wp","href":"https:\/\/api.w.org\/{rel}","templated":true}]}}