{"id":7569,"date":"2021-07-30T09:43:29","date_gmt":"2021-07-30T07:43:29","guid":{"rendered":"https:\/\/www.haarfreiheit.net\/preise-dauerhafte-haarentfernung\/"},"modified":"2024-07-30T12:30:46","modified_gmt":"2024-07-30T10:30:46","slug":"fiyatlar-kalici-epilyason","status":"publish","type":"page","link":"https:\/\/www.haarfreiheit.net\/tr\/fiyatlar-kalici-epilyason\/","title":{"rendered":"Fiyatlar"},"content":{"rendered":"\n<div class=\"wp-block-cover is-light\" style=\"min-height:250px;aspect-ratio:unset;\"><span aria-hidden=\"true\" class=\"wp-block-cover__background has-background-dim-0 has-background-dim\"><\/span><img loading=\"lazy\" decoding=\"async\" width=\"1980\" height=\"1417\" class=\"wp-block-cover__image-background wp-image-6378\" alt=\"Hintergrund Frau mit Achseln\" src=\"https:\/\/www.haarfreiheit.net\/wp-content\/uploads\/2021\/11\/Frau-Gesicht-Hintergrund.jpg\" style=\"object-position:49% 100%\" data-object-fit=\"cover\" data-object-position=\"49% 100%\" srcset=\"https:\/\/www.haarfreiheit.net\/wp-content\/uploads\/2021\/11\/Frau-Gesicht-Hintergrund.jpg 1980w, https:\/\/www.haarfreiheit.net\/wp-content\/uploads\/2021\/11\/Frau-Gesicht-Hintergrund-300x215.jpg 300w, https:\/\/www.haarfreiheit.net\/wp-content\/uploads\/2021\/11\/Frau-Gesicht-Hintergrund-1024x733.jpg 1024w, https:\/\/www.haarfreiheit.net\/wp-content\/uploads\/2021\/11\/Frau-Gesicht-Hintergrund-1536x1099.jpg 1536w\" sizes=\"auto, (max-width: 1980px) 100vw, 1980px\" \/><div class=\"wp-block-cover__inner-container is-layout-flow wp-block-cover-is-layout-flow\">\n<div class=\"wp-block-columns is-layout-flex wp-container-core-columns-is-layout-9d6595d7 wp-block-columns-is-layout-flex\">\n<div class=\"wp-block-column is-vertically-aligned-center is-layout-flow wp-block-column-is-layout-flow\" style=\"flex-basis:66.66%\">\n<div style=\"height:105px\" aria-hidden=\"true\" class=\"wp-block-spacer is-style-default\"><\/div>\n\n\n\n<h1 class=\"wp-block-heading has-text-align-center has-text-color quaternary-color has-large-font-size\" id=\"fiyatlar\">FIYATLAR<\/h1>\n\n\n\n<div style=\"height:20px\" aria-hidden=\"true\" class=\"wp-block-spacer\"><\/div>\n\n\n\n<p class=\"has-text-align-center has-black-color has-text-color\">XENOgel Teknolojisi, IPL, SHR, diyot, alexandrite lazer, ND: YAG lazer ve i\u011fneli epilasyon | Piyasada bulunan t\u00fcm foto epilasyon teknolojilerine sahibiz. \u0130htiya\u00e7lar\u0131n\u0131z i\u00e7in do\u011fru olan\u0131 birlikte bulaca\u011f\u0131z.<\/p>\n\n\n\n<div style=\"height:131px\" aria-hidden=\"true\" class=\"wp-block-spacer\"><\/div>\n<\/div>\n\n\n\n<div class=\"wp-block-column is-vertically-aligned-center is-layout-flow wp-block-column-is-layout-flow\" style=\"flex-basis:33.33%\">\n<div style=\"height:30px\" aria-hidden=\"true\" class=\"wp-block-spacer is-style-s20\"><\/div>\n\n\n<div class=\"wp-block-image\">\n<figure class=\"aligncenter size-full is-resized\"><img loading=\"lazy\" decoding=\"async\" width=\"400\" height=\"381\" src=\"https:\/\/www.haarfreiheit.net\/wp-content\/uploads\/2021\/12\/Preise-Pakete-Button-beige.png\" alt=\"Simge Fiyatlar\u0131 ve Paketleri \u0130ll\u00fcstrasyon\" class=\"wp-image-4834\" style=\"object-fit:contain;width:290px;height:276px\" srcset=\"https:\/\/www.haarfreiheit.net\/wp-content\/uploads\/2021\/12\/Preise-Pakete-Button-beige.png 400w, https:\/\/www.haarfreiheit.net\/wp-content\/uploads\/2021\/12\/Preise-Pakete-Button-beige-300x286.png 300w\" sizes=\"auto, (max-width: 400px) 100vw, 400px\" \/><\/figure>\n<\/div>\n\n\n<div style=\"height:30px\" aria-hidden=\"true\" class=\"wp-block-spacer is-style-s20\"><\/div>\n\n\n\n<div class=\"wp-block-buttons is-horizontal is-content-justification-center is-layout-flex wp-container-core-buttons-is-layout-499968f5 wp-block-buttons-is-layout-flex\">\n<div class=\"wp-block-button has-custom-width wp-block-button__width-75 is-style-fill\"><a class=\"wp-block-button__link has-white-color has-text-color wp-element-button\" href=\"\/tr\/randevu-al\/\" style=\"border-radius:20px\">\u00dccretsiz Dan\u0131\u015fmanl\u0131k<\/a><\/div>\n<\/div>\n\n\n\n<div style=\"height:30px\" aria-hidden=\"true\" class=\"wp-block-spacer\"><\/div>\n<\/div>\n<\/div>\n<\/div><\/div>\n\n\n\n<div style=\"height:22px\" aria-hidden=\"true\" class=\"wp-block-spacer is-style-s50\"><\/div>\n\n\n\n<div class=\"wp-block-columns is-layout-flex wp-container-core-columns-is-layout-9d6595d7 wp-block-columns-is-layout-flex\">\n<div class=\"wp-block-column is-layout-flow wp-block-column-is-layout-flow\">\n<p class=\"has-text-align-center\">Farkl\u0131 teknolojiler &#8211; tek tip fiyatlar (fotoepilasyon)<\/p>\n\n\n\n<p class=\"has-text-align-center\">Fotoepilasyon fiyatlar\u0131 sadece se\u00e7ilen v\u00fccut b\u00f6lgesine g\u00f6re farkl\u0131l\u0131k g\u00f6sterir, ilgili teknolojiye g\u00f6re farkl\u0131l\u0131k g\u00f6stermez. \u0130\u011fneli epilasyon \u00e7ok zaman al\u0131c\u0131 oldu\u011fundan, orada ba\u015fka fiyatlar uygulan\u0131r ve bu fiyatlar\u0131 kons\u00fcltasyonda daha ayr\u0131nt\u0131l\u0131 olarak \u00f6\u011frenebilirsiniz. \u015eimdi \u00fccretsiz bir dan\u0131\u015fma ayarlay\u0131n.<\/p>\n<\/div>\n<\/div>\n\n\n\n<div style=\"height:22px\" aria-hidden=\"true\" class=\"wp-block-spacer is-style-s50\"><\/div>\n\n\n\n<div class=\"wp-block-columns is-layout-flex wp-container-core-columns-is-layout-9d6595d7 wp-block-columns-is-layout-flex\">\n<div class=\"wp-block-column is-vertically-aligned-center is-layout-flow wp-block-column-is-layout-flow\">\n<p class=\"has-text-align-center primary-color has-large-font-size\"><strong>Bizim<br>PREMIUM F\u0130YATLAR**<br>kad\u0131nlar i\u00e7in<\/strong><\/p>\n\n\n\n<p class=\"has-text-align-center has-medium-font-size\">Bayanlar bireysel v\u00fccut b\u00f6lgeleri<\/p>\n<\/div>\n\n\n\n<div class=\"wp-block-column is-layout-flow wp-block-column-is-layout-flow\"><div class=\"wp-block-image\">\n<figure class=\"aligncenter size-full is-resized\"><img loading=\"lazy\" decoding=\"async\" width=\"999\" height=\"637\" src=\"https:\/\/www.haarfreiheit.net\/wp-content\/uploads\/2021\/10\/Einzelbehandlung-Frau.png\" alt=\"Simge Fiyatlar\u0131 ve Paketleri \u0130ll\u00fcstrasyon\" class=\"wp-image-7599\" style=\"object-fit:contain;width:519px;height:331px\" srcset=\"https:\/\/www.haarfreiheit.net\/wp-content\/uploads\/2021\/10\/Einzelbehandlung-Frau.png 999w, https:\/\/www.haarfreiheit.net\/wp-content\/uploads\/2021\/10\/Einzelbehandlung-Frau-300x191.png 300w\" sizes=\"auto, (max-width: 999px) 100vw, 999px\" \/><\/figure>\n<\/div><\/div>\n<\/div>\n\n\n\n<div class=\"wp-block-columns is-layout-flex wp-container-core-columns-is-layout-9d6595d7 wp-block-columns-is-layout-flex\">\n<div class=\"wp-block-column is-layout-flow wp-block-column-is-layout-flow\">\n<figure class=\"wp-block-table primary-link-color is-style-stripes\"><table><thead><tr><th class=\"has-text-align-center\" data-align=\"center\">TEDAVI B\u00d6LGELER<\/th><th class=\"has-text-align-center\" data-align=\"center\">Masraf**<\/th><\/tr><\/thead><tbody><tr><td class=\"has-text-align-center\" data-align=\"center\">Koltuk altl\u0131<\/td><td class=\"has-text-align-center\" data-align=\"center\">59,- \u20ac<\/td><\/tr><tr><td class=\"has-text-align-center\" data-align=\"center\">Koltuk altl\u0131 ve Bikini b\u00f6lgesi<\/td><td class=\"has-text-align-center\" data-align=\"center\">129,- \u20ac<\/td><\/tr><tr><td class=\"has-text-align-center\" data-align=\"center\">G\u00f6bek (t\u00fcm)<\/td><td class=\"has-text-align-center\" data-align=\"center\">129,- \u20ac<\/td><\/tr><tr><td class=\"has-text-align-center\" data-align=\"center\">Bikini b\u00f6lgesi<\/td><td class=\"has-text-align-center\" data-align=\"center\">79,- \u20ac<\/td><\/tr><tr><td class=\"has-text-align-center\" data-align=\"center\">Meme u\u00e7lar\u0131<\/td><td class=\"has-text-align-center\" data-align=\"center\">49,- \u20ac<\/td><\/tr><tr><td class=\"has-text-align-center\" data-align=\"center\">Kal\u00e7alar (t\u00fcm)<\/td><td class=\"has-text-align-center\" data-align=\"center\">145,- \u20ac<\/td><\/tr><tr><td class=\"has-text-align-center\" data-align=\"center\">Y\u00fcz\/ Boyun <\/td><td class=\"has-text-align-center\" data-align=\"center\">85,- \u20ac<\/td><\/tr><tr><td class=\"has-text-align-center\" data-align=\"center\">Boyun<\/td><td class=\"has-text-align-center\" data-align=\"center\">59,- \u20ac<\/td><\/tr><tr><td class=\"has-text-align-center\" data-align=\"center\">Eller<\/td><td class=\"has-text-align-center\" data-align=\"center\">59,- \u20ac<\/td><\/tr><tr><td class=\"has-text-align-center\" data-align=\"center\">Mahrem b\u00f6lgesi\/ Bikini b\u00f6lgesi<\/td><td class=\"has-text-align-center\" data-align=\"center\">139,- \u20ac<\/td><\/tr><tr><td class=\"has-text-align-center\" data-align=\"center\">\u00c7ene<\/td><td class=\"has-text-align-center\" data-align=\"center\">59,- \u20ac<\/td><\/tr><tr><td class=\"has-text-align-center\" data-align=\"center\">Ortanca \u00e7izgi<\/td><td class=\"has-text-align-center\" data-align=\"center\">59,- \u20ac<\/td><\/tr><tr><td class=\"has-text-align-center\" data-align=\"center\">Kolun \u00fcst k\u0131sm\u0131<\/td><td class=\"has-text-align-center\" data-align=\"center\">119,- \u20ac<\/td><\/tr><tr><td class=\"has-text-align-center\" data-align=\"center\">\u00dcst dudak<\/td><td class=\"has-text-align-center\" data-align=\"center\">59,- \u20ac<\/td><\/tr><tr><td class=\"has-text-align-center\" data-align=\"center\">\u00dcst dudak\/ \u00c7ene<\/td><td class=\"has-text-align-center\" data-align=\"center\">79,- \u20ac<\/td><\/tr><tr><td class=\"has-text-align-center\" data-align=\"center\">\u00dcst Bacak k\u0131sm\u0131<\/td><td class=\"has-text-align-center\" data-align=\"center\">185,- \u20ac<\/td><\/tr><tr><td class=\"has-text-align-center\" data-align=\"center\">kal\u00e7a k\u0131vr\u0131m\u0131<\/td><td class=\"has-text-align-center\" data-align=\"center\">79,- \u20ac<\/td><\/tr><tr><td class=\"has-text-align-center\" data-align=\"center\">S\u0131rt<\/td><td class=\"has-text-align-center\" data-align=\"center\">139,- \u20ac<\/td><\/tr><tr><td class=\"has-text-align-center\" data-align=\"center\">Kolun alt k\u0131sm\u0131<\/td><td class=\"has-text-align-center\" data-align=\"center\">129,- \u20ac<\/td><\/tr><tr><td class=\"has-text-align-center\" data-align=\"center\">Alt Bacak k\u0131sm\u0131<\/td><td class=\"has-text-align-center\" data-align=\"center\">179,- \u20ac<\/td><\/tr><\/tbody><\/table><\/figure>\n<\/div>\n<\/div>\n\n\n\n<div style=\"height:100px\" aria-hidden=\"true\" class=\"wp-block-spacer is-style-s50\"><\/div>\n\n\n\n<div class=\"wp-block-columns is-layout-flex wp-container-core-columns-is-layout-9d6595d7 wp-block-columns-is-layout-flex\">\n<div class=\"wp-block-column is-layout-flow wp-block-column-is-layout-flow\"><div class=\"wp-block-image\">\n<figure class=\"aligncenter size-full is-resized\"><img loading=\"lazy\" decoding=\"async\" width=\"999\" height=\"637\" src=\"https:\/\/www.haarfreiheit.net\/wp-content\/uploads\/2021\/10\/Pakete-Frau.png\" alt=\"Simge Fiyatlar\u0131 ve Paketleri \u0130ll\u00fcstrasyon\" class=\"wp-image-7591\" style=\"object-fit:contain;width:519px;height:331px\" srcset=\"https:\/\/www.haarfreiheit.net\/wp-content\/uploads\/2021\/10\/Pakete-Frau.png 999w, https:\/\/www.haarfreiheit.net\/wp-content\/uploads\/2021\/10\/Pakete-Frau-300x191.png 300w\" sizes=\"auto, (max-width: 999px) 100vw, 999px\" \/><\/figure>\n<\/div><\/div>\n\n\n\n<div class=\"wp-block-column is-vertically-aligned-center is-layout-flow wp-block-column-is-layout-flow\">\n<h2 class=\"wp-block-heading has-text-align-center primary-color has-large-font-size\" id=\"tedavi-paketleri-bayan\">PAKET F\u0130YATLARI**<br>kad\u0131nlar i\u00e7in<\/h2>\n<\/div>\n<\/div>\n\n\n\n<div style=\"height:100px\" aria-hidden=\"true\" class=\"wp-block-spacer is-style-s20\"><\/div>\n\n\n\n<div class=\"wp-block-columns is-layout-flex wp-container-core-columns-is-layout-9d6595d7 wp-block-columns-is-layout-flex\">\n<div class=\"wp-block-column is-layout-flow wp-block-column-is-layout-flow\">\n<figure class=\"wp-block-table primary-link-color is-style-stripes\"><table><thead><tr><th class=\"has-text-align-center\" data-align=\"center\">TEDAVI PAKETLERI<\/th><th class=\"has-text-align-center\" data-align=\"center\">Masraf**<\/th><\/tr><\/thead><tbody><tr><td class=\"has-text-align-center\" data-align=\"center\">BAYAN PAKETI 1: <br>Koltuk alt\u0131 ve Mahrem b\u00f6lgesi<\/td><td class=\"has-text-align-center\" data-align=\"center\">169,-&nbsp;\u20ac<\/td><\/tr><tr><td class=\"has-text-align-center\" data-align=\"center\">BAYAN PAKETI 2: <br>Kollar ve Eller<\/td><td class=\"has-text-align-center\" data-align=\"center\">225,-&nbsp;\u20ac<\/td><\/tr><tr><td class=\"has-text-align-center\" data-align=\"center\">BAYAN PAKETI 3: <br>Mahrem, bikini b\u00f6lgesi ve&nbsp;kal\u00e7a k\u0131vr\u0131m\u0131<\/td><td class=\"has-text-align-center\" data-align=\"center\">199,-&nbsp;\u20ac<\/td><\/tr><tr><td class=\"has-text-align-center\" data-align=\"center\">BAYAN PAKETI 4: <br>Alt Bacak k\u0131sm\u0131, Koltuk altl\u0131 VEYA Mahrem b\u00f6lgesi<\/td><td class=\"has-text-align-center\" data-align=\"center\">269,-&nbsp;\u20ac<\/td><\/tr><tr><td class=\"has-text-align-center\" data-align=\"center\">BAYAN PAKETI 5: <br>Ba\u00e7aklar (t\u00fcm)<\/td><td class=\"has-text-align-center\" data-align=\"center\">275,-&nbsp;\u20ac<\/td><\/tr><tr><td class=\"has-text-align-center\" data-align=\"center\">BAYAN PAKETI 6: <br>Alt bacaklar, koltuk altlar\u0131 ve mahrem b\u00f6lgesi<\/td><td class=\"has-text-align-center\" data-align=\"center\">285,-&nbsp;\u20ac<\/td><\/tr><tr><td class=\"has-text-align-center\" data-align=\"center\">BAYAN PAKETI 7: <br>Bacaklar (t\u00fcm) ve mahrem b\u00f6lgesi<\/td><td class=\"has-text-align-center\" data-align=\"center\">249,-&nbsp;\u20ac<\/td><\/tr><tr><td class=\"has-text-align-center\" data-align=\"center\">BAYAN PAKETI 8: <br>Bacaklar (t\u00fcm), bikini b\u00f6lgesi ve koltuk alt\u0131<\/td><td class=\"has-text-align-center\" data-align=\"center\">359,-&nbsp;\u20ac<\/td><\/tr><tr><td class=\"has-text-align-center\" data-align=\"center\">BAYAN PAKETI 9: <br>Bacaklar (t\u00fcm), mahrem b\u00f6lgesi ve koltuk alt\u0131<\/td><td class=\"has-text-align-center\" data-align=\"center\">395,-&nbsp;\u20ac<\/td><\/tr><tr><td class=\"has-text-align-center\" data-align=\"center\">BAYAN PAKETI 10: <br>T\u00fcm v\u00fccut tedavisi<\/td><td class=\"has-text-align-center\" data-align=\"center\">599,-&nbsp;\u20ac<\/td><\/tr><\/tbody><\/table><\/figure>\n<\/div>\n<\/div>\n\n\n\n<div class=\"wp-block-columns is-layout-flex wp-container-core-columns-is-layout-9d6595d7 wp-block-columns-is-layout-flex\">\n<div class=\"wp-block-column is-layout-flow wp-block-column-is-layout-flow\">\n<p class=\"has-text-align-center\">** Sa\u00e7 \u00f6zg\u00fcrl\u00fc\u011f\u00fc tedavisinde tedavi ba\u015f\u0131na fiyatlar PREMIUM tarife, di\u011fer t\u00fcm fiyat detaylar\u0131 ve maliyet \u00f6l\u00e7ekleri ki\u015fisel dan\u0131\u015fmanl\u0131kta bulunabilir<br>Fiyatlar tedavi ba\u015f\u0131nad\u0131r, kursiyerler ve \u00f6\u011frenciler bir \u00f6\u011frenci veya e\u011fitim sertifikas\u0131n\u0131n %5 indirim al\u0131rlar.<\/p>\n<\/div>\n<\/div>\n\n\n\n<div style=\"height:100px\" aria-hidden=\"true\" class=\"wp-block-spacer is-style-s50\"><\/div>\n\n\n\n<div class=\"wp-block-columns is-layout-flex wp-container-core-columns-is-layout-9d6595d7 wp-block-columns-is-layout-flex\">\n<div class=\"wp-block-column is-vertically-aligned-center is-layout-flow wp-block-column-is-layout-flow\">\n<h2 class=\"wp-block-heading has-text-align-center has-text-color quaternary-color has-large-font-size\" id=\"fiyat-kalici-epilasyon-bay\">Bizim<br>PREMIUM F\u0130YATLAR**<br>erkekler i\u00e7in<\/h2>\n\n\n\n<p class=\"has-text-align-center has-medium-font-size\">Bireysel v\u00fccut b\u00f6lgeleri bay<\/p>\n<\/div>\n\n\n\n<div class=\"wp-block-column is-layout-flow wp-block-column-is-layout-flow\" style=\"flex-basis:50%\"><div class=\"wp-block-image\">\n<figure class=\"aligncenter size-full is-resized\"><img loading=\"lazy\" decoding=\"async\" width=\"999\" height=\"637\" src=\"https:\/\/www.haarfreiheit.net\/wp-content\/uploads\/2022\/01\/Einzelbehandlung-Manner.png\" alt=\"Simge Fiyatlar\u0131 ve Paketleri \u0130ll\u00fcstrasyon\" class=\"wp-image-8251\" style=\"object-fit:contain;width:543px;height:346px\" srcset=\"https:\/\/www.haarfreiheit.net\/wp-content\/uploads\/2022\/01\/Einzelbehandlung-Manner.png 999w, https:\/\/www.haarfreiheit.net\/wp-content\/uploads\/2022\/01\/Einzelbehandlung-Manner-300x191.png 300w\" sizes=\"auto, (max-width: 999px) 100vw, 999px\" \/><\/figure>\n<\/div><\/div>\n<\/div>\n\n\n\n<div class=\"wp-block-columns is-layout-flex wp-container-core-columns-is-layout-9d6595d7 wp-block-columns-is-layout-flex\">\n<div class=\"wp-block-column is-layout-flow wp-block-column-is-layout-flow\">\n<figure class=\"wp-block-table secondary-link-color is-style-stripes\"><table><thead><tr><th class=\"has-text-align-center\" data-align=\"center\"><strong>TEDAVI<\/strong><\/th><th class=\"has-text-align-center\" data-align=\"center\">Masraf**<\/th><\/tr><\/thead><tbody><tr><td class=\"has-text-align-center\" data-align=\"center\">Koltuk altl\u0131<\/td><td class=\"has-text-align-center\" data-align=\"center\">85,-&nbsp;\u20ac<\/td><\/tr><tr><td class=\"has-text-align-center\" data-align=\"center\">Boyun ve Sakal<\/td><td class=\"has-text-align-center\" data-align=\"center\">149,- \u20ac<\/td><\/tr><tr><td class=\"has-text-align-center\" data-align=\"center\">G\u00f6bek (t\u00fcm)<\/td><td class=\"has-text-align-center\" data-align=\"center\">129,- \u20ac<\/td><\/tr><tr><td class=\"has-text-align-center\" data-align=\"center\">Bacaklar (t\u00fcm) ve ayaklar<\/td><td class=\"has-text-align-center\" data-align=\"center\">309,- \u20ac<\/td><\/tr><tr><td class=\"has-text-align-center\" data-align=\"center\">G\u00f6\u011f\u00fcs<\/td><td class=\"has-text-align-center\" data-align=\"center\">149,- \u20ac<\/td><\/tr><tr><td class=\"has-text-align-center\" data-align=\"center\">Kal\u00e7alar<\/td><td class=\"has-text-align-center\" data-align=\"center\">185,- \u20ac<\/td><\/tr><tr><td class=\"has-text-align-center\" data-align=\"center\">Boyun<\/td><td class=\"has-text-align-center\" data-align=\"center\">79,- \u20ac<\/td><\/tr><tr><td class=\"has-text-align-center\" data-align=\"center\">Kolun \u00fcst k\u0131sm\u0131<\/td><td class=\"has-text-align-center\" data-align=\"center\">169,- \u20ac<\/td><\/tr><tr><td class=\"has-text-align-center\" data-align=\"center\">Boyun<\/td><td class=\"has-text-align-center\" data-align=\"center\">79,- \u20ac<\/td><\/tr><tr><td class=\"has-text-align-center\" data-align=\"center\">Kolun \u00fcst k\u0131sm\u0131<\/td><td class=\"has-text-align-center\" data-align=\"center\">129,- \u20ac<\/td><\/tr><tr><td class=\"has-text-align-center\" data-align=\"center\">Gluteal k\u0131vr\u0131m<\/td><td class=\"has-text-align-center\" data-align=\"center\">125,- \u20ac<\/td><\/tr><tr><td class=\"has-text-align-center\" data-align=\"center\">S\u0131rt (tam)<\/td><td class=\"has-text-align-center\" data-align=\"center\">219,- \u20ac<\/td><\/tr><tr><td class=\"has-text-align-center\" data-align=\"center\">S\u0131rt (kuyruk sokumu)<\/td><td class=\"has-text-align-center\" data-align=\"center\">129,- \u20ac<\/td><\/tr><tr><td class=\"has-text-align-center\" data-align=\"center\">Omuzlar<\/td><td class=\"has-text-align-center\" data-align=\"center\">139,- \u20ac<\/td><\/tr><tr><td class=\"has-text-align-center\" data-align=\"center\">Kolun alt k\u0131sm\u0131<\/td><td class=\"has-text-align-center\" data-align=\"center\">139,- \u20ac<\/td><\/tr><\/tbody><\/table><\/figure>\n<\/div>\n<\/div>\n\n\n\n<div style=\"height:100px\" aria-hidden=\"true\" class=\"wp-block-spacer is-style-s50\"><\/div>\n\n\n\n<div class=\"wp-block-columns is-layout-flex wp-container-core-columns-is-layout-9d6595d7 wp-block-columns-is-layout-flex\">\n<div class=\"wp-block-column is-layout-flow wp-block-column-is-layout-flow\"><div class=\"wp-block-image\">\n<figure class=\"aligncenter size-full is-resized\"><img loading=\"lazy\" decoding=\"async\" width=\"999\" height=\"637\" src=\"https:\/\/www.haarfreiheit.net\/wp-content\/uploads\/2022\/01\/Pakete-Maenner.png\" alt=\"Simge Fiyatlar\u0131 ve Paketleri \u0130ll\u00fcstrasyon\" class=\"wp-image-8255\" style=\"object-fit:contain;width:539px;height:344px\" srcset=\"https:\/\/www.haarfreiheit.net\/wp-content\/uploads\/2022\/01\/Pakete-Maenner.png 999w, https:\/\/www.haarfreiheit.net\/wp-content\/uploads\/2022\/01\/Pakete-Maenner-300x191.png 300w\" sizes=\"auto, (max-width: 999px) 100vw, 999px\" \/><\/figure>\n<\/div><\/div>\n\n\n\n<div class=\"wp-block-column is-vertically-aligned-center is-layout-flow wp-block-column-is-layout-flow\">\n<h2 class=\"wp-block-heading has-text-align-center has-text-color quaternary-color\" id=\"tedavi-paketleri-bay\">PAKET F\u0130YATLARI**<br>erkekler i\u00e7in<\/h2>\n<\/div>\n<\/div>\n\n\n\n<div class=\"wp-block-columns is-layout-flex wp-container-core-columns-is-layout-9d6595d7 wp-block-columns-is-layout-flex\">\n<div class=\"wp-block-column is-layout-flow wp-block-column-is-layout-flow\">\n<figure class=\"wp-block-table secondary-link-color is-style-stripes\"><table><thead><tr><th class=\"has-text-align-center\" data-align=\"center\">TEDAVI PAKETLERI<\/th><th class=\"has-text-align-center\" data-align=\"center\">Masraf**<\/th><\/tr><\/thead><tbody><tr><td class=\"has-text-align-center\" data-align=\"center\">BAY PAKETI 1: <br>Kollar (t\u00fcm) ve eller<\/td><td class=\"has-text-align-center\" data-align=\"center\">179,-&nbsp;\u20ac<\/td><\/tr><tr><td class=\"has-text-align-center\" data-align=\"center\">BAY PAKETI 2: <br>G\u00f6\u011f\u00fcs ve karin<\/td><td class=\"has-text-align-center\" data-align=\"center\"><br>195,-&nbsp;\u20ac<\/td><\/tr><tr><td class=\"has-text-align-center\" data-align=\"center\">BAY PAKETI 3: <br>S\u0131rt, omuzlar ve boyun<\/td><td class=\"has-text-align-center\" data-align=\"center\">239,-&nbsp;\u20ac<\/td><\/tr><tr><td class=\"has-text-align-center\" data-align=\"center\">BAY PAKETI 4: <br>S\u0131rt, omuzlar, boyun ve koltuk altlar\u0131<\/td><td class=\"has-text-align-center\" data-align=\"center\">269,-&nbsp;\u20ac<\/td><\/tr><tr><td class=\"has-text-align-center\" data-align=\"center\">BAY PAKETI 5: <br>S\u0131rt, omuzlar, \u00fcst kollar ve boyun<\/td><td class=\"has-text-align-center\" data-align=\"center\">285,-&nbsp;\u20ac<\/td><\/tr><tr><td class=\"has-text-align-center\" data-align=\"center\">BAY PAKETI 6: <br>S\u0131rt, omuzlar, g\u00f6\u011f\u00fcs ve boyun<\/td><td class=\"has-text-align-center\" data-align=\"center\">355,-&nbsp;\u20ac<\/td><\/tr><tr><td class=\"has-text-align-center\" data-align=\"center\">BAY PAKETI 7: <br>S\u0131rt, omuzlar, g\u00f6\u011f\u00fcs, kar\u0131n ve boyun<\/td><td class=\"has-text-align-center\" data-align=\"center\">395,-&nbsp;\u20ac<\/td><\/tr><tr><td class=\"has-text-align-center\" data-align=\"center\">BAY PAKETI 8: <br>S\u0131rt, omuzlar, boyun, g\u00f6\u011f\u00fcs, kar\u0131n ve \u00fcst kollar<\/td><td class=\"has-text-align-center\" data-align=\"center\">469-&nbsp;\u20ac<\/td><\/tr><tr><td class=\"has-text-align-center\" data-align=\"center\">BAY PAKETI 9: <br>T\u00fcm v\u00fccut tedavisi<\/td><td class=\"has-text-align-center\" data-align=\"center\">649,-&nbsp;\u20ac<\/td><\/tr><\/tbody><\/table><\/figure>\n<\/div>\n<\/div>\n\n\n\n<div class=\"wp-block-columns is-layout-flex wp-container-core-columns-is-layout-9d6595d7 wp-block-columns-is-layout-flex\">\n<div class=\"wp-block-column is-layout-flow wp-block-column-is-layout-flow\">\n<p class=\"has-text-align-center\">** Sa\u00e7 \u00f6zg\u00fcrl\u00fc\u011f\u00fc tedavisinde tedavi ba\u015f\u0131na fiyatlar PREMIUM tarife, di\u011fer t\u00fcm fiyat detaylar\u0131 ve maliyet \u00f6l\u00e7ekleri ki\u015fisel dan\u0131\u015fmanl\u0131kta bulunabilir<br>Fiyatlar tedavi ba\u015f\u0131nad\u0131r, kursiyerler ve \u00f6\u011frenciler bir \u00f6\u011frenci veya e\u011fitim sertifikas\u0131n\u0131n %5 indirim al\u0131rlar.<\/p>\n<\/div>\n<\/div>\n\n\n\n<div style=\"height:50px\" aria-hidden=\"true\" class=\"wp-block-spacer is-style-s50\"><\/div>\n","protected":false},"excerpt":{"rendered":"<p>Farkl\u0131 teknolojiler &#8211; tek tip fiyatlar (fotoepilasyon) Fotoepilasyon fiyatlar\u0131 sadece se\u00e7ilen v\u00fccut b\u00f6lgesine g\u00f6re farkl\u0131l\u0131k g\u00f6sterir, ilgili teknolojiye g\u00f6re farkl\u0131l\u0131k g\u00f6stermez. \u0130\u011fneli epilasyon \u00e7ok zaman al\u0131c\u0131 oldu\u011fundan, orada ba\u015fka fiyatlar uygulan\u0131r ve bu fiyatlar\u0131 kons\u00fcltasyonda daha ayr\u0131nt\u0131l\u0131 olarak \u00f6\u011frenebilirsiniz. \u015eimdi \u00fccretsiz bir dan\u0131\u015fma ayarlay\u0131n. BizimPREMIUM F\u0130YATLAR**kad\u0131nlar i\u00e7in Bayanlar bireysel v\u00fccut b\u00f6lgeleri TEDAVI B\u00d6LGELER Masraf** Koltuk <a href=\"https:\/\/www.haarfreiheit.net\/tr\/fiyatlar-kalici-epilyason\/\" class=\"more-link\">&#8230;<\/a><\/p>\n","protected":false},"author":1,"featured_media":0,"parent":0,"menu_order":0,"comment_status":"closed","ping_status":"closed","template":"","meta":{"footnotes":""},"class_list":["post-7569","page","type-page","status-publish","hentry"],"yoast_head":"<!-- This site is optimized with the Yoast SEO plugin v27.1.1 - https:\/\/yoast.com\/product\/yoast-seo-wordpress\/ -->\n<title>Haarfreiheit Fiyatlar\u0131 - Profesyonel kal\u0131c\u0131 epilasyon<\/title>\n<meta name=\"description\" content=\"Fiyatlar\u0131m\u0131z hakk\u0131nda daha fazla bilgi edinin. \u015eeffaf ve adil. Etkili ve kal\u0131c\u0131 epilasyon* sayesinde bir daha asla t\u0131ra\u015f olmay\u0131n.\" \/>\n<meta name=\"robots\" content=\"index, follow, max-snippet:-1, max-image-preview:large, max-video-preview:-1\" \/>\n<link rel=\"canonical\" href=\"https:\/\/www.haarfreiheit.net\/tr\/fiyatlar-kalici-epilyason\/\" \/>\n<meta property=\"og:locale\" content=\"tr_TR\" \/>\n<meta property=\"og:type\" content=\"article\" \/>\n<meta property=\"og:title\" content=\"Haarfreiheit Fiyatlar\u0131 - Profesyonel kal\u0131c\u0131 epilasyon\" \/>\n<meta property=\"og:description\" content=\"Fiyatlar\u0131m\u0131z hakk\u0131nda daha fazla bilgi edinin. \u015eeffaf ve adil. Etkili ve kal\u0131c\u0131 epilasyon* sayesinde bir daha asla t\u0131ra\u015f olmay\u0131n.\" \/>\n<meta property=\"og:url\" content=\"https:\/\/www.haarfreiheit.net\/tr\/fiyatlar-kalici-epilyason\/\" \/>\n<meta property=\"og:site_name\" content=\"Haarfreiheit\" \/>\n<meta property=\"article:modified_time\" content=\"2024-07-30T10:30:46+00:00\" \/>\n<meta property=\"og:image\" content=\"https:\/\/www.haarfreiheit.net\/wp-content\/uploads\/2021\/11\/Frau-Gesicht-Hintergrund.jpg\" \/>\n<meta name=\"twitter:card\" content=\"summary_large_image\" \/>\n<meta name=\"twitter:label1\" content=\"Tahmini okuma s\u00fcresi\" \/>\n\t<meta name=\"twitter:data1\" content=\"5 dakika\" \/>\n<script type=\"application\/ld+json\" class=\"yoast-schema-graph\">{\"@context\":\"https:\/\/schema.org\",\"@graph\":[{\"@type\":\"WebPage\",\"@id\":\"https:\/\/www.haarfreiheit.net\/tr\/fiyatlar-kalici-epilyason\/\",\"url\":\"https:\/\/www.haarfreiheit.net\/tr\/fiyatlar-kalici-epilyason\/\",\"name\":\"Haarfreiheit Fiyatlar\u0131 - Profesyonel kal\u0131c\u0131 epilasyon\",\"isPartOf\":{\"@id\":\"https:\/\/www.haarfreiheit.net\/tr\/#website\"},\"primaryImageOfPage\":{\"@id\":\"https:\/\/www.haarfreiheit.net\/tr\/fiyatlar-kalici-epilyason\/#primaryimage\"},\"image\":{\"@id\":\"https:\/\/www.haarfreiheit.net\/tr\/fiyatlar-kalici-epilyason\/#primaryimage\"},\"thumbnailUrl\":\"https:\/\/www.haarfreiheit.net\/wp-content\/uploads\/2021\/11\/Frau-Gesicht-Hintergrund.jpg\",\"datePublished\":\"2021-07-30T07:43:29+00:00\",\"dateModified\":\"2024-07-30T10:30:46+00:00\",\"description\":\"Fiyatlar\u0131m\u0131z hakk\u0131nda daha fazla bilgi edinin. \u015eeffaf ve adil. Etkili ve kal\u0131c\u0131 epilasyon* sayesinde bir daha asla t\u0131ra\u015f olmay\u0131n.\",\"breadcrumb\":{\"@id\":\"https:\/\/www.haarfreiheit.net\/tr\/fiyatlar-kalici-epilyason\/#breadcrumb\"},\"inLanguage\":\"tr\",\"potentialAction\":[{\"@type\":\"ReadAction\",\"target\":[\"https:\/\/www.haarfreiheit.net\/tr\/fiyatlar-kalici-epilyason\/\"]}]},{\"@type\":\"ImageObject\",\"inLanguage\":\"tr\",\"@id\":\"https:\/\/www.haarfreiheit.net\/tr\/fiyatlar-kalici-epilyason\/#primaryimage\",\"url\":\"https:\/\/www.haarfreiheit.net\/wp-content\/uploads\/2021\/11\/Frau-Gesicht-Hintergrund.jpg\",\"contentUrl\":\"https:\/\/www.haarfreiheit.net\/wp-content\/uploads\/2021\/11\/Frau-Gesicht-Hintergrund.jpg\"},{\"@type\":\"BreadcrumbList\",\"@id\":\"https:\/\/www.haarfreiheit.net\/tr\/fiyatlar-kalici-epilyason\/#breadcrumb\",\"itemListElement\":[{\"@type\":\"ListItem\",\"position\":1,\"name\":\"Startseite\",\"item\":\"https:\/\/www.haarfreiheit.net\/tr\/\"},{\"@type\":\"ListItem\",\"position\":2,\"name\":\"Fiyatlar\"}]},{\"@type\":\"WebSite\",\"@id\":\"https:\/\/www.haarfreiheit.net\/tr\/#website\",\"url\":\"https:\/\/www.haarfreiheit.net\/tr\/\",\"name\":\"Haarfreiheit\",\"description\":\"Dauerhafte Haarentfernung beim Experten\",\"potentialAction\":[{\"@type\":\"SearchAction\",\"target\":{\"@type\":\"EntryPoint\",\"urlTemplate\":\"https:\/\/www.haarfreiheit.net\/tr\/?s={search_term_string}\"},\"query-input\":{\"@type\":\"PropertyValueSpecification\",\"valueRequired\":true,\"valueName\":\"search_term_string\"}}],\"inLanguage\":\"tr\"}]}<\/script>\n<!-- \/ Yoast SEO plugin. -->","yoast_head_json":{"title":"Haarfreiheit Fiyatlar\u0131 - Profesyonel kal\u0131c\u0131 epilasyon","description":"Fiyatlar\u0131m\u0131z hakk\u0131nda daha fazla bilgi edinin. \u015eeffaf ve adil. Etkili ve kal\u0131c\u0131 epilasyon* sayesinde bir daha asla t\u0131ra\u015f olmay\u0131n.","robots":{"index":"index","follow":"follow","max-snippet":"max-snippet:-1","max-image-preview":"max-image-preview:large","max-video-preview":"max-video-preview:-1"},"canonical":"https:\/\/www.haarfreiheit.net\/tr\/fiyatlar-kalici-epilyason\/","og_locale":"tr_TR","og_type":"article","og_title":"Haarfreiheit Fiyatlar\u0131 - Profesyonel kal\u0131c\u0131 epilasyon","og_description":"Fiyatlar\u0131m\u0131z hakk\u0131nda daha fazla bilgi edinin. \u015eeffaf ve adil. Etkili ve kal\u0131c\u0131 epilasyon* sayesinde bir daha asla t\u0131ra\u015f olmay\u0131n.","og_url":"https:\/\/www.haarfreiheit.net\/tr\/fiyatlar-kalici-epilyason\/","og_site_name":"Haarfreiheit","article_modified_time":"2024-07-30T10:30:46+00:00","og_image":[{"url":"https:\/\/www.haarfreiheit.net\/wp-content\/uploads\/2021\/11\/Frau-Gesicht-Hintergrund.jpg","type":"","width":"","height":""}],"twitter_card":"summary_large_image","twitter_misc":{"Tahmini okuma s\u00fcresi":"5 dakika"},"schema":{"@context":"https:\/\/schema.org","@graph":[{"@type":"WebPage","@id":"https:\/\/www.haarfreiheit.net\/tr\/fiyatlar-kalici-epilyason\/","url":"https:\/\/www.haarfreiheit.net\/tr\/fiyatlar-kalici-epilyason\/","name":"Haarfreiheit Fiyatlar\u0131 - Profesyonel kal\u0131c\u0131 epilasyon","isPartOf":{"@id":"https:\/\/www.haarfreiheit.net\/tr\/#website"},"primaryImageOfPage":{"@id":"https:\/\/www.haarfreiheit.net\/tr\/fiyatlar-kalici-epilyason\/#primaryimage"},"image":{"@id":"https:\/\/www.haarfreiheit.net\/tr\/fiyatlar-kalici-epilyason\/#primaryimage"},"thumbnailUrl":"https:\/\/www.haarfreiheit.net\/wp-content\/uploads\/2021\/11\/Frau-Gesicht-Hintergrund.jpg","datePublished":"2021-07-30T07:43:29+00:00","dateModified":"2024-07-30T10:30:46+00:00","description":"Fiyatlar\u0131m\u0131z hakk\u0131nda daha fazla bilgi edinin. \u015eeffaf ve adil. Etkili ve kal\u0131c\u0131 epilasyon* sayesinde bir daha asla t\u0131ra\u015f olmay\u0131n.","breadcrumb":{"@id":"https:\/\/www.haarfreiheit.net\/tr\/fiyatlar-kalici-epilyason\/#breadcrumb"},"inLanguage":"tr","potentialAction":[{"@type":"ReadAction","target":["https:\/\/www.haarfreiheit.net\/tr\/fiyatlar-kalici-epilyason\/"]}]},{"@type":"ImageObject","inLanguage":"tr","@id":"https:\/\/www.haarfreiheit.net\/tr\/fiyatlar-kalici-epilyason\/#primaryimage","url":"https:\/\/www.haarfreiheit.net\/wp-content\/uploads\/2021\/11\/Frau-Gesicht-Hintergrund.jpg","contentUrl":"https:\/\/www.haarfreiheit.net\/wp-content\/uploads\/2021\/11\/Frau-Gesicht-Hintergrund.jpg"},{"@type":"BreadcrumbList","@id":"https:\/\/www.haarfreiheit.net\/tr\/fiyatlar-kalici-epilyason\/#breadcrumb","itemListElement":[{"@type":"ListItem","position":1,"name":"Startseite","item":"https:\/\/www.haarfreiheit.net\/tr\/"},{"@type":"ListItem","position":2,"name":"Fiyatlar"}]},{"@type":"WebSite","@id":"https:\/\/www.haarfreiheit.net\/tr\/#website","url":"https:\/\/www.haarfreiheit.net\/tr\/","name":"Haarfreiheit","description":"Dauerhafte Haarentfernung beim Experten","potentialAction":[{"@type":"SearchAction","target":{"@type":"EntryPoint","urlTemplate":"https:\/\/www.haarfreiheit.net\/tr\/?s={search_term_string}"},"query-input":{"@type":"PropertyValueSpecification","valueRequired":true,"valueName":"search_term_string"}}],"inLanguage":"tr"}]}},"_links":{"self":[{"href":"https:\/\/www.haarfreiheit.net\/tr\/wp-json\/wp\/v2\/pages\/7569","targetHints":{"allow":["GET"]}}],"collection":[{"href":"https:\/\/www.haarfreiheit.net\/tr\/wp-json\/wp\/v2\/pages"}],"about":[{"href":"https:\/\/www.haarfreiheit.net\/tr\/wp-json\/wp\/v2\/types\/page"}],"author":[{"embeddable":true,"href":"https:\/\/www.haarfreiheit.net\/tr\/wp-json\/wp\/v2\/users\/1"}],"replies":[{"embeddable":true,"href":"https:\/\/www.haarfreiheit.net\/tr\/wp-json\/wp\/v2\/comments?post=7569"}],"version-history":[{"count":10,"href":"https:\/\/www.haarfreiheit.net\/tr\/wp-json\/wp\/v2\/pages\/7569\/revisions"}],"predecessor-version":[{"id":24476,"href":"https:\/\/www.haarfreiheit.net\/tr\/wp-json\/wp\/v2\/pages\/7569\/revisions\/24476"}],"wp:attachment":[{"href":"https:\/\/www.haarfreiheit.net\/tr\/wp-json\/wp\/v2\/media?parent=7569"}],"curies":[{"name":"wp","href":"https:\/\/api.w.org\/{rel}","templated":true}]}}