{"id":8959,"date":"2021-11-03T12:34:30","date_gmt":"2021-11-03T11:34:30","guid":{"rendered":"https:\/\/www.haarfreiheit.net\/haarfreiheit-akademie\/"},"modified":"2023-09-27T11:34:38","modified_gmt":"2023-09-27T09:34:38","slug":"haarfreiheit-akademisi","status":"publish","type":"page","link":"https:\/\/www.haarfreiheit.net\/tr\/haarfreiheit-akademisi\/","title":{"rendered":"Haarfreiheit akademisi"},"content":{"rendered":"\n<div class=\"wp-block-cover is-light\"><span aria-hidden=\"true\" class=\"wp-block-cover__background has-background-dim-40 has-background-dim\" style=\"background-color:#2f1a00\"><\/span><img loading=\"lazy\" decoding=\"async\" width=\"1980\" height=\"1417\" class=\"wp-block-cover__image-background wp-image-2894\" alt=\"Efekt g\u00f6r\u00fcnt\u00fc arka plan petek deseni\" src=\"https:\/\/www.haarfreiheit.net\/wp-content\/uploads\/2021\/10\/Effekthintergrund-Farben.jpg\" data-object-fit=\"cover\" srcset=\"https:\/\/www.haarfreiheit.net\/wp-content\/uploads\/2021\/10\/Effekthintergrund-Farben.jpg 1980w, https:\/\/www.haarfreiheit.net\/wp-content\/uploads\/2021\/10\/Effekthintergrund-Farben-300x215.jpg 300w, https:\/\/www.haarfreiheit.net\/wp-content\/uploads\/2021\/10\/Effekthintergrund-Farben-1024x733.jpg 1024w, https:\/\/www.haarfreiheit.net\/wp-content\/uploads\/2021\/10\/Effekthintergrund-Farben-1536x1099.jpg 1536w\" sizes=\"auto, (max-width: 1980px) 100vw, 1980px\" \/><div class=\"wp-block-cover__inner-container is-layout-flow wp-block-cover-is-layout-flow\">\n<div class=\"wp-block-columns is-layout-flex wp-container-core-columns-is-layout-9d6595d7 wp-block-columns-is-layout-flex\">\n<div class=\"wp-block-column is-layout-flow wp-block-column-is-layout-flow\" style=\"flex-basis:100%\">\n<div style=\"height:62px\" aria-hidden=\"true\" class=\"wp-block-spacer\"><\/div>\n\n\n<div class=\"wp-block-image\">\n<figure class=\"aligncenter size-full is-resized\"><img loading=\"lazy\" decoding=\"async\" src=\"https:\/\/www.haarfreiheit.net\/wp-content\/uploads\/2021\/11\/Haarfreiheit-Akademie.png\" alt=\"Logo Haarfreiheit Akademie\" class=\"wp-image-8962\" style=\"object-fit:contain;width:459px;height:288px\" width=\"459\" height=\"288\" srcset=\"https:\/\/www.haarfreiheit.net\/wp-content\/uploads\/2021\/11\/Haarfreiheit-Akademie.png 981w, https:\/\/www.haarfreiheit.net\/wp-content\/uploads\/2021\/11\/Haarfreiheit-Akademie-300x188.png 300w\" sizes=\"auto, (max-width: 459px) 100vw, 459px\" \/><\/figure>\n<\/div>\n\n\n<div style=\"height:37px\" aria-hidden=\"true\" class=\"wp-block-spacer\"><\/div>\n\n\n\n<h3 class=\"wp-block-heading has-text-align-center has-text-color has-large-font-size\" id=\"yeterlilik-ve-profesyonellik\" style=\"color:#f1ece0\">yeterlilik ve profesyonellik<\/h3>\n\n\n\n<div style=\"height:86px\" aria-hidden=\"true\" class=\"wp-block-spacer\"><\/div>\n<\/div>\n<\/div>\n<\/div><\/div>\n\n\n\n<div style=\"height:62px\" aria-hidden=\"true\" class=\"wp-block-spacer is-style-s50\"><\/div>\n\n\n\n<div class=\"wp-block-columns is-layout-flex wp-container-core-columns-is-layout-9d6595d7 wp-block-columns-is-layout-flex\">\n<div class=\"wp-block-column is-layout-flow wp-block-column-is-layout-flow\">\n<h1 class=\"wp-block-heading has-text-align-center\" id=\"haarfreiheit-akademisi\">HAARFREIHEIT AKADEMISI<\/h1>\n\n\n\n<div style=\"height:24px\" aria-hidden=\"true\" class=\"wp-block-spacer\"><\/div>\n\n\n\n<p class=\"has-text-align-center\">Profesyonelli\u011fin anahtar\u0131 e\u011fitim ve \u00f6\u011fretimdir<\/p>\n\n\n\n<p class=\"has-text-align-center\">\u0130lk ba\u015fta personelin beceri ve nitelikleri ve tedaviye karar vermeniz gerekip gerekmedi\u011fi konusunda emin olamam\u0131\u015f olabilirsiniz.<\/p>\n\n\n\n<p class=\"has-text-align-center\">Personelimizin ba\u015flang\u0131\u00e7 \u200b\u200bnoktas\u0131 akademimizdir. Kal\u0131c\u0131 epilasyon* konusunda d\u00fczenli e\u011fitim seanslar\u0131 burada ger\u00e7ekle\u015ftirilir. Bu, her zaman profesyonel tedavi ve bak\u0131m\u0131 garanti edebilece\u011fimiz anlam\u0131na gelir. B\u00f6ylece her \u00e7al\u0131\u015fan\u0131n teknoloji ve uzmanl\u0131k a\u00e7\u0131s\u0131ndan g\u00fcncel olmas\u0131n\u0131 sa\u011fl\u0131yoruz.<\/p>\n\n\n\n<p class=\"has-text-align-center\">Halihaz\u0131rda kazan\u0131lm\u0131\u015f niteliklere ek olarak, akademimizde sa\u011fl\u0131k personelimiz i\u00e7in spesifikasyonlar derinle\u015ftirilmi\u015ftir. Buradaki ana konu, kal\u0131c\u0131 epilasyon durumunda dikkate al\u0131nmas\u0131 gereken farkl\u0131 cilt tipleriyle ilgilidir*. Her bir v\u00fccudun farkl\u0131 gereksinimleri oldu\u011fundan, kal\u0131c\u0131 epilasyon* s\u00f6z konusu oldu\u011funda farkl\u0131 fakt\u00f6rler dikkate al\u0131nmal\u0131d\u0131r. <\/p>\n<\/div>\n\n\n\n<div class=\"wp-block-column is-layout-flow wp-block-column-is-layout-flow\"><div class=\"wp-block-image\">\n<figure class=\"aligncenter size-full is-resized\"><img loading=\"lazy\" decoding=\"async\" src=\"https:\/\/www.haarfreiheit.net\/wp-content\/uploads\/2021\/11\/Akademie-Schulungsbild.jpg\" alt=\"Foto\u011fraf Odas\u0131 Kursu\" class=\"wp-image-8963\" style=\"object-fit:contain;width:533px;height:356px\" width=\"533\" height=\"356\" srcset=\"https:\/\/www.haarfreiheit.net\/wp-content\/uploads\/2021\/11\/Akademie-Schulungsbild.jpg 1024w, https:\/\/www.haarfreiheit.net\/wp-content\/uploads\/2021\/11\/Akademie-Schulungsbild-300x200.jpg 300w\" sizes=\"auto, (max-width: 533px) 100vw, 533px\" \/><\/figure>\n<\/div><\/div>\n<\/div>\n\n\n\n<div class=\"wp-block-columns is-layout-flex wp-container-core-columns-is-layout-9d6595d7 wp-block-columns-is-layout-flex\">\n<div class=\"wp-block-column is-layout-flow wp-block-column-is-layout-flow\">\n<div style=\"height:100px\" aria-hidden=\"true\" class=\"wp-block-spacer is-style-s50\"><\/div>\n\n\n\n<div class=\"wp-block-columns is-layout-flex wp-container-core-columns-is-layout-9d6595d7 wp-block-columns-is-layout-flex\">\n<div class=\"wp-block-column is-layout-flow wp-block-column-is-layout-flow\">\n<p class=\"has-text-align-center\">Akademimizdeki ekip aras\u0131ndaki s\u00fcrekli de\u011fi\u015fim yoluyla, bilgi derinle\u015ftirilebilir ve deneyimler ele al\u0131nabilir. Sonu\u00e7 olarak, deste\u011fimizin yetkinli\u011fi s\u00fcrekli olarak geli\u015ftirilmektedir. T\u0131bbi i\u015fbirli\u011fi orta\u011f\u0131m\u0131z T\u0131p Merkezi&#8217;ndeki doktorlardan olu\u015fan ekip, daha fazla a\u00e7\u0131k soruyu yan\u0131tlayabilir.<\/p>\n\n\n\n<p class=\"has-text-align-center\">Bu yetkinlik ve deneyimden yararlan\u0131n ve kal\u0131c\u0131 epilasyondan yararlan\u0131n*. Enstit\u00fclerimizden birinde sizinle ba\u011flay\u0131c\u0131 olmayan ve bireysel bir dan\u0131\u015fma ayarlamaktan memnuniyet duyar\u0131z.<\/p>\n\n\n\n<p class=\"has-text-align-center\">Dahili e\u011fitimimizin bir di\u011fer odak noktas\u0131, size en iyi sonu\u00e7lar\u0131 garanti etmek i\u00e7in en son teknolojilerimizin profesyonel kullan\u0131m\u0131d\u0131r. Bizden alabilece\u011finiz kal\u0131c\u0131 epilasyon* y\u00f6ntemleri hakk\u0131nda bilgi edinin.<\/p>\n<\/div>\n<\/div>\n\n\n\n<div style=\"height:61px\" aria-hidden=\"true\" class=\"wp-block-spacer is-style-s50\"><\/div>\n<\/div>\n<\/div>\n\n\n\n<div class=\"wp-block-columns is-layout-flex wp-container-core-columns-is-layout-9d6595d7 wp-block-columns-is-layout-flex\">\n<div class=\"wp-block-column is-layout-flow wp-block-column-is-layout-flow\">\n<div class=\"wp-block-columns is-layout-flex wp-container-core-columns-is-layout-9d6595d7 wp-block-columns-is-layout-flex\">\n<div class=\"wp-block-column is-vertically-aligned-center is-layout-flow wp-block-column-is-layout-flow\"><div class=\"wp-block-image\">\n<figure class=\"aligncenter size-full is-resized\"><img loading=\"lazy\" decoding=\"async\" src=\"https:\/\/www.haarfreiheit.net\/wp-content\/uploads\/2021\/10\/Haarentfernung.png\" alt=\"Simge Sa\u00e7 Oda\u011f\u0131\" class=\"wp-image-6354\" style=\"object-fit:contain;width:250px;height:250px\" width=\"250\" height=\"250\" srcset=\"https:\/\/www.haarfreiheit.net\/wp-content\/uploads\/2021\/10\/Haarentfernung.png 999w, https:\/\/www.haarfreiheit.net\/wp-content\/uploads\/2021\/10\/Haarentfernung-300x300.png 300w, https:\/\/www.haarfreiheit.net\/wp-content\/uploads\/2021\/10\/Haarentfernung-150x150.png 150w\" sizes=\"auto, (max-width: 250px) 100vw, 250px\" \/><\/figure>\n<\/div><\/div>\n\n\n\n<div class=\"wp-block-column is-vertically-aligned-center is-layout-flow wp-block-column-is-layout-flow\">\n<div class=\"wp-block-buttons is-horizontal is-content-justification-center is-layout-flex wp-container-core-buttons-is-layout-499968f5 wp-block-buttons-is-layout-flex\">\n<div class=\"wp-block-button\"><a class=\"wp-block-button__link wp-element-button\" href=\"\/tr\/karsilastirilmasi\/\">Teknolojilerimize<\/a><\/div>\n<\/div>\n<\/div>\n\n\n\n<div class=\"wp-block-column is-vertically-aligned-center is-layout-flow wp-block-column-is-layout-flow\"><div class=\"wp-block-image\">\n<figure class=\"aligncenter size-full is-resized\"><img loading=\"lazy\" decoding=\"async\" src=\"https:\/\/www.haarfreiheit.net\/wp-content\/uploads\/2021\/10\/Dauerhafte-HEF.png\" alt=\"Simge Sa\u00e7 Oda\u011f\u0131\" class=\"wp-image-6353\" style=\"object-fit:contain;width:250px;height:250px\" width=\"250\" height=\"250\" srcset=\"https:\/\/www.haarfreiheit.net\/wp-content\/uploads\/2021\/10\/Dauerhafte-HEF.png 999w, https:\/\/www.haarfreiheit.net\/wp-content\/uploads\/2021\/10\/Dauerhafte-HEF-300x300.png 300w, https:\/\/www.haarfreiheit.net\/wp-content\/uploads\/2021\/10\/Dauerhafte-HEF-150x150.png 150w\" sizes=\"auto, (max-width: 250px) 100vw, 250px\" \/><\/figure>\n<\/div><\/div>\n<\/div>\n<\/div>\n<\/div>\n\n\n\n<div style=\"height:100px\" aria-hidden=\"true\" class=\"wp-block-spacer\"><\/div>\n\n\n\n<div class=\"wp-block-cover is-light\"><span aria-hidden=\"true\" class=\"wp-block-cover__background has-background-dim-20 has-background-dim\"><\/span><img loading=\"lazy\" decoding=\"async\" width=\"1980\" height=\"960\" class=\"wp-block-cover__image-background wp-image-2844\" alt=\"Etkili petek desen bej kahverengi\" src=\"https:\/\/www.haarfreiheit.net\/wp-content\/uploads\/2021\/10\/Beratung.jpg\" data-object-fit=\"cover\" srcset=\"https:\/\/www.haarfreiheit.net\/wp-content\/uploads\/2021\/10\/Beratung.jpg 1980w, https:\/\/www.haarfreiheit.net\/wp-content\/uploads\/2021\/10\/Beratung-300x145.jpg 300w, https:\/\/www.haarfreiheit.net\/wp-content\/uploads\/2021\/10\/Beratung-1024x496.jpg 1024w, https:\/\/www.haarfreiheit.net\/wp-content\/uploads\/2021\/10\/Beratung-1536x745.jpg 1536w\" sizes=\"auto, (max-width: 1980px) 100vw, 1980px\" \/><div class=\"wp-block-cover__inner-container is-layout-flow wp-block-cover-is-layout-flow\">\n<div style=\"height:38px\" aria-hidden=\"true\" class=\"wp-block-spacer is-style-s50\"><\/div>\n\n\n\n<div class=\"wp-block-columns is-style-hidden-xs is-layout-flex wp-container-core-columns-is-layout-9d6595d7 wp-block-columns-is-layout-flex\">\n<div class=\"wp-block-column is-vertically-aligned-center is-layout-flow wp-block-column-is-layout-flow\"><div class=\"wp-block-image\">\n<figure class=\"alignleft size-full is-resized\"><img loading=\"lazy\" decoding=\"async\" width=\"699\" height=\"704\" src=\"https:\/\/www.haarfreiheit.net\/wp-content\/uploads\/2025\/04\/Doktor-danismanligi-ve-cilt-analizi-fotograf.webp\" alt=\"Doktor dan\u0131\u015fmanl\u0131\u011f\u0131 ve cilt analizi \u2013 foto\u011fraf\" class=\"wp-image-27226\" style=\"object-fit:contain;width:530px;height:398px\" srcset=\"https:\/\/www.haarfreiheit.net\/wp-content\/uploads\/2025\/04\/Doktor-danismanligi-ve-cilt-analizi-fotograf.webp 699w, https:\/\/www.haarfreiheit.net\/wp-content\/uploads\/2025\/04\/Doktor-danismanligi-ve-cilt-analizi-fotograf-298x300.webp 298w, https:\/\/www.haarfreiheit.net\/wp-content\/uploads\/2025\/04\/Doktor-danismanligi-ve-cilt-analizi-fotograf-150x150.webp 150w\" sizes=\"auto, (max-width: 699px) 100vw, 699px\" \/><\/figure>\n<\/div><\/div>\n\n\n\n<div class=\"wp-block-column is-vertically-aligned-center is-layout-flow wp-block-column-is-layout-flow\">\n<h2 class=\"wp-block-heading has-text-align-center\">T\u0131bbi i\u015fbirli\u011fi<br><\/h2>\n\n\n\n<p class=\"has-text-align-center\">Haarfreiheit&#8217;de t\u0131bbi i\u015fbirliklerine odakland\u0131k. Bu \u015fekilde, uzmanlar t\u0131bbi sorular i\u00e7in muhatap olarak bize ula\u015fabilir. \u0130lgili doktorun uzun y\u0131llara dayanan deneyimi sayesinde, cilt ve sa\u00e7 tiplerinin ve bunlarla ili\u015fkili \u00f6zelliklerin de\u011ferlendirilmesinde m\u00fckemmel bir yard\u0131ma sahibiz.<\/p>\n<\/div>\n<\/div>\n\n\n\n<div style=\"height:46px\" aria-hidden=\"true\" class=\"wp-block-spacer\"><\/div>\n<\/div><\/div>\n","protected":false},"excerpt":{"rendered":"<p>HAARFREIHEIT AKADEMISI Profesyonelli\u011fin anahtar\u0131 e\u011fitim ve \u00f6\u011fretimdir \u0130lk ba\u015fta personelin beceri ve nitelikleri ve tedaviye karar vermeniz gerekip gerekmedi\u011fi konusunda emin olamam\u0131\u015f olabilirsiniz. Personelimizin ba\u015flang\u0131\u00e7 \u200b\u200bnoktas\u0131 akademimizdir. Kal\u0131c\u0131 epilasyon* konusunda d\u00fczenli e\u011fitim seanslar\u0131 burada ger\u00e7ekle\u015ftirilir. Bu, her zaman profesyonel tedavi ve bak\u0131m\u0131 garanti edebilece\u011fimiz anlam\u0131na gelir. B\u00f6ylece her \u00e7al\u0131\u015fan\u0131n teknoloji ve uzmanl\u0131k a\u00e7\u0131s\u0131ndan g\u00fcncel olmas\u0131n\u0131 <a href=\"https:\/\/www.haarfreiheit.net\/tr\/haarfreiheit-akademisi\/\" class=\"more-link\">&#8230;<\/a><\/p>\n","protected":false},"author":1,"featured_media":0,"parent":0,"menu_order":0,"comment_status":"closed","ping_status":"closed","template":"","meta":{"footnotes":""},"class_list":["post-8959","page","type-page","status-publish","hentry"],"yoast_head":"<!-- This site is optimized with the Yoast SEO plugin v27.1.1 - https:\/\/yoast.com\/product\/yoast-seo-wordpress\/ -->\n<title>Kal\u0131c\u0131 epilasyon*, Lazer epilasyon e\u011fitimi<\/title>\n<meta name=\"description\" content=\"Profesyonelli\u011fin anahtar\u0131 s\u00fcrekli e\u011fitimdir. Akademimizde kal\u0131c\u0131 epilasyon* \u00fczerine d\u00fczenli e\u011fitim kurslar\u0131 d\u00fczenlenmektedir.\" \/>\n<meta name=\"robots\" content=\"index, follow, max-snippet:-1, max-image-preview:large, max-video-preview:-1\" \/>\n<link rel=\"canonical\" href=\"https:\/\/www.haarfreiheit.net\/tr\/haarfreiheit-akademisi\/\" \/>\n<meta property=\"og:locale\" content=\"tr_TR\" \/>\n<meta property=\"og:type\" content=\"article\" \/>\n<meta property=\"og:title\" content=\"Kal\u0131c\u0131 epilasyon*, Lazer epilasyon e\u011fitimi\" \/>\n<meta property=\"og:description\" content=\"Profesyonelli\u011fin anahtar\u0131 s\u00fcrekli e\u011fitimdir. Akademimizde kal\u0131c\u0131 epilasyon* \u00fczerine d\u00fczenli e\u011fitim kurslar\u0131 d\u00fczenlenmektedir.\" \/>\n<meta property=\"og:url\" content=\"https:\/\/www.haarfreiheit.net\/tr\/haarfreiheit-akademisi\/\" \/>\n<meta property=\"og:site_name\" content=\"Haarfreiheit\" \/>\n<meta property=\"article:modified_time\" content=\"2023-09-27T09:34:38+00:00\" \/>\n<meta property=\"og:image\" content=\"https:\/\/www.haarfreiheit.net\/wp-content\/uploads\/2021\/10\/Effekthintergrund-Farben.jpg\" \/>\n<meta name=\"twitter:card\" content=\"summary_large_image\" \/>\n<meta name=\"twitter:label1\" content=\"Tahmini okuma s\u00fcresi\" \/>\n\t<meta name=\"twitter:data1\" content=\"3 dakika\" \/>\n<script type=\"application\/ld+json\" class=\"yoast-schema-graph\">{\"@context\":\"https:\/\/schema.org\",\"@graph\":[{\"@type\":\"WebPage\",\"@id\":\"https:\/\/www.haarfreiheit.net\/tr\/haarfreiheit-akademisi\/\",\"url\":\"https:\/\/www.haarfreiheit.net\/tr\/haarfreiheit-akademisi\/\",\"name\":\"Kal\u0131c\u0131 epilasyon*, Lazer epilasyon e\u011fitimi\",\"isPartOf\":{\"@id\":\"https:\/\/www.haarfreiheit.net\/tr\/#website\"},\"primaryImageOfPage\":{\"@id\":\"https:\/\/www.haarfreiheit.net\/tr\/haarfreiheit-akademisi\/#primaryimage\"},\"image\":{\"@id\":\"https:\/\/www.haarfreiheit.net\/tr\/haarfreiheit-akademisi\/#primaryimage\"},\"thumbnailUrl\":\"https:\/\/www.haarfreiheit.net\/wp-content\/uploads\/2021\/10\/Effekthintergrund-Farben.jpg\",\"datePublished\":\"2021-11-03T11:34:30+00:00\",\"dateModified\":\"2023-09-27T09:34:38+00:00\",\"description\":\"Profesyonelli\u011fin anahtar\u0131 s\u00fcrekli e\u011fitimdir. Akademimizde kal\u0131c\u0131 epilasyon* \u00fczerine d\u00fczenli e\u011fitim kurslar\u0131 d\u00fczenlenmektedir.\",\"breadcrumb\":{\"@id\":\"https:\/\/www.haarfreiheit.net\/tr\/haarfreiheit-akademisi\/#breadcrumb\"},\"inLanguage\":\"tr\",\"potentialAction\":[{\"@type\":\"ReadAction\",\"target\":[\"https:\/\/www.haarfreiheit.net\/tr\/haarfreiheit-akademisi\/\"]}]},{\"@type\":\"ImageObject\",\"inLanguage\":\"tr\",\"@id\":\"https:\/\/www.haarfreiheit.net\/tr\/haarfreiheit-akademisi\/#primaryimage\",\"url\":\"https:\/\/www.haarfreiheit.net\/wp-content\/uploads\/2021\/10\/Effekthintergrund-Farben.jpg\",\"contentUrl\":\"https:\/\/www.haarfreiheit.net\/wp-content\/uploads\/2021\/10\/Effekthintergrund-Farben.jpg\"},{\"@type\":\"BreadcrumbList\",\"@id\":\"https:\/\/www.haarfreiheit.net\/tr\/haarfreiheit-akademisi\/#breadcrumb\",\"itemListElement\":[{\"@type\":\"ListItem\",\"position\":1,\"name\":\"Startseite\",\"item\":\"https:\/\/www.haarfreiheit.net\/tr\/\"},{\"@type\":\"ListItem\",\"position\":2,\"name\":\"Haarfreiheit akademisi\"}]},{\"@type\":\"WebSite\",\"@id\":\"https:\/\/www.haarfreiheit.net\/tr\/#website\",\"url\":\"https:\/\/www.haarfreiheit.net\/tr\/\",\"name\":\"Haarfreiheit\",\"description\":\"Dauerhafte Haarentfernung beim Experten\",\"potentialAction\":[{\"@type\":\"SearchAction\",\"target\":{\"@type\":\"EntryPoint\",\"urlTemplate\":\"https:\/\/www.haarfreiheit.net\/tr\/?s={search_term_string}\"},\"query-input\":{\"@type\":\"PropertyValueSpecification\",\"valueRequired\":true,\"valueName\":\"search_term_string\"}}],\"inLanguage\":\"tr\"}]}<\/script>\n<!-- \/ Yoast SEO plugin. -->","yoast_head_json":{"title":"Kal\u0131c\u0131 epilasyon*, Lazer epilasyon e\u011fitimi","description":"Profesyonelli\u011fin anahtar\u0131 s\u00fcrekli e\u011fitimdir. Akademimizde kal\u0131c\u0131 epilasyon* \u00fczerine d\u00fczenli e\u011fitim kurslar\u0131 d\u00fczenlenmektedir.","robots":{"index":"index","follow":"follow","max-snippet":"max-snippet:-1","max-image-preview":"max-image-preview:large","max-video-preview":"max-video-preview:-1"},"canonical":"https:\/\/www.haarfreiheit.net\/tr\/haarfreiheit-akademisi\/","og_locale":"tr_TR","og_type":"article","og_title":"Kal\u0131c\u0131 epilasyon*, Lazer epilasyon e\u011fitimi","og_description":"Profesyonelli\u011fin anahtar\u0131 s\u00fcrekli e\u011fitimdir. Akademimizde kal\u0131c\u0131 epilasyon* \u00fczerine d\u00fczenli e\u011fitim kurslar\u0131 d\u00fczenlenmektedir.","og_url":"https:\/\/www.haarfreiheit.net\/tr\/haarfreiheit-akademisi\/","og_site_name":"Haarfreiheit","article_modified_time":"2023-09-27T09:34:38+00:00","og_image":[{"url":"https:\/\/www.haarfreiheit.net\/wp-content\/uploads\/2021\/10\/Effekthintergrund-Farben.jpg","type":"","width":"","height":""}],"twitter_card":"summary_large_image","twitter_misc":{"Tahmini okuma s\u00fcresi":"3 dakika"},"schema":{"@context":"https:\/\/schema.org","@graph":[{"@type":"WebPage","@id":"https:\/\/www.haarfreiheit.net\/tr\/haarfreiheit-akademisi\/","url":"https:\/\/www.haarfreiheit.net\/tr\/haarfreiheit-akademisi\/","name":"Kal\u0131c\u0131 epilasyon*, Lazer epilasyon e\u011fitimi","isPartOf":{"@id":"https:\/\/www.haarfreiheit.net\/tr\/#website"},"primaryImageOfPage":{"@id":"https:\/\/www.haarfreiheit.net\/tr\/haarfreiheit-akademisi\/#primaryimage"},"image":{"@id":"https:\/\/www.haarfreiheit.net\/tr\/haarfreiheit-akademisi\/#primaryimage"},"thumbnailUrl":"https:\/\/www.haarfreiheit.net\/wp-content\/uploads\/2021\/10\/Effekthintergrund-Farben.jpg","datePublished":"2021-11-03T11:34:30+00:00","dateModified":"2023-09-27T09:34:38+00:00","description":"Profesyonelli\u011fin anahtar\u0131 s\u00fcrekli e\u011fitimdir. Akademimizde kal\u0131c\u0131 epilasyon* \u00fczerine d\u00fczenli e\u011fitim kurslar\u0131 d\u00fczenlenmektedir.","breadcrumb":{"@id":"https:\/\/www.haarfreiheit.net\/tr\/haarfreiheit-akademisi\/#breadcrumb"},"inLanguage":"tr","potentialAction":[{"@type":"ReadAction","target":["https:\/\/www.haarfreiheit.net\/tr\/haarfreiheit-akademisi\/"]}]},{"@type":"ImageObject","inLanguage":"tr","@id":"https:\/\/www.haarfreiheit.net\/tr\/haarfreiheit-akademisi\/#primaryimage","url":"https:\/\/www.haarfreiheit.net\/wp-content\/uploads\/2021\/10\/Effekthintergrund-Farben.jpg","contentUrl":"https:\/\/www.haarfreiheit.net\/wp-content\/uploads\/2021\/10\/Effekthintergrund-Farben.jpg"},{"@type":"BreadcrumbList","@id":"https:\/\/www.haarfreiheit.net\/tr\/haarfreiheit-akademisi\/#breadcrumb","itemListElement":[{"@type":"ListItem","position":1,"name":"Startseite","item":"https:\/\/www.haarfreiheit.net\/tr\/"},{"@type":"ListItem","position":2,"name":"Haarfreiheit akademisi"}]},{"@type":"WebSite","@id":"https:\/\/www.haarfreiheit.net\/tr\/#website","url":"https:\/\/www.haarfreiheit.net\/tr\/","name":"Haarfreiheit","description":"Dauerhafte Haarentfernung beim Experten","potentialAction":[{"@type":"SearchAction","target":{"@type":"EntryPoint","urlTemplate":"https:\/\/www.haarfreiheit.net\/tr\/?s={search_term_string}"},"query-input":{"@type":"PropertyValueSpecification","valueRequired":true,"valueName":"search_term_string"}}],"inLanguage":"tr"}]}},"_links":{"self":[{"href":"https:\/\/www.haarfreiheit.net\/tr\/wp-json\/wp\/v2\/pages\/8959","targetHints":{"allow":["GET"]}}],"collection":[{"href":"https:\/\/www.haarfreiheit.net\/tr\/wp-json\/wp\/v2\/pages"}],"about":[{"href":"https:\/\/www.haarfreiheit.net\/tr\/wp-json\/wp\/v2\/types\/page"}],"author":[{"embeddable":true,"href":"https:\/\/www.haarfreiheit.net\/tr\/wp-json\/wp\/v2\/users\/1"}],"replies":[{"embeddable":true,"href":"https:\/\/www.haarfreiheit.net\/tr\/wp-json\/wp\/v2\/comments?post=8959"}],"version-history":[{"count":10,"href":"https:\/\/www.haarfreiheit.net\/tr\/wp-json\/wp\/v2\/pages\/8959\/revisions"}],"predecessor-version":[{"id":20977,"href":"https:\/\/www.haarfreiheit.net\/tr\/wp-json\/wp\/v2\/pages\/8959\/revisions\/20977"}],"wp:attachment":[{"href":"https:\/\/www.haarfreiheit.net\/tr\/wp-json\/wp\/v2\/media?parent=8959"}],"curies":[{"name":"wp","href":"https:\/\/api.w.org\/{rel}","templated":true}]}}